{"id":8890,"date":"2025-04-09T14:42:06","date_gmt":"2025-04-09T17:42:06","guid":{"rendered":"https:\/\/mportezuelo.cl\/Inicio\/?page_id=8890"},"modified":"2025-04-09T15:46:06","modified_gmt":"2025-04-09T18:46:06","slug":"analisis-censal-2024","status":"publish","type":"page","link":"https:\/\/mportezuelo.cl\/Inicio\/analisis-censal-2024\/","title":{"rendered":"An\u00e1lisis Censal 2024"},"content":{"rendered":"\t\t<div data-elementor-type=\"wp-page\" data-elementor-id=\"8890\" class=\"elementor elementor-8890\" data-elementor-post-type=\"page\">\n\t\t\t\t<div class=\"elementor-element elementor-element-fa62b1c e-flex e-con-boxed e-con e-parent\" data-id=\"fa62b1c\" data-element_type=\"container\" data-e-type=\"container\" data-settings=\"{&quot;tmea_shape_divider_top&quot;:&quot;none&quot;,&quot;tmea_shape_divider_bottom&quot;:&quot;none&quot;}\">\n\t\t\t\t\t<div class=\"e-con-inner\">\n\t\t\t\t<div class=\"elementor-element elementor-element-a1c13f9 elementor-widget elementor-widget-image\" data-id=\"a1c13f9\" data-element_type=\"widget\" data-e-type=\"widget\" data-widget_type=\"image.default\">\n\t\t\t\t<div class=\"elementor-widget-container\">\n\t\t\t\t\t\t\t\t\t\t\t\t\t\t\t<img fetchpriority=\"high\" decoding=\"async\" width=\"1024\" height=\"141\" src=\"https:\/\/mportezuelo.cl\/Inicio\/wp-content\/uploads\/2025\/04\/poblacion-de-portezuelo8-1024x141.png\" class=\"attachment-large size-large wp-image-8892\" alt=\"\" srcset=\"https:\/\/mportezuelo.cl\/Inicio\/wp-content\/uploads\/2025\/04\/poblacion-de-portezuelo8-1024x141.png 1024w, https:\/\/mportezuelo.cl\/Inicio\/wp-content\/uploads\/2025\/04\/poblacion-de-portezuelo8-300x41.png 300w, https:\/\/mportezuelo.cl\/Inicio\/wp-content\/uploads\/2025\/04\/poblacion-de-portezuelo8-768x106.png 768w, https:\/\/mportezuelo.cl\/Inicio\/wp-content\/uploads\/2025\/04\/poblacion-de-portezuelo8.png 1332w\" sizes=\"(max-width: 1024px) 100vw, 1024px\" \/>\t\t\t\t\t\t\t\t\t\t\t\t\t\t\t<\/div>\n\t\t\t\t<\/div>\n\t\t\t\t\t<\/div>\n\t\t\t\t<\/div>\n\t\t<div class=\"elementor-element elementor-element-8415f32 e-flex e-con-boxed e-con e-parent\" data-id=\"8415f32\" data-element_type=\"container\" data-e-type=\"container\" data-settings=\"{&quot;tmea_shape_divider_top&quot;:&quot;none&quot;,&quot;tmea_shape_divider_bottom&quot;:&quot;none&quot;}\">\n\t\t\t\t\t<div class=\"e-con-inner\">\n\t\t\n\t\t<div class=\"elementor-element elementor-element-61e7404 elementor-widget elementor-widget-text-editor\" data-id=\"61e7404\" data-element_type=\"widget\" data-e-type=\"widget\" data-widget_type=\"text-editor.default\">\n\t\t\t\t<div class=\"elementor-widget-container\">\n\t\t\t\t\t\t\t\t\t<p>El Censo 2024 proporciona datos clave sobre la distribuci\u00f3n demogr\u00e1fica, estructura por edades y composici\u00f3n de hogares en Chile, con enfoque en la\u00a0<strong>Regi\u00f3n de \u00d1uble<\/strong>\u00a0y la\u00a0<strong>Comuna de Portezuelo<\/strong>. A continuaci\u00f3n, se presentan los resultados organizados en tablas y gr\u00e1ficos para una mejor comprensi\u00f3n.<\/p>\t\t\t\t\t\t\t\t<\/div>\n\t\t\t\t<\/div>\n\t\t\t\t\t<\/div>\n\t\t\t\t<\/div>\n\t\t<div class=\"elementor-element elementor-element-1efa4f7 e-flex e-con-boxed e-con e-parent\" data-id=\"1efa4f7\" data-element_type=\"container\" data-e-type=\"container\" data-settings=\"{&quot;tmea_shape_divider_top&quot;:&quot;none&quot;,&quot;tmea_shape_divider_bottom&quot;:&quot;none&quot;}\">\n\t\t\t\t\t<div class=\"e-con-inner\">\n\t\t\t\t<div class=\"elementor-element elementor-element-6d7d36f elementor-widget elementor-widget-text-editor\" data-id=\"6d7d36f\" data-element_type=\"widget\" data-e-type=\"widget\" data-widget_type=\"text-editor.default\">\n\t\t\t\t<div class=\"elementor-widget-container\">\n\t\t\t\t\t\t\t\t\t<h2><strong>1. Datos Nacionales<\/strong><\/h2><table><thead><tr><th><strong>Indicador<\/strong><\/th><th><strong>Total<\/strong><\/th><th><strong>Hombres<\/strong>\u00a0(48,5%)<\/th><th><strong>Mujeres<\/strong>\u00a0(51,5%)<\/th><\/tr><\/thead><tbody><tr><td><strong>Poblaci\u00f3n censada<\/strong><\/td><td>18.480.432<\/td><td>8.967.033<\/td><td>9.513.399<\/td><\/tr><tr><td><strong>Viviendas censadas<\/strong><\/td><td>7.642.716<\/td><td>&#8211;<\/td><td>&#8211;<\/td><\/tr><tr><td><strong>Hogares censados<\/strong><\/td><td>6.596.527<\/td><td>&#8211;<\/td><td>&#8211;<\/td><\/tr><tr><td><strong>Promedio personas\/hogar<\/strong><\/td><td><strong>2,8<\/strong><\/td><td>&#8211;<\/td><td>&#8211;<\/td><\/tr><\/tbody><\/table><hr \/><h2><strong>2. Regi\u00f3n de \u00d1uble<\/strong><\/h2><h3><strong>2.1. Poblaci\u00f3n y Hogares<\/strong><\/h3><table><thead><tr><th><strong>Indicador<\/strong><\/th><th><strong>Total<\/strong><\/th><th><strong>Hombres<\/strong>\u00a0(48,1%)<\/th><th><strong>Mujeres<\/strong>\u00a0(51,9%)<\/th><\/tr><\/thead><tbody><tr><td><strong>Poblaci\u00f3n censada<\/strong><\/td><td>512.289<\/td><td>246.437<\/td><td>265.852<\/td><\/tr><tr><td><strong>Viviendas censadas<\/strong><\/td><td>234.845<\/td><td>&#8211;<\/td><td>&#8211;<\/td><\/tr><tr><td><strong>Hogares censados<\/strong><\/td><td>190.402<\/td><td>&#8211;<\/td><td>&#8211;<\/td><\/tr><tr><td><strong>Promedio personas\/hogar<\/strong><\/td><td><strong>2,7<\/strong><\/td><td>&#8211;<\/td><td>&#8211;<\/td><\/tr><\/tbody><\/table><h3><strong>2.2. Distribuci\u00f3n por Edad<\/strong><\/h3><table><thead><tr><th><strong>Grupo de Edad<\/strong><\/th><th><strong>Poblaci\u00f3n<\/strong><\/th><th><strong>Porcentaje<\/strong><\/th><\/tr><\/thead><tbody><tr><td><strong>0-14 a\u00f1os<\/strong><\/td><td>87.296<\/td><td>17,0%<\/td><\/tr><tr><td><strong>15-64 a\u00f1os<\/strong><\/td><td>339.759<\/td><td>66,3%<\/td><\/tr><tr><td><strong>65+ a\u00f1os<\/strong><\/td><td>85.234<\/td><td>16,6%<\/td><\/tr><\/tbody><\/table><p>\ud83d\udccc\u00a0<strong>\u00cdndice de envejecimiento (65+\/0-14 a\u00f1os)<\/strong>:\u00a0<strong>97,6<\/strong>\u00a0(cada 100 j\u00f3venes hay ~98 adultos mayores).<\/p>\t\t\t\t\t\t\t\t<\/div>\n\t\t\t\t<\/div>\n\t\t\t\t\t<\/div>\n\t\t\t\t<\/div>\n\t\t<div class=\"elementor-element elementor-element-e9b2eb5 e-flex e-con-boxed e-con e-parent\" data-id=\"e9b2eb5\" data-element_type=\"container\" data-e-type=\"container\" data-settings=\"{&quot;tmea_shape_divider_top&quot;:&quot;none&quot;,&quot;tmea_shape_divider_bottom&quot;:&quot;none&quot;}\">\n\t\t\t\t\t<div class=\"e-con-inner\">\n\t\t\t\t<div class=\"elementor-element elementor-element-4de40db elementor-widget elementor-widget-heading\" data-id=\"4de40db\" data-element_type=\"widget\" data-e-type=\"widget\" data-widget_type=\"heading.default\">\n\t\t\t\t<div class=\"elementor-widget-container\">\n\t\t\t\t\t<h2 class=\"elementor-heading-title elementor-size-default\">3. Comuna de Portezuelo<\/h2>\t\t\t\t<\/div>\n\t\t\t\t<\/div>\n\t\t\t\t\t<\/div>\n\t\t\t\t<\/div>\n\t\t<div class=\"elementor-element elementor-element-bf1c937 e-flex e-con-boxed e-con e-parent\" data-id=\"bf1c937\" data-element_type=\"container\" data-e-type=\"container\" data-settings=\"{&quot;tmea_shape_divider_top&quot;:&quot;none&quot;,&quot;tmea_shape_divider_bottom&quot;:&quot;none&quot;}\">\n\t\t\t\t\t<div class=\"e-con-inner\">\n\t\t\t\t<div class=\"elementor-element elementor-element-3c2161b elementor-widget elementor-widget-image\" data-id=\"3c2161b\" data-element_type=\"widget\" data-e-type=\"widget\" data-widget_type=\"image.default\">\n\t\t\t\t<div class=\"elementor-widget-container\">\n\t\t\t\t\t\t\t\t\t\t\t\t\t\t\t<img decoding=\"async\" width=\"1024\" height=\"138\" src=\"https:\/\/mportezuelo.cl\/Inicio\/wp-content\/uploads\/2025\/04\/poblacion-de-portezuelo04-1024x138.png\" class=\"attachment-large size-large wp-image-8880\" alt=\"\" srcset=\"https:\/\/mportezuelo.cl\/Inicio\/wp-content\/uploads\/2025\/04\/poblacion-de-portezuelo04-1024x138.png 1024w, https:\/\/mportezuelo.cl\/Inicio\/wp-content\/uploads\/2025\/04\/poblacion-de-portezuelo04-300x40.png 300w, https:\/\/mportezuelo.cl\/Inicio\/wp-content\/uploads\/2025\/04\/poblacion-de-portezuelo04-768x103.png 768w, https:\/\/mportezuelo.cl\/Inicio\/wp-content\/uploads\/2025\/04\/poblacion-de-portezuelo04.png 1347w\" sizes=\"(max-width: 1024px) 100vw, 1024px\" \/>\t\t\t\t\t\t\t\t\t\t\t\t\t\t\t<\/div>\n\t\t\t\t<\/div>\n\t\t\t\t\t<\/div>\n\t\t\t\t<\/div>\n\t\t<div class=\"elementor-element elementor-element-8af7275 e-flex e-con-boxed e-con e-parent\" data-id=\"8af7275\" data-element_type=\"container\" data-e-type=\"container\" data-settings=\"{&quot;tmea_shape_divider_top&quot;:&quot;none&quot;,&quot;tmea_shape_divider_bottom&quot;:&quot;none&quot;}\">\n\t\t\t\t\t<div class=\"e-con-inner\">\n\t\t<div class=\"elementor-element elementor-element-a37172c e-con-full e-flex e-con e-child\" data-id=\"a37172c\" data-element_type=\"container\" data-e-type=\"container\" data-settings=\"{&quot;tmea_shape_divider_top&quot;:&quot;none&quot;,&quot;tmea_shape_divider_bottom&quot;:&quot;none&quot;}\">\n\t\t\t\t<div class=\"elementor-element elementor-element-5d6b87b elementor-widget elementor-widget-image\" data-id=\"5d6b87b\" data-element_type=\"widget\" data-e-type=\"widget\" data-widget_type=\"image.default\">\n\t\t\t\t<div class=\"elementor-widget-container\">\n\t\t\t\t\t\t\t\t\t\t\t\t\t\t\t<img decoding=\"async\" width=\"532\" height=\"729\" src=\"https:\/\/mportezuelo.cl\/Inicio\/wp-content\/uploads\/2025\/04\/poblacion-de-portezuelo-1.png\" class=\"attachment-large size-large wp-image-8893\" alt=\"\" srcset=\"https:\/\/mportezuelo.cl\/Inicio\/wp-content\/uploads\/2025\/04\/poblacion-de-portezuelo-1.png 532w, https:\/\/mportezuelo.cl\/Inicio\/wp-content\/uploads\/2025\/04\/poblacion-de-portezuelo-1-219x300.png 219w\" sizes=\"(max-width: 532px) 100vw, 532px\" \/>\t\t\t\t\t\t\t\t\t\t\t\t\t\t\t<\/div>\n\t\t\t\t<\/div>\n\t\t\t\t<\/div>\n\t\t<div class=\"elementor-element elementor-element-74b1779 e-con-full e-flex e-con e-child\" data-id=\"74b1779\" data-element_type=\"container\" data-e-type=\"container\" data-settings=\"{&quot;tmea_shape_divider_top&quot;:&quot;none&quot;,&quot;tmea_shape_divider_bottom&quot;:&quot;none&quot;}\">\n\t\t\t\t<div class=\"elementor-element elementor-element-9f228d6 elementor-widget elementor-widget-text-editor\" data-id=\"9f228d6\" data-element_type=\"widget\" data-e-type=\"widget\" data-widget_type=\"text-editor.default\">\n\t\t\t\t<div class=\"elementor-widget-container\">\n\t\t\t\t\t\t\t\t\t<h3><strong>3.1. Poblaci\u00f3n y Hogares<\/strong><\/h3><table><thead><tr><th><strong>Indicador<\/strong><\/th><th><strong>Total<\/strong><\/th><th><strong>Hombres<\/strong>\u00a0(49,7%)<\/th><th><strong>Mujeres<\/strong>\u00a0(50,3%)<\/th><\/tr><\/thead><tbody><tr><td><strong>Poblaci\u00f3n censada<\/strong><\/td><td>5.203<\/td><td>2.588<\/td><td>2.615<\/td><\/tr><tr><td><strong>Viviendas censadas<\/strong><\/td><td>2.700<\/td><td>&#8211;<\/td><td>&#8211;<\/td><\/tr><tr><td><strong>Hogares censados<\/strong><\/td><td>2.045<\/td><td>&#8211;<\/td><td>&#8211;<\/td><\/tr><tr><td><strong>Promedio personas\/hogar<\/strong><\/td><td><strong>2,5<\/strong><\/td><td>&#8211;<\/td><td>&#8211;<\/td><\/tr><\/tbody><\/table><h3><strong>3.2. Distribuci\u00f3n por Edad<\/strong><\/h3><table><thead><tr><th><strong>Grupo de Edad<\/strong><\/th><th><strong>Poblaci\u00f3n<\/strong><\/th><th><strong>Porcentaje<\/strong><\/th><\/tr><\/thead><tbody><tr><td><strong>0-14 a\u00f1os<\/strong><\/td><td>738<\/td><td>14,2%<\/td><\/tr><tr><td><strong>15-64 a\u00f1os<\/strong><\/td><td>3.340<\/td><td>64,2%<\/td><\/tr><tr><td><strong>65+ a\u00f1os<\/strong><\/td><td>1.125<\/td><td>21,6%<\/td><\/tr><\/tbody><\/table><p>\ud83d\udccc\u00a0<strong>\u00cdndice de envejecimiento<\/strong>:\u00a0<strong>152,3<\/strong>\u00a0(alta proporci\u00f3n de adultos mayores).<br \/>\ud83d\udccc\u00a0<strong>Edad promedio<\/strong>:\u00a0<strong>44,0 a\u00f1os<\/strong>\u00a0(mayor que el promedio nacional).<\/p>\t\t\t\t\t\t\t\t<\/div>\n\t\t\t\t<\/div>\n\t\t\t\t<\/div>\n\t\t\t\t\t<\/div>\n\t\t\t\t<\/div>\n\t\t<div class=\"elementor-element elementor-element-2a0b5fe e-flex e-con-boxed e-con e-parent\" data-id=\"2a0b5fe\" data-element_type=\"container\" data-e-type=\"container\" data-settings=\"{&quot;tmea_shape_divider_top&quot;:&quot;none&quot;,&quot;tmea_shape_divider_bottom&quot;:&quot;none&quot;}\">\n\t\t\t\t\t<div class=\"e-con-inner\">\n\t\t\t\t<div class=\"elementor-element elementor-element-209fdaa elementor-widget elementor-widget-text-editor\" data-id=\"209fdaa\" data-element_type=\"widget\" data-e-type=\"widget\" data-widget_type=\"text-editor.default\">\n\t\t\t\t<div class=\"elementor-widget-container\">\n\t\t\t\t\t\t\t\t\t<h2><strong>4. Gr\u00e1ficos Comparativos<\/strong><\/h2><h3><strong>4.1. Pir\u00e1mide Poblacional: \u00d1uble vs. Portezuelo<\/strong><\/h3><p>\u00a0<\/p><p>\ud83d\udd39\u00a0<strong>\u00d1uble<\/strong>:<\/p><ul><li>Base m\u00e1s ancha (17% j\u00f3venes) que Portezuelo (14,2%).<\/li><li>Mayor poblaci\u00f3n en edad laboral (66,3%).<\/li><\/ul><p>\ud83d\udd39\u00a0<strong>Portezuelo<\/strong>:<\/p><ul><li>Mayor % de adultos mayores (21,6% vs. 16,6% en \u00d1uble).<\/li><li>Menor % de ni\u00f1os (14,2% vs. 17%).<\/li><\/ul><h3><strong>4.2. \u00cdndice de Envejecimiento<\/strong><\/h3><p><em>\u00a0 \u00a0 \u00a0* (\u00d1uble = 97,6 \/ Portezuelo = 152,3)<\/em><\/p><ul><li>* Portezuelo tiene uno de los \u00edndices m\u00e1s altos de la regi\u00f3n.<\/li><\/ul><h3><strong>4.3. Promedio de Personas por Hogar<\/strong><\/h3><ul><li><strong>Nacional<\/strong>: 2,8<\/li><li><strong>\u00d1uble<\/strong>: 2,7<\/li><li><strong>Portezuelo<\/strong>: 2,5 (hogares m\u00e1s peque\u00f1os).<\/li><\/ul>\t\t\t\t\t\t\t\t<\/div>\n\t\t\t\t<\/div>\n\t\t\t\t\t<\/div>\n\t\t\t\t<\/div>\n\t\t<div class=\"elementor-element elementor-element-aa3fdef e-flex e-con-boxed e-con e-parent\" data-id=\"aa3fdef\" data-element_type=\"container\" data-e-type=\"container\" data-settings=\"{&quot;tmea_shape_divider_top&quot;:&quot;none&quot;,&quot;tmea_shape_divider_bottom&quot;:&quot;none&quot;}\">\n\t\t\t\t\t<div class=\"e-con-inner\">\n\t\t<div class=\"elementor-element elementor-element-d2d013c e-con-full e-flex e-con e-child\" data-id=\"d2d013c\" data-element_type=\"container\" data-e-type=\"container\" data-settings=\"{&quot;tmea_shape_divider_top&quot;:&quot;none&quot;,&quot;tmea_shape_divider_bottom&quot;:&quot;none&quot;}\">\n\t\t\t\t<div class=\"elementor-element elementor-element-94e97c6 elementor-widget elementor-widget-image\" data-id=\"94e97c6\" data-element_type=\"widget\" data-e-type=\"widget\" data-widget_type=\"image.default\">\n\t\t\t\t<div class=\"elementor-widget-container\">\n\t\t\t\t\t\t\t\t\t\t\t\t\t\t\t<img loading=\"lazy\" decoding=\"async\" width=\"1024\" height=\"644\" src=\"https:\/\/mportezuelo.cl\/Inicio\/wp-content\/uploads\/2025\/04\/poblacion-de-portezuelo10-1024x644.png\" class=\"attachment-large size-large wp-image-8894\" alt=\"\" srcset=\"https:\/\/mportezuelo.cl\/Inicio\/wp-content\/uploads\/2025\/04\/poblacion-de-portezuelo10-1024x644.png 1024w, https:\/\/mportezuelo.cl\/Inicio\/wp-content\/uploads\/2025\/04\/poblacion-de-portezuelo10-300x189.png 300w, https:\/\/mportezuelo.cl\/Inicio\/wp-content\/uploads\/2025\/04\/poblacion-de-portezuelo10-768x483.png 768w, https:\/\/mportezuelo.cl\/Inicio\/wp-content\/uploads\/2025\/04\/poblacion-de-portezuelo10.png 1397w\" sizes=\"(max-width: 1024px) 100vw, 1024px\" \/>\t\t\t\t\t\t\t\t\t\t\t\t\t\t\t<\/div>\n\t\t\t\t<\/div>\n\t\t\t\t<\/div>\n\t\t<div class=\"elementor-element elementor-element-0ae728e e-con-full e-flex e-con e-child\" data-id=\"0ae728e\" data-element_type=\"container\" data-e-type=\"container\" data-settings=\"{&quot;tmea_shape_divider_top&quot;:&quot;none&quot;,&quot;tmea_shape_divider_bottom&quot;:&quot;none&quot;}\">\n\t\t\t\t<div class=\"elementor-element elementor-element-8ac94bf elementor-widget elementor-widget-image\" data-id=\"8ac94bf\" data-element_type=\"widget\" data-e-type=\"widget\" data-widget_type=\"image.default\">\n\t\t\t\t<div class=\"elementor-widget-container\">\n\t\t\t\t\t\t\t\t\t\t\t\t\t\t\t<img loading=\"lazy\" decoding=\"async\" width=\"1024\" height=\"646\" src=\"https:\/\/mportezuelo.cl\/Inicio\/wp-content\/uploads\/2025\/04\/poblacion-de-portezuelo7-1024x646.png\" class=\"attachment-large size-large wp-image-8886\" alt=\"\" srcset=\"https:\/\/mportezuelo.cl\/Inicio\/wp-content\/uploads\/2025\/04\/poblacion-de-portezuelo7-1024x646.png 1024w, https:\/\/mportezuelo.cl\/Inicio\/wp-content\/uploads\/2025\/04\/poblacion-de-portezuelo7-300x189.png 300w, https:\/\/mportezuelo.cl\/Inicio\/wp-content\/uploads\/2025\/04\/poblacion-de-portezuelo7-768x485.png 768w, https:\/\/mportezuelo.cl\/Inicio\/wp-content\/uploads\/2025\/04\/poblacion-de-portezuelo7.png 1345w\" sizes=\"(max-width: 1024px) 100vw, 1024px\" \/>\t\t\t\t\t\t\t\t\t\t\t\t\t\t\t<\/div>\n\t\t\t\t<\/div>\n\t\t\t\t<\/div>\n\t\t\t\t\t<\/div>\n\t\t\t\t<\/div>\n\t\t<div class=\"elementor-element elementor-element-aa56d0d e-flex e-con-boxed e-con e-parent\" data-id=\"aa56d0d\" data-element_type=\"container\" data-e-type=\"container\" data-settings=\"{&quot;tmea_shape_divider_top&quot;:&quot;none&quot;,&quot;tmea_shape_divider_bottom&quot;:&quot;none&quot;}\">\n\t\t\t\t\t<div class=\"e-con-inner\">\n\t\t\t\t<div class=\"elementor-element elementor-element-133938f elementor-widget elementor-widget-heading\" data-id=\"133938f\" data-element_type=\"widget\" data-e-type=\"widget\" data-widget_type=\"heading.default\">\n\t\t\t\t<div class=\"elementor-widget-container\">\n\t\t\t\t\t<h2 class=\"elementor-heading-title elementor-size-default\">5. Conclusiones<\/h2>\t\t\t\t<\/div>\n\t\t\t\t<\/div>\n\t\t\t\t\t<\/div>\n\t\t\t\t<\/div>\n\t\t<div class=\"elementor-element elementor-element-ca4c0e4 e-flex e-con-boxed e-con e-parent\" data-id=\"ca4c0e4\" data-element_type=\"container\" data-e-type=\"container\" data-settings=\"{&quot;tmea_shape_divider_top&quot;:&quot;none&quot;,&quot;tmea_shape_divider_bottom&quot;:&quot;none&quot;}\">\n\t\t\t\t\t<div class=\"e-con-inner\">\n\t\t<div class=\"elementor-element elementor-element-a6e6c1e e-con-full e-flex e-con e-child\" data-id=\"a6e6c1e\" data-element_type=\"container\" data-e-type=\"container\" data-settings=\"{&quot;tmea_shape_divider_top&quot;:&quot;none&quot;,&quot;tmea_shape_divider_bottom&quot;:&quot;none&quot;}\">\n\t\t\t\t<div class=\"elementor-element elementor-element-24110bc elementor-widget elementor-widget-image\" data-id=\"24110bc\" data-element_type=\"widget\" data-e-type=\"widget\" data-widget_type=\"image.default\">\n\t\t\t\t<div class=\"elementor-widget-container\">\n\t\t\t\t\t\t\t\t\t\t\t\t\t\t\t<img loading=\"lazy\" decoding=\"async\" width=\"1024\" height=\"767\" src=\"https:\/\/mportezuelo.cl\/Inicio\/wp-content\/uploads\/2024\/05\/DJI_0125-1024x767.jpg\" class=\"attachment-large size-large wp-image-2862\" alt=\"\" srcset=\"https:\/\/mportezuelo.cl\/Inicio\/wp-content\/uploads\/2024\/05\/DJI_0125-1024x767.jpg 1024w, https:\/\/mportezuelo.cl\/Inicio\/wp-content\/uploads\/2024\/05\/DJI_0125-300x225.jpg 300w, https:\/\/mportezuelo.cl\/Inicio\/wp-content\/uploads\/2024\/05\/DJI_0125-768x575.jpg 768w, https:\/\/mportezuelo.cl\/Inicio\/wp-content\/uploads\/2024\/05\/DJI_0125-1536x1151.jpg 1536w, https:\/\/mportezuelo.cl\/Inicio\/wp-content\/uploads\/2024\/05\/DJI_0125.jpg 1623w\" sizes=\"(max-width: 1024px) 100vw, 1024px\" \/>\t\t\t\t\t\t\t\t\t\t\t\t\t\t\t<\/div>\n\t\t\t\t<\/div>\n\t\t\t\t<\/div>\n\t\t<div class=\"elementor-element elementor-element-626efc1 e-con-full e-flex e-con e-child\" data-id=\"626efc1\" data-element_type=\"container\" data-e-type=\"container\" data-settings=\"{&quot;tmea_shape_divider_top&quot;:&quot;none&quot;,&quot;tmea_shape_divider_bottom&quot;:&quot;none&quot;}\">\n\t\t\t\t<div class=\"elementor-element elementor-element-7d200ae elementor-widget elementor-widget-text-editor\" data-id=\"7d200ae\" data-element_type=\"widget\" data-e-type=\"widget\" data-widget_type=\"text-editor.default\">\n\t\t\t\t<div class=\"elementor-widget-container\">\n\t\t\t\t\t\t\t\t\t<p>\u2705\u00a0<strong>Portezuelo presenta un marcado envejecimiento poblacional<\/strong>, con un \u00edndice de\u00a0<strong>152,3<\/strong>\u00a0(superior al regional y nacional).<br \/>\u2705\u00a0<strong>Menor proporci\u00f3n de j\u00f3venes<\/strong>\u00a0(14,2%) comparado con \u00d1uble (17%) y Chile (~18-20% estimado).<br \/>\u2705\u00a0<strong>Hogares m\u00e1s peque\u00f1os<\/strong>\u00a0(2,5 personas) que el promedio regional (2,7).<\/p><p>\u00a0<\/p><h3>\ud83d\udce2\u00a0<strong>Desaf\u00edos<\/strong>:<\/h3><ul><li><p><strong>Pol\u00edticas p\u00fablicas<\/strong>\u00a0enfocadas en adultos mayores (salud, transporte, servicios).<\/p><\/li><li><p><strong>Incentivos para retener j\u00f3venes<\/strong>\u00a0y evitar migraci\u00f3n.<\/p><\/li><\/ul>\t\t\t\t\t\t\t\t<\/div>\n\t\t\t\t<\/div>\n\t\t\t\t<\/div>\n\t\t\t\t\t<\/div>\n\t\t\t\t<\/div>\n\t\t<div class=\"elementor-element elementor-element-a1635c9 e-flex e-con-boxed e-con e-parent\" data-id=\"a1635c9\" data-element_type=\"container\" data-e-type=\"container\" data-settings=\"{&quot;tmea_shape_divider_top&quot;:&quot;none&quot;,&quot;tmea_shape_divider_bottom&quot;:&quot;none&quot;}\">\n\t\t\t\t\t<div class=\"e-con-inner\">\n\t\t\t\t<div class=\"elementor-element elementor-element-041ccb6 elementor-widget elementor-widget-button\" data-id=\"041ccb6\" data-element_type=\"widget\" data-e-type=\"widget\" data-widget_type=\"button.default\">\n\t\t\t\t<div class=\"elementor-widget-container\">\n\t\t\t\t\t\t\t\t\t<div class=\"elementor-button-wrapper\">\n\t\t\t\t\t<a class=\"elementor-button elementor-button-link elementor-size-sm\" href=\"https:\/\/mportezuelo.cl\/Inicio\/2025\/04\/09\/portezuelo-una-comuna-que-envejece-rapidamente-analisis-censal-2024-y-proyecciones-al-2034\/\">\n\t\t\t\t\t\t<span class=\"elementor-button-content-wrapper\">\n\t\t\t\t\t\t\t\t\t<span class=\"elementor-button-text\">Informaci\u00f3n detallada de la Comuna de Portezuelo<\/span>\n\t\t\t\t\t<\/span>\n\t\t\t\t\t<\/a>\n\t\t\t\t<\/div>\n\t\t\t\t\t\t\t\t<\/div>\n\t\t\t\t<\/div>\n\t\t\t\t\t<\/div>\n\t\t\t\t<\/div>\n\t\t<div class=\"elementor-element elementor-element-7d6c0ed e-flex e-con-boxed e-con e-parent\" data-id=\"7d6c0ed\" data-element_type=\"container\" data-e-type=\"container\" data-settings=\"{&quot;tmea_shape_divider_top&quot;:&quot;none&quot;,&quot;tmea_shape_divider_bottom&quot;:&quot;none&quot;}\">\n\t\t\t\t\t<div class=\"e-con-inner\">\n\t\t\t\t<div class=\"elementor-element elementor-element-0befa9e elementor-widget elementor-widget-spacer\" data-id=\"0befa9e\" data-element_type=\"widget\" data-e-type=\"widget\" data-widget_type=\"spacer.default\">\n\t\t\t\t<div class=\"elementor-widget-container\">\n\t\t\t\t\t\t\t<div class=\"elementor-spacer\">\n\t\t\t<div class=\"elementor-spacer-inner\"><\/div>\n\t\t<\/div>\n\t\t\t\t\t\t<\/div>\n\t\t\t\t<\/div>\n\t\t\t\t\t<\/div>\n\t\t\t\t<\/div>\n\t\t<div class=\"elementor-element elementor-element-bb55866 e-flex e-con-boxed e-con e-parent\" data-id=\"bb55866\" data-element_type=\"container\" data-e-type=\"container\" data-settings=\"{&quot;tmea_shape_divider_top&quot;:&quot;none&quot;,&quot;tmea_shape_divider_bottom&quot;:&quot;none&quot;}\">\n\t\t\t\t\t<div class=\"e-con-inner\">\n\t\t\t\t<div class=\"elementor-element elementor-element-1f3ab32 elementor-widget elementor-widget-heading\" data-id=\"1f3ab32\" data-element_type=\"widget\" data-e-type=\"widget\" data-widget_type=\"heading.default\">\n\t\t\t\t<div class=\"elementor-widget-container\">\n\t\t\t\t\t<h2 class=\"elementor-heading-title elementor-size-default\">An\u00e1lisis Censal 2024: Chile en Perspectiva y Proyecciones Futuras<\/h2>\t\t\t\t<\/div>\n\t\t\t\t<\/div>\n\t\t\t\t\t<\/div>\n\t\t\t\t<\/div>\n\t\t<div class=\"elementor-element elementor-element-27d1a01 e-flex e-con-boxed e-con e-parent\" data-id=\"27d1a01\" data-element_type=\"container\" data-e-type=\"container\" data-settings=\"{&quot;tmea_shape_divider_top&quot;:&quot;none&quot;,&quot;tmea_shape_divider_bottom&quot;:&quot;none&quot;}\">\n\t\t\t\t\t<div class=\"e-con-inner\">\n\t\t\t\t<div class=\"elementor-element elementor-element-87e1b36 elementor-widget elementor-widget-image\" data-id=\"87e1b36\" data-element_type=\"widget\" data-e-type=\"widget\" data-widget_type=\"image.default\">\n\t\t\t\t<div class=\"elementor-widget-container\">\n\t\t\t\t\t\t\t\t\t\t\t\t\t\t\t<img fetchpriority=\"high\" decoding=\"async\" width=\"1024\" height=\"141\" src=\"https:\/\/mportezuelo.cl\/Inicio\/wp-content\/uploads\/2025\/04\/poblacion-de-portezuelo8-1024x141.png\" class=\"attachment-large size-large wp-image-8892\" alt=\"\" srcset=\"https:\/\/mportezuelo.cl\/Inicio\/wp-content\/uploads\/2025\/04\/poblacion-de-portezuelo8-1024x141.png 1024w, https:\/\/mportezuelo.cl\/Inicio\/wp-content\/uploads\/2025\/04\/poblacion-de-portezuelo8-300x41.png 300w, https:\/\/mportezuelo.cl\/Inicio\/wp-content\/uploads\/2025\/04\/poblacion-de-portezuelo8-768x106.png 768w, https:\/\/mportezuelo.cl\/Inicio\/wp-content\/uploads\/2025\/04\/poblacion-de-portezuelo8.png 1332w\" sizes=\"(max-width: 1024px) 100vw, 1024px\" \/>\t\t\t\t\t\t\t\t\t\t\t\t\t\t\t<\/div>\n\t\t\t\t<\/div>\n\t\t\t\t\t<\/div>\n\t\t\t\t<\/div>\n\t\t<div class=\"elementor-element elementor-element-069abe5 e-flex e-con-boxed e-con e-parent\" data-id=\"069abe5\" data-element_type=\"container\" data-e-type=\"container\" data-settings=\"{&quot;tmea_shape_divider_top&quot;:&quot;none&quot;,&quot;tmea_shape_divider_bottom&quot;:&quot;none&quot;}\">\n\t\t\t\t\t<div class=\"e-con-inner\">\n\t\t\t\t<div class=\"elementor-element elementor-element-9d49a83 elementor-widget elementor-widget-text-editor\" data-id=\"9d49a83\" data-element_type=\"widget\" data-e-type=\"widget\" data-widget_type=\"text-editor.default\">\n\t\t\t\t<div class=\"elementor-widget-container\">\n\t\t\t\t\t\t\t\t\t<h2><strong>1. Resumen Ejecutivo<\/strong><\/h2><p>El Censo 2024 revela una poblaci\u00f3n chilena de\u00a0<strong>18.48 millones<\/strong>, con tendencias claras de envejecimiento, disminuci\u00f3n de natalidad y crecimiento moderado. Este informe analiza los datos clave, incluye visualizaciones y proyecta escenarios para el pr\u00f3ximo censo (2034).<\/p>\t\t\t\t\t\t\t\t<\/div>\n\t\t\t\t<\/div>\n\t\t\t\t\t<\/div>\n\t\t\t\t<\/div>\n\t\t<div class=\"elementor-element elementor-element-822ed93 e-flex e-con-boxed e-con e-parent\" data-id=\"822ed93\" data-element_type=\"container\" data-e-type=\"container\" data-settings=\"{&quot;tmea_shape_divider_top&quot;:&quot;none&quot;,&quot;tmea_shape_divider_bottom&quot;:&quot;none&quot;}\">\n\t\t\t\t\t<div class=\"e-con-inner\">\n\t\t<div class=\"elementor-element elementor-element-cb6129a e-con-full e-flex e-con e-child\" data-id=\"cb6129a\" data-element_type=\"container\" data-e-type=\"container\" data-settings=\"{&quot;tmea_shape_divider_top&quot;:&quot;none&quot;,&quot;tmea_shape_divider_bottom&quot;:&quot;none&quot;}\">\n\t\t\t\t<div class=\"elementor-element elementor-element-de7a4a0 elementor-widget elementor-widget-image\" data-id=\"de7a4a0\" data-element_type=\"widget\" data-e-type=\"widget\" data-widget_type=\"image.default\">\n\t\t\t\t<div class=\"elementor-widget-container\">\n\t\t\t\t\t\t\t\t\t\t\t\t\t\t\t<img loading=\"lazy\" decoding=\"async\" width=\"257\" height=\"280\" src=\"https:\/\/mportezuelo.cl\/Inicio\/wp-content\/uploads\/2025\/04\/poblacion-de-portezuelo11.png\" class=\"attachment-large size-large wp-image-8895\" alt=\"\" \/>\t\t\t\t\t\t\t\t\t\t\t\t\t\t\t<\/div>\n\t\t\t\t<\/div>\n\t\t\t\t<\/div>\n\t\t<div class=\"elementor-element elementor-element-94b4d3b e-con-full e-flex e-con e-child\" data-id=\"94b4d3b\" data-element_type=\"container\" data-e-type=\"container\" data-settings=\"{&quot;tmea_shape_divider_top&quot;:&quot;none&quot;,&quot;tmea_shape_divider_bottom&quot;:&quot;none&quot;}\">\n\t\t\t\t<div class=\"elementor-element elementor-element-40c52ae elementor-widget elementor-widget-text-editor\" data-id=\"40c52ae\" data-element_type=\"widget\" data-e-type=\"widget\" data-widget_type=\"text-editor.default\">\n\t\t\t\t<div class=\"elementor-widget-container\">\n\t\t\t\t\t\t\t\t\t<h2><strong>2. Datos Clave Nacionales<\/strong><\/h2><p><em>(Comparativa gr\u00e1fica entre sexo, edad y hogares)<\/em><\/p><h3><strong>2.1. Poblaci\u00f3n por Sexo<\/strong><\/h3><table><thead><tr><th><strong>Sexo<\/strong><\/th><th><strong>Poblaci\u00f3n<\/strong><\/th><th><strong>Porcentaje<\/strong><\/th><\/tr><\/thead><tbody><tr><td>Hombres<\/td><td>8.967.033<\/td><td>48,5%<\/td><\/tr><tr><td>Mujeres<\/td><td>9.513.399<\/td><td>51,5%<\/td><\/tr><\/tbody><\/table><p><strong>Gr\u00e1fico<\/strong>:\u00a0<em>Torta 51,5% mujeres vs. 48,5% hombres<\/em>\u00a0(brecha de 3 puntos).<\/p>\t\t\t\t\t\t\t\t<\/div>\n\t\t\t\t<\/div>\n\t\t\t\t<\/div>\n\t\t\t\t\t<\/div>\n\t\t\t\t<\/div>\n\t\t<div class=\"elementor-element elementor-element-9bf1d11 e-flex e-con-boxed e-con e-parent\" data-id=\"9bf1d11\" data-element_type=\"container\" data-e-type=\"container\" data-settings=\"{&quot;tmea_shape_divider_top&quot;:&quot;none&quot;,&quot;tmea_shape_divider_bottom&quot;:&quot;none&quot;}\">\n\t\t\t\t\t<div class=\"e-con-inner\">\n\t\t<div class=\"elementor-element elementor-element-fde6044 e-con-full e-flex e-con e-child\" data-id=\"fde6044\" data-element_type=\"container\" data-e-type=\"container\" data-settings=\"{&quot;tmea_shape_divider_top&quot;:&quot;none&quot;,&quot;tmea_shape_divider_bottom&quot;:&quot;none&quot;}\">\n\t\t\t\t<div class=\"elementor-element elementor-element-8505286 elementor-widget elementor-widget-image\" data-id=\"8505286\" data-element_type=\"widget\" data-e-type=\"widget\" data-widget_type=\"image.default\">\n\t\t\t\t<div class=\"elementor-widget-container\">\n\t\t\t\t\t\t\t\t\t\t\t\t\t\t\t<img loading=\"lazy\" decoding=\"async\" width=\"264\" height=\"321\" src=\"https:\/\/mportezuelo.cl\/Inicio\/wp-content\/uploads\/2025\/04\/poblacion-de-portezuelo12.png\" class=\"attachment-large size-large wp-image-8896\" alt=\"\" srcset=\"https:\/\/mportezuelo.cl\/Inicio\/wp-content\/uploads\/2025\/04\/poblacion-de-portezuelo12.png 264w, https:\/\/mportezuelo.cl\/Inicio\/wp-content\/uploads\/2025\/04\/poblacion-de-portezuelo12-247x300.png 247w\" sizes=\"(max-width: 264px) 100vw, 264px\" \/>\t\t\t\t\t\t\t\t\t\t\t\t\t\t\t<\/div>\n\t\t\t\t<\/div>\n\t\t\t\t<\/div>\n\t\t<div class=\"elementor-element elementor-element-b664dfa e-con-full e-flex e-con e-child\" data-id=\"b664dfa\" data-element_type=\"container\" data-e-type=\"container\" data-settings=\"{&quot;tmea_shape_divider_top&quot;:&quot;none&quot;,&quot;tmea_shape_divider_bottom&quot;:&quot;none&quot;}\">\n\t\t\t\t<div class=\"elementor-element elementor-element-4b2a0d1 elementor-widget elementor-widget-text-editor\" data-id=\"4b2a0d1\" data-element_type=\"widget\" data-e-type=\"widget\" data-widget_type=\"text-editor.default\">\n\t\t\t\t<div class=\"elementor-widget-container\">\n\t\t\t\t\t\t\t\t\t<h3><strong>2.2. Estructura por Edad<\/strong><\/h3><table><thead><tr><th><strong>Grupo<\/strong><\/th><th><strong>Poblaci\u00f3n<\/strong><\/th><th><strong>Porcentaje<\/strong><\/th><\/tr><\/thead><tbody><tr><td>0-14 a\u00f1os<\/td><td>3.274.648<\/td><td>17,7%<\/td><\/tr><tr><td>15-64 a\u00f1os<\/td><td>12.618.546<\/td><td>68,3%<\/td><\/tr><tr><td>65+ a\u00f1os<\/td><td>2.687.238<\/td><td>14,0%<\/td><\/tr><\/tbody><\/table><p><strong>Gr\u00e1fico<\/strong>:\u00a0<em>Pir\u00e1mide poblacional<\/em>\u00a0(base estrecha, cima ancha).<\/p><ul><li><p><strong>\u00cdndice de envejecimiento<\/strong>:\u00a0<strong>79,0<\/strong>\u00a0(79 adultos mayores por cada 100 j\u00f3venes).<\/p><\/li><\/ul><h3><strong>2.3. Hogares y Viviendas<\/strong><\/h3><ul><li><p><strong>Promedio personas\/hogar<\/strong>:\u00a0<strong>2,8<\/strong>\u00a0(vs. 3,3 en 2002).<\/p><\/li><li><p><strong>Hogares unipersonales<\/strong>:\u00a0<strong>21,8%<\/strong>\u00a0(aumento por envejecimiento y urbanizaci\u00f3n).<\/p><\/li><\/ul>\t\t\t\t\t\t\t\t<\/div>\n\t\t\t\t<\/div>\n\t\t\t\t<\/div>\n\t\t\t\t\t<\/div>\n\t\t\t\t<\/div>\n\t\t<div class=\"elementor-element elementor-element-684a313 e-flex e-con-boxed e-con e-parent\" data-id=\"684a313\" data-element_type=\"container\" data-e-type=\"container\" data-settings=\"{&quot;tmea_shape_divider_top&quot;:&quot;none&quot;,&quot;tmea_shape_divider_bottom&quot;:&quot;none&quot;}\">\n\t\t\t\t\t<div class=\"e-con-inner\">\n\t\t\t\t<div class=\"elementor-element elementor-element-9588e45 elementor-widget elementor-widget-image\" data-id=\"9588e45\" data-element_type=\"widget\" data-e-type=\"widget\" data-widget_type=\"image.default\">\n\t\t\t\t<div class=\"elementor-widget-container\">\n\t\t\t\t\t\t\t\t\t\t\t\t\t\t\t<img loading=\"lazy\" decoding=\"async\" width=\"530\" height=\"720\" src=\"https:\/\/mportezuelo.cl\/Inicio\/wp-content\/uploads\/2025\/04\/poblacion-de-portezuelo13.png\" class=\"attachment-large size-large wp-image-8897\" alt=\"\" srcset=\"https:\/\/mportezuelo.cl\/Inicio\/wp-content\/uploads\/2025\/04\/poblacion-de-portezuelo13.png 530w, https:\/\/mportezuelo.cl\/Inicio\/wp-content\/uploads\/2025\/04\/poblacion-de-portezuelo13-221x300.png 221w\" sizes=\"(max-width: 530px) 100vw, 530px\" \/>\t\t\t\t\t\t\t\t\t\t\t\t\t\t\t<\/div>\n\t\t\t\t<\/div>\n\t\t\t\t<div class=\"elementor-element elementor-element-a735f32 elementor-widget elementor-widget-text-editor\" data-id=\"a735f32\" data-element_type=\"widget\" data-e-type=\"widget\" data-widget_type=\"text-editor.default\">\n\t\t\t\t<div class=\"elementor-widget-container\">\n\t\t\t\t\t\t\t\t\t<h2><strong>3. Proyecciones al 2034<\/strong><\/h2><p><em>(Basadas en tendencias actuales)<\/em><\/p><h3><strong>3.1. Poblaci\u00f3n Total<\/strong><\/h3><ul><li><p><strong>Crecimiento anual<\/strong>: ~0,8% (vs. 1,2% en d\u00e9cadas pasadas).<\/p><\/li><li><p><strong>Poblaci\u00f3n estimada 2034<\/strong>:\u00a0<strong>20,1 millones<\/strong>.<\/p><\/li><\/ul><h3><strong>3.2. Envejecimiento Acelerado<\/strong><\/h3><table><thead><tr><th><strong>Indicador<\/strong><\/th><th><strong>2024<\/strong><\/th><th><strong>2034 (proyecci\u00f3n)<\/strong><\/th><\/tr><\/thead><tbody><tr><td>Poblaci\u00f3n 65+ a\u00f1os<\/td><td>14,0%<\/td><td><strong>18,5%<\/strong><\/td><\/tr><tr><td>\u00cdndice envejecimiento<\/td><td>79,0<\/td><td><strong>110,0<\/strong><\/td><\/tr><\/tbody><\/table><p><strong>Gr\u00e1fico<\/strong>:\u00a0<em>L\u00ednea de tendencia ascendente en adultos mayores<\/em>.<\/p><h3><strong>3.3. Natalidad en Declive<\/strong><\/h3><ul><li><p><strong>0-14 a\u00f1os<\/strong>: Disminuci\u00f3n a\u00a0<strong>15,5%<\/strong>\u00a0para 2034.<\/p><\/li><li><p><strong>Hogares con ni\u00f1os<\/strong>: Ca\u00edda del 33,2% actual a\u00a0<strong>28,0%<\/strong>.<\/p><\/li><\/ul><h3><strong>3.4. Cambios en Hogares<\/strong><\/h3><ul><li><p><strong>Unipersonales<\/strong>: Aumento al\u00a0<strong>26%<\/strong>\u00a0(adultos mayores y j\u00f3venes urbanos).<\/p><\/li><li><p><strong>Promedio personas\/hogar<\/strong>:\u00a0<strong>2,5<\/strong>\u00a0(familias m\u00e1s peque\u00f1as).<\/p><\/li><\/ul>\t\t\t\t\t\t\t\t<\/div>\n\t\t\t\t<\/div>\n\t\t\t\t\t<\/div>\n\t\t\t\t<\/div>\n\t\t<div class=\"elementor-element elementor-element-a0b6bfb e-flex e-con-boxed e-con e-parent\" data-id=\"a0b6bfb\" data-element_type=\"container\" data-e-type=\"container\" data-settings=\"{&quot;tmea_shape_divider_top&quot;:&quot;none&quot;,&quot;tmea_shape_divider_bottom&quot;:&quot;none&quot;}\">\n\t\t\t\t\t<div class=\"e-con-inner\">\n\t\t\t\t<div class=\"elementor-element elementor-element-050ace8 elementor-widget elementor-widget-image\" data-id=\"050ace8\" data-element_type=\"widget\" data-e-type=\"widget\" data-widget_type=\"image.default\">\n\t\t\t\t<div class=\"elementor-widget-container\">\n\t\t\t\t\t\t\t\t\t\t\t\t\t\t\t<img loading=\"lazy\" decoding=\"async\" width=\"542\" height=\"672\" src=\"https:\/\/mportezuelo.cl\/Inicio\/wp-content\/uploads\/2025\/04\/poblacion-de-portezuelo14.png\" class=\"attachment-large size-large wp-image-8898\" alt=\"\" srcset=\"https:\/\/mportezuelo.cl\/Inicio\/wp-content\/uploads\/2025\/04\/poblacion-de-portezuelo14.png 542w, https:\/\/mportezuelo.cl\/Inicio\/wp-content\/uploads\/2025\/04\/poblacion-de-portezuelo14-242x300.png 242w\" sizes=\"(max-width: 542px) 100vw, 542px\" \/>\t\t\t\t\t\t\t\t\t\t\t\t\t\t\t<\/div>\n\t\t\t\t<\/div>\n\t\t\t\t\t<\/div>\n\t\t\t\t<\/div>\n\t\t<div class=\"elementor-element elementor-element-0ee060d e-flex e-con-boxed e-con e-parent\" data-id=\"0ee060d\" data-element_type=\"container\" data-e-type=\"container\" data-settings=\"{&quot;tmea_shape_divider_top&quot;:&quot;none&quot;,&quot;tmea_shape_divider_bottom&quot;:&quot;none&quot;}\">\n\t\t\t\t\t<div class=\"e-con-inner\">\n\t\t\t\t<div class=\"elementor-element elementor-element-74b48fe elementor-widget elementor-widget-text-editor\" data-id=\"74b48fe\" data-element_type=\"widget\" data-e-type=\"widget\" data-widget_type=\"text-editor.default\">\n\t\t\t\t<div class=\"elementor-widget-container\">\n\t\t\t\t\t\t\t\t\t<h2><strong>4. Gr\u00e1ficos Clave<\/strong><\/h2><h3><strong>4.1. Pir\u00e1mide Poblacional Comparada (2024 vs. 2034)<\/strong><\/h3><ul><li><p><strong>2024<\/strong>: Base estrecha (17,7% j\u00f3venes), cima ancha (14% adultos mayores).<\/p><\/li><li><p><strong>2034<\/strong>: Base a\u00fan m\u00e1s reducida (15,5%), cima expandida (18,5%).<\/p><\/li><\/ul><h3><strong>4.2. \u00cdndice de Envejecimiento por Regi\u00f3n<\/strong><\/h3><p><em>(Mapa coropl\u00e9tico destacando \u00d1uble y Portezuelo como zonas cr\u00edticas)<\/em>.<\/p><h3><strong>4.3. Evoluci\u00f3n de Hogares<\/strong><\/h3><ul><li><p><strong>Barras apiladas<\/strong>: Aumento de hogares unipersonales vs. disminuci\u00f3n de hogares con ni\u00f1os.<\/p><\/li><\/ul>\t\t\t\t\t\t\t\t<\/div>\n\t\t\t\t<\/div>\n\t\t\t\t\t<\/div>\n\t\t\t\t<\/div>\n\t\t<div class=\"elementor-element elementor-element-78bcfe9 e-flex e-con-boxed e-con e-parent\" data-id=\"78bcfe9\" data-element_type=\"container\" data-e-type=\"container\" data-settings=\"{&quot;tmea_shape_divider_top&quot;:&quot;none&quot;,&quot;tmea_shape_divider_bottom&quot;:&quot;none&quot;}\">\n\t\t\t\t\t<div class=\"e-con-inner\">\n\t\t\t\t<div class=\"elementor-element elementor-element-9d292da elementor-widget elementor-widget-text-editor\" data-id=\"9d292da\" data-element_type=\"widget\" data-e-type=\"widget\" data-widget_type=\"text-editor.default\">\n\t\t\t\t<div class=\"elementor-widget-container\">\n\t\t\t\t\t\t\t\t\t<h2><strong>5. Recomendaciones para Pol\u00edticas P\u00fablicas<\/strong><\/h2><ol start=\"1\"><li><p><strong>Envejecimiento<\/strong>:<\/p><ul><li><p>Inversi\u00f3n en salud geri\u00e1trica y pensiones.<\/p><\/li><\/ul><\/li><li><p><strong>Natalidad<\/strong>:<\/p><ul><li><p>Incentivos fiscales para familias j\u00f3venes.<\/p><\/li><\/ul><\/li><li><p><strong>Vivienda<\/strong>:<\/p><ul><li><p>Dise\u00f1o de viviendas accesibles para adultos mayores.<\/p><\/li><\/ul><\/li><\/ol><hr \/><h2><strong>6. Metodolog\u00eda<\/strong><\/h2><ul><li><p>Proyecciones basadas en:<\/p><ul><li><p>Tasa de fecundidad actual (1,5 hijos\/mujer).<\/p><\/li><li><p>Esperanza de vida creciente (82 a\u00f1os en 2034).<\/p><\/li><li><p>Migraci\u00f3n neta estable (~50.000 anuales).<\/p><\/li><\/ul><\/li><\/ul><hr \/><p><strong>Fuente<\/strong>: INE Chile, Censo 2024. Elaborado con datos oficiales.<\/p>\t\t\t\t\t\t\t\t<\/div>\n\t\t\t\t<\/div>\n\t\t\t\t\t<\/div>\n\t\t\t\t<\/div>\n\t\t<div class=\"elementor-element elementor-element-2060fff e-flex e-con-boxed e-con e-parent\" data-id=\"2060fff\" data-element_type=\"container\" data-e-type=\"container\" data-settings=\"{&quot;tmea_shape_divider_top&quot;:&quot;none&quot;,&quot;tmea_shape_divider_bottom&quot;:&quot;none&quot;}\">\n\t\t\t\t\t<div class=\"e-con-inner\">\n\t\t\t\t<div class=\"elementor-element elementor-element-9b5e34c elementor-widget elementor-widget-button\" data-id=\"9b5e34c\" data-element_type=\"widget\" data-e-type=\"widget\" data-widget_type=\"button.default\">\n\t\t\t\t<div class=\"elementor-widget-container\">\n\t\t\t\t\t\t\t\t\t<div class=\"elementor-button-wrapper\">\n\t\t\t\t\t<a class=\"elementor-button elementor-button-link elementor-size-sm\" href=\"https:\/\/mportezuelo.cl\/Inicio\/2025\/04\/09\/portezuelo-una-comuna-que-envejece-rapidamente-analisis-censal-2024-y-proyecciones-al-2034\/\">\n\t\t\t\t\t\t<span class=\"elementor-button-content-wrapper\">\n\t\t\t\t\t\t\t\t\t<span class=\"elementor-button-text\">Informaci\u00f3n detallada de la Comuna de Portezuelo<\/span>\n\t\t\t\t\t<\/span>\n\t\t\t\t\t<\/a>\n\t\t\t\t<\/div>\n\t\t\t\t\t\t\t\t<\/div>\n\t\t\t\t<\/div>\n\t\t\t\t<div class=\"elementor-element elementor-element-c211a78 elementor-widget elementor-widget-spacer\" data-id=\"c211a78\" data-element_type=\"widget\" data-e-type=\"widget\" data-widget_type=\"spacer.default\">\n\t\t\t\t<div class=\"elementor-widget-container\">\n\t\t\t\t\t\t\t<div class=\"elementor-spacer\">\n\t\t\t<div class=\"elementor-spacer-inner\"><\/div>\n\t\t<\/div>\n\t\t\t\t\t\t<\/div>\n\t\t\t\t<\/div>\n\t\t\t\t\t<\/div>\n\t\t\t\t<\/div>\n\t\t<div class=\"elementor-element elementor-element-9b15ecd e-flex e-con-boxed e-con e-parent\" data-id=\"9b15ecd\" data-element_type=\"container\" data-e-type=\"container\" data-settings=\"{&quot;tmea_shape_divider_top&quot;:&quot;none&quot;,&quot;tmea_shape_divider_bottom&quot;:&quot;none&quot;}\">\n\t\t\t\t\t<div class=\"e-con-inner\">\n\t\t\t\t<div class=\"elementor-element elementor-element-641f619 elementor-widget elementor-widget-heading\" data-id=\"641f619\" data-element_type=\"widget\" data-e-type=\"widget\" data-widget_type=\"heading.default\">\n\t\t\t\t<div class=\"elementor-widget-container\">\n\t\t\t\t\t<h2 class=\"elementor-heading-title elementor-size-default\">An\u00e1lisis Censal 2024: Regi\u00f3n de \u00d1uble y Proyecciones al 2034<\/h2>\t\t\t\t<\/div>\n\t\t\t\t<\/div>\n\t\t\t\t\t<\/div>\n\t\t\t\t<\/div>\n\t\t<div class=\"elementor-element elementor-element-9b5933c e-flex e-con-boxed e-con e-parent\" data-id=\"9b5933c\" data-element_type=\"container\" data-e-type=\"container\" data-settings=\"{&quot;tmea_shape_divider_top&quot;:&quot;none&quot;,&quot;tmea_shape_divider_bottom&quot;:&quot;none&quot;}\">\n\t\t\t\t\t<div class=\"e-con-inner\">\n\t\t\t\t<div class=\"elementor-element elementor-element-c191a83 elementor-widget elementor-widget-image\" data-id=\"c191a83\" data-element_type=\"widget\" data-e-type=\"widget\" data-widget_type=\"image.default\">\n\t\t\t\t<div class=\"elementor-widget-container\">\n\t\t\t\t\t\t\t\t\t\t\t\t\t\t\t<img loading=\"lazy\" decoding=\"async\" width=\"1024\" height=\"133\" src=\"https:\/\/mportezuelo.cl\/Inicio\/wp-content\/uploads\/2025\/04\/poblacion-de-portezuelo15-1024x133.png\" class=\"attachment-large size-large wp-image-8902\" alt=\"\" srcset=\"https:\/\/mportezuelo.cl\/Inicio\/wp-content\/uploads\/2025\/04\/poblacion-de-portezuelo15-1024x133.png 1024w, https:\/\/mportezuelo.cl\/Inicio\/wp-content\/uploads\/2025\/04\/poblacion-de-portezuelo15-300x39.png 300w, https:\/\/mportezuelo.cl\/Inicio\/wp-content\/uploads\/2025\/04\/poblacion-de-portezuelo15-768x100.png 768w, https:\/\/mportezuelo.cl\/Inicio\/wp-content\/uploads\/2025\/04\/poblacion-de-portezuelo15.png 1330w\" sizes=\"(max-width: 1024px) 100vw, 1024px\" \/>\t\t\t\t\t\t\t\t\t\t\t\t\t\t\t<\/div>\n\t\t\t\t<\/div>\n\t\t\t\t\t<\/div>\n\t\t\t\t<\/div>\n\t\t<div class=\"elementor-element elementor-element-0a55668 e-flex e-con-boxed e-con e-parent\" data-id=\"0a55668\" data-element_type=\"container\" data-e-type=\"container\" data-settings=\"{&quot;tmea_shape_divider_top&quot;:&quot;none&quot;,&quot;tmea_shape_divider_bottom&quot;:&quot;none&quot;}\">\n\t\t\t\t\t<div class=\"e-con-inner\">\n\t\t\t\t<div class=\"elementor-element elementor-element-c2d7138 elementor-widget elementor-widget-text-editor\" data-id=\"c2d7138\" data-element_type=\"widget\" data-e-type=\"widget\" data-widget_type=\"text-editor.default\">\n\t\t\t\t<div class=\"elementor-widget-container\">\n\t\t\t\t\t\t\t\t\t<h2><strong>1. Panorama Demogr\u00e1fico de \u00d1uble<\/strong><\/h2><p>La regi\u00f3n de \u00d1uble cuenta con\u00a0<strong>512.289 habitantes<\/strong>, presentando caracter\u00edsticas demogr\u00e1ficas distintivas que reflejan tendencias nacionales, pero con matices propios.<\/p>\t\t\t\t\t\t\t\t<\/div>\n\t\t\t\t<\/div>\n\t\t\t\t\t<\/div>\n\t\t\t\t<\/div>\n\t\t<div class=\"elementor-element elementor-element-b5a15da e-flex e-con-boxed e-con e-parent\" data-id=\"b5a15da\" data-element_type=\"container\" data-e-type=\"container\" data-settings=\"{&quot;tmea_shape_divider_top&quot;:&quot;none&quot;,&quot;tmea_shape_divider_bottom&quot;:&quot;none&quot;}\">\n\t\t\t\t\t<div class=\"e-con-inner\">\n\t\t<div class=\"elementor-element elementor-element-414ef4a e-con-full e-flex e-con e-child\" data-id=\"414ef4a\" data-element_type=\"container\" data-e-type=\"container\" data-settings=\"{&quot;tmea_shape_divider_top&quot;:&quot;none&quot;,&quot;tmea_shape_divider_bottom&quot;:&quot;none&quot;}\">\n\t\t\t\t<div class=\"elementor-element elementor-element-b377efb elementor-widget elementor-widget-image\" data-id=\"b377efb\" data-element_type=\"widget\" data-e-type=\"widget\" data-widget_type=\"image.default\">\n\t\t\t\t<div class=\"elementor-widget-container\">\n\t\t\t\t\t\t\t\t\t\t\t\t\t\t\t<img loading=\"lazy\" decoding=\"async\" width=\"524\" height=\"721\" src=\"https:\/\/mportezuelo.cl\/Inicio\/wp-content\/uploads\/2025\/04\/poblacion-de-portezuelo16.png\" class=\"attachment-large size-large wp-image-8904\" alt=\"\" srcset=\"https:\/\/mportezuelo.cl\/Inicio\/wp-content\/uploads\/2025\/04\/poblacion-de-portezuelo16.png 524w, https:\/\/mportezuelo.cl\/Inicio\/wp-content\/uploads\/2025\/04\/poblacion-de-portezuelo16-218x300.png 218w\" sizes=\"(max-width: 524px) 100vw, 524px\" \/>\t\t\t\t\t\t\t\t\t\t\t\t\t\t\t<\/div>\n\t\t\t\t<\/div>\n\t\t\t\t<\/div>\n\t\t<div class=\"elementor-element elementor-element-6ca4f33 e-con-full e-flex e-con e-child\" data-id=\"6ca4f33\" data-element_type=\"container\" data-e-type=\"container\" data-settings=\"{&quot;tmea_shape_divider_top&quot;:&quot;none&quot;,&quot;tmea_shape_divider_bottom&quot;:&quot;none&quot;}\">\n\t\t\t\t<div class=\"elementor-element elementor-element-4ab9696 elementor-widget elementor-widget-text-editor\" data-id=\"4ab9696\" data-element_type=\"widget\" data-e-type=\"widget\" data-widget_type=\"text-editor.default\">\n\t\t\t\t<div class=\"elementor-widget-container\">\n\t\t\t\t\t\t\t\t\t<h2><strong>2. Datos Clave<\/strong><\/h2><p><em>(Visualizados en gr\u00e1ficos comparativos)<\/em><\/p><h3><strong>2.1. Poblaci\u00f3n por Sexo<\/strong><\/h3><table><thead><tr><th><strong>Sexo<\/strong><\/th><th><strong>Poblaci\u00f3n<\/strong><\/th><th><strong>Porcentaje<\/strong><\/th><\/tr><\/thead><tbody><tr><td>Hombres<\/td><td>246.437<\/td><td>48,1%<\/td><\/tr><tr><td>Mujeres<\/td><td>265.852<\/td><td>51,9%<\/td><\/tr><\/tbody><\/table><p><strong>Gr\u00e1fico<\/strong>:\u00a0<em>Disproporci\u00f3n de g\u00e9nero (92,7 hombres por cada 100 mujeres)<\/em>.<\/p><h3><strong>2.2. Estructura por Edad<\/strong><\/h3><table><thead><tr><th><strong>Grupo<\/strong><\/th><th><strong>Poblaci\u00f3n<\/strong><\/th><th><strong>Porcentaje<\/strong><\/th><\/tr><\/thead><tbody><tr><td>0-14 a\u00f1os<\/td><td>87.296<\/td><td>17,0%<\/td><\/tr><tr><td>15-64 a\u00f1os<\/td><td>339.759<\/td><td>66,3%<\/td><\/tr><tr><td>65+ a\u00f1os<\/td><td>85.234<\/td><td>16,6%<\/td><\/tr><\/tbody><\/table><p><strong>Gr\u00e1fico<\/strong>:\u00a0<em>Pir\u00e1mide poblacional<\/em>\u00a0(base estrecha, envejecimiento marcado).<\/p><ul><li><p><strong>\u00cdndice de envejecimiento<\/strong>:\u00a0<strong>97,6<\/strong>\u00a0(superior al nacional: 79,0).<\/p><\/li><\/ul>\t\t\t\t\t\t\t\t<\/div>\n\t\t\t\t<\/div>\n\t\t\t\t<\/div>\n\t\t\t\t\t<\/div>\n\t\t\t\t<\/div>\n\t\t<div class=\"elementor-element elementor-element-8edbd97 e-flex e-con-boxed e-con e-parent\" data-id=\"8edbd97\" data-element_type=\"container\" data-e-type=\"container\" data-settings=\"{&quot;tmea_shape_divider_top&quot;:&quot;none&quot;,&quot;tmea_shape_divider_bottom&quot;:&quot;none&quot;}\">\n\t\t\t\t\t<div class=\"e-con-inner\">\n\t\t<div class=\"elementor-element elementor-element-ad50c6a e-con-full e-flex e-con e-child\" data-id=\"ad50c6a\" data-element_type=\"container\" data-e-type=\"container\" data-settings=\"{&quot;tmea_shape_divider_top&quot;:&quot;none&quot;,&quot;tmea_shape_divider_bottom&quot;:&quot;none&quot;}\">\n\t\t\t\t<div class=\"elementor-element elementor-element-23947f5 elementor-widget elementor-widget-image\" data-id=\"23947f5\" data-element_type=\"widget\" data-e-type=\"widget\" data-widget_type=\"image.default\">\n\t\t\t\t<div class=\"elementor-widget-container\">\n\t\t\t\t\t\t\t\t\t\t\t\t\t\t\t<img loading=\"lazy\" decoding=\"async\" width=\"532\" height=\"655\" src=\"https:\/\/mportezuelo.cl\/Inicio\/wp-content\/uploads\/2025\/04\/poblacion-de-portezuelo17.png\" class=\"attachment-large size-large wp-image-8905\" alt=\"\" srcset=\"https:\/\/mportezuelo.cl\/Inicio\/wp-content\/uploads\/2025\/04\/poblacion-de-portezuelo17.png 532w, https:\/\/mportezuelo.cl\/Inicio\/wp-content\/uploads\/2025\/04\/poblacion-de-portezuelo17-244x300.png 244w\" sizes=\"(max-width: 532px) 100vw, 532px\" \/>\t\t\t\t\t\t\t\t\t\t\t\t\t\t\t<\/div>\n\t\t\t\t<\/div>\n\t\t\t\t<\/div>\n\t\t<div class=\"elementor-element elementor-element-55e506e e-con-full e-flex e-con e-child\" data-id=\"55e506e\" data-element_type=\"container\" data-e-type=\"container\" data-settings=\"{&quot;tmea_shape_divider_top&quot;:&quot;none&quot;,&quot;tmea_shape_divider_bottom&quot;:&quot;none&quot;}\">\n\t\t\t\t<div class=\"elementor-element elementor-element-6ff9b69 elementor-widget elementor-widget-text-editor\" data-id=\"6ff9b69\" data-element_type=\"widget\" data-e-type=\"widget\" data-widget_type=\"text-editor.default\">\n\t\t\t\t<div class=\"elementor-widget-container\">\n\t\t\t\t\t\t\t\t\t<h3><strong>2.3. Hogares y Viviendas<\/strong><\/h3><ul><li><p><strong>Promedio personas\/hogar<\/strong>:\u00a0<strong>2,7<\/strong>\u00a0(ligeramente menor al nacional: 2,8).<\/p><\/li><li><p><strong>Hogares unipersonales<\/strong>:\u00a0<strong>22,3%<\/strong>\u00a0(similar al promedio pa\u00eds).<\/p><\/li><li><p><strong>Hogares con adultos mayores<\/strong>:\u00a0<strong>15,0%<\/strong>\u00a0(por encima del 11,6% nacional).<\/p><\/li><\/ul>\t\t\t\t\t\t\t\t<\/div>\n\t\t\t\t<\/div>\n\t\t\t\t<div class=\"elementor-element elementor-element-17e4f48 elementor-widget elementor-widget-heading\" data-id=\"17e4f48\" data-element_type=\"widget\" data-e-type=\"widget\" data-widget_type=\"heading.default\">\n\t\t\t\t<div class=\"elementor-widget-container\">\n\t\t\t\t\t<h2 class=\"elementor-heading-title elementor-size-default\">3. Proyecciones al 2034<\/h2>\t\t\t\t<\/div>\n\t\t\t\t<\/div>\n\t\t\t\t<div class=\"elementor-element elementor-element-899fd85 elementor-widget elementor-widget-text-editor\" data-id=\"899fd85\" data-element_type=\"widget\" data-e-type=\"widget\" data-widget_type=\"text-editor.default\">\n\t\t\t\t<div class=\"elementor-widget-container\">\n\t\t\t\t\t\t\t\t\t<h3><strong>3.1. Poblaci\u00f3n Total<\/strong><\/h3><ul><li><p><strong>Crecimiento anual estimado<\/strong>: ~0,5% (vs. 0,8% nacional).<\/p><\/li><li><p><strong>Poblaci\u00f3n proyectada 2034<\/strong>:\u00a0<strong>~538.000 habitantes<\/strong>.<\/p><\/li><\/ul><h3><strong>3.2. Envejecimiento Acelerado<\/strong><\/h3><table><thead><tr><th><strong>Indicador<\/strong><\/th><th><strong>2024<\/strong><\/th><th><strong>2034 (proyecci\u00f3n)<\/strong><\/th><\/tr><\/thead><tbody><tr><td>Poblaci\u00f3n 65+ a\u00f1os<\/td><td>16,6%<\/td><td><strong>21,0%<\/strong><\/td><\/tr><tr><td>\u00cdndice envejecimiento<\/td><td>97,6<\/td><td><strong>125,0<\/strong><\/td><\/tr><\/tbody><\/table><p><strong>Gr\u00e1fico<\/strong>:\u00a0<em>Comparativa pir\u00e1mides 2024 vs. 2034<\/em>\u00a0(base m\u00e1s angosta, cima expandida).<\/p>\t\t\t\t\t\t\t\t<\/div>\n\t\t\t\t<\/div>\n\t\t\t\t<\/div>\n\t\t\t\t\t<\/div>\n\t\t\t\t<\/div>\n\t\t<div class=\"elementor-element elementor-element-8ab9c46 e-flex e-con-boxed e-con e-parent\" data-id=\"8ab9c46\" data-element_type=\"container\" data-e-type=\"container\" data-settings=\"{&quot;tmea_shape_divider_top&quot;:&quot;none&quot;,&quot;tmea_shape_divider_bottom&quot;:&quot;none&quot;}\">\n\t\t\t\t\t<div class=\"e-con-inner\">\n\t\t<div class=\"elementor-element elementor-element-130bbc2 e-con-full e-flex e-con e-child\" data-id=\"130bbc2\" data-element_type=\"container\" data-e-type=\"container\" data-settings=\"{&quot;tmea_shape_divider_top&quot;:&quot;none&quot;,&quot;tmea_shape_divider_bottom&quot;:&quot;none&quot;}\">\n\t\t\t\t<div class=\"elementor-element elementor-element-fe471c0 elementor-widget elementor-widget-image\" data-id=\"fe471c0\" data-element_type=\"widget\" data-e-type=\"widget\" data-widget_type=\"image.default\">\n\t\t\t\t<div class=\"elementor-widget-container\">\n\t\t\t\t\t\t\t\t\t\t\t\t\t\t\t<img loading=\"lazy\" decoding=\"async\" width=\"263\" height=\"453\" src=\"https:\/\/mportezuelo.cl\/Inicio\/wp-content\/uploads\/2025\/04\/poblacion-de-portezuelo18.png\" class=\"attachment-large size-large wp-image-8906\" alt=\"\" srcset=\"https:\/\/mportezuelo.cl\/Inicio\/wp-content\/uploads\/2025\/04\/poblacion-de-portezuelo18.png 263w, https:\/\/mportezuelo.cl\/Inicio\/wp-content\/uploads\/2025\/04\/poblacion-de-portezuelo18-174x300.png 174w\" sizes=\"(max-width: 263px) 100vw, 263px\" \/>\t\t\t\t\t\t\t\t\t\t\t\t\t\t\t<\/div>\n\t\t\t\t<\/div>\n\t\t\t\t<\/div>\n\t\t<div class=\"elementor-element elementor-element-8ea5a42 e-con-full e-flex e-con e-child\" data-id=\"8ea5a42\" data-element_type=\"container\" data-e-type=\"container\" data-settings=\"{&quot;tmea_shape_divider_top&quot;:&quot;none&quot;,&quot;tmea_shape_divider_bottom&quot;:&quot;none&quot;}\">\n\t\t\t\t<div class=\"elementor-element elementor-element-bd2ef4f elementor-widget elementor-widget-text-editor\" data-id=\"bd2ef4f\" data-element_type=\"widget\" data-e-type=\"widget\" data-widget_type=\"text-editor.default\">\n\t\t\t\t<div class=\"elementor-widget-container\">\n\t\t\t\t\t\t\t\t\t<h3><strong>3.3. Natalidad y Juventud<\/strong><\/h3><ul><li><p><strong>0-14 a\u00f1os<\/strong>: Ca\u00edda al\u00a0<strong>14,5%<\/strong>\u00a0(vs. 17,0% actual).<\/p><\/li><li><p><strong>Hogares con ni\u00f1os<\/strong>: Reducci\u00f3n del 31,5% actual a\u00a0<strong>27,0%<\/strong>.<\/p><\/li><\/ul><h3><strong>3.4. Din\u00e1mica de Hogares<\/strong><\/h3><ul><li><p><strong>Unipersonales<\/strong>: Aumento al\u00a0<strong>26%<\/strong>\u00a0(en l\u00ednea con tendencia nacional).<\/p><\/li><li><p><strong>Promedio personas\/hogar<\/strong>:\u00a0<strong>2,4<\/strong>\u00a0(familias m\u00e1s peque\u00f1as).<\/p><\/li><\/ul>\t\t\t\t\t\t\t\t<\/div>\n\t\t\t\t<\/div>\n\t\t\t\t<div class=\"elementor-element elementor-element-849e5f6 elementor-widget elementor-widget-heading\" data-id=\"849e5f6\" data-element_type=\"widget\" data-e-type=\"widget\" data-widget_type=\"heading.default\">\n\t\t\t\t<div class=\"elementor-widget-container\">\n\t\t\t\t\t<h2 class=\"elementor-heading-title elementor-size-default\">4. Gr\u00e1ficos Destacados<\/h2>\t\t\t\t<\/div>\n\t\t\t\t<\/div>\n\t\t\t\t<div class=\"elementor-element elementor-element-23ffbc5 elementor-widget elementor-widget-text-editor\" data-id=\"23ffbc5\" data-element_type=\"widget\" data-e-type=\"widget\" data-widget_type=\"text-editor.default\">\n\t\t\t\t<div class=\"elementor-widget-container\">\n\t\t\t\t\t\t\t\t\t<h3><strong>4.1. Pir\u00e1mide Poblacional de \u00d1uble (2024)<\/strong><\/h3><ul><li><p><strong>Mujeres dominan en grupos &gt;70 a\u00f1os<\/strong>\u00a0(ej: 85+ a\u00f1os: 5.663 mujeres vs. 3.176 hombres).<\/p><\/li><li><p><strong>Pico en 50-64 a\u00f1os<\/strong>: 17.000-19.000 personas por grupo (generaci\u00f3n envejecida).<\/p><\/li><\/ul><ul><li><p>\u00a0<\/p><\/li><\/ul>\t\t\t\t\t\t\t\t<\/div>\n\t\t\t\t<\/div>\n\t\t\t\t<\/div>\n\t\t\t\t\t<\/div>\n\t\t\t\t<\/div>\n\t\t<div class=\"elementor-element elementor-element-3b930f1 e-flex e-con-boxed e-con e-parent\" data-id=\"3b930f1\" data-element_type=\"container\" data-e-type=\"container\" data-settings=\"{&quot;tmea_shape_divider_top&quot;:&quot;none&quot;,&quot;tmea_shape_divider_bottom&quot;:&quot;none&quot;}\">\n\t\t\t\t\t<div class=\"e-con-inner\">\n\t\t\t\t<div class=\"elementor-element elementor-element-bdc4a13 elementor-widget elementor-widget-text-editor\" data-id=\"bdc4a13\" data-element_type=\"widget\" data-e-type=\"widget\" data-widget_type=\"text-editor.default\">\n\t\t\t\t<div class=\"elementor-widget-container\">\n\t\t\t\t\t\t\t\t\t<h3><strong>4.2. \u00cdndice de Envejecimiento Comparado<\/strong><\/h3><ul><li><p><strong>\u00d1uble (97,6) vs. Chile (79,0)<\/strong>: Brecha que se ampliar\u00e1 al 2034.<\/p><\/li><\/ul><h3><strong>4.3. Evoluci\u00f3n de Hogares<\/strong><\/h3><ul><li><p><strong>Barras apiladas<\/strong>: Aumento de hogares unipersonales y disminuci\u00f3n de hogares con ni\u00f1os.<\/p><\/li><\/ul><p>\u00a0<\/p><h2><strong>5. Metodolog\u00eda<\/strong><\/h2><p>\u00a0<\/p><ul><li><p>Proyecciones basadas en:<\/p><ul><li><p>Tasa de fecundidad regional (1,4 hijos\/mujer).<\/p><\/li><li><p>Migraci\u00f3n neta negativa (\u00e9xodo juvenil).<\/p><\/li><li><p>Esperanza de vida: 81 a\u00f1os (2034).<\/p><\/li><\/ul><\/li><\/ul><p>\u00a0<\/p><hr \/><p><strong>Fuente<\/strong>: INE Chile, Censo 2024. Elaborado con datos oficiales.<\/p>\t\t\t\t\t\t\t\t<\/div>\n\t\t\t\t<\/div>\n\t\t\t\t\t<\/div>\n\t\t\t\t<\/div>\n\t\t<div class=\"elementor-element elementor-element-829d2e4 e-flex e-con-boxed e-con e-parent\" data-id=\"829d2e4\" data-element_type=\"container\" data-e-type=\"container\" data-settings=\"{&quot;tmea_shape_divider_top&quot;:&quot;none&quot;,&quot;tmea_shape_divider_bottom&quot;:&quot;none&quot;}\">\n\t\t\t\t\t<div class=\"e-con-inner\">\n\t\t\t\t<div class=\"elementor-element elementor-element-31da36a elementor-widget elementor-widget-spacer\" data-id=\"31da36a\" data-element_type=\"widget\" data-e-type=\"widget\" data-widget_type=\"spacer.default\">\n\t\t\t\t<div class=\"elementor-widget-container\">\n\t\t\t\t\t\t\t<div class=\"elementor-spacer\">\n\t\t\t<div class=\"elementor-spacer-inner\"><\/div>\n\t\t<\/div>\n\t\t\t\t\t\t<\/div>\n\t\t\t\t<\/div>\n\t\t\t\t\t<\/div>\n\t\t\t\t<\/div>\n\t\t<div class=\"elementor-element elementor-element-738cd4c e-flex e-con-boxed e-con e-parent\" data-id=\"738cd4c\" data-element_type=\"container\" data-e-type=\"container\" data-settings=\"{&quot;tmea_shape_divider_top&quot;:&quot;none&quot;,&quot;tmea_shape_divider_bottom&quot;:&quot;none&quot;}\">\n\t\t\t\t\t<div class=\"e-con-inner\">\n\t\t\t\t<div class=\"elementor-element elementor-element-a8d7340 elementor-widget elementor-widget-heading\" data-id=\"a8d7340\" data-element_type=\"widget\" data-e-type=\"widget\" data-widget_type=\"heading.default\">\n\t\t\t\t<div class=\"elementor-widget-container\">\n\t\t\t\t\t<h2 class=\"elementor-heading-title elementor-size-default\">An\u00e1lisis Censal 2024: Comuna de Portezuelo (\u00d1uble) y Proyecciones al 2034<\/h2>\t\t\t\t<\/div>\n\t\t\t\t<\/div>\n\t\t\t\t\t<\/div>\n\t\t\t\t<\/div>\n\t\t<div class=\"elementor-element elementor-element-ccb2737 e-flex e-con-boxed e-con e-parent\" data-id=\"ccb2737\" data-element_type=\"container\" data-e-type=\"container\" data-settings=\"{&quot;tmea_shape_divider_top&quot;:&quot;none&quot;,&quot;tmea_shape_divider_bottom&quot;:&quot;none&quot;}\">\n\t\t\t\t\t<div class=\"e-con-inner\">\n\t\t\t\t<div class=\"elementor-element elementor-element-47e2853 elementor-widget elementor-widget-text-editor\" data-id=\"47e2853\" data-element_type=\"widget\" data-e-type=\"widget\" data-widget_type=\"text-editor.default\">\n\t\t\t\t<div class=\"elementor-widget-container\">\n\t\t\t\t\t\t\t\t\t<h2><strong>1. Caracter\u00edsticas Demogr\u00e1ficas Clave<\/strong><\/h2><p>Portezuelo presenta una poblaci\u00f3n de\u00a0<strong>5.203 habitantes<\/strong>, con una estructura demogr\u00e1fica que evidencia un\u00a0<strong>envejecimiento acelerado<\/strong>\u00a0y una\u00a0<strong>disminuci\u00f3n de la poblaci\u00f3n joven<\/strong>, tendencias m\u00e1s marcadas que en el promedio regional y nacional.<\/p>\t\t\t\t\t\t\t\t<\/div>\n\t\t\t\t<\/div>\n\t\t\t\t\t<\/div>\n\t\t\t\t<\/div>\n\t\t<div class=\"elementor-element elementor-element-958cb72 e-flex e-con-boxed e-con e-parent\" data-id=\"958cb72\" data-element_type=\"container\" data-e-type=\"container\" data-settings=\"{&quot;tmea_shape_divider_top&quot;:&quot;none&quot;,&quot;tmea_shape_divider_bottom&quot;:&quot;none&quot;}\">\n\t\t\t\t\t<div class=\"e-con-inner\">\n\t\t<div class=\"elementor-element elementor-element-fb29ed8 e-con-full e-flex e-con e-child\" data-id=\"fb29ed8\" data-element_type=\"container\" data-e-type=\"container\" data-settings=\"{&quot;tmea_shape_divider_top&quot;:&quot;none&quot;,&quot;tmea_shape_divider_bottom&quot;:&quot;none&quot;}\">\n\t\t\t\t<div class=\"elementor-element elementor-element-d132d1b elementor-widget elementor-widget-image\" data-id=\"d132d1b\" data-element_type=\"widget\" data-e-type=\"widget\" data-widget_type=\"image.default\">\n\t\t\t\t<div class=\"elementor-widget-container\">\n\t\t\t\t\t\t\t\t\t\t\t\t\t\t\t<img loading=\"lazy\" decoding=\"async\" width=\"532\" height=\"729\" src=\"https:\/\/mportezuelo.cl\/Inicio\/wp-content\/uploads\/2025\/04\/poblacion-de-portezuelo.png\" class=\"attachment-large size-large wp-image-8881\" alt=\"\" srcset=\"https:\/\/mportezuelo.cl\/Inicio\/wp-content\/uploads\/2025\/04\/poblacion-de-portezuelo.png 532w, https:\/\/mportezuelo.cl\/Inicio\/wp-content\/uploads\/2025\/04\/poblacion-de-portezuelo-219x300.png 219w\" sizes=\"(max-width: 532px) 100vw, 532px\" \/>\t\t\t\t\t\t\t\t\t\t\t\t\t\t\t<\/div>\n\t\t\t\t<\/div>\n\t\t\t\t<div class=\"elementor-element elementor-element-d0fe184 elementor-widget elementor-widget-image\" data-id=\"d0fe184\" data-element_type=\"widget\" data-e-type=\"widget\" data-widget_type=\"image.default\">\n\t\t\t\t<div class=\"elementor-widget-container\">\n\t\t\t\t\t\t\t\t\t\t\t\t\t\t\t<img loading=\"lazy\" decoding=\"async\" width=\"264\" height=\"316\" src=\"https:\/\/mportezuelo.cl\/Inicio\/wp-content\/uploads\/2025\/04\/poblacion-de-portezuelo5.png\" class=\"attachment-large size-large wp-image-8882\" alt=\"\" srcset=\"https:\/\/mportezuelo.cl\/Inicio\/wp-content\/uploads\/2025\/04\/poblacion-de-portezuelo5.png 264w, https:\/\/mportezuelo.cl\/Inicio\/wp-content\/uploads\/2025\/04\/poblacion-de-portezuelo5-251x300.png 251w\" sizes=\"(max-width: 264px) 100vw, 264px\" \/>\t\t\t\t\t\t\t\t\t\t\t\t\t\t\t<\/div>\n\t\t\t\t<\/div>\n\t\t\t\t<div class=\"elementor-element elementor-element-b276cec elementor-widget elementor-widget-image\" data-id=\"b276cec\" data-element_type=\"widget\" data-e-type=\"widget\" data-widget_type=\"image.default\">\n\t\t\t\t<div class=\"elementor-widget-container\">\n\t\t\t\t\t\t\t\t\t\t\t\t\t\t\t<img loading=\"lazy\" decoding=\"async\" width=\"545\" height=\"654\" src=\"https:\/\/mportezuelo.cl\/Inicio\/wp-content\/uploads\/2025\/04\/poblacion-de-portezuelo6.png\" class=\"attachment-large size-large wp-image-8883\" alt=\"\" srcset=\"https:\/\/mportezuelo.cl\/Inicio\/wp-content\/uploads\/2025\/04\/poblacion-de-portezuelo6.png 545w, https:\/\/mportezuelo.cl\/Inicio\/wp-content\/uploads\/2025\/04\/poblacion-de-portezuelo6-250x300.png 250w\" sizes=\"(max-width: 545px) 100vw, 545px\" \/>\t\t\t\t\t\t\t\t\t\t\t\t\t\t\t<\/div>\n\t\t\t\t<\/div>\n\t\t\t\t<\/div>\n\t\t<div class=\"elementor-element elementor-element-ce54d14 e-con-full e-flex e-con e-child\" data-id=\"ce54d14\" data-element_type=\"container\" data-e-type=\"container\" data-settings=\"{&quot;tmea_shape_divider_top&quot;:&quot;none&quot;,&quot;tmea_shape_divider_bottom&quot;:&quot;none&quot;}\">\n\t\t\t\t<div class=\"elementor-element elementor-element-52aa692 elementor-widget elementor-widget-text-editor\" data-id=\"52aa692\" data-element_type=\"widget\" data-e-type=\"widget\" data-widget_type=\"text-editor.default\">\n\t\t\t\t<div class=\"elementor-widget-container\">\n\t\t\t\t\t\t\t\t\t<h2><strong>2. Datos Principales<\/strong><\/h2><p>\u00a0<\/p><h3><strong>2.1. Composici\u00f3n por Sexo y Edad<\/strong><\/h3><table><thead><tr><th><strong>Indicador<\/strong><\/th><th><strong>Datos<\/strong><\/th><\/tr><\/thead><tbody><tr><td><strong>Poblaci\u00f3n total<\/strong><\/td><td>5.203<\/td><\/tr><tr><td><strong>Hombres<\/strong><\/td><td>2.588 (49.7%)<\/td><\/tr><tr><td><strong>Mujeres<\/strong><\/td><td>2.615 (50.3%)<\/td><\/tr><tr><td><strong>Promedio de edad<\/strong><\/td><td>44.0 a\u00f1os<\/td><\/tr><tr><td><strong>\u00cdndice de envejecimiento<\/strong><\/td><td>152.3<\/td><\/tr><\/tbody><\/table><p><strong>Gr\u00e1fico 1<\/strong>:\u00a0<em>Pir\u00e1mide poblacional<\/em><\/p><ul><li><p>Base estrecha (solo\u00a0<strong>89 ni\u00f1os 0-4 a\u00f1os<\/strong>\u00a0vs\u00a0<strong>149 adultos 85+<\/strong>)<\/p><\/li><li><p>Mayor poblaci\u00f3n en grupos 55-64 a\u00f1os (pico de 224 mujeres en 55-59)<\/p><\/li><li><p>Desbalance en adultos mayores:\u00a0<strong>83 mujeres vs 66 hombres en 85+<\/strong><\/p><\/li><\/ul><h3><strong>2.2. Estructura por Grupos de Edad<\/strong><\/h3><table><thead><tr><th><strong>Grupo<\/strong><\/th><th><strong>Poblaci\u00f3n<\/strong><\/th><th><strong>Porcentaje<\/strong><\/th><\/tr><\/thead><tbody><tr><td>0-14 a\u00f1os<\/td><td>738<\/td><td>14.2%<\/td><\/tr><tr><td>15-64 a\u00f1os<\/td><td>3.340<\/td><td>64.2%<\/td><\/tr><tr><td>65+ a\u00f1os<\/td><td>1.125<\/td><td>21.6%<\/td><\/tr><\/tbody><\/table><p><strong>Gr\u00e1fico 2<\/strong>:\u00a0<em>Barras comparativas por grupos de edad<\/em><\/p><ul><li><p><strong>21.6% adultos mayores<\/strong>\u00a0(vs 16.6% en \u00d1uble y 14% nacional)<\/p><\/li><li><p>Solo\u00a0<strong>14.2% de j\u00f3venes<\/strong>\u00a0(menor que promedio regional)<\/p><\/li><\/ul><h3><strong>2.3. Caracter\u00edsticas de Hogares<\/strong><\/h3><table><thead><tr><th><strong>Indicador<\/strong><\/th><th><strong>Dato<\/strong><\/th><\/tr><\/thead><tbody><tr><td>Promedio personas\/hogar<\/td><td>2.5<\/td><\/tr><tr><td>Hogares unipersonales<\/td><td>27.6%<\/td><\/tr><tr><td>Hogares con ni\u00f1os<\/td><td>24.9%<\/td><\/tr><tr><td>Hogares con adultos mayores<\/td><td>19.8%<\/td><\/tr><\/tbody><\/table><p><strong>Gr\u00e1fico 3<\/strong>:\u00a0<em>Evoluci\u00f3n de tipos de hogar<\/em><\/p><ul><li><p>Alto porcentaje de hogares unipersonales (27.6%)<\/p><\/li><li><p>Baja presencia de hogares con ni\u00f1os (24.9%)<\/p><\/li><\/ul>\t\t\t\t\t\t\t\t<\/div>\n\t\t\t\t<\/div>\n\t\t\t\t<\/div>\n\t\t\t\t\t<\/div>\n\t\t\t\t<\/div>\n\t\t<div class=\"elementor-element elementor-element-505268a e-flex e-con-boxed e-con e-parent\" data-id=\"505268a\" data-element_type=\"container\" data-e-type=\"container\" data-settings=\"{&quot;tmea_shape_divider_top&quot;:&quot;none&quot;,&quot;tmea_shape_divider_bottom&quot;:&quot;none&quot;}\">\n\t\t\t\t\t<div class=\"e-con-inner\">\n\t\t<div class=\"elementor-element elementor-element-f20c8f1 e-con-full e-flex e-con e-child\" data-id=\"f20c8f1\" data-element_type=\"container\" data-e-type=\"container\" data-settings=\"{&quot;tmea_shape_divider_top&quot;:&quot;none&quot;,&quot;tmea_shape_divider_bottom&quot;:&quot;none&quot;}\">\n\t\t\t\t<div class=\"elementor-element elementor-element-3be8423 elementor-widget elementor-widget-image\" data-id=\"3be8423\" data-element_type=\"widget\" data-e-type=\"widget\" data-widget_type=\"image.default\">\n\t\t\t\t<div class=\"elementor-widget-container\">\n\t\t\t\t\t\t\t\t\t\t\t\t\t\t\t<img loading=\"lazy\" decoding=\"async\" width=\"268\" height=\"855\" src=\"https:\/\/mportezuelo.cl\/Inicio\/wp-content\/uploads\/2025\/04\/poblacion-de-portezuelo3.png\" class=\"attachment-large size-large wp-image-8885\" alt=\"\" srcset=\"https:\/\/mportezuelo.cl\/Inicio\/wp-content\/uploads\/2025\/04\/poblacion-de-portezuelo3.png 268w, https:\/\/mportezuelo.cl\/Inicio\/wp-content\/uploads\/2025\/04\/poblacion-de-portezuelo3-94x300.png 94w\" sizes=\"(max-width: 268px) 100vw, 268px\" \/>\t\t\t\t\t\t\t\t\t\t\t\t\t\t\t<\/div>\n\t\t\t\t<\/div>\n\t\t\t\t<\/div>\n\t\t<div class=\"elementor-element elementor-element-d026eee e-con-full e-flex e-con e-child\" data-id=\"d026eee\" data-element_type=\"container\" data-e-type=\"container\" data-settings=\"{&quot;tmea_shape_divider_top&quot;:&quot;none&quot;,&quot;tmea_shape_divider_bottom&quot;:&quot;none&quot;}\">\n\t\t\t\t<div class=\"elementor-element elementor-element-644ce05 elementor-widget elementor-widget-text-editor\" data-id=\"644ce05\" data-element_type=\"widget\" data-e-type=\"widget\" data-widget_type=\"text-editor.default\">\n\t\t\t\t<div class=\"elementor-widget-container\">\n\t\t\t\t\t\t\t\t\t<h2><strong>3. Proyecciones al 2034<\/strong><\/h2><p><em>(Basadas en tendencias actuales)<\/em><\/p><h3><strong>3.1. Poblaci\u00f3n Total<\/strong><\/h3><ul><li><p><strong>Crecimiento estimado<\/strong>:\u00a0<strong>-0.3% anual<\/strong>\u00a0(p\u00e9rdida poblacional)<\/p><\/li><li><p><strong>Poblaci\u00f3n proyectada 2034<\/strong>:\u00a0<strong>~4.800 habitantes<\/strong><\/p><\/li><\/ul><h3><strong>3.2. Envejecimiento Cr\u00edtico<\/strong><\/h3><table><thead><tr><th><strong>Indicador<\/strong><\/th><th><strong>2024<\/strong><\/th><th><strong>2034 (proyecci\u00f3n)<\/strong><\/th><\/tr><\/thead><tbody><tr><td>Poblaci\u00f3n 65+ a\u00f1os<\/td><td>21.6%<\/td><td><strong>28.0%<\/strong><\/td><\/tr><tr><td>\u00cdndice envejecimiento<\/td><td>152.3<\/td><td><strong>190.0<\/strong><\/td><\/tr><tr><td>0-14 a\u00f1os<\/td><td>14.2%<\/td><td><strong>12.0%<\/strong><\/td><\/tr><\/tbody><\/table><p><strong>Gr\u00e1fico 4<\/strong>:\u00a0<em>Pir\u00e1mide proyectada 2034<\/em><\/p><ul><li><p>Base a\u00fan m\u00e1s reducida<\/p><\/li><li><p>Cima m\u00e1s ancha<\/p><\/li><\/ul><h3><strong>3.3. Din\u00e1mica de Hogares<\/strong><\/h3><ul><li><p><strong>Hogares unipersonales<\/strong>: Aumento a\u00a0<strong>32%<\/strong><\/p><\/li><li><p><strong>Hogares con ni\u00f1os<\/strong>: Disminuci\u00f3n a\u00a0<strong>20%<\/strong><\/p><\/li><\/ul><p>\u00a0<\/p><p>\u00a0<\/p><h2><strong>4. Metodolog\u00eda<\/strong><\/h2><ul><li><p>Proyecciones basadas en:<\/p><ul><li><p>Tasa fecundidad: 1.3 hijos\/mujer<\/p><\/li><li><p>Migraci\u00f3n neta: -0.5% anual<\/p><\/li><li><p>Esperanza de vida: 83 a\u00f1os (2034)<\/p><\/li><\/ul><\/li><\/ul><p>\u00a0<\/p><p>\u00a0<\/p><p><strong>Fuente<\/strong>: Elaboraci\u00f3n propia con datos INE Chile, Censo 2024<\/p>\t\t\t\t\t\t\t\t<\/div>\n\t\t\t\t<\/div>\n\t\t\t\t<\/div>\n\t\t\t\t\t<\/div>\n\t\t\t\t<\/div>\n\t\t<div class=\"elementor-element elementor-element-a0a3f07 e-flex e-con-boxed e-con e-parent\" data-id=\"a0a3f07\" data-element_type=\"container\" data-e-type=\"container\" data-settings=\"{&quot;tmea_shape_divider_top&quot;:&quot;none&quot;,&quot;tmea_shape_divider_bottom&quot;:&quot;none&quot;}\">\n\t\t\t\t\t<div class=\"e-con-inner\">\n\t\t\t\t<div class=\"elementor-element elementor-element-1bc4ebd elementor-widget elementor-widget-button\" data-id=\"1bc4ebd\" data-element_type=\"widget\" data-e-type=\"widget\" data-widget_type=\"button.default\">\n\t\t\t\t<div class=\"elementor-widget-container\">\n\t\t\t\t\t\t\t\t\t<div class=\"elementor-button-wrapper\">\n\t\t\t\t\t<a class=\"elementor-button elementor-button-link elementor-size-sm\" href=\"https:\/\/mportezuelo.cl\/Inicio\/2025\/04\/09\/portezuelo-una-comuna-que-envejece-rapidamente-analisis-censal-2024-y-proyecciones-al-2034\/\">\n\t\t\t\t\t\t<span class=\"elementor-button-content-wrapper\">\n\t\t\t\t\t\t\t\t\t<span class=\"elementor-button-text\">Informaci\u00f3n detallada de la Comuna de Portezuelo<\/span>\n\t\t\t\t\t<\/span>\n\t\t\t\t\t<\/a>\n\t\t\t\t<\/div>\n\t\t\t\t\t\t\t\t<\/div>\n\t\t\t\t<\/div>\n\t\t\t\t<div class=\"elementor-element elementor-element-1a4eab5 elementor-widget elementor-widget-image\" data-id=\"1a4eab5\" data-element_type=\"widget\" data-e-type=\"widget\" data-widget_type=\"image.default\">\n\t\t\t\t<div class=\"elementor-widget-container\">\n\t\t\t\t\t\t\t\t\t\t\t\t\t\t\t<img loading=\"lazy\" decoding=\"async\" width=\"1024\" height=\"382\" src=\"https:\/\/mportezuelo.cl\/Inicio\/wp-content\/uploads\/2024\/06\/DJI_0006-1024x382.jpg\" class=\"attachment-large size-large wp-image-5732\" alt=\"\" srcset=\"https:\/\/mportezuelo.cl\/Inicio\/wp-content\/uploads\/2024\/06\/DJI_0006-1024x382.jpg 1024w, https:\/\/mportezuelo.cl\/Inicio\/wp-content\/uploads\/2024\/06\/DJI_0006-300x112.jpg 300w, https:\/\/mportezuelo.cl\/Inicio\/wp-content\/uploads\/2024\/06\/DJI_0006-768x287.jpg 768w, https:\/\/mportezuelo.cl\/Inicio\/wp-content\/uploads\/2024\/06\/DJI_0006-1536x574.jpg 1536w, https:\/\/mportezuelo.cl\/Inicio\/wp-content\/uploads\/2024\/06\/DJI_0006-2048x765.jpg 2048w\" sizes=\"(max-width: 1024px) 100vw, 1024px\" \/>\t\t\t\t\t\t\t\t\t\t\t\t\t\t\t<\/div>\n\t\t\t\t<\/div>\n\t\t\t\t\t<\/div>\n\t\t\t\t<\/div>\n\t\t<div class=\"elementor-element elementor-element-1633ec5 e-flex e-con-boxed e-con e-parent\" data-id=\"1633ec5\" data-element_type=\"container\" data-e-type=\"container\" data-settings=\"{&quot;tmea_shape_divider_top&quot;:&quot;none&quot;,&quot;tmea_shape_divider_bottom&quot;:&quot;none&quot;}\">\n\t\t\t\t\t<div class=\"e-con-inner\">\n\t\t\t\t<div class=\"elementor-element elementor-element-0d855af elementor-widget elementor-widget-spacer\" data-id=\"0d855af\" data-element_type=\"widget\" data-e-type=\"widget\" data-widget_type=\"spacer.default\">\n\t\t\t\t<div class=\"elementor-widget-container\">\n\t\t\t\t\t\t\t<div class=\"elementor-spacer\">\n\t\t\t<div class=\"elementor-spacer-inner\"><\/div>\n\t\t<\/div>\n\t\t\t\t\t\t<\/div>\n\t\t\t\t<\/div>\n\t\t\t\t\t<\/div>\n\t\t\t\t<\/div>\n\t\t\t\t<\/div>\n\t\t","protected":false},"excerpt":{"rendered":"<p>El Censo 2024 proporciona datos clave sobre la distribuci\u00f3n demogr\u00e1fica, estructura por edades y composici\u00f3n de hogares en Chile, con enfoque en la\u00a0Regi\u00f3n de \u00d1uble\u00a0y la\u00a0Comuna de Portezuelo. A continuaci\u00f3n, se presentan los resultados organizados en tablas y gr\u00e1ficos para una mejor comprensi\u00f3n. 1. Datos Nacionales Indicador Total Hombres\u00a0(48,5%) Mujeres\u00a0(51,5%) Poblaci\u00f3n censada 18.480.432 8.967.033 9.513.399 [&hellip;]<\/p>\n","protected":false},"author":1,"featured_media":0,"parent":0,"menu_order":0,"comment_status":"closed","ping_status":"closed","template":"elementor_header_footer","meta":{"_monsterinsights_skip_tracking":false,"_monsterinsights_sitenote_active":false,"_monsterinsights_sitenote_note":"","_monsterinsights_sitenote_category":0,"iawp_total_views":251,"footnotes":""},"class_list":["post-8890","page","type-page","status-publish","hentry"],"aioseo_notices":[],"_links":{"self":[{"href":"https:\/\/mportezuelo.cl\/Inicio\/wp-json\/wp\/v2\/pages\/8890","targetHints":{"allow":["GET"]}}],"collection":[{"href":"https:\/\/mportezuelo.cl\/Inicio\/wp-json\/wp\/v2\/pages"}],"about":[{"href":"https:\/\/mportezuelo.cl\/Inicio\/wp-json\/wp\/v2\/types\/page"}],"author":[{"embeddable":true,"href":"https:\/\/mportezuelo.cl\/Inicio\/wp-json\/wp\/v2\/users\/1"}],"replies":[{"embeddable":true,"href":"https:\/\/mportezuelo.cl\/Inicio\/wp-json\/wp\/v2\/comments?post=8890"}],"version-history":[{"count":7,"href":"https:\/\/mportezuelo.cl\/Inicio\/wp-json\/wp\/v2\/pages\/8890\/revisions"}],"predecessor-version":[{"id":8909,"href":"https:\/\/mportezuelo.cl\/Inicio\/wp-json\/wp\/v2\/pages\/8890\/revisions\/8909"}],"wp:attachment":[{"href":"https:\/\/mportezuelo.cl\/Inicio\/wp-json\/wp\/v2\/media?parent=8890"}],"curies":[{"name":"wp","href":"https:\/\/api.w.org\/{rel}","templated":true}]}}