{"id":8795,"date":"2025-03-20T10:10:29","date_gmt":"2025-03-20T13:10:29","guid":{"rendered":"https:\/\/mportezuelo.cl\/Inicio\/?page_id=8795"},"modified":"2025-03-20T10:15:07","modified_gmt":"2025-03-20T13:15:07","slug":"la-vendimia-en-portezuelo-y-la-region-de-nuble-una-celebracion-de-tradicion-y-calidad-vitivinicola","status":"publish","type":"page","link":"https:\/\/mportezuelo.cl\/Inicio\/la-vendimia-en-portezuelo-y-la-region-de-nuble-una-celebracion-de-tradicion-y-calidad-vitivinicola\/","title":{"rendered":"La Vendimia en Portezuelo y la Regi\u00f3n de \u00d1uble: Una Celebraci\u00f3n de Tradici\u00f3n y Calidad Vitivin\u00edcola"},"content":{"rendered":"\t\t<div data-elementor-type=\"wp-page\" data-elementor-id=\"8795\" class=\"elementor elementor-8795\" data-elementor-post-type=\"page\">\n\t\t\t\t\n<div class=\"elementor-element elementor-element-058f5c0 e-flex e-con-boxed e-con e-parent\" data-id=\"058f5c0\" data-element_type=\"container\" data-e-type=\"container\" data-settings=\"{&quot;tmea_shape_divider_top&quot;:&quot;none&quot;,&quot;tmea_shape_divider_bottom&quot;:&quot;none&quot;}\">\n\t\t\t\t\t<div class=\"e-con-inner\">\n\t\t\t\t<div class=\"elementor-element elementor-element-6a2f907 elementor-widget elementor-widget-text-editor\" data-id=\"6a2f907\" data-element_type=\"widget\" data-e-type=\"widget\" data-widget_type=\"text-editor.default\">\n\t\t\t\t<div class=\"elementor-widget-container\">\n\t\t\t\t\t\t\t\t\t<p>En la regi\u00f3n de \u00d1uble, al sur de Chile, la localidad de Portezuelo se ha convertido en un referente de la viticultura, destac\u00e1ndose por su producci\u00f3n de uvas de alta calidad y su creciente reputaci\u00f3n en la elaboraci\u00f3n de vinos con identidad local. Cada a\u00f1o, la vendimia en Portezuelo no solo marca el inicio de un nuevo ciclo en la producci\u00f3n vitivin\u00edcola, sino que tambi\u00e9n se transforma en una celebraci\u00f3n que une a la comunidad y atrae a visitantes interesados en conocer el proceso detr\u00e1s de uno de los productos m\u00e1s emblem\u00e1ticos de la zona.<\/p>\t\t\t\t\t\t\t\t<\/div>\n\t\t\t\t<\/div>\n\t\t\t\t\t<\/div>\n\t\t\t\t<\/div>\n\t\t<div class=\"elementor-element elementor-element-318c8a1 e-flex e-con-boxed e-con e-parent\" data-id=\"318c8a1\" data-element_type=\"container\" data-e-type=\"container\" data-settings=\"{&quot;tmea_shape_divider_top&quot;:&quot;none&quot;,&quot;tmea_shape_divider_bottom&quot;:&quot;none&quot;}\">\n\t\t\t\t\t<div class=\"e-con-inner\">\n\t\t<div class=\"elementor-element elementor-element-7ae1aa4 e-con-full e-flex e-con e-child\" data-id=\"7ae1aa4\" data-element_type=\"container\" data-e-type=\"container\" data-settings=\"{&quot;tmea_shape_divider_top&quot;:&quot;none&quot;,&quot;tmea_shape_divider_bottom&quot;:&quot;none&quot;}\">\n\t\t\t\t<div class=\"elementor-element elementor-element-8a7f413 elementor-widget elementor-widget-image\" data-id=\"8a7f413\" data-element_type=\"widget\" data-e-type=\"widget\" data-widget_type=\"image.default\">\n\t\t\t\t<div class=\"elementor-widget-container\">\n\t\t\t\t\t\t\t\t\t\t\t\t\t\t\t<img fetchpriority=\"high\" decoding=\"async\" width=\"1024\" height=\"682\" src=\"https:\/\/mportezuelo.cl\/Inicio\/wp-content\/uploads\/2025\/03\/WhatsApp-Image-2025-03-19-at-16.28.41-1024x682.jpeg\" class=\"attachment-large size-large wp-image-8798\" alt=\"\" srcset=\"https:\/\/mportezuelo.cl\/Inicio\/wp-content\/uploads\/2025\/03\/WhatsApp-Image-2025-03-19-at-16.28.41-1024x682.jpeg 1024w, https:\/\/mportezuelo.cl\/Inicio\/wp-content\/uploads\/2025\/03\/WhatsApp-Image-2025-03-19-at-16.28.41-300x200.jpeg 300w, https:\/\/mportezuelo.cl\/Inicio\/wp-content\/uploads\/2025\/03\/WhatsApp-Image-2025-03-19-at-16.28.41-768x512.jpeg 768w, https:\/\/mportezuelo.cl\/Inicio\/wp-content\/uploads\/2025\/03\/WhatsApp-Image-2025-03-19-at-16.28.41-1536x1023.jpeg 1536w, https:\/\/mportezuelo.cl\/Inicio\/wp-content\/uploads\/2025\/03\/WhatsApp-Image-2025-03-19-at-16.28.41.jpeg 1600w\" sizes=\"(max-width: 1024px) 100vw, 1024px\" \/>\t\t\t\t\t\t\t\t\t\t\t\t\t\t\t<\/div>\n\t\t\t\t<\/div>\n\t\t\t\t<\/div>\n\t\t<div class=\"elementor-element elementor-element-99860da e-con-full e-flex e-con e-child\" data-id=\"99860da\" data-element_type=\"container\" data-e-type=\"container\" data-settings=\"{&quot;tmea_shape_divider_top&quot;:&quot;none&quot;,&quot;tmea_shape_divider_bottom&quot;:&quot;none&quot;}\">\n\t\t\t\t<div class=\"elementor-element elementor-element-7a5da79 elementor-widget elementor-widget-text-editor\" data-id=\"7a5da79\" data-element_type=\"widget\" data-e-type=\"widget\" data-widget_type=\"text-editor.default\">\n\t\t\t\t<div class=\"elementor-widget-container\">\n\t\t\t\t\t\t\t\t\t<p><strong>Un paisaje \u00fanico para el cultivo de la vid<\/strong><\/p><p>Portezuelo, ubicado en la provincia de Itata, forma parte de una de las regiones vitivin\u00edcolas m\u00e1s antiguas de Chile. Sus suelos gran\u00edticos y su clima mediterr\u00e1neo, con influencias costeras, crean condiciones ideales para el cultivo de variedades como el Moscatel de Alejandr\u00eda, la Cari\u00f1ena y el Pa\u00eds. Estas uvas, muchas de las cuales se plantaron hace m\u00e1s de un siglo, son el alma de vinos que combinan tradici\u00f3n y modernidad.<\/p><p>Durante la vendimia, que se realiza entre febrero y abril, los vi\u00f1edos de Portezuelo se llenan de vida. Las hojas de las vides adquieren tonos dorados y rojizos, y los racimos de uvas, cargados de az\u00facares y aromas, son cuidadosamente recolectados a mano por cuadrillas de trabajadores. Este m\u00e9todo artesanal, aunque demandante, asegura que las uvas lleguen en perfecto estado a las bodegas, donde comienza su transformaci\u00f3n en vino.<\/p>\t\t\t\t\t\t\t\t<\/div>\n\t\t\t\t<\/div>\n\t\t\t\t<\/div>\n\t\t\t\t\t<\/div>\n\t\t\t\t<\/div>\n\t\t<div class=\"elementor-element elementor-element-c20e9a6 e-flex e-con-boxed e-con e-parent\" data-id=\"c20e9a6\" data-element_type=\"container\" data-e-type=\"container\" data-settings=\"{&quot;tmea_shape_divider_top&quot;:&quot;none&quot;,&quot;tmea_shape_divider_bottom&quot;:&quot;none&quot;}\">\n\t\t\t\t\t<div class=\"e-con-inner\">\n\t\t<div class=\"elementor-element elementor-element-37b7aaf e-con-full e-flex e-con e-child\" data-id=\"37b7aaf\" data-element_type=\"container\" data-e-type=\"container\" data-settings=\"{&quot;tmea_shape_divider_top&quot;:&quot;none&quot;,&quot;tmea_shape_divider_bottom&quot;:&quot;none&quot;}\">\n\t\t\t\t<div class=\"elementor-element elementor-element-87e33c9 elementor-widget elementor-widget-image\" data-id=\"87e33c9\" data-element_type=\"widget\" data-e-type=\"widget\" data-widget_type=\"image.default\">\n\t\t\t\t<div class=\"elementor-widget-container\">\n\t\t\t\t\t\t\t\t\t\t\t\t\t\t\t<img decoding=\"async\" width=\"1024\" height=\"682\" src=\"https:\/\/mportezuelo.cl\/Inicio\/wp-content\/uploads\/2025\/03\/WhatsApp-Image-2025-03-19-at-16.28.41-2-1024x682.jpeg\" class=\"attachment-large size-large wp-image-8796\" alt=\"\" srcset=\"https:\/\/mportezuelo.cl\/Inicio\/wp-content\/uploads\/2025\/03\/WhatsApp-Image-2025-03-19-at-16.28.41-2-1024x682.jpeg 1024w, https:\/\/mportezuelo.cl\/Inicio\/wp-content\/uploads\/2025\/03\/WhatsApp-Image-2025-03-19-at-16.28.41-2-300x200.jpeg 300w, https:\/\/mportezuelo.cl\/Inicio\/wp-content\/uploads\/2025\/03\/WhatsApp-Image-2025-03-19-at-16.28.41-2-768x512.jpeg 768w, https:\/\/mportezuelo.cl\/Inicio\/wp-content\/uploads\/2025\/03\/WhatsApp-Image-2025-03-19-at-16.28.41-2-1536x1023.jpeg 1536w, https:\/\/mportezuelo.cl\/Inicio\/wp-content\/uploads\/2025\/03\/WhatsApp-Image-2025-03-19-at-16.28.41-2.jpeg 1600w\" sizes=\"(max-width: 1024px) 100vw, 1024px\" \/>\t\t\t\t\t\t\t\t\t\t\t\t\t\t\t<\/div>\n\t\t\t\t<\/div>\n\t\t\t\t<\/div>\n\t\t<div class=\"elementor-element elementor-element-87533ce e-con-full e-flex e-con e-child\" data-id=\"87533ce\" data-element_type=\"container\" data-e-type=\"container\" data-settings=\"{&quot;tmea_shape_divider_top&quot;:&quot;none&quot;,&quot;tmea_shape_divider_bottom&quot;:&quot;none&quot;}\">\n\t\t\t\t<div class=\"elementor-element elementor-element-ebaaffe elementor-widget elementor-widget-text-editor\" data-id=\"ebaaffe\" data-element_type=\"widget\" data-e-type=\"widget\" data-widget_type=\"text-editor.default\">\n\t\t\t\t<div class=\"elementor-widget-container\">\n\t\t\t\t\t\t\t\t\t<p><strong>Una tradici\u00f3n que une a la comunidad<\/strong><\/p><p>La vendimia en Portezuelo no es solo un proceso agr\u00edcola; es un evento social y cultural que refleja la identidad de la regi\u00f3n. Familias enteras participan en la cosecha, transmitiendo conocimientos de generaci\u00f3n en generaci\u00f3n. Adem\u00e1s, la vendimia se ha convertido en una oportunidad para que los peque\u00f1os productores locales muestren su trabajo y compartan su pasi\u00f3n por el vino con visitantes y turistas.<\/p><p>En los \u00faltimos a\u00f1os, la regi\u00f3n de \u00d1uble ha impulsado iniciativas para promover su patrimonio vitivin\u00edcola. Ferias, degustaciones y recorridos por vi\u00f1edos y bodegas son algunas de las actividades que se organizan durante la temporada de vendimia, atrayendo a amantes del vino y curiosos que buscan experiencias aut\u00e9nticas.<\/p>\t\t\t\t\t\t\t\t<\/div>\n\t\t\t\t<\/div>\n\t\t\t\t<\/div>\n\t\t\t\t\t<\/div>\n\t\t\t\t<\/div>\n\t\t<div class=\"elementor-element elementor-element-56f7bc8 e-flex e-con-boxed e-con e-parent\" data-id=\"56f7bc8\" data-element_type=\"container\" data-e-type=\"container\" data-settings=\"{&quot;tmea_shape_divider_top&quot;:&quot;none&quot;,&quot;tmea_shape_divider_bottom&quot;:&quot;none&quot;}\">\n\t\t\t\t\t<div class=\"e-con-inner\">\n\t\t<div class=\"elementor-element elementor-element-13c38af e-con-full e-flex e-con e-child\" data-id=\"13c38af\" data-element_type=\"container\" data-e-type=\"container\" data-settings=\"{&quot;tmea_shape_divider_top&quot;:&quot;none&quot;,&quot;tmea_shape_divider_bottom&quot;:&quot;none&quot;}\">\n\t\t\t\t<div class=\"elementor-element elementor-element-3584da3 elementor-widget elementor-widget-image\" data-id=\"3584da3\" data-element_type=\"widget\" data-e-type=\"widget\" data-widget_type=\"image.default\">\n\t\t\t\t<div class=\"elementor-widget-container\">\n\t\t\t\t\t\t\t\t\t\t\t\t\t\t\t<img decoding=\"async\" width=\"1024\" height=\"687\" src=\"https:\/\/mportezuelo.cl\/Inicio\/wp-content\/uploads\/2025\/03\/WhatsApp-Image-2025-03-19-at-16.28.41-1-1024x687.jpeg\" class=\"attachment-large size-large wp-image-8797\" alt=\"\" srcset=\"https:\/\/mportezuelo.cl\/Inicio\/wp-content\/uploads\/2025\/03\/WhatsApp-Image-2025-03-19-at-16.28.41-1-1024x687.jpeg 1024w, https:\/\/mportezuelo.cl\/Inicio\/wp-content\/uploads\/2025\/03\/WhatsApp-Image-2025-03-19-at-16.28.41-1-300x201.jpeg 300w, https:\/\/mportezuelo.cl\/Inicio\/wp-content\/uploads\/2025\/03\/WhatsApp-Image-2025-03-19-at-16.28.41-1-768x515.jpeg 768w, https:\/\/mportezuelo.cl\/Inicio\/wp-content\/uploads\/2025\/03\/WhatsApp-Image-2025-03-19-at-16.28.41-1-1536x1030.jpeg 1536w, https:\/\/mportezuelo.cl\/Inicio\/wp-content\/uploads\/2025\/03\/WhatsApp-Image-2025-03-19-at-16.28.41-1.jpeg 1600w\" sizes=\"(max-width: 1024px) 100vw, 1024px\" \/>\t\t\t\t\t\t\t\t\t\t\t\t\t\t\t<\/div>\n\t\t\t\t<\/div>\n\t\t\t\t<\/div>\n\t\t<div class=\"elementor-element elementor-element-f36d4f6 e-con-full e-flex e-con e-child\" data-id=\"f36d4f6\" data-element_type=\"container\" data-e-type=\"container\" data-settings=\"{&quot;tmea_shape_divider_top&quot;:&quot;none&quot;,&quot;tmea_shape_divider_bottom&quot;:&quot;none&quot;}\">\n\t\t\t\t<div class=\"elementor-element elementor-element-627144e elementor-widget elementor-widget-text-editor\" data-id=\"627144e\" data-element_type=\"widget\" data-e-type=\"widget\" data-widget_type=\"text-editor.default\">\n\t\t\t\t<div class=\"elementor-widget-container\">\n\t\t\t\t\t\t\t\t\t<p><strong>El renacimiento del vino de \u00d1uble<\/strong><\/p><p>La regi\u00f3n de \u00d1uble, y en particular Portezuelo, ha experimentado un renacimiento en su industria vitivin\u00edcola. Los vinos elaborados con uvas de la zona, especialmente aquellos producidos por peque\u00f1os productores y vi\u00f1as boutique, han ganado reconocimiento por su calidad y singularidad. Variedades como el Moscatel y el Pa\u00eds, que alguna vez fueron subestimadas, hoy son valoradas por su capacidad para expresar el terru\u00f1o y la historia de la regi\u00f3n.<\/p><p>Este resurgimiento ha sido posible gracias al esfuerzo de viticultores y en\u00f3logos que han combinado t\u00e9cnicas tradicionales con innovaci\u00f3n, logrando vinos que cautivan a paladares exigentes tanto en Chile como en el extranjero. La vendimia, por tanto, no solo es el inicio de un nuevo ciclo productivo, sino tambi\u00e9n un recordatorio del potencial de \u00d1uble como una regi\u00f3n vitivin\u00edcola de excelencia.<\/p>\t\t\t\t\t\t\t\t<\/div>\n\t\t\t\t<\/div>\n\t\t\t\t<\/div>\n\t\t\t\t\t<\/div>\n\t\t\t\t<\/div>\n\t\t<div class=\"elementor-element elementor-element-5c0cc7f e-flex e-con-boxed e-con e-parent\" data-id=\"5c0cc7f\" data-element_type=\"container\" data-e-type=\"container\" data-settings=\"{&quot;tmea_shape_divider_top&quot;:&quot;none&quot;,&quot;tmea_shape_divider_bottom&quot;:&quot;none&quot;}\">\n\t\t\t\t\t<div class=\"e-con-inner\">\n\t\t<div class=\"elementor-element elementor-element-baac9d0 e-con-full e-flex e-con e-child\" data-id=\"baac9d0\" data-element_type=\"container\" data-e-type=\"container\" data-settings=\"{&quot;tmea_shape_divider_top&quot;:&quot;none&quot;,&quot;tmea_shape_divider_bottom&quot;:&quot;none&quot;}\">\n\t\t\t\t<div class=\"elementor-element elementor-element-61e74b6 elementor-widget elementor-widget-image\" data-id=\"61e74b6\" data-element_type=\"widget\" data-e-type=\"widget\" data-widget_type=\"image.default\">\n\t\t\t\t<div class=\"elementor-widget-container\">\n\t\t\t\t\t\t\t\t\t\t\t\t\t\t\t<img loading=\"lazy\" decoding=\"async\" width=\"1024\" height=\"682\" src=\"https:\/\/mportezuelo.cl\/Inicio\/wp-content\/uploads\/2025\/03\/WhatsApp-Image-2025-03-19-at-16.28.39-1024x682.jpeg\" class=\"attachment-large size-large wp-image-8799\" alt=\"\" srcset=\"https:\/\/mportezuelo.cl\/Inicio\/wp-content\/uploads\/2025\/03\/WhatsApp-Image-2025-03-19-at-16.28.39-1024x682.jpeg 1024w, https:\/\/mportezuelo.cl\/Inicio\/wp-content\/uploads\/2025\/03\/WhatsApp-Image-2025-03-19-at-16.28.39-300x200.jpeg 300w, https:\/\/mportezuelo.cl\/Inicio\/wp-content\/uploads\/2025\/03\/WhatsApp-Image-2025-03-19-at-16.28.39-768x512.jpeg 768w, https:\/\/mportezuelo.cl\/Inicio\/wp-content\/uploads\/2025\/03\/WhatsApp-Image-2025-03-19-at-16.28.39-1536x1023.jpeg 1536w, https:\/\/mportezuelo.cl\/Inicio\/wp-content\/uploads\/2025\/03\/WhatsApp-Image-2025-03-19-at-16.28.39.jpeg 1600w\" sizes=\"(max-width: 1024px) 100vw, 1024px\" \/>\t\t\t\t\t\t\t\t\t\t\t\t\t\t\t<\/div>\n\t\t\t\t<\/div>\n\t\t\t\t<\/div>\n\t\t<div class=\"elementor-element elementor-element-fee1303 e-con-full e-flex e-con e-child\" data-id=\"fee1303\" data-element_type=\"container\" data-e-type=\"container\" data-settings=\"{&quot;tmea_shape_divider_top&quot;:&quot;none&quot;,&quot;tmea_shape_divider_bottom&quot;:&quot;none&quot;}\">\n\t\t\t\t<div class=\"elementor-element elementor-element-96a48f4 elementor-widget elementor-widget-text-editor\" data-id=\"96a48f4\" data-element_type=\"widget\" data-e-type=\"widget\" data-widget_type=\"text-editor.default\">\n\t\t\t\t<div class=\"elementor-widget-container\">\n\t\t\t\t\t\t\t\t\t<p><strong>Una visi\u00f3n de fututo <\/strong><\/p><p>La vendimia en Portezuelo y la regi\u00f3n de \u00d1uble es mucho m\u00e1s que una simple cosecha; es un s\u00edmbolo de resiliencia, tradici\u00f3n y progreso. A medida que la regi\u00f3n contin\u00faa posicion\u00e1ndose en el mapa vitivin\u00edcola nacional e internacional, eventos como la vendimia adquieren un significado a\u00fan m\u00e1s profundo, celebrando no solo el fruto de la tierra, sino tambi\u00e9n el esfuerzo y la dedicaci\u00f3n de quienes hacen posible que cada copa de vino cuente una historia \u00fanica.<\/p><p>En Portezuelo, la vendimia es, en definitiva, una fiesta que honra el pasado, disfruta el presente y mira con esperanza hacia el futuro de una regi\u00f3n que tiene mucho que ofrecer al mundo del vino.<\/p>\t\t\t\t\t\t\t\t<\/div>\n\t\t\t\t<\/div>\n\t\t\t\t<\/div>\n\t\t\t\t\t<\/div>\n\t\t\t\t<\/div>\n\t\t<div class=\"elementor-element elementor-element-bc8d467 e-flex e-con-boxed e-con e-parent\" data-id=\"bc8d467\" data-element_type=\"container\" data-e-type=\"container\" data-settings=\"{&quot;tmea_shape_divider_top&quot;:&quot;none&quot;,&quot;tmea_shape_divider_bottom&quot;:&quot;none&quot;}\">\n\t\t\t\t\t<div class=\"e-con-inner\">\n\t\t\t\t<div class=\"elementor-element elementor-element-fb0f533 elementor-widget elementor-widget-spacer\" data-id=\"fb0f533\" data-element_type=\"widget\" data-e-type=\"widget\" data-widget_type=\"spacer.default\">\n\t\t\t\t<div class=\"elementor-widget-container\">\n\t\t\t\t\t\t\t<div class=\"elementor-spacer\">\n\t\t\t<div class=\"elementor-spacer-inner\"><\/div>\n\t\t<\/div>\n\t\t\t\t\t\t<\/div>\n\t\t\t\t<\/div>\n\t\t\t\t\t<\/div>\n\t\t\t\t<\/div>\n\t\t\t\t<\/div>\n\t\t","protected":false},"excerpt":{"rendered":"<p>En la regi\u00f3n de \u00d1uble, al sur de Chile, la localidad de Portezuelo se ha convertido en un referente de la viticultura, destac\u00e1ndose por su producci\u00f3n de uvas de alta calidad y su creciente reputaci\u00f3n en la elaboraci\u00f3n de vinos con identidad local. Cada a\u00f1o, la vendimia en Portezuelo no solo marca el inicio de [&hellip;]<\/p>\n","protected":false},"author":1,"featured_media":8799,"parent":0,"menu_order":0,"comment_status":"closed","ping_status":"closed","template":"","meta":{"_monsterinsights_skip_tracking":false,"_monsterinsights_sitenote_active":false,"_monsterinsights_sitenote_note":"","_monsterinsights_sitenote_category":0,"iawp_total_views":184,"footnotes":""},"class_list":["post-8795","page","type-page","status-publish","has-post-thumbnail","hentry"],"aioseo_notices":[],"_links":{"self":[{"href":"https:\/\/mportezuelo.cl\/Inicio\/wp-json\/wp\/v2\/pages\/8795","targetHints":{"allow":["GET"]}}],"collection":[{"href":"https:\/\/mportezuelo.cl\/Inicio\/wp-json\/wp\/v2\/pages"}],"about":[{"href":"https:\/\/mportezuelo.cl\/Inicio\/wp-json\/wp\/v2\/types\/page"}],"author":[{"embeddable":true,"href":"https:\/\/mportezuelo.cl\/Inicio\/wp-json\/wp\/v2\/users\/1"}],"replies":[{"embeddable":true,"href":"https:\/\/mportezuelo.cl\/Inicio\/wp-json\/wp\/v2\/comments?post=8795"}],"version-history":[{"count":4,"href":"https:\/\/mportezuelo.cl\/Inicio\/wp-json\/wp\/v2\/pages\/8795\/revisions"}],"predecessor-version":[{"id":8803,"href":"https:\/\/mportezuelo.cl\/Inicio\/wp-json\/wp\/v2\/pages\/8795\/revisions\/8803"}],"wp:featuredmedia":[{"embeddable":true,"href":"https:\/\/mportezuelo.cl\/Inicio\/wp-json\/wp\/v2\/media\/8799"}],"wp:attachment":[{"href":"https:\/\/mportezuelo.cl\/Inicio\/wp-json\/wp\/v2\/media?parent=8795"}],"curies":[{"name":"wp","href":"https:\/\/api.w.org\/{rel}","templated":true}]}}