{"id":7185,"date":"2024-09-02T15:10:11","date_gmt":"2024-09-02T18:10:11","guid":{"rendered":"https:\/\/mportezuelo.cl\/Inicio\/?page_id=7185"},"modified":"2025-07-17T09:57:16","modified_gmt":"2025-07-17T12:57:16","slug":"becas-y-beneficios-estudiantiles","status":"publish","type":"page","link":"https:\/\/mportezuelo.cl\/Inicio\/becas-y-beneficios-estudiantiles\/","title":{"rendered":"Becas y Beneficios Estudiantiles"},"content":{"rendered":"\t\t<div data-elementor-type=\"wp-page\" data-elementor-id=\"7185\" class=\"elementor elementor-7185\" data-elementor-post-type=\"page\">\n\t\t\t\t\n<div class=\"elementor-element elementor-element-a6bbe8c e-flex e-con-boxed e-con e-parent\" data-id=\"a6bbe8c\" data-element_type=\"container\" data-e-type=\"container\" data-settings=\"{&quot;tmea_shape_divider_top&quot;:&quot;none&quot;,&quot;tmea_shape_divider_bottom&quot;:&quot;none&quot;}\">\n\t\t\t\t\t<div class=\"e-con-inner\">\n\t\t\t\t<div class=\"elementor-element elementor-element-10b64c5 elementor-widget elementor-widget-heading\" data-id=\"10b64c5\" data-element_type=\"widget\" data-e-type=\"widget\" data-widget_type=\"heading.default\">\n\t\t\t\t<div class=\"elementor-widget-container\">\n\t\t\t\t\t<h2 class=\"elementor-heading-title elementor-size-default\">Programa Residencia Familiar Estudiantil<\/h2>\t\t\t\t<\/div>\n\t\t\t\t<\/div>\n\t\t\t\t\t<\/div>\n\t\t\t\t<\/div>\n\t\t<div class=\"elementor-element elementor-element-a5bcc85 e-flex e-con-boxed e-con e-parent\" data-id=\"a5bcc85\" data-element_type=\"container\" data-e-type=\"container\" data-settings=\"{&quot;tmea_shape_divider_top&quot;:&quot;none&quot;,&quot;tmea_shape_divider_bottom&quot;:&quot;none&quot;}\">\n\t\t\t\t\t<div class=\"e-con-inner\">\n\t\t<div class=\"elementor-element elementor-element-fb4f169 e-con-full e-flex e-con e-child\" data-id=\"fb4f169\" data-element_type=\"container\" data-e-type=\"container\" data-settings=\"{&quot;tmea_shape_divider_top&quot;:&quot;none&quot;,&quot;tmea_shape_divider_bottom&quot;:&quot;none&quot;}\">\n\t\t\t\t<div class=\"elementor-element elementor-element-46ef2a0 elementor-widget elementor-widget-image\" data-id=\"46ef2a0\" data-element_type=\"widget\" data-e-type=\"widget\" data-widget_type=\"image.default\">\n\t\t\t\t<div class=\"elementor-widget-container\">\n\t\t\t\t\t\t\t\t\t\t\t\t\t\t\t<img fetchpriority=\"high\" decoding=\"async\" width=\"1024\" height=\"538\" src=\"https:\/\/mportezuelo.cl\/Inicio\/wp-content\/uploads\/2024\/09\/postulacion-programa-residencia-familar-estudiantil-copia-1024x538.jpg\" class=\"attachment-large size-large wp-image-7187\" alt=\"\" srcset=\"https:\/\/mportezuelo.cl\/Inicio\/wp-content\/uploads\/2024\/09\/postulacion-programa-residencia-familar-estudiantil-copia-1024x538.jpg 1024w, https:\/\/mportezuelo.cl\/Inicio\/wp-content\/uploads\/2024\/09\/postulacion-programa-residencia-familar-estudiantil-copia-300x158.jpg 300w, https:\/\/mportezuelo.cl\/Inicio\/wp-content\/uploads\/2024\/09\/postulacion-programa-residencia-familar-estudiantil-copia-768x403.jpg 768w, https:\/\/mportezuelo.cl\/Inicio\/wp-content\/uploads\/2024\/09\/postulacion-programa-residencia-familar-estudiantil-copia.jpg 1200w\" sizes=\"(max-width: 1024px) 100vw, 1024px\" \/>\t\t\t\t\t\t\t\t\t\t\t\t\t\t\t<\/div>\n\t\t\t\t<\/div>\n\t\t\t\t<\/div>\n\t\t<div class=\"elementor-element elementor-element-bec057c e-con-full e-flex e-con e-child\" data-id=\"bec057c\" data-element_type=\"container\" data-e-type=\"container\" data-settings=\"{&quot;tmea_shape_divider_top&quot;:&quot;none&quot;,&quot;tmea_shape_divider_bottom&quot;:&quot;none&quot;}\">\n\t\t\t\t<div class=\"elementor-element elementor-element-4a1a018 elementor-widget elementor-widget-text-editor\" data-id=\"4a1a018\" data-element_type=\"widget\" data-e-type=\"widget\" data-widget_type=\"text-editor.default\">\n\t\t\t\t<div class=\"elementor-widget-container\">\n\t\t\t\t\t\t\t\t\t<h3>\u00bfEn qu\u00e9 consiste?<\/h3><p>Es un programa dirigido a estudiantes en condici\u00f3n de vulnerabilidad, aislamiento geogr\u00e1fico o ruralidad que no cuenten con oferta educativa disponible, o con oferta educativa de su inter\u00e9s, para continuar sus estudios. Este programa est\u00e1 dirigido a estudiantes de ense\u00f1anza b\u00e1sica, media y educaci\u00f3n superior<\/p><h3>\u00bfC\u00f3mo se ejecuta?<\/h3><p>Este programa se ejecuta bajo la supervisi\u00f3n de las direcciones regionales de la JUNAEB en todo el pa\u00eds, a trav\u00e9s de entidades ejecutoras, en su mayor\u00eda municipios, quienes ubican a los estudiantes en casas de familias tutoras durante el per\u00edodo de estudios para que reciban alojamiento, alimentaci\u00f3n y cuidados b\u00e1sicos, y por parte de las entidades ejecutoras se entrega apoyo educativo.<\/p>\t\t\t\t\t\t\t\t<\/div>\n\t\t\t\t<\/div>\n\t\t\t\t<\/div>\n\t\t\t\t\t<\/div>\n\t\t\t\t<\/div>\n\t\t<div class=\"elementor-element elementor-element-1446e9f e-flex e-con-boxed e-con e-parent\" data-id=\"1446e9f\" data-element_type=\"container\" data-e-type=\"container\" data-settings=\"{&quot;tmea_shape_divider_top&quot;:&quot;none&quot;,&quot;tmea_shape_divider_bottom&quot;:&quot;none&quot;}\">\n\t\t\t\t\t<div class=\"e-con-inner\">\n\t\t\t\t<div class=\"elementor-element elementor-element-4758af5 elementor-widget elementor-widget-text-editor\" data-id=\"4758af5\" data-element_type=\"widget\" data-e-type=\"widget\" data-widget_type=\"text-editor.default\">\n\t\t\t\t<div class=\"elementor-widget-container\">\n\t\t\t\t\t\t\t\t\t<h3>\u00bfCu\u00e1les son los requisitos para postular?<\/h3><p>Los alumnos postulantes y renovantes deben:<\/p><ul><li>Residir en comunas con un porcentaje igual o mayor al 50% de ruralidad.<\/li><li>Contar con un tramo en el Registro Social de Hogares.<\/li><li>Ser estudiante desde segundo ciclo de educaci\u00f3n b\u00e1sica, educaci\u00f3n media, de establecimientos educacionales reconocidos por el estado.<\/li><\/ul><h3>\u00bfCu\u00e1les son los requisitos para renovar?<\/h3><ul><li>Residir en comunas con un porcentaje igual o mayor al 50% de ruralidad.<\/li><li>Contar con un tramo en el Registro Social de Hogares (RSH). Ir a\u00a0<a href=\"http:\/\/www.registrosocial.gob.cl\/\">http:\/\/www.registrosocial.gob.cl<\/a><\/li><li>Ser estudiante desde segundo ciclo de Educaci\u00f3n B\u00e1sica (5\u00b0 a 8\u00b0 B\u00e1sico), en establecimientos educacionales subvencionados por el Estado, educaci\u00f3n media y superior.<\/li><\/ul>\t\t\t\t\t\t\t\t<\/div>\n\t\t\t\t<\/div>\n\t\t\t\t\t<\/div>\n\t\t\t\t<\/div>\n\t\t<div class=\"elementor-element elementor-element-0c7f19c e-flex e-con-boxed e-con e-parent\" data-id=\"0c7f19c\" data-element_type=\"container\" data-e-type=\"container\" data-settings=\"{&quot;tmea_shape_divider_top&quot;:&quot;none&quot;,&quot;tmea_shape_divider_bottom&quot;:&quot;none&quot;}\">\n\t\t\t\t\t<div class=\"e-con-inner\">\n\t\t\t\t<div class=\"elementor-element elementor-element-bec82d4 elementor-widget elementor-widget-heading\" data-id=\"bec82d4\" data-element_type=\"widget\" data-e-type=\"widget\" data-widget_type=\"heading.default\">\n\t\t\t\t<div class=\"elementor-widget-container\">\n\t\t\t\t\t<h2 class=\"elementor-heading-title elementor-size-default\">Beca Presidente de la Rep\u00fablica<\/h2>\t\t\t\t<\/div>\n\t\t\t\t<\/div>\n\t\t\t\t\t<\/div>\n\t\t\t\t<\/div>\n\t\t<div class=\"elementor-element elementor-element-927d1c6 e-flex e-con-boxed e-con e-parent\" data-id=\"927d1c6\" data-element_type=\"container\" data-e-type=\"container\" data-settings=\"{&quot;tmea_shape_divider_top&quot;:&quot;none&quot;,&quot;tmea_shape_divider_bottom&quot;:&quot;none&quot;}\">\n\t\t\t\t\t<div class=\"e-con-inner\">\n\t\t<div class=\"elementor-element elementor-element-926a477 e-con-full e-flex e-con e-child\" data-id=\"926a477\" data-element_type=\"container\" data-e-type=\"container\" data-settings=\"{&quot;tmea_shape_divider_top&quot;:&quot;none&quot;,&quot;tmea_shape_divider_bottom&quot;:&quot;none&quot;}\">\n\t\t\t\t<div class=\"elementor-element elementor-element-f621404 elementor-widget elementor-widget-image\" data-id=\"f621404\" data-element_type=\"widget\" data-e-type=\"widget\" data-widget_type=\"image.default\">\n\t\t\t\t<div class=\"elementor-widget-container\">\n\t\t\t\t\t\t\t\t\t\t\t\t\t\t\t<img decoding=\"async\" width=\"1024\" height=\"576\" src=\"https:\/\/mportezuelo.cl\/Inicio\/wp-content\/uploads\/2024\/09\/37I2QQS4RVH6ZPCJQFVIER6YBI-1024x576.jpeg\" class=\"attachment-large size-large wp-image-7194\" alt=\"\" srcset=\"https:\/\/mportezuelo.cl\/Inicio\/wp-content\/uploads\/2024\/09\/37I2QQS4RVH6ZPCJQFVIER6YBI-1024x576.jpeg 1024w, https:\/\/mportezuelo.cl\/Inicio\/wp-content\/uploads\/2024\/09\/37I2QQS4RVH6ZPCJQFVIER6YBI-300x169.jpeg 300w, https:\/\/mportezuelo.cl\/Inicio\/wp-content\/uploads\/2024\/09\/37I2QQS4RVH6ZPCJQFVIER6YBI-768x432.jpeg 768w, https:\/\/mportezuelo.cl\/Inicio\/wp-content\/uploads\/2024\/09\/37I2QQS4RVH6ZPCJQFVIER6YBI-820x461.jpeg 820w, https:\/\/mportezuelo.cl\/Inicio\/wp-content\/uploads\/2024\/09\/37I2QQS4RVH6ZPCJQFVIER6YBI-1170x658.jpeg 1170w, https:\/\/mportezuelo.cl\/Inicio\/wp-content\/uploads\/2024\/09\/37I2QQS4RVH6ZPCJQFVIER6YBI-177x100.jpeg 177w, https:\/\/mportezuelo.cl\/Inicio\/wp-content\/uploads\/2024\/09\/37I2QQS4RVH6ZPCJQFVIER6YBI.jpeg 1472w\" sizes=\"(max-width: 1024px) 100vw, 1024px\" \/>\t\t\t\t\t\t\t\t\t\t\t\t\t\t\t<\/div>\n\t\t\t\t<\/div>\n\t\t\t\t<\/div>\n\t\t<div class=\"elementor-element elementor-element-a01de34 e-con-full e-flex e-con e-child\" data-id=\"a01de34\" data-element_type=\"container\" data-e-type=\"container\" data-settings=\"{&quot;tmea_shape_divider_top&quot;:&quot;none&quot;,&quot;tmea_shape_divider_bottom&quot;:&quot;none&quot;}\">\n\t\t\t\t<div class=\"elementor-element elementor-element-1eb37fd elementor-widget elementor-widget-text-editor\" data-id=\"1eb37fd\" data-element_type=\"widget\" data-e-type=\"widget\" data-widget_type=\"text-editor.default\">\n\t\t\t\t<div class=\"elementor-widget-container\">\n\t\t\t\t\t\t\t\t\t<h3>\u00bfEn qu\u00e9 consiste?<\/h3><p>El programa busca que estudiantes socioecon\u00f3micamente vulnerables de alto rendimiento escolar al inicio de la educaci\u00f3n media, mantengan un alto rendimiento durante la educaci\u00f3n media y\/o educaci\u00f3n superior. La Beca considera la entrega de un monto mensual, por diez cuotas, de 0,62 UTM para los alumnos de educaci\u00f3n media y de 1,24 UTM para los de educaci\u00f3n superior.<\/p><h3>\u00bfC\u00f3mo se postula?<\/h3><p>Se postula desde primero medio (con notas de octavo b\u00e1sico) a tercero medio y se puede acceder a renovar la beca en los a\u00f1os siguientes. No hay proceso de postulaci\u00f3n en educaci\u00f3n superior, s\u00f3lo su renovaci\u00f3n.<\/p>\t\t\t\t\t\t\t\t<\/div>\n\t\t\t\t<\/div>\n\t\t\t\t<\/div>\n\t\t\t\t\t<\/div>\n\t\t\t\t<\/div>\n\t\t<div class=\"elementor-element elementor-element-0e183f4 e-flex e-con-boxed e-con e-parent\" data-id=\"0e183f4\" data-element_type=\"container\" data-e-type=\"container\" data-settings=\"{&quot;tmea_shape_divider_top&quot;:&quot;none&quot;,&quot;tmea_shape_divider_bottom&quot;:&quot;none&quot;}\">\n\t\t\t\t\t<div class=\"e-con-inner\">\n\t\t\t\t<div class=\"elementor-element elementor-element-4f2e2ce elementor-widget elementor-widget-text-editor\" data-id=\"4f2e2ce\" data-element_type=\"widget\" data-e-type=\"widget\" data-widget_type=\"text-editor.default\">\n\t\t\t\t<div class=\"elementor-widget-container\">\n\t\t\t\t\t\t\t\t\t<h3>\u00bfCu\u00e1les son los requisitos para postular?<\/h3><ul><li>Contar con un tramo en el Registro Social de Hogares del 40%.<\/li><li>Encontrarse matriculado o tener calidad de alumno regular, en alg\u00fan establecimiento educacional, de primer a tercer a\u00f1o de educaci\u00f3n media reconocido por el estado.<\/li><li>Acreditar un promedio m\u00ednimo de nota 6,0 durante el a\u00f1o lectivo anterior.<\/li><\/ul><h3>\u00bfCu\u00e1les son los requisitos para renovar en educaci\u00f3n superior?<\/h3><ul><li>Haber obtenido en la Prueba de Admisi\u00f3n Educaci\u00f3n Superior (PAES) un puntaje promedio m\u00ednimo en las pruebas obligatorias (Competencia Lectora y Competencia Matem\u00e1tica) de 485, para estudiantes que ingresen a carreras profesionales en universidades.<\/li><li>Para los estudiantes que hayan rendido pruebas en formatos anteriores (PDT o PSU) y demuestren la o las suspensiones anuales respectivas, se sancionar\u00e1 con puntaje m\u00ednimo promedio en lenguaje y matem\u00e1ticas de 475 puntos.<\/li><li>Los estudiantes becados en los a\u00f1os 2008, 2009 y 2010 en Educaci\u00f3n Superior, se eximen de presentar un rendimiento acad\u00e9mico m\u00ednimo, solo deben encontrarse en calidad de alumnos regulares.<\/li><li>Las y los estudiantes a partir del a\u00f1o 2011 deber\u00e1n acreditar promedio del \u00faltimo semestre cursado igual o superior a nota 5.0.\u00a0 Adem\u00e1s, encontrarse en calidad de alumnos(as) regulares.<\/li><li>Para estudiantes becados hasta el a\u00f1o 2022, poseer un tramo del Registro social de Hogares (RSH) hasta el 70%.<\/li><li>Para estudiantes becados desde el a\u00f1o 2023, poseer un tramo del Registro Social de Hogares (RSH) de 40%.<\/li><li>Ir a\u00a0<a href=\"http:\/\/www.registrosocial.gob.cl\/\">http:\/\/www.registrosocial.gob.cl<\/a><\/li><li>Requisito para estudiantes que ingresan a carreras profesionales en universidades:<\/li><li>Estar estudiando en alguna Instituci\u00f3n de Educaci\u00f3n Superior reconocida por el Estado.<\/li><\/ul>\t\t\t\t\t\t\t\t<\/div>\n\t\t\t\t<\/div>\n\t\t\t\t\t<\/div>\n\t\t\t\t<\/div>\n\t\t<div class=\"elementor-element elementor-element-41b976d e-flex e-con-boxed e-con e-parent\" data-id=\"41b976d\" data-element_type=\"container\" data-e-type=\"container\" data-settings=\"{&quot;tmea_shape_divider_top&quot;:&quot;none&quot;,&quot;tmea_shape_divider_bottom&quot;:&quot;none&quot;}\">\n\t\t\t\t\t<div class=\"e-con-inner\">\n\t\t\t\t<div class=\"elementor-element elementor-element-076fc4c elementor-widget elementor-widget-heading\" data-id=\"076fc4c\" data-element_type=\"widget\" data-e-type=\"widget\" data-widget_type=\"heading.default\">\n\t\t\t\t<div class=\"elementor-widget-container\">\n\t\t\t\t\t<h2 class=\"elementor-heading-title elementor-size-default\">Beca Ind\u00edgena<\/h2>\t\t\t\t<\/div>\n\t\t\t\t<\/div>\n\t\t\t\t\t<\/div>\n\t\t\t\t<\/div>\n\t\t<div class=\"elementor-element elementor-element-eb75114 e-flex e-con-boxed e-con e-parent\" data-id=\"eb75114\" data-element_type=\"container\" data-e-type=\"container\" data-settings=\"{&quot;tmea_shape_divider_top&quot;:&quot;none&quot;,&quot;tmea_shape_divider_bottom&quot;:&quot;none&quot;}\">\n\t\t\t\t\t<div class=\"e-con-inner\">\n\t\t<div class=\"elementor-element elementor-element-198077e e-con-full e-flex e-con e-child\" data-id=\"198077e\" data-element_type=\"container\" data-e-type=\"container\" data-settings=\"{&quot;tmea_shape_divider_top&quot;:&quot;none&quot;,&quot;tmea_shape_divider_bottom&quot;:&quot;none&quot;}\">\n\t\t\t\t<div class=\"elementor-element elementor-element-bf11697 elementor-widget elementor-widget-image\" data-id=\"bf11697\" data-element_type=\"widget\" data-e-type=\"widget\" data-widget_type=\"image.default\">\n\t\t\t\t<div class=\"elementor-widget-container\">\n\t\t\t\t\t\t\t\t\t\t\t\t\t\t\t<img decoding=\"async\" width=\"1024\" height=\"538\" src=\"https:\/\/mportezuelo.cl\/Inicio\/wp-content\/uploads\/2024\/09\/beca-indigena-postulacion-1024x538-copia.jpg\" class=\"attachment-large size-large wp-image-7208\" alt=\"\" srcset=\"https:\/\/mportezuelo.cl\/Inicio\/wp-content\/uploads\/2024\/09\/beca-indigena-postulacion-1024x538-copia.jpg 1024w, https:\/\/mportezuelo.cl\/Inicio\/wp-content\/uploads\/2024\/09\/beca-indigena-postulacion-1024x538-copia-300x158.jpg 300w, https:\/\/mportezuelo.cl\/Inicio\/wp-content\/uploads\/2024\/09\/beca-indigena-postulacion-1024x538-copia-768x404.jpg 768w\" sizes=\"(max-width: 1024px) 100vw, 1024px\" \/>\t\t\t\t\t\t\t\t\t\t\t\t\t\t\t<\/div>\n\t\t\t\t<\/div>\n\t\t\t\t<\/div>\n\t\t<div class=\"elementor-element elementor-element-8f3bccf e-con-full e-flex e-con e-child\" data-id=\"8f3bccf\" data-element_type=\"container\" data-e-type=\"container\" data-settings=\"{&quot;tmea_shape_divider_top&quot;:&quot;none&quot;,&quot;tmea_shape_divider_bottom&quot;:&quot;none&quot;}\">\n\t\t\t\t<div class=\"elementor-element elementor-element-8a497d5 elementor-widget elementor-widget-text-editor\" data-id=\"8a497d5\" data-element_type=\"widget\" data-e-type=\"widget\" data-widget_type=\"text-editor.default\">\n\t\t\t\t<div class=\"elementor-widget-container\">\n\t\t\t\t\t\t\t\t\t<h3>\u00bfEn que consiste?<\/h3><p>Es un aporte de $100.550 (monto referencial anual) de libre disposici\u00f3n o uso, para alumnos de ense\u00f1anza b\u00e1sica y de $208.280 (monto referencial anual) para alumnos de ense\u00f1anza media. Pagado en dos cuotas al a\u00f1o: primer semestre y segundo semestre. Dirigido a estudiantes de 5to a 8vo b\u00e1sico y a estudiantes de 1\u00b0 a 4\u00b0 medio, de ascendencia ind\u00edgena acreditada por la Corporaci\u00f3n Nacional de Desarrollo ind\u00edgena, CONADI.<\/p>\t\t\t\t\t\t\t\t<\/div>\n\t\t\t\t<\/div>\n\t\t\t\t<\/div>\n\t\t\t\t\t<\/div>\n\t\t\t\t<\/div>\n\t\t<div class=\"elementor-element elementor-element-158982f e-flex e-con-boxed e-con e-parent\" data-id=\"158982f\" data-element_type=\"container\" data-e-type=\"container\" data-settings=\"{&quot;tmea_shape_divider_top&quot;:&quot;none&quot;,&quot;tmea_shape_divider_bottom&quot;:&quot;none&quot;}\">\n\t\t\t\t\t<div class=\"e-con-inner\">\n\t\t\t\t<div class=\"elementor-element elementor-element-bda86ee elementor-widget elementor-widget-text-editor\" data-id=\"bda86ee\" data-element_type=\"widget\" data-e-type=\"widget\" data-widget_type=\"text-editor.default\">\n\t\t\t\t<div class=\"elementor-widget-container\">\n\t\t\t\t\t\t\t\t\t<h3>\u00bfCu\u00e1les son los requisitos para postular?<\/h3><ul><li>Ser de origen ind\u00edgena, acreditado por\u00a0<a href=\"https:\/\/conadi.oficinainternet1.cl\/OficinaInternet2.0\/home.aspx?Type=0\">la Corporaci\u00f3n Nacional de Desarrollo Ind\u00edgena, CONADI.<\/a><\/li><li>Ser promovido con promedio m\u00ednimo de 5.0.<\/li><li>Contar con tramo del Registro Social de Hogares hasta el 60%.<\/li><li>Encontrarse matriculado o tener calidad de alumno regular en alguno de los establecimientos educacionales\u00a0reconocidos por el Estado.<\/li><li>Estudiantes extranjeros no pueden postular a este beneficio.<\/li><\/ul><h3>\u00bfCu\u00e1les son los requisitos para renovar?<\/h3><ul><li>Haber sido promovido\/a con promedio 5.0 en Ed. B\u00e1sica y\/o media<\/li><li>Poseer un tramo del Registro Social de Hogares (RSH) hasta el 70%.<\/li><li>Estar estudiando en establecimientos educacionales p\u00fablicos o particulares subvencionados por Ministerio de Educaci\u00f3n, Mineduc.<\/li><\/ul>\t\t\t\t\t\t\t\t<\/div>\n\t\t\t\t<\/div>\n\t\t\t\t\t<\/div>\n\t\t\t\t<\/div>\n\t\t<div class=\"elementor-element elementor-element-51749c6 e-flex e-con-boxed e-con e-parent\" data-id=\"51749c6\" data-element_type=\"container\" data-e-type=\"container\" data-settings=\"{&quot;tmea_shape_divider_top&quot;:&quot;none&quot;,&quot;tmea_shape_divider_bottom&quot;:&quot;none&quot;}\">\n\t\t\t\t\t<div class=\"e-con-inner\">\n\t\t\t\t<div class=\"elementor-element elementor-element-94b5594 elementor-widget elementor-widget-heading\" data-id=\"94b5594\" data-element_type=\"widget\" data-e-type=\"widget\" data-widget_type=\"heading.default\">\n\t\t\t\t<div class=\"elementor-widget-container\">\n\t\t\t\t\t<h2 class=\"elementor-heading-title elementor-size-default\">Beca Ind\u00edgena: Educaci\u00f3n Superior<\/h2>\t\t\t\t<\/div>\n\t\t\t\t<\/div>\n\t\t\t\t\t<\/div>\n\t\t\t\t<\/div>\n\t\t<div class=\"elementor-element elementor-element-44b3e41 e-flex e-con-boxed e-con e-parent\" data-id=\"44b3e41\" data-element_type=\"container\" data-e-type=\"container\" data-settings=\"{&quot;tmea_shape_divider_top&quot;:&quot;none&quot;,&quot;tmea_shape_divider_bottom&quot;:&quot;none&quot;}\">\n\t\t\t\t\t<div class=\"e-con-inner\">\n\t\t<div class=\"elementor-element elementor-element-27ba7b7 e-con-full e-flex e-con e-child\" data-id=\"27ba7b7\" data-element_type=\"container\" data-e-type=\"container\" data-settings=\"{&quot;tmea_shape_divider_top&quot;:&quot;none&quot;,&quot;tmea_shape_divider_bottom&quot;:&quot;none&quot;}\">\n\t\t\t\t<div class=\"elementor-element elementor-element-25b532e elementor-widget elementor-widget-image\" data-id=\"25b532e\" data-element_type=\"widget\" data-e-type=\"widget\" data-widget_type=\"image.default\">\n\t\t\t\t<div class=\"elementor-widget-container\">\n\t\t\t\t\t\t\t\t\t\t\t\t\t\t\t<img decoding=\"async\" width=\"1024\" height=\"538\" src=\"https:\/\/mportezuelo.cl\/Inicio\/wp-content\/uploads\/2024\/09\/beca-indigena-postulacion-1024x538-copia.jpg\" class=\"attachment-large size-large wp-image-7208\" alt=\"\" srcset=\"https:\/\/mportezuelo.cl\/Inicio\/wp-content\/uploads\/2024\/09\/beca-indigena-postulacion-1024x538-copia.jpg 1024w, https:\/\/mportezuelo.cl\/Inicio\/wp-content\/uploads\/2024\/09\/beca-indigena-postulacion-1024x538-copia-300x158.jpg 300w, https:\/\/mportezuelo.cl\/Inicio\/wp-content\/uploads\/2024\/09\/beca-indigena-postulacion-1024x538-copia-768x404.jpg 768w\" sizes=\"(max-width: 1024px) 100vw, 1024px\" \/>\t\t\t\t\t\t\t\t\t\t\t\t\t\t\t<\/div>\n\t\t\t\t<\/div>\n\t\t\t\t<\/div>\n\t\t<div class=\"elementor-element elementor-element-cb81d15 e-con-full e-flex e-con e-child\" data-id=\"cb81d15\" data-element_type=\"container\" data-e-type=\"container\" data-settings=\"{&quot;tmea_shape_divider_top&quot;:&quot;none&quot;,&quot;tmea_shape_divider_bottom&quot;:&quot;none&quot;}\">\n\t\t\t\t<div class=\"elementor-element elementor-element-c3341b9 elementor-widget elementor-widget-text-editor\" data-id=\"c3341b9\" data-element_type=\"widget\" data-e-type=\"widget\" data-widget_type=\"text-editor.default\">\n\t\t\t\t<div class=\"elementor-widget-container\">\n\t\t\t\t\t\t\t\t\t<h3>\u00bfEn qu\u00e9 consiste?<\/h3><p>Es un aporte de libre disposici\u00f3n equivalente a $654.600 (monto referencial anual), que se paga hasta en 10 cuotas al a\u00f1o, dirigido a estudiantes de Educaci\u00f3n Superior, de ascendencia ind\u00edgena acreditada por la\u00a0<a href=\"https:\/\/conadi.oficinainternet1.cl\/OficinaInternet2.0\/home.aspx?Type=0\">Corporaci\u00f3n Nacional de Desarrollo Ind\u00edgena, Conadi<\/a>, con un promedio de notas de m\u00ednimo 4.5 en Educaci\u00f3n Superior renovantes y 5.0 para egresados de Ense\u00f1anza Media y que est\u00e9n en un tramo del Registro Social de Hogares hasta el 60%. Ir a\u00a0\u00a0<a href=\"http:\/\/www.registrosocial.gob.cl\/\">http:\/\/www.registrosocial.gob.cl<\/a><\/p>\t\t\t\t\t\t\t\t<\/div>\n\t\t\t\t<\/div>\n\t\t\t\t<\/div>\n\t\t\t\t\t<\/div>\n\t\t\t\t<\/div>\n\t\t<div class=\"elementor-element elementor-element-5df3cea e-flex e-con-boxed e-con e-parent\" data-id=\"5df3cea\" data-element_type=\"container\" data-e-type=\"container\" data-settings=\"{&quot;tmea_shape_divider_top&quot;:&quot;none&quot;,&quot;tmea_shape_divider_bottom&quot;:&quot;none&quot;}\">\n\t\t\t\t\t<div class=\"e-con-inner\">\n\t\t\t\t<div class=\"elementor-element elementor-element-3a9b3d0 elementor-widget elementor-widget-text-editor\" data-id=\"3a9b3d0\" data-element_type=\"widget\" data-e-type=\"widget\" data-widget_type=\"text-editor.default\">\n\t\t\t\t<div class=\"elementor-widget-container\">\n\t\t\t\t\t\t\t\t\t<h3><strong>Postulantes<\/strong><\/h3><ul><li>Ser de origen ind\u00edgena, acreditado por\u00a0<a href=\"https:\/\/conadi.oficinainternet1.cl\/OficinaInternet2.0\/home.aspx?Type=0\">la Corporaci\u00f3n Nacional de Desarrollo Ind\u00edgena, CONADI.<\/a><\/li><li>Presentar un promedio m\u00ednimo de nota 5,0 para aquellos estudiantes egresados\/as de 4\u00b0 Medio e ingresen a primer a\u00f1o de Educaci\u00f3n Superior.<\/li><li>Contar con tramo del Registro Social de Hogares hasta el 60%. Ir a\u00a0<a href=\"http:\/\/www.registrosocial.gob.cl\/\">http:\/\/www.registrosocial.gob.cl<\/a><\/li><li>Ser estudiantes de instituciones de Educaci\u00f3n Superior reconocidas por el Estado.<\/li><li>Para hacer efectivo el beneficio, las y los\u00a0estudiantes deben estar matriculados\/as en Educaci\u00f3n Superior al momento de la obtenci\u00f3n del mismo.<\/li><li>Estudiantes extranjerosno pueden postular a este beneficio.<\/li><li>Estudiantes que cursen post gradosno pueden postular a este beneficio.<\/li><li>Estudiantes con T\u00edtulo T\u00e9cnico y\/o Profesionalno pueden postular a este beneficio.<\/li><\/ul><h3><strong>\u00a0 Renovantes<\/strong><\/h3><ul><li>Haber sido promovido\/a con promedio de 4,5 m\u00ednimo en Educaci\u00f3n Superior.<\/li><li>Poseer un tramo del Registro Social de Hogares (RSH) hasta el 70%. Ir a\u00a0<a href=\"http:\/\/www.registrosocial.gob.cl\/\">http:\/\/www.registrosocial.gob.cl<\/a><\/li><li>Encontrarse matriculado o tener calidad de alumno regular en alguna instituci\u00f3n de Educaci\u00f3n Superior reconocida por el Estado.<\/li><\/ul>\t\t\t\t\t\t\t\t<\/div>\n\t\t\t\t<\/div>\n\t\t\t\t\t<\/div>\n\t\t\t\t<\/div>\n\t\t<div class=\"elementor-element elementor-element-a8e034f e-flex e-con-boxed e-con e-parent\" data-id=\"a8e034f\" data-element_type=\"container\" data-e-type=\"container\" data-settings=\"{&quot;tmea_shape_divider_top&quot;:&quot;none&quot;,&quot;tmea_shape_divider_bottom&quot;:&quot;none&quot;}\">\n\t\t\t\t\t<div class=\"e-con-inner\">\n\t\t\t\t<div class=\"elementor-element elementor-element-9266b1b elementor-widget elementor-widget-spacer\" data-id=\"9266b1b\" data-element_type=\"widget\" data-e-type=\"widget\" data-widget_type=\"spacer.default\">\n\t\t\t\t<div class=\"elementor-widget-container\">\n\t\t\t\t\t\t\t<div class=\"elementor-spacer\">\n\t\t\t<div class=\"elementor-spacer-inner\"><\/div>\n\t\t<\/div>\n\t\t\t\t\t\t<\/div>\n\t\t\t\t<\/div>\n\t\t\t\t\t<\/div>\n\t\t\t\t<\/div>\n\t\t<div class=\"elementor-element elementor-element-e41d82f e-flex e-con-boxed e-con e-parent\" data-id=\"e41d82f\" data-element_type=\"container\" data-e-type=\"container\" data-settings=\"{&quot;tmea_shape_divider_top&quot;:&quot;none&quot;,&quot;tmea_shape_divider_bottom&quot;:&quot;none&quot;}\">\n\t\t\t\t\t<div class=\"e-con-inner\">\n\t\t\t\t<div class=\"elementor-element elementor-element-8ebc20d elementor-widget elementor-widget-heading\" data-id=\"8ebc20d\" data-element_type=\"widget\" data-e-type=\"widget\" data-widget_type=\"heading.default\">\n\t\t\t\t<div class=\"elementor-widget-container\">\n\t\t\t\t\t<h2 class=\"elementor-heading-title elementor-size-default\">HOGAR ESTUDIANTIL VALLE DEL ITATA<\/h2>\t\t\t\t<\/div>\n\t\t\t\t<\/div>\n\t\t\t\t\t<\/div>\n\t\t\t\t<\/div>\n\t\t<div class=\"elementor-element elementor-element-7fd5f6a e-flex e-con-boxed e-con e-parent\" data-id=\"7fd5f6a\" data-element_type=\"container\" data-e-type=\"container\" data-settings=\"{&quot;tmea_shape_divider_top&quot;:&quot;none&quot;,&quot;tmea_shape_divider_bottom&quot;:&quot;none&quot;}\">\n\t\t\t\t\t<div class=\"e-con-inner\">\n\t\t<div class=\"elementor-element elementor-element-dae98e5 e-con-full e-flex e-con e-child\" data-id=\"dae98e5\" data-element_type=\"container\" data-e-type=\"container\" data-settings=\"{&quot;tmea_shape_divider_top&quot;:&quot;none&quot;,&quot;tmea_shape_divider_bottom&quot;:&quot;none&quot;}\">\n\t\t\t\t<div class=\"elementor-element elementor-element-b9fc6cc elementor-widget elementor-widget-image\" data-id=\"b9fc6cc\" data-element_type=\"widget\" data-e-type=\"widget\" data-widget_type=\"image.default\">\n\t\t\t\t<div class=\"elementor-widget-container\">\n\t\t\t\t\t\t\t\t\t\t\t\t\t\t\t<img loading=\"lazy\" decoding=\"async\" width=\"750\" height=\"808\" src=\"https:\/\/mportezuelo.cl\/Inicio\/wp-content\/uploads\/2025\/07\/WhatsApp-Image-2025-05-08-at-23.36.12-750x1000-1.jpeg\" class=\"attachment-large size-large wp-image-9461\" alt=\"\" srcset=\"https:\/\/mportezuelo.cl\/Inicio\/wp-content\/uploads\/2025\/07\/WhatsApp-Image-2025-05-08-at-23.36.12-750x1000-1.jpeg 750w, https:\/\/mportezuelo.cl\/Inicio\/wp-content\/uploads\/2025\/07\/WhatsApp-Image-2025-05-08-at-23.36.12-750x1000-1-278x300.jpeg 278w\" sizes=\"(max-width: 750px) 100vw, 750px\" \/>\t\t\t\t\t\t\t\t\t\t\t\t\t\t\t<\/div>\n\t\t\t\t<\/div>\n\t\t\t\t<\/div>\n\t\t<div class=\"elementor-element elementor-element-1929c77 e-con-full e-flex e-con e-child\" data-id=\"1929c77\" data-element_type=\"container\" data-e-type=\"container\" data-settings=\"{&quot;tmea_shape_divider_top&quot;:&quot;none&quot;,&quot;tmea_shape_divider_bottom&quot;:&quot;none&quot;}\">\n\t\t\t\t<div class=\"elementor-element elementor-element-c83b741 elementor-widget elementor-widget-text-editor\" data-id=\"c83b741\" data-element_type=\"widget\" data-e-type=\"widget\" data-widget_type=\"text-editor.default\">\n\t\t\t\t<div class=\"elementor-widget-container\">\n\t\t\t\t\t\t\t\t\t<h3><strong>\u00bfEn qu\u00e9 consiste?<\/strong><\/h3><p>La asociaci\u00f3n de municipalidades Valle del Itata, administra el Hogar Universitario para estudiantes de educaci\u00f3n superior de las comunas de Coelemu, Ninhue, Quill\u00f3n, Quirihue, R\u00e1nquil, San Nicol\u00e1s, Trehuaco y Portezuelo, municipios pertenecientes a la Asociaci\u00f3n de Municipalidades del Valle del Itata. El Hogar Universitario Valle del Itata brinda alojamiento (dormitorios compartidos), alimentaci\u00f3n (once- cena) y los servicios b\u00e1sicos, durante su residencia en el hogar, de lunes a viernes a estudiantes que cursen educaci\u00f3n superior en la Provincia de Concepci\u00f3n.<\/p><p>Durante el a\u00f1o 2024, la Municipalidad a beneficiado a cinco alumnos con residencia en el Hogar Estudiantil Universitario de la Asociaci\u00f3n de Municipios del Valle del Itata, ubicado en la comuna de Penco.<\/p>\t\t\t\t\t\t\t\t<\/div>\n\t\t\t\t<\/div>\n\t\t\t\t<\/div>\n\t\t\t\t\t<\/div>\n\t\t\t\t<\/div>\n\t\t<div class=\"elementor-element elementor-element-c453c33 e-flex e-con-boxed e-con e-parent\" data-id=\"c453c33\" data-element_type=\"container\" data-e-type=\"container\" data-settings=\"{&quot;tmea_shape_divider_top&quot;:&quot;none&quot;,&quot;tmea_shape_divider_bottom&quot;:&quot;none&quot;}\">\n\t\t\t\t\t<div class=\"e-con-inner\">\n\t\t\t\t<div class=\"elementor-element elementor-element-2b28b42 elementor-widget elementor-widget-text-editor\" data-id=\"2b28b42\" data-element_type=\"widget\" data-e-type=\"widget\" data-widget_type=\"text-editor.default\">\n\t\t\t\t<div class=\"elementor-widget-container\">\n\t\t\t\t\t\t\t\t\t<h3><strong>\u00bfCu\u00e1les son los requisitos para postular y renovar?<\/strong><\/h3><ul><li>Pertenecer a una familia vulnerable, seg\u00fan Tramo del Registro Social de Hogares.<\/li><li>Estar Matriculado o tener Certificado de Alumno Regular en alguna instituci\u00f3n de educaci\u00f3n superior reconocida por el estado dentro de la Provincia de Concepci\u00f3n.<\/li><li>Realizar solicitud municipal dirigida al Alcalde manifestando la necesidad de un cupo en la residencia. Se debe adjuntar C\u00e9dula de Identidad y Comprobante de Matr\u00edcula.<\/li><\/ul><p>El postulante una vez seleccionado, deber\u00e1 presentar a la Encargada del Hogar de Penco todos los documentos b\u00e1sicos solicitados para su ingreso, tales como Ficha de Ingreso, Contrato de Responsabilidad Individual, Contrato de Ingreso al Hogar, Horario de Clases y otro que se estime pertinente, que sea informado por la Encargada Comunal de la Municipalidad.<\/p>\t\t\t\t\t\t\t\t<\/div>\n\t\t\t\t<\/div>\n\t\t\t\t\t<\/div>\n\t\t\t\t<\/div>\n\t\t<div class=\"elementor-element elementor-element-a72f046 e-flex e-con-boxed e-con e-parent\" data-id=\"a72f046\" data-element_type=\"container\" data-e-type=\"container\" data-settings=\"{&quot;tmea_shape_divider_top&quot;:&quot;none&quot;,&quot;tmea_shape_divider_bottom&quot;:&quot;none&quot;}\">\n\t\t\t\t\t<div class=\"e-con-inner\">\n\t\t\t\t<div class=\"elementor-element elementor-element-c25cab9 elementor-widget elementor-widget-spacer\" data-id=\"c25cab9\" data-element_type=\"widget\" data-e-type=\"widget\" data-widget_type=\"spacer.default\">\n\t\t\t\t<div class=\"elementor-widget-container\">\n\t\t\t\t\t\t\t<div class=\"elementor-spacer\">\n\t\t\t<div class=\"elementor-spacer-inner\"><\/div>\n\t\t<\/div>\n\t\t\t\t\t\t<\/div>\n\t\t\t\t<\/div>\n\t\t\t\t\t<\/div>\n\t\t\t\t<\/div>\n\t\t<div class=\"elementor-element elementor-element-25c1589 e-flex e-con-boxed e-con e-parent\" data-id=\"25c1589\" data-element_type=\"container\" data-e-type=\"container\" data-settings=\"{&quot;tmea_shape_divider_top&quot;:&quot;none&quot;,&quot;tmea_shape_divider_bottom&quot;:&quot;none&quot;}\">\n\t\t\t\t\t<div class=\"e-con-inner\">\n\t\t\t\t<div class=\"elementor-element elementor-element-7469175 elementor-widget elementor-widget-text-editor\" data-id=\"7469175\" data-element_type=\"widget\" data-e-type=\"widget\" data-widget_type=\"text-editor.default\">\n\t\t\t\t<div class=\"elementor-widget-container\">\n\t\t\t\t\t\t\t\t\t<h2><strong>Informaci\u00f3n\u00a0<\/strong><\/h2><ul><li><strong>Responsable:<\/strong> Claudia Sep\u00falveda\u00a0<\/li><li><strong>Contacto<\/strong>: 42200800<\/li><li><strong>Correo:<\/strong> partes@mportezuelo.cl<\/li><li><strong>Direcci\u00f3n:<\/strong> O\u00b4Higgins 403, Portezuelo.\u00a0<\/li><\/ul>\t\t\t\t\t\t\t\t<\/div>\n\t\t\t\t<\/div>\n\t\t\t\t\t<\/div>\n\t\t\t\t<\/div>\n\t\t<div class=\"elementor-element elementor-element-7e93237 e-flex e-con-boxed e-con e-parent\" data-id=\"7e93237\" data-element_type=\"container\" data-e-type=\"container\" data-settings=\"{&quot;tmea_shape_divider_top&quot;:&quot;none&quot;,&quot;tmea_shape_divider_bottom&quot;:&quot;none&quot;}\">\n\t\t\t\t\t<div class=\"e-con-inner\">\n\t\t\t\t<div class=\"elementor-element elementor-element-4e7c91a elementor-widget elementor-widget-spacer\" data-id=\"4e7c91a\" data-element_type=\"widget\" data-e-type=\"widget\" data-widget_type=\"spacer.default\">\n\t\t\t\t<div class=\"elementor-widget-container\">\n\t\t\t\t\t\t\t<div class=\"elementor-spacer\">\n\t\t\t<div class=\"elementor-spacer-inner\"><\/div>\n\t\t<\/div>\n\t\t\t\t\t\t<\/div>\n\t\t\t\t<\/div>\n\t\t\t\t\t<\/div>\n\t\t\t\t<\/div>\n\t\t\t\t<\/div>\n\t\t","protected":false},"excerpt":{"rendered":"<p>Programa Residencia Familiar Estudiantil \u00bfEn qu\u00e9 consiste? Es un programa dirigido a estudiantes en condici\u00f3n de vulnerabilidad, aislamiento geogr\u00e1fico o ruralidad que no cuenten con oferta educativa disponible, o con oferta educativa de su inter\u00e9s, para continuar sus estudios. Este programa est\u00e1 dirigido a estudiantes de ense\u00f1anza b\u00e1sica, media y educaci\u00f3n superior \u00bfC\u00f3mo se ejecuta? [&hellip;]<\/p>\n","protected":false},"author":1,"featured_media":0,"parent":0,"menu_order":0,"comment_status":"closed","ping_status":"closed","template":"","meta":{"_monsterinsights_skip_tracking":false,"_monsterinsights_sitenote_active":false,"_monsterinsights_sitenote_note":"","_monsterinsights_sitenote_category":0,"iawp_total_views":330,"footnotes":""},"class_list":["post-7185","page","type-page","status-publish","hentry"],"aioseo_notices":[],"_links":{"self":[{"href":"https:\/\/mportezuelo.cl\/Inicio\/wp-json\/wp\/v2\/pages\/7185","targetHints":{"allow":["GET"]}}],"collection":[{"href":"https:\/\/mportezuelo.cl\/Inicio\/wp-json\/wp\/v2\/pages"}],"about":[{"href":"https:\/\/mportezuelo.cl\/Inicio\/wp-json\/wp\/v2\/types\/page"}],"author":[{"embeddable":true,"href":"https:\/\/mportezuelo.cl\/Inicio\/wp-json\/wp\/v2\/users\/1"}],"replies":[{"embeddable":true,"href":"https:\/\/mportezuelo.cl\/Inicio\/wp-json\/wp\/v2\/comments?post=7185"}],"version-history":[{"count":46,"href":"https:\/\/mportezuelo.cl\/Inicio\/wp-json\/wp\/v2\/pages\/7185\/revisions"}],"predecessor-version":[{"id":9464,"href":"https:\/\/mportezuelo.cl\/Inicio\/wp-json\/wp\/v2\/pages\/7185\/revisions\/9464"}],"wp:attachment":[{"href":"https:\/\/mportezuelo.cl\/Inicio\/wp-json\/wp\/v2\/media?parent=7185"}],"curies":[{"name":"wp","href":"https:\/\/api.w.org\/{rel}","templated":true}]}}