{"id":5769,"date":"2024-06-19T14:25:05","date_gmt":"2024-06-19T17:25:05","guid":{"rendered":"https:\/\/mportezuelo.cl\/Inicio\/?page_id=5769"},"modified":"2024-06-19T16:16:21","modified_gmt":"2024-06-19T19:16:21","slug":"la-poda-de-vinas-en-portezuelo","status":"publish","type":"page","link":"https:\/\/mportezuelo.cl\/Inicio\/la-poda-de-vinas-en-portezuelo\/","title":{"rendered":"La Poda de Vi\u00f1as en Portezuelo"},"content":{"rendered":"\t\t<div data-elementor-type=\"wp-page\" data-elementor-id=\"5769\" class=\"elementor elementor-5769\" data-elementor-post-type=\"page\">\n\t\t\t\t<div class=\"elementor-element elementor-element-7d04312 e-flex e-con-boxed e-con e-parent\" data-id=\"7d04312\" data-element_type=\"container\" data-e-type=\"container\" data-settings=\"{&quot;tmea_shape_divider_top&quot;:&quot;none&quot;,&quot;tmea_shape_divider_bottom&quot;:&quot;none&quot;}\">\n\t\t\t\t\t<div class=\"e-con-inner\">\n\t\t<div class=\"elementor-element elementor-element-5bc391e e-con-full e-flex e-con e-child\" data-id=\"5bc391e\" data-element_type=\"container\" data-e-type=\"container\" data-settings=\"{&quot;tmea_shape_divider_top&quot;:&quot;none&quot;,&quot;tmea_shape_divider_bottom&quot;:&quot;none&quot;}\">\n\t\t\t\t<div class=\"elementor-element elementor-element-ef48c3d elementor-widget elementor-widget-image\" data-id=\"ef48c3d\" data-element_type=\"widget\" data-e-type=\"widget\" data-widget_type=\"image.default\">\n\t\t\t\t<div class=\"elementor-widget-container\">\n\t\t\t\t\t\t\t\t\t\t\t\t\t\t\t<img fetchpriority=\"high\" decoding=\"async\" width=\"1024\" height=\"683\" src=\"https:\/\/mportezuelo.cl\/Inicio\/wp-content\/uploads\/2024\/06\/IMG_7792-1024x683.jpg\" class=\"attachment-large size-large wp-image-5758\" alt=\"\" srcset=\"https:\/\/mportezuelo.cl\/Inicio\/wp-content\/uploads\/2024\/06\/IMG_7792-1024x683.jpg 1024w, https:\/\/mportezuelo.cl\/Inicio\/wp-content\/uploads\/2024\/06\/IMG_7792-300x200.jpg 300w, https:\/\/mportezuelo.cl\/Inicio\/wp-content\/uploads\/2024\/06\/IMG_7792-768x512.jpg 768w, https:\/\/mportezuelo.cl\/Inicio\/wp-content\/uploads\/2024\/06\/IMG_7792-1536x1024.jpg 1536w, https:\/\/mportezuelo.cl\/Inicio\/wp-content\/uploads\/2024\/06\/IMG_7792-2048x1365.jpg 2048w\" sizes=\"(max-width: 1024px) 100vw, 1024px\" \/>\t\t\t\t\t\t\t\t\t\t\t\t\t\t\t<\/div>\n\t\t\t\t<\/div>\n\t\t\t\t<\/div>\n\t\t<div class=\"elementor-element elementor-element-3a67e63 e-con-full e-flex e-con e-child\" data-id=\"3a67e63\" data-element_type=\"container\" data-e-type=\"container\" data-settings=\"{&quot;tmea_shape_divider_top&quot;:&quot;none&quot;,&quot;tmea_shape_divider_bottom&quot;:&quot;none&quot;}\">\n\t\t\n\t\t<div class=\"elementor-element elementor-element-2a9e03d elementor-widget elementor-widget-text-editor\" data-id=\"2a9e03d\" data-element_type=\"widget\" data-e-type=\"widget\" data-widget_type=\"text-editor.default\">\n\t\t\t\t<div class=\"elementor-widget-container\">\n\t\t\t\t\t\t\t\t\t<p>La poda de la vid es una pr\u00e1ctica ancestral que el paso del tiempo ha convertido en tan importante como necesaria para una correcta gesti\u00f3n del vi\u00f1edo. T\u00e9cnicamente consiste en suprimir las ramificaciones de la cepa (sarmientos, p\u00e1mpanos, hojas), de forma que la planta quede renovada y preparada durante la parada vegetativa que impone el invierno. La poda tradicional ocurre entre la ca\u00edda de las hojas y el brote (entre mayo y agosto en Chile)<\/p><p>La poda de la vid evita que la planta crezca descontrolada durante la primavera. Es un proceso que limita el desarrollo vegetativo de la cepa, armoniza la cosecha a trav\u00e9s de la limitaci\u00f3n del n\u00famero de yemas que se mantienen en la misma y facilita el flujo y la distribuci\u00f3n de la savia.\u00a0<\/p>\t\t\t\t\t\t\t\t<\/div>\n\t\t\t\t<\/div>\n\t\t\t\t<\/div>\n\t\t\t\t\t<\/div>\n\t\t\t\t<\/div>\n\t\t<div class=\"elementor-element elementor-element-761facd e-flex e-con-boxed e-con e-parent\" data-id=\"761facd\" data-element_type=\"container\" data-e-type=\"container\" data-settings=\"{&quot;tmea_shape_divider_top&quot;:&quot;none&quot;,&quot;tmea_shape_divider_bottom&quot;:&quot;none&quot;}\">\n\t\t\t\t\t<div class=\"e-con-inner\">\n\t\t\t\t<div class=\"elementor-element elementor-element-388a5d9 elementor-widget elementor-widget-text-editor\" data-id=\"388a5d9\" data-element_type=\"widget\" data-e-type=\"widget\" data-widget_type=\"text-editor.default\">\n\t\t\t\t<div class=\"elementor-widget-container\">\n\t\t\t\t\t\t\t\t\t<p>Tambi\u00e9n ayuda a ralentizar el envejecimiento de las cepas gracias al saneamiento de sus partes. Se trata, en definitiva, de darle forma a la planta para que sea capaz de gestionar y regular su producci\u00f3n de forma \u00f3ptima. Adem\u00e1s de mantenerla sana, la poda de la vi\u00f1a influir\u00e1 de forma decisiva en la cantidad y la calidad de la vendimia de la pr\u00f3xima campa\u00f1a.\u00a0<\/p><p>\u00a0<\/p>\t\t\t\t\t\t\t\t<\/div>\n\t\t\t\t<\/div>\n\t\t\t\t\t<\/div>\n\t\t\t\t<\/div>\n\t\t<div class=\"elementor-element elementor-element-e088e96 e-flex e-con-boxed e-con e-parent\" data-id=\"e088e96\" data-element_type=\"container\" data-e-type=\"container\" data-settings=\"{&quot;tmea_shape_divider_top&quot;:&quot;none&quot;,&quot;tmea_shape_divider_bottom&quot;:&quot;none&quot;}\">\n\t\t\t\t\t<div class=\"e-con-inner\">\n\t\t<div class=\"elementor-element elementor-element-9efcfa0 e-con-full e-flex e-con e-child\" data-id=\"9efcfa0\" data-element_type=\"container\" data-e-type=\"container\" data-settings=\"{&quot;tmea_shape_divider_top&quot;:&quot;none&quot;,&quot;tmea_shape_divider_bottom&quot;:&quot;none&quot;}\">\n\t\t\t\t<div class=\"elementor-element elementor-element-777ab9f elementor-widget elementor-widget-text-editor\" data-id=\"777ab9f\" data-element_type=\"widget\" data-e-type=\"widget\" data-widget_type=\"text-editor.default\">\n\t\t\t\t<div class=\"elementor-widget-container\">\n\t\t\t\t\t\t\t\t\t<p>A estas alturas del a\u00f1o, el viticultor ya debe de estar llevado a cabo la poda de invierno que se produce en el per\u00edodo de latencia, entre la ca\u00edda de la hoja y el inicio de la brotaci\u00f3n de primavera.<\/p><p>Aqu\u00ed es importante tener en cuenta algunos factores como la edad de la planta o la climatolog\u00eda. Se recomienda una poda m\u00e1s tard\u00eda (hacia final del invierno) en vi\u00f1as m\u00e1s j\u00f3venes, ya que estas son m\u00e1s sensibles a los efectos de las heladas. De la misma manera, una poda de invierno a destiempo, antes de que la planta entre en per\u00edodo de reposo, es desaconsejable, ya que impedir\u00eda el traslado de las reservas desde las hojas hacia el resto de los \u00f3rganos de la planta y retrasar\u00eda la brotaci\u00f3n.<\/p>\t\t\t\t\t\t\t\t<\/div>\n\t\t\t\t<\/div>\n\t\t\t\t<\/div>\n\t\t<div class=\"elementor-element elementor-element-8ee483e e-con-full e-flex e-con e-child\" data-id=\"8ee483e\" data-element_type=\"container\" data-e-type=\"container\" data-settings=\"{&quot;tmea_shape_divider_top&quot;:&quot;none&quot;,&quot;tmea_shape_divider_bottom&quot;:&quot;none&quot;}\">\n\t\t\t\t<div class=\"elementor-element elementor-element-2d279ba elementor-widget elementor-widget-image\" data-id=\"2d279ba\" data-element_type=\"widget\" data-e-type=\"widget\" data-widget_type=\"image.default\">\n\t\t\t\t<div class=\"elementor-widget-container\">\n\t\t\t\t\t\t\t\t\t\t\t\t\t\t\t<img decoding=\"async\" width=\"1024\" height=\"768\" src=\"https:\/\/mportezuelo.cl\/Inicio\/wp-content\/uploads\/2024\/06\/IMG_20190705_144213-1024x768.jpg\" class=\"attachment-large size-large wp-image-5778\" alt=\"\" srcset=\"https:\/\/mportezuelo.cl\/Inicio\/wp-content\/uploads\/2024\/06\/IMG_20190705_144213-1024x768.jpg 1024w, https:\/\/mportezuelo.cl\/Inicio\/wp-content\/uploads\/2024\/06\/IMG_20190705_144213-300x225.jpg 300w, https:\/\/mportezuelo.cl\/Inicio\/wp-content\/uploads\/2024\/06\/IMG_20190705_144213-768x576.jpg 768w, https:\/\/mportezuelo.cl\/Inicio\/wp-content\/uploads\/2024\/06\/IMG_20190705_144213-1536x1152.jpg 1536w, https:\/\/mportezuelo.cl\/Inicio\/wp-content\/uploads\/2024\/06\/IMG_20190705_144213.jpg 1984w\" sizes=\"(max-width: 1024px) 100vw, 1024px\" \/>\t\t\t\t\t\t\t\t\t\t\t\t\t\t\t<\/div>\n\t\t\t\t<\/div>\n\t\t\t\t<\/div>\n\t\t\t\t\t<\/div>\n\t\t\t\t<\/div>\n\t\t<div class=\"elementor-element elementor-element-4656441 e-flex e-con-boxed e-con e-parent\" data-id=\"4656441\" data-element_type=\"container\" data-e-type=\"container\" data-settings=\"{&quot;tmea_shape_divider_top&quot;:&quot;none&quot;,&quot;tmea_shape_divider_bottom&quot;:&quot;none&quot;}\">\n\t\t\t\t\t<div class=\"e-con-inner\">\n\t\t\t\t<div class=\"elementor-element elementor-element-48fc8a3 elementor-widget elementor-widget-text-editor\" data-id=\"48fc8a3\" data-element_type=\"widget\" data-e-type=\"widget\" data-widget_type=\"text-editor.default\">\n\t\t\t\t<div class=\"elementor-widget-container\">\n\t\t\t\t\t\t\t\t\t<h4>Fundamentos b\u00e1sicos de la poda:<\/h4><ul><li>Generar equilibrio entre la parte productiva y vegetativa de la planta de manera de obtener fruta de calidad bajo un \u00f3ptimo productivo. La planta s\u00f3lo est\u00e1 en condiciones de madurar una cantidad determinada de fruta de buena calidad.<\/li><\/ul><ul><li>Estimular el renuevo de estructuras de forma armoniosa con el objetivo deprolongar la vida \u00fatil de la planta. El cargador que proporcion\u00f3 fruta en la temporada se vuelve improductivo para la pr\u00f3xima.<\/li><\/ul>\t\t\t\t\t\t\t\t<\/div>\n\t\t\t\t<\/div>\n\t\t\t\t\t<\/div>\n\t\t\t\t<\/div>\n\t\t<div class=\"elementor-element elementor-element-4b5dec3 e-flex e-con-boxed e-con e-parent\" data-id=\"4b5dec3\" data-element_type=\"container\" data-e-type=\"container\" data-settings=\"{&quot;tmea_shape_divider_top&quot;:&quot;none&quot;,&quot;tmea_shape_divider_bottom&quot;:&quot;none&quot;}\">\n\t\t\t\t\t<div class=\"e-con-inner\">\n\t\t\t\t<div class=\"elementor-element elementor-element-8ab502a elementor-widget elementor-widget-heading\" data-id=\"8ab502a\" data-element_type=\"widget\" data-e-type=\"widget\" data-widget_type=\"heading.default\">\n\t\t\t\t<div class=\"elementor-widget-container\">\n\t\t\t\t\t<h2 class=\"elementor-heading-title elementor-size-default\">\u00bfPOR QU\u00c9 SE PODA LA VI\u00d1A?<\/h2>\t\t\t\t<\/div>\n\t\t\t\t<\/div>\n\t\t\t\t\t<\/div>\n\t\t\t\t<\/div>\n\t\t<div class=\"elementor-element elementor-element-1581701 e-flex e-con-boxed e-con e-parent\" data-id=\"1581701\" data-element_type=\"container\" data-e-type=\"container\" data-settings=\"{&quot;tmea_shape_divider_top&quot;:&quot;none&quot;,&quot;tmea_shape_divider_bottom&quot;:&quot;none&quot;}\">\n\t\t\t\t\t<div class=\"e-con-inner\">\n\t\t<div class=\"elementor-element elementor-element-3878e74 e-con-full e-flex e-con e-child\" data-id=\"3878e74\" data-element_type=\"container\" data-e-type=\"container\" data-settings=\"{&quot;tmea_shape_divider_top&quot;:&quot;none&quot;,&quot;tmea_shape_divider_bottom&quot;:&quot;none&quot;}\">\n\t\t\t\t<div class=\"elementor-element elementor-element-0039534 elementor-widget elementor-widget-image\" data-id=\"0039534\" data-element_type=\"widget\" data-e-type=\"widget\" data-widget_type=\"image.default\">\n\t\t\t\t<div class=\"elementor-widget-container\">\n\t\t\t\t\t\t\t\t\t\t\t\t\t\t\t<img decoding=\"async\" width=\"1024\" height=\"683\" src=\"https:\/\/mportezuelo.cl\/Inicio\/wp-content\/uploads\/2024\/06\/IMG_7780-1024x683.jpg\" class=\"attachment-large size-large wp-image-5784\" alt=\"\" srcset=\"https:\/\/mportezuelo.cl\/Inicio\/wp-content\/uploads\/2024\/06\/IMG_7780-1024x683.jpg 1024w, https:\/\/mportezuelo.cl\/Inicio\/wp-content\/uploads\/2024\/06\/IMG_7780-300x200.jpg 300w, https:\/\/mportezuelo.cl\/Inicio\/wp-content\/uploads\/2024\/06\/IMG_7780-768x512.jpg 768w, https:\/\/mportezuelo.cl\/Inicio\/wp-content\/uploads\/2024\/06\/IMG_7780-1536x1024.jpg 1536w, https:\/\/mportezuelo.cl\/Inicio\/wp-content\/uploads\/2024\/06\/IMG_7780-2048x1365.jpg 2048w\" sizes=\"(max-width: 1024px) 100vw, 1024px\" \/>\t\t\t\t\t\t\t\t\t\t\t\t\t\t\t<\/div>\n\t\t\t\t<\/div>\n\t\t\t\t<\/div>\n\t\t<div class=\"elementor-element elementor-element-4dc87ec e-con-full e-flex e-con e-child\" data-id=\"4dc87ec\" data-element_type=\"container\" data-e-type=\"container\" data-settings=\"{&quot;tmea_shape_divider_top&quot;:&quot;none&quot;,&quot;tmea_shape_divider_bottom&quot;:&quot;none&quot;}\">\n\t\t\t\t<div class=\"elementor-element elementor-element-dffee3c elementor-widget elementor-widget-text-editor\" data-id=\"dffee3c\" data-element_type=\"widget\" data-e-type=\"widget\" data-widget_type=\"text-editor.default\">\n\t\t\t\t<div class=\"elementor-widget-container\">\n\t\t\t\t\t\t\t\t\t<p>Es un proceso Elemental porque a la vi\u00f1a, como tantas plantas no le preocupa hacer uvas dulces y sabrosas para nosotros. S\u00f3lo le preocupa la cantidad, y eso es, mucha vegetaci\u00f3n y muchos racimos. Sin tener en cuenta si madurar\u00e1n o no.<\/p><p>Si se la deja sola, sin atender, la vid crecer\u00e1 y crecer\u00e1. Sin control y sin sentido. Su prop\u00f3sito es producir tantas ramas, tantas hojas y tantos frutos como pueda. Claro que cabe pensar: \u00bfQu\u00e9 hay de malo en eso? Pues que la vi\u00f1a no le importa si las uvas son maduras o verdes. Pero a nosotros s\u00ed. Los rendimientos altos significan cosechas desiguales, sin suficiente madurez. Uvas gruesas sin az\u00facar, sin aromas, sin color, sin cuerpo. Todo lo contrario, a lo que necesitamos para hacer un buen vino.<\/p><p>\u00a0<\/p>\t\t\t\t\t\t\t\t<\/div>\n\t\t\t\t<\/div>\n\t\t\t\t<\/div>\n\t\t\t\t\t<\/div>\n\t\t\t\t<\/div>\n\t\t<div class=\"elementor-element elementor-element-8b21063 e-flex e-con-boxed e-con e-parent\" data-id=\"8b21063\" data-element_type=\"container\" data-e-type=\"container\" data-settings=\"{&quot;tmea_shape_divider_top&quot;:&quot;none&quot;,&quot;tmea_shape_divider_bottom&quot;:&quot;none&quot;}\">\n\t\t\t\t\t<div class=\"e-con-inner\">\n\t\t\t\t<div class=\"elementor-element elementor-element-fc9762f elementor-widget elementor-widget-heading\" data-id=\"fc9762f\" data-element_type=\"widget\" data-e-type=\"widget\" data-widget_type=\"heading.default\">\n\t\t\t\t<div class=\"elementor-widget-container\">\n\t\t\t\t\t<h2 class=\"elementor-heading-title elementor-size-default\">\u00bfCU\u00c1NDO SE PODA LA VI\u00d1A?<\/h2>\t\t\t\t<\/div>\n\t\t\t\t<\/div>\n\t\t\t\t\t<\/div>\n\t\t\t\t<\/div>\n\t\t<div class=\"elementor-element elementor-element-1f86243 e-flex e-con-boxed e-con e-parent\" data-id=\"1f86243\" data-element_type=\"container\" data-e-type=\"container\" data-settings=\"{&quot;tmea_shape_divider_top&quot;:&quot;none&quot;,&quot;tmea_shape_divider_bottom&quot;:&quot;none&quot;}\">\n\t\t\t\t\t<div class=\"e-con-inner\">\n\t\t<div class=\"elementor-element elementor-element-2ad2ed9 e-con-full e-flex e-con e-child\" data-id=\"2ad2ed9\" data-element_type=\"container\" data-e-type=\"container\" data-settings=\"{&quot;tmea_shape_divider_top&quot;:&quot;none&quot;,&quot;tmea_shape_divider_bottom&quot;:&quot;none&quot;}\">\n\t\t\t\t<div class=\"elementor-element elementor-element-72bca36 elementor-widget elementor-widget-text-editor\" data-id=\"72bca36\" data-element_type=\"widget\" data-e-type=\"widget\" data-widget_type=\"text-editor.default\">\n\t\t\t\t<div class=\"elementor-widget-container\">\n\t\t\t\t\t\t\t\t\t<p>\u00a0Las cuadrillas de podadores trabajan mientras la vi\u00f1a descansa. La poda debe hacerse ahora, en invierno. Es ahora cuando los sarmientos, las ramas del a\u00f1o anterior, est\u00e1n ya secas, las hojas se han ca\u00eddo. La vi\u00f1a est\u00e1 en reposo. La savia no se mueve y por eso, aunque se hagan heridas en las plantas, esta no sufre.<\/p><p>Es importante no hacerla demasiado pronto, es decir, durante el agostamiento. O la planta no estar\u00e1 en completo reposo y podemos da\u00f1arla con los cortes. Tambi\u00e9n, puede ocurrir que sea tan pronto que los nutrientes de las hojas y de las ramas no se hayan trasladado al tronco de la vid para ayudarla a pasar el invierno. As\u00ed que dejamos a la vid sin parte de los aportes nutricionales que le ayudar\u00edan a pasar el invierno.<\/p>\t\t\t\t\t\t\t\t<\/div>\n\t\t\t\t<\/div>\n\t\t\t\t<\/div>\n\t\t<div class=\"elementor-element elementor-element-f8c0319 e-con-full e-flex e-con e-child\" data-id=\"f8c0319\" data-element_type=\"container\" data-e-type=\"container\" data-settings=\"{&quot;tmea_shape_divider_top&quot;:&quot;none&quot;,&quot;tmea_shape_divider_bottom&quot;:&quot;none&quot;}\">\n\t\t\t\t<div class=\"elementor-element elementor-element-01c0799 elementor-widget elementor-widget-image\" data-id=\"01c0799\" data-element_type=\"widget\" data-e-type=\"widget\" data-widget_type=\"image.default\">\n\t\t\t\t<div class=\"elementor-widget-container\">\n\t\t\t\t\t\t\t\t\t\t\t\t\t\t\t<img loading=\"lazy\" decoding=\"async\" width=\"800\" height=\"570\" src=\"https:\/\/mportezuelo.cl\/Inicio\/wp-content\/uploads\/2024\/05\/Pipeno-27-x-800.jpg\" class=\"attachment-large size-large wp-image-2790\" alt=\"\" srcset=\"https:\/\/mportezuelo.cl\/Inicio\/wp-content\/uploads\/2024\/05\/Pipeno-27-x-800.jpg 800w, https:\/\/mportezuelo.cl\/Inicio\/wp-content\/uploads\/2024\/05\/Pipeno-27-x-800-300x214.jpg 300w, https:\/\/mportezuelo.cl\/Inicio\/wp-content\/uploads\/2024\/05\/Pipeno-27-x-800-768x547.jpg 768w\" sizes=\"(max-width: 800px) 100vw, 800px\" \/>\t\t\t\t\t\t\t\t\t\t\t\t\t\t\t<\/div>\n\t\t\t\t<\/div>\n\t\t\t\t<\/div>\n\t\t\t\t\t<\/div>\n\t\t\t\t<\/div>\n\t\t<div class=\"elementor-element elementor-element-593a510 e-flex e-con-boxed e-con e-parent\" data-id=\"593a510\" data-element_type=\"container\" data-e-type=\"container\" data-settings=\"{&quot;tmea_shape_divider_top&quot;:&quot;none&quot;,&quot;tmea_shape_divider_bottom&quot;:&quot;none&quot;}\">\n\t\t\t\t\t<div class=\"e-con-inner\">\n\t\t\t\t<div class=\"elementor-element elementor-element-7eca607 elementor-widget elementor-widget-text-editor\" data-id=\"7eca607\" data-element_type=\"widget\" data-e-type=\"widget\" data-widget_type=\"text-editor.default\">\n\t\t\t\t<div class=\"elementor-widget-container\">\n\t\t\t\t\t\t\t\t\t<p>Pero tampoco es conveniente hacerla demasiado tarde, cuando la planta comienza a salir de su reposo. Cuando la savia haya comenzado a moverse y cuando la planta se est\u00e1 ya despertando. En ese caso, la planta puede sufrir m\u00e1s las heridas y la costar\u00e1 recuperarse y brotar con normalidad.<\/p><h4>\u00a0<\/h4>\t\t\t\t\t\t\t\t<\/div>\n\t\t\t\t<\/div>\n\t\t\t\t\t<\/div>\n\t\t\t\t<\/div>\n\t\t<div class=\"elementor-element elementor-element-835c5b8 e-flex e-con-boxed e-con e-parent\" data-id=\"835c5b8\" data-element_type=\"container\" data-e-type=\"container\" data-settings=\"{&quot;tmea_shape_divider_top&quot;:&quot;none&quot;,&quot;tmea_shape_divider_bottom&quot;:&quot;none&quot;}\">\n\t\t\t\t\t<div class=\"e-con-inner\">\n\t\t\t\t<div class=\"elementor-element elementor-element-8e31df7 elementor-widget elementor-widget-text-editor\" data-id=\"8e31df7\" data-element_type=\"widget\" data-e-type=\"widget\" data-widget_type=\"text-editor.default\">\n\t\t\t\t<div class=\"elementor-widget-container\">\n\t\t\t\t\t\t\t\t\t<h3><strong><span style=\"color: #0000ff;\"><a style=\"color: #0000ff;\" href=\"https:\/\/www.plataformaextension.cl\/archivos\/2020\/06\/4-FICHA-TECNICA_Poda-Invernal-en-vi%C3%B1as-1-1.pdf\">Ficha T\u00e9cnica<\/a><\/span><\/strong><\/h3>\t\t\t\t\t\t\t\t<\/div>\n\t\t\t\t<\/div>\n\t\t\t\t\t<\/div>\n\t\t\t\t<\/div>\n\t\t<div class=\"elementor-element elementor-element-97c8bb8 e-flex e-con-boxed e-con e-parent\" data-id=\"97c8bb8\" data-element_type=\"container\" data-e-type=\"container\" data-settings=\"{&quot;tmea_shape_divider_top&quot;:&quot;none&quot;,&quot;tmea_shape_divider_bottom&quot;:&quot;none&quot;}\">\n\t\t\t\t\t<div class=\"e-con-inner\">\n\t\t\t\t<div class=\"elementor-element elementor-element-382a8c8 elementor-widget elementor-widget-text-editor\" data-id=\"382a8c8\" data-element_type=\"widget\" data-e-type=\"widget\" data-widget_type=\"text-editor.default\">\n\t\t\t\t<div class=\"elementor-widget-container\">\n\t\t\t\t\t\t\t\t\t<h3><strong><span style=\"color: #0000ff;\"><a style=\"color: #0000ff;\" href=\"https:\/\/mportezuelo.cl\/Inicio\/NR30624-22.pdf\">PDF INIA<\/a><\/span><\/strong><\/h3>\t\t\t\t\t\t\t\t<\/div>\n\t\t\t\t<\/div>\n\t\t\t\t\t<\/div>\n\t\t\t\t<\/div>\n\t\t\t\t<\/div>\n\t\t","protected":false},"excerpt":{"rendered":"<p>La poda de la vid es una pr\u00e1ctica ancestral que el paso del tiempo ha convertido en tan importante como necesaria para una correcta gesti\u00f3n del vi\u00f1edo. T\u00e9cnicamente consiste en suprimir las ramificaciones de la cepa (sarmientos, p\u00e1mpanos, hojas), de forma que la planta quede renovada y preparada durante la parada vegetativa que impone el [&hellip;]<\/p>\n","protected":false},"author":1,"featured_media":0,"parent":0,"menu_order":0,"comment_status":"closed","ping_status":"closed","template":"","meta":{"_monsterinsights_skip_tracking":false,"_monsterinsights_sitenote_active":false,"_monsterinsights_sitenote_note":"","_monsterinsights_sitenote_category":0,"iawp_total_views":160,"footnotes":""},"class_list":["post-5769","page","type-page","status-publish","hentry"],"aioseo_notices":[],"_links":{"self":[{"href":"https:\/\/mportezuelo.cl\/Inicio\/wp-json\/wp\/v2\/pages\/5769","targetHints":{"allow":["GET"]}}],"collection":[{"href":"https:\/\/mportezuelo.cl\/Inicio\/wp-json\/wp\/v2\/pages"}],"about":[{"href":"https:\/\/mportezuelo.cl\/Inicio\/wp-json\/wp\/v2\/types\/page"}],"author":[{"embeddable":true,"href":"https:\/\/mportezuelo.cl\/Inicio\/wp-json\/wp\/v2\/users\/1"}],"replies":[{"embeddable":true,"href":"https:\/\/mportezuelo.cl\/Inicio\/wp-json\/wp\/v2\/comments?post=5769"}],"version-history":[{"count":61,"href":"https:\/\/mportezuelo.cl\/Inicio\/wp-json\/wp\/v2\/pages\/5769\/revisions"}],"predecessor-version":[{"id":5840,"href":"https:\/\/mportezuelo.cl\/Inicio\/wp-json\/wp\/v2\/pages\/5769\/revisions\/5840"}],"wp:attachment":[{"href":"https:\/\/mportezuelo.cl\/Inicio\/wp-json\/wp\/v2\/media?parent=5769"}],"curies":[{"name":"wp","href":"https:\/\/api.w.org\/{rel}","templated":true}]}}