{"id":4993,"date":"2024-06-07T18:17:07","date_gmt":"2024-06-07T21:17:07","guid":{"rendered":"https:\/\/mportezuelo.cl\/Inicio\/?page_id=4993"},"modified":"2025-07-11T10:04:01","modified_gmt":"2025-07-11T13:04:01","slug":"directorios-de-organizaciones-comunitarias","status":"publish","type":"page","link":"https:\/\/mportezuelo.cl\/Inicio\/directorios-de-organizaciones-comunitarias\/","title":{"rendered":"Directorios de Organizaciones Comunitarias"},"content":{"rendered":"\t\t<div data-elementor-type=\"wp-page\" data-elementor-id=\"4993\" class=\"elementor elementor-4993\" data-elementor-post-type=\"page\">\n\t\t\t\t<div class=\"elementor-element elementor-element-8b0185f e-flex e-con-boxed e-con e-parent\" data-id=\"8b0185f\" data-element_type=\"container\" data-e-type=\"container\" data-settings=\"{&quot;tmea_shape_divider_top&quot;:&quot;none&quot;,&quot;tmea_shape_divider_bottom&quot;:&quot;none&quot;}\">\n\t\t\t\t\t<div class=\"e-con-inner\">\n\t\t\t\t<div class=\"elementor-element elementor-element-fbe435d elementor-widget elementor-widget-heading\" data-id=\"fbe435d\" data-element_type=\"widget\" data-e-type=\"widget\" data-widget_type=\"heading.default\">\n\t\t\t\t<div class=\"elementor-widget-container\">\n\t\t\t\t\t<h2 class=\"elementor-heading-title elementor-size-default\"><a href=\"https:\/\/municipalidaddeportezuelo.cl\/organizaciones\/\">Busqueda avanzada de Directorios de organizaciones Comunitarias. <\/a><\/h2>\t\t\t\t<\/div>\n\t\t\t\t<\/div>\n\t\t\t\t\t<\/div>\n\t\t\t\t<\/div>\n\t\t<div class=\"elementor-element elementor-element-5c3f67b e-flex e-con-boxed e-con e-parent\" data-id=\"5c3f67b\" data-element_type=\"container\" data-e-type=\"container\" data-settings=\"{&quot;tmea_shape_divider_top&quot;:&quot;none&quot;,&quot;tmea_shape_divider_bottom&quot;:&quot;none&quot;}\">\n\t\t\t\t\t<div class=\"e-con-inner\">\n\t\t\t\t<div class=\"elementor-element elementor-element-04f3db7 elementor-widget elementor-widget-heading\" data-id=\"04f3db7\" data-element_type=\"widget\" data-e-type=\"widget\" data-widget_type=\"heading.default\">\n\t\t\t\t<div class=\"elementor-widget-container\">\n\t\t\t\t\t<h3 class=\"elementor-heading-title elementor-size-default\">Buscar por nombres y generador de reportes<\/h3>\t\t\t\t<\/div>\n\t\t\t\t<\/div>\n\t\t\t\t\t<\/div>\n\t\t\t\t<\/div>\n\t\t<div class=\"elementor-element elementor-element-c8d946a e-flex e-con-boxed e-con e-parent\" data-id=\"c8d946a\" data-element_type=\"container\" data-e-type=\"container\" data-settings=\"{&quot;tmea_shape_divider_top&quot;:&quot;none&quot;,&quot;tmea_shape_divider_bottom&quot;:&quot;none&quot;}\">\n\t\t\t\t\t<div class=\"e-con-inner\">\n\t\t\t\t<div class=\"elementor-element elementor-element-5b41dec elementor-widget elementor-widget-button\" data-id=\"5b41dec\" data-element_type=\"widget\" data-e-type=\"widget\" data-widget_type=\"button.default\">\n\t\t\t\t<div class=\"elementor-widget-container\">\n\t\t\t\t\t\t\t\t\t<div class=\"elementor-button-wrapper\">\n\t\t\t\t\t<a class=\"elementor-button elementor-button-link elementor-size-sm\" href=\"https:\/\/mportezuelo.cl\/doc\/\">\n\t\t\t\t\t\t<span class=\"elementor-button-content-wrapper\">\n\t\t\t\t\t\t<span class=\"elementor-button-icon\">\n\t\t\t\t<svg aria-hidden=\"true\" class=\"e-font-icon-svg e-far-file\" viewBox=\"0 0 384 512\" xmlns=\"http:\/\/www.w3.org\/2000\/svg\"><path d=\"M369.9 97.9L286 14C277 5 264.8-.1 252.1-.1H48C21.5 0 0 21.5 0 48v416c0 26.5 21.5 48 48 48h288c26.5 0 48-21.5 48-48V131.9c0-12.7-5.1-25-14.1-34zM332.1 128H256V51.9l76.1 76.1zM48 464V48h160v104c0 13.3 10.7 24 24 24h104v288H48z\"><\/path><\/svg>\t\t\t<\/span>\n\t\t\t\t\t\t\t\t\t<span class=\"elementor-button-text\">Buscar Directorio <\/span>\n\t\t\t\t\t<\/span>\n\t\t\t\t\t<\/a>\n\t\t\t\t<\/div>\n\t\t\t\t\t\t\t\t<\/div>\n\t\t\t\t<\/div>\n\t\t\t\t\t<\/div>\n\t\t\t\t<\/div>\n\t\t<div class=\"elementor-element elementor-element-f39ed02 e-flex e-con-boxed e-con e-parent\" data-id=\"f39ed02\" data-element_type=\"container\" data-e-type=\"container\" data-settings=\"{&quot;tmea_shape_divider_top&quot;:&quot;none&quot;,&quot;tmea_shape_divider_bottom&quot;:&quot;none&quot;}\">\n\t\t\t\t\t<div class=\"e-con-inner\">\n\t\t\t\t<div class=\"elementor-element elementor-element-409da18 elementor-widget elementor-widget-spacer\" data-id=\"409da18\" data-element_type=\"widget\" data-e-type=\"widget\" data-widget_type=\"spacer.default\">\n\t\t\t\t<div class=\"elementor-widget-container\">\n\t\t\t\t\t\t\t<div class=\"elementor-spacer\">\n\t\t\t<div class=\"elementor-spacer-inner\"><\/div>\n\t\t<\/div>\n\t\t\t\t\t\t<\/div>\n\t\t\t\t<\/div>\n\t\t\t\t\t<\/div>\n\t\t\t\t<\/div>\n\t\t<div class=\"elementor-element elementor-element-14c9cbc e-flex e-con-boxed e-con e-parent\" data-id=\"14c9cbc\" data-element_type=\"container\" data-e-type=\"container\" data-settings=\"{&quot;tmea_shape_divider_top&quot;:&quot;none&quot;,&quot;tmea_shape_divider_bottom&quot;:&quot;none&quot;}\">\n\t\t\t\t\t<div class=\"e-con-inner\">\n\t\t\t\t<div class=\"elementor-element elementor-element-71bbf7e elementor-widget elementor-widget-heading\" data-id=\"71bbf7e\" data-element_type=\"widget\" data-e-type=\"widget\" data-widget_type=\"heading.default\">\n\t\t\t\t<div class=\"elementor-widget-container\">\n\t\t\t\t\t<h2 class=\"elementor-heading-title elementor-size-default\">Organizaciones Comunitarias Territoriales y funcionales<\/h2>\t\t\t\t<\/div>\n\t\t\t\t<\/div>\n\t\t\t\t\t<\/div>\n\t\t\t\t<\/div>\n\t\t<div class=\"elementor-element elementor-element-3e7238f e-flex e-con-boxed e-con e-parent\" data-id=\"3e7238f\" data-element_type=\"container\" data-e-type=\"container\" data-settings=\"{&quot;tmea_shape_divider_top&quot;:&quot;none&quot;,&quot;tmea_shape_divider_bottom&quot;:&quot;none&quot;}\">\n\t\t\t\t\t<div class=\"e-con-inner\">\n\t\t\n\t\t<div class=\"elementor-element elementor-element-06dc261 elementor-widget elementor-widget-text-editor\" data-id=\"06dc261\" data-element_type=\"widget\" data-e-type=\"widget\" data-widget_type=\"text-editor.default\">\n\t\t\t\t<div class=\"elementor-widget-container\">\n\t\t\t\t\t\t\t\t\t<p><span style=\"color: #000000;\">Las Organizaciones Comunitarias tienen por finalidad solucionar problemas comunes y como objetivo general ser capaces de dinamizar y crear nuevas formas de estrategias de participaci\u00f3n que permitan a la comunidad organizada ser un actor protagonista en el mejoramiento de la calidad de vida al interior de cada sector y de la comuna, de acuerdo a sus propios intereses y necesidades.<\/span><\/p><p><span style=\"color: #000000;\">La labor del municipio, a trav\u00e9s de la encargada de Organizaciones Comunitarias es asesorar a las organizaciones de la comuna, en todas aquellas materias que permitan facilitar su constituci\u00f3n y funcionamiento y la plena aplicaci\u00f3n de Ley N\u00ba 19.418 de 1995 Sobre Juntas de Vecinos y dem\u00e1s organizaciones comunitarias. Como asimismo incentivar la legalizaci\u00f3n de las organizaciones que carecen de personer\u00eda jur\u00eddica.<\/span><\/p><p><span style=\"color: #000000;\">El Registro P\u00fablico de Organizaciones Comunitarias tanto territoriales como <\/span><span style=\"color: #000000;\">funcionales a que se refiere el Art. 6\u00ba de la Ley N\u00ba 19.418 de 1995, se encuentra <\/span><span style=\"color: #000000;\">actualizado referente a la constituci\u00f3n, modificaciones estatutarias y la Disoluci\u00f3n de las mismas, manifestando las observaciones correspondientes en cada Registro.<\/span><\/p>\t\t\t\t\t\t\t\t<\/div>\n\t\t\t\t<\/div>\n\t\t\t\t\t<\/div>\n\t\t\t\t<\/div>\n\t\t<div class=\"elementor-element elementor-element-1d44dc5 e-flex e-con-boxed e-con e-parent\" data-id=\"1d44dc5\" data-element_type=\"container\" data-e-type=\"container\" data-settings=\"{&quot;tmea_shape_divider_top&quot;:&quot;none&quot;,&quot;tmea_shape_divider_bottom&quot;:&quot;none&quot;}\">\n\t\t\t\t\t<div class=\"e-con-inner\">\n\t\t\t\t<div class=\"elementor-element elementor-element-b917f00 elementor-widget elementor-widget-heading\" data-id=\"b917f00\" data-element_type=\"widget\" data-e-type=\"widget\" data-widget_type=\"heading.default\">\n\t\t\t\t<div class=\"elementor-widget-container\">\n\t\t\t\t\t<h2 class=\"elementor-heading-title elementor-size-default\">I.- TIPOS DE ORGANIZACIONES COMUNITARIAS<\/h2>\t\t\t\t<\/div>\n\t\t\t\t<\/div>\n\t\t\t\t\t<\/div>\n\t\t\t\t<\/div>\n\t\t<div class=\"elementor-element elementor-element-cf7c6ba e-flex e-con-boxed e-con e-parent\" data-id=\"cf7c6ba\" data-element_type=\"container\" data-e-type=\"container\" data-settings=\"{&quot;tmea_shape_divider_top&quot;:&quot;none&quot;,&quot;tmea_shape_divider_bottom&quot;:&quot;none&quot;}\">\n\t\t\t\t\t<div class=\"e-con-inner\">\n\t\t\t\t<div class=\"elementor-element elementor-element-3efd304 elementor-widget elementor-widget-heading\" data-id=\"3efd304\" data-element_type=\"widget\" data-e-type=\"widget\" data-widget_type=\"heading.default\">\n\t\t\t\t<div class=\"elementor-widget-container\">\n\t\t\t\t\t<h2 class=\"elementor-heading-title elementor-size-default\">1.- JUNTAS DE VECINOS:<\/h2>\t\t\t\t<\/div>\n\t\t\t\t<\/div>\n\t\t\t\t\t<\/div>\n\t\t\t\t<\/div>\n\t\t<div class=\"elementor-element elementor-element-93f4031 e-flex e-con-boxed e-con e-parent\" data-id=\"93f4031\" data-element_type=\"container\" data-e-type=\"container\" data-settings=\"{&quot;tmea_shape_divider_top&quot;:&quot;none&quot;,&quot;tmea_shape_divider_bottom&quot;:&quot;none&quot;}\">\n\t\t\t\t\t<div class=\"e-con-inner\">\n\t\t\t\t<div class=\"elementor-element elementor-element-611d0a0 elementor-widget elementor-widget-text-editor\" data-id=\"611d0a0\" data-element_type=\"widget\" data-e-type=\"widget\" data-widget_type=\"text-editor.default\">\n\t\t\t\t<div class=\"elementor-widget-container\">\n\t\t\t\t\t\t\t\t\t<p>Son Organizaciones Comunitarias de car\u00e1cter Territorial representativas de las personas que residen en una misma unidad vecinal y cuyo objeto es promover el desarrollo de la comunidad, defender los intereses y velar por los derechos de los vecinos y colaborar con las autoridades del estado y de las Municipalidades.<\/p>\t\t\t\t\t\t\t\t<\/div>\n\t\t\t\t<\/div>\n\t\t\t\t\t<\/div>\n\t\t\t\t<\/div>\n\t\t<div class=\"elementor-element elementor-element-607c11a e-flex e-con-boxed e-con e-parent\" data-id=\"607c11a\" data-element_type=\"container\" data-e-type=\"container\" data-settings=\"{&quot;tmea_shape_divider_top&quot;:&quot;none&quot;,&quot;tmea_shape_divider_bottom&quot;:&quot;none&quot;}\">\n\t\t\t\t\t<div class=\"e-con-inner\">\n\t\t\t\t<div class=\"elementor-element elementor-element-87582a0 elementor-widget elementor-widget-heading\" data-id=\"87582a0\" data-element_type=\"widget\" data-e-type=\"widget\" data-widget_type=\"heading.default\">\n\t\t\t\t<div class=\"elementor-widget-container\">\n\t\t\t\t\t<h2 class=\"elementor-heading-title elementor-size-default\">1.1. UNIDAD VECINAL:<\/h2>\t\t\t\t<\/div>\n\t\t\t\t<\/div>\n\t\t\t\t\t<\/div>\n\t\t\t\t<\/div>\n\t\t<div class=\"elementor-element elementor-element-90c8a1d e-flex e-con-boxed e-con e-parent\" data-id=\"90c8a1d\" data-element_type=\"container\" data-e-type=\"container\" data-settings=\"{&quot;tmea_shape_divider_top&quot;:&quot;none&quot;,&quot;tmea_shape_divider_bottom&quot;:&quot;none&quot;}\">\n\t\t\t\t\t<div class=\"e-con-inner\">\n\t\t\t\t<div class=\"elementor-element elementor-element-3a8b5e8 elementor-widget elementor-widget-text-editor\" data-id=\"3a8b5e8\" data-element_type=\"widget\" data-e-type=\"widget\" data-widget_type=\"text-editor.default\">\n\t\t\t\t<div class=\"elementor-widget-container\">\n\t\t\t\t\t\t\t\t\t<p>Es el territorio determinado en conformidad con la Ley N\u00ba 19.418, en que se subdivide la comuna para efectos de descentralizar asuntos comunales y promover la participaci\u00f3n ciudadana y la gesti\u00f3n comunitaria, y en el cual se constituyen y desarrollan sus funciones las juntas de Vecinos.<\/p>\t\t\t\t\t\t\t\t<\/div>\n\t\t\t\t<\/div>\n\t\t\t\t\t<\/div>\n\t\t\t\t<\/div>\n\t\t<div class=\"elementor-element elementor-element-0c438fd e-flex e-con-boxed e-con e-parent\" data-id=\"0c438fd\" data-element_type=\"container\" data-e-type=\"container\" data-settings=\"{&quot;tmea_shape_divider_top&quot;:&quot;none&quot;,&quot;tmea_shape_divider_bottom&quot;:&quot;none&quot;}\">\n\t\t\t\t\t<div class=\"e-con-inner\">\n\t\t\t\t<div class=\"elementor-element elementor-element-9f03fbc elementor-widget elementor-widget-heading\" data-id=\"9f03fbc\" data-element_type=\"widget\" data-e-type=\"widget\" data-widget_type=\"heading.default\">\n\t\t\t\t<div class=\"elementor-widget-container\">\n\t\t\t\t\t<h2 class=\"elementor-heading-title elementor-size-default\">1.2. VECINO:<\/h2>\t\t\t\t<\/div>\n\t\t\t\t<\/div>\n\t\t\t\t\t<\/div>\n\t\t\t\t<\/div>\n\t\t<div class=\"elementor-element elementor-element-573cc62 e-flex e-con-boxed e-con e-parent\" data-id=\"573cc62\" data-element_type=\"container\" data-e-type=\"container\" data-settings=\"{&quot;tmea_shape_divider_top&quot;:&quot;none&quot;,&quot;tmea_shape_divider_bottom&quot;:&quot;none&quot;}\">\n\t\t\t\t\t<div class=\"e-con-inner\">\n\t\t\t\t<div class=\"elementor-element elementor-element-e78d7d0 elementor-widget elementor-widget-text-editor\" data-id=\"e78d7d0\" data-element_type=\"widget\" data-e-type=\"widget\" data-widget_type=\"text-editor.default\">\n\t\t\t\t<div class=\"elementor-widget-container\">\n\t\t\t\t\t\t\t\t\t<p>Son las personas naturales, que tengan residencia habitual en la unidad vecinal.<\/p>\t\t\t\t\t\t\t\t<\/div>\n\t\t\t\t<\/div>\n\t\t\t\t\t<\/div>\n\t\t\t\t<\/div>\n\t\t<div class=\"elementor-element elementor-element-48e09d1 e-flex e-con-boxed e-con e-parent\" data-id=\"48e09d1\" data-element_type=\"container\" data-e-type=\"container\" data-settings=\"{&quot;tmea_shape_divider_top&quot;:&quot;none&quot;,&quot;tmea_shape_divider_bottom&quot;:&quot;none&quot;}\">\n\t\t\t\t\t<div class=\"e-con-inner\">\n\t\t\t\t<div class=\"elementor-element elementor-element-984aab8 elementor-widget elementor-widget-heading\" data-id=\"984aab8\" data-element_type=\"widget\" data-e-type=\"widget\" data-widget_type=\"heading.default\">\n\t\t\t\t<div class=\"elementor-widget-container\">\n\t\t\t\t\t<h2 class=\"elementor-heading-title elementor-size-default\">2.- ORGANIZACIONES COMUNITARIAS FUNCIONALES:<\/h2>\t\t\t\t<\/div>\n\t\t\t\t<\/div>\n\t\t\t\t\t<\/div>\n\t\t\t\t<\/div>\n\t\t<div class=\"elementor-element elementor-element-5b56070 e-flex e-con-boxed e-con e-parent\" data-id=\"5b56070\" data-element_type=\"container\" data-e-type=\"container\" data-settings=\"{&quot;tmea_shape_divider_top&quot;:&quot;none&quot;,&quot;tmea_shape_divider_bottom&quot;:&quot;none&quot;}\">\n\t\t\t\t\t<div class=\"e-con-inner\">\n\t\t\t\t<div class=\"elementor-element elementor-element-fc24e8f elementor-widget elementor-widget-text-editor\" data-id=\"fc24e8f\" data-element_type=\"widget\" data-e-type=\"widget\" data-widget_type=\"text-editor.default\">\n\t\t\t\t<div class=\"elementor-widget-container\">\n\t\t\t\t\t\t\t\t\t<p>Son aquellas con personalidad jur\u00eddica y sin fines de lucro, que tengan por objeto representar y promover valores e intereses espec\u00edficos de la comunidad dentro del territorio de la comuna o agrupaci\u00f3n de comunas respectivas.<\/p>\t\t\t\t\t\t\t\t<\/div>\n\t\t\t\t<\/div>\n\t\t\t\t\t<\/div>\n\t\t\t\t<\/div>\n\t\t<div class=\"elementor-element elementor-element-c5f3d3b e-flex e-con-boxed e-con e-parent\" data-id=\"c5f3d3b\" data-element_type=\"container\" data-e-type=\"container\" data-settings=\"{&quot;tmea_shape_divider_top&quot;:&quot;none&quot;,&quot;tmea_shape_divider_bottom&quot;:&quot;none&quot;}\">\n\t\t\t\t\t<div class=\"e-con-inner\">\n\t\t\t\t<div class=\"elementor-element elementor-element-55dd07c elementor-widget elementor-widget-heading\" data-id=\"55dd07c\" data-element_type=\"widget\" data-e-type=\"widget\" data-widget_type=\"heading.default\">\n\t\t\t\t<div class=\"elementor-widget-container\">\n\t\t\t\t\t<h2 class=\"elementor-heading-title elementor-size-default\">3.- UNIONES COMUNALES:<\/h2>\t\t\t\t<\/div>\n\t\t\t\t<\/div>\n\t\t\t\t\t<\/div>\n\t\t\t\t<\/div>\n\t\t<div class=\"elementor-element elementor-element-1b534d9 e-flex e-con-boxed e-con e-parent\" data-id=\"1b534d9\" data-element_type=\"container\" data-e-type=\"container\" data-settings=\"{&quot;tmea_shape_divider_top&quot;:&quot;none&quot;,&quot;tmea_shape_divider_bottom&quot;:&quot;none&quot;}\">\n\t\t\t\t\t<div class=\"e-con-inner\">\n\t\t\t\t<div class=\"elementor-element elementor-element-dc92510 elementor-widget elementor-widget-text-editor\" data-id=\"dc92510\" data-element_type=\"widget\" data-e-type=\"widget\" data-widget_type=\"text-editor.default\">\n\t\t\t\t<div class=\"elementor-widget-container\">\n\t\t\t\t\t\t\t\t\t<p>Son organizaciones cuyo \u00fanico objetivo es la integraci\u00f3n y el desarrollo de sus organizaciones afiliadas y la realizaci\u00f3n de actividades educativas y de capacitaci\u00f3n y cuando sean requeridas asumir\u00e1n la defensa de los intereses de sus afiliados en las esferas gubernamentales, legislativas y municipales.<\/p>\t\t\t\t\t\t\t\t<\/div>\n\t\t\t\t<\/div>\n\t\t\t\t\t<\/div>\n\t\t\t\t<\/div>\n\t\t<div class=\"elementor-element elementor-element-176b099 e-flex e-con-boxed e-con e-parent\" data-id=\"176b099\" data-element_type=\"container\" data-e-type=\"container\" data-settings=\"{&quot;tmea_shape_divider_top&quot;:&quot;none&quot;,&quot;tmea_shape_divider_bottom&quot;:&quot;none&quot;}\">\n\t\t\t\t\t<div class=\"e-con-inner\">\n\t\t\t\t<div class=\"elementor-element elementor-element-c8e874c elementor-widget elementor-widget-heading\" data-id=\"c8e874c\" data-element_type=\"widget\" data-e-type=\"widget\" data-widget_type=\"heading.default\">\n\t\t\t\t<div class=\"elementor-widget-container\">\n\t\t\t\t\t<h2 class=\"elementor-heading-title elementor-size-default\">II.- NORMAS QUE LA RIGEN<\/h2>\t\t\t\t<\/div>\n\t\t\t\t<\/div>\n\t\t\t\t\t<\/div>\n\t\t\t\t<\/div>\n\t\t<div class=\"elementor-element elementor-element-533ba2a e-flex e-con-boxed e-con e-parent\" data-id=\"533ba2a\" data-element_type=\"container\" data-e-type=\"container\" data-settings=\"{&quot;tmea_shape_divider_top&quot;:&quot;none&quot;,&quot;tmea_shape_divider_bottom&quot;:&quot;none&quot;}\">\n\t\t\t\t\t<div class=\"e-con-inner\">\n\t\t\t\t<div class=\"elementor-element elementor-element-ad75cab elementor-widget elementor-widget-text-editor\" data-id=\"ad75cab\" data-element_type=\"widget\" data-e-type=\"widget\" data-widget_type=\"text-editor.default\">\n\t\t\t\t<div class=\"elementor-widget-container\">\n\t\t\t\t\t\t\t\t\t<p>1.- Ley N\u00ba 19.418, cuyo texto refundido, coordinado y sistematizado fu fijado por el decreto Supremo N\u00ba 58 del 9 de Enero de 1997, del Ministerio del Interior, publicado en el diario Oficial de fecha 20 de Marzo de 1997.<\/p><p>2.- Estatutos propios de la organizaci\u00f3n.<\/p><p>3.- Estatutos Tipos (lo proporciona la Municipalidad)<\/p>\t\t\t\t\t\t\t\t<\/div>\n\t\t\t\t<\/div>\n\t\t\t\t\t<\/div>\n\t\t\t\t<\/div>\n\t\t<div class=\"elementor-element elementor-element-184c533 e-flex e-con-boxed e-con e-parent\" data-id=\"184c533\" data-element_type=\"container\" data-e-type=\"container\" data-settings=\"{&quot;tmea_shape_divider_top&quot;:&quot;none&quot;,&quot;tmea_shape_divider_bottom&quot;:&quot;none&quot;}\">\n\t\t\t\t\t<div class=\"e-con-inner\">\n\t\t\t\t<div class=\"elementor-element elementor-element-2017f73 elementor-widget elementor-widget-heading\" data-id=\"2017f73\" data-element_type=\"widget\" data-e-type=\"widget\" data-widget_type=\"heading.default\">\n\t\t\t\t<div class=\"elementor-widget-container\">\n\t\t\t\t\t<h2 class=\"elementor-heading-title elementor-size-default\">III.- CONSTITUCION DE UNA ORGANIZACI\u00d3N COMUNITARIA<\/h2>\t\t\t\t<\/div>\n\t\t\t\t<\/div>\n\t\t\t\t\t<\/div>\n\t\t\t\t<\/div>\n\t\t<div class=\"elementor-element elementor-element-f501ddc e-flex e-con-boxed e-con e-parent\" data-id=\"f501ddc\" data-element_type=\"container\" data-e-type=\"container\" data-settings=\"{&quot;tmea_shape_divider_top&quot;:&quot;none&quot;,&quot;tmea_shape_divider_bottom&quot;:&quot;none&quot;}\">\n\t\t\t\t\t<div class=\"e-con-inner\">\n\t\t\t\t<div class=\"elementor-element elementor-element-bcdc2de elementor-widget elementor-widget-text-editor\" data-id=\"bcdc2de\" data-element_type=\"widget\" data-e-type=\"widget\" data-widget_type=\"text-editor.default\">\n\t\t\t\t<div class=\"elementor-widget-container\">\n\t\t\t\t\t\t\t\t\t<p>1.- Debe ser acordada en asamblea por los interesados que cumplan los siguientes requisitos:<\/p><p>JUNTAS DE VECINOS ORGANIZACI\u00d3N COMUNITARIA FUNCIONAL<\/p><p>a) 18 a\u00f1os de edad<\/p><p>b) Residencia habitual en la unidad vecinal.<\/p><p>d) Domicilio en la comuna respectiva.<\/p>\t\t\t\t\t\t\t\t<\/div>\n\t\t\t\t<\/div>\n\t\t\t\t\t<\/div>\n\t\t\t\t<\/div>\n\t\t<div class=\"elementor-element elementor-element-11653c2 e-flex e-con-boxed e-con e-parent\" data-id=\"11653c2\" data-element_type=\"container\" data-e-type=\"container\" data-settings=\"{&quot;tmea_shape_divider_top&quot;:&quot;none&quot;,&quot;tmea_shape_divider_bottom&quot;:&quot;none&quot;}\">\n\t\t\t\t\t<div class=\"e-con-inner\">\n\t\t\t\t<div class=\"elementor-element elementor-element-c0da3b2 elementor-widget elementor-widget-heading\" data-id=\"c0da3b2\" data-element_type=\"widget\" data-e-type=\"widget\" data-widget_type=\"heading.default\">\n\t\t\t\t<div class=\"elementor-widget-container\">\n\t\t\t\t\t<h2 class=\"elementor-heading-title elementor-size-default\">IV.- NUMERO MINIMO DE PERSONAS PARA CONSTITUIR UNA ORGANIZACI\u00d3N COMUNITARIA<\/h2>\t\t\t\t<\/div>\n\t\t\t\t<\/div>\n\t\t\t\t\t<\/div>\n\t\t\t\t<\/div>\n\t\t<div class=\"elementor-element elementor-element-2833efb e-flex e-con-boxed e-con e-parent\" data-id=\"2833efb\" data-element_type=\"container\" data-e-type=\"container\" data-settings=\"{&quot;tmea_shape_divider_top&quot;:&quot;none&quot;,&quot;tmea_shape_divider_bottom&quot;:&quot;none&quot;}\">\n\t\t\t\t\t<div class=\"e-con-inner\">\n\t\t\t\t<div class=\"elementor-element elementor-element-19337d7 elementor-widget elementor-widget-text-editor\" data-id=\"19337d7\" data-element_type=\"widget\" data-e-type=\"widget\" data-widget_type=\"text-editor.default\">\n\t\t\t\t<div class=\"elementor-widget-container\">\n\t\t\t\t\t\t\t\t\t<p>a) Junta de Vecinos: 50 personas<\/p><p>La ley estipula en su Art. 40\u00ba que en las comunas de mas de diez mil y hasta<\/p><p>treinta mil habitantes deber\u00e1n participar 100 vecinos en la constituci\u00f3n.<\/p><p>b) Organizaci\u00f3n Comunitaria Funcional : 15 personas en el sector urbano<\/p><p>10 personas en el sector rural<\/p>\t\t\t\t\t\t\t\t<\/div>\n\t\t\t\t<\/div>\n\t\t\t\t\t<\/div>\n\t\t\t\t<\/div>\n\t\t<div class=\"elementor-element elementor-element-c8a5c49 e-flex e-con-boxed e-con e-parent\" data-id=\"c8a5c49\" data-element_type=\"container\" data-e-type=\"container\" data-settings=\"{&quot;tmea_shape_divider_top&quot;:&quot;none&quot;,&quot;tmea_shape_divider_bottom&quot;:&quot;none&quot;}\">\n\t\t\t\t\t<div class=\"e-con-inner\">\n\t\t\t\t<div class=\"elementor-element elementor-element-46311b9 elementor-widget elementor-widget-heading\" data-id=\"46311b9\" data-element_type=\"widget\" data-e-type=\"widget\" data-widget_type=\"heading.default\">\n\t\t\t\t<div class=\"elementor-widget-container\">\n\t\t\t\t\t<h2 class=\"elementor-heading-title elementor-size-default\">V.- LA ASAMBLEA CONSTITUTIVA SE DEBE CELEBRAR ANTE CUALQUIERA\nDE LOS SIGUIENTES FUNCIONARIOS, QUIENES ACTUARAN COMO\nMINISTRO DE FE:\n<\/h2>\t\t\t\t<\/div>\n\t\t\t\t<\/div>\n\t\t\t\t\t<\/div>\n\t\t\t\t<\/div>\n\t\t<div class=\"elementor-element elementor-element-bb885b3 e-flex e-con-boxed e-con e-parent\" data-id=\"bb885b3\" data-element_type=\"container\" data-e-type=\"container\" data-settings=\"{&quot;tmea_shape_divider_top&quot;:&quot;none&quot;,&quot;tmea_shape_divider_bottom&quot;:&quot;none&quot;}\">\n\t\t\t\t\t<div class=\"e-con-inner\">\n\t\t\t\t<div class=\"elementor-element elementor-element-f6f05a2 elementor-widget elementor-widget-text-editor\" data-id=\"f6f05a2\" data-element_type=\"widget\" data-e-type=\"widget\" data-widget_type=\"text-editor.default\">\n\t\t\t\t<div class=\"elementor-widget-container\">\n\t\t\t\t\t\t\t\t\t<ol><li>\u00a0Funcionario municipal designado por el Alcalde para tal efecto.<\/li><li>\u00a0Funcionario del Registro Notario P\u00fablico.<\/li><\/ol>\t\t\t\t\t\t\t\t<\/div>\n\t\t\t\t<\/div>\n\t\t\t\t\t<\/div>\n\t\t\t\t<\/div>\n\t\t<div class=\"elementor-element elementor-element-53632f8 e-flex e-con-boxed e-con e-parent\" data-id=\"53632f8\" data-element_type=\"container\" data-e-type=\"container\" data-settings=\"{&quot;tmea_shape_divider_top&quot;:&quot;none&quot;,&quot;tmea_shape_divider_bottom&quot;:&quot;none&quot;}\">\n\t\t\t\t\t<div class=\"e-con-inner\">\n\t\t\t\t<div class=\"elementor-element elementor-element-fccd398 elementor-widget elementor-widget-heading\" data-id=\"fccd398\" data-element_type=\"widget\" data-e-type=\"widget\" data-widget_type=\"heading.default\">\n\t\t\t\t<div class=\"elementor-widget-container\">\n\t\t\t\t\t<h2 class=\"elementor-heading-title elementor-size-default\">VI.- DESARROLLO DE LA ASAMBLEA CONSTITUTIVA:<\/h2>\t\t\t\t<\/div>\n\t\t\t\t<\/div>\n\t\t\t\t\t<\/div>\n\t\t\t\t<\/div>\n\t\t<div class=\"elementor-element elementor-element-6cd2517 e-flex e-con-boxed e-con e-parent\" data-id=\"6cd2517\" data-element_type=\"container\" data-e-type=\"container\" data-settings=\"{&quot;tmea_shape_divider_top&quot;:&quot;none&quot;,&quot;tmea_shape_divider_bottom&quot;:&quot;none&quot;}\">\n\t\t\t\t\t<div class=\"e-con-inner\">\n\t\t\t\t<div class=\"elementor-element elementor-element-ce9be8b elementor-widget elementor-widget-text-editor\" data-id=\"ce9be8b\" data-element_type=\"widget\" data-e-type=\"widget\" data-widget_type=\"text-editor.default\">\n\t\t\t\t<div class=\"elementor-widget-container\">\n\t\t\t\t\t\t\t\t\t<p>a) Acordar la constituci\u00f3n de la organizaci\u00f3n<\/p><p>b) Firmar un listado de asistencia indicando el nombre completo, edad, domicilio y Rut.<\/p><p>c) Aprobar los estatutos de la organizaci\u00f3n que se den a conocer en la Asamblea. Elegir el Directorio Provisorio (3 miembros ) y la Comisi\u00f3n Electoral (3 miembros )<\/p>\t\t\t\t\t\t\t\t<\/div>\n\t\t\t\t<\/div>\n\t\t\t\t\t<\/div>\n\t\t\t\t<\/div>\n\t\t<div class=\"elementor-element elementor-element-d6e9576 e-flex e-con-boxed e-con e-parent\" data-id=\"d6e9576\" data-element_type=\"container\" data-e-type=\"container\" data-settings=\"{&quot;tmea_shape_divider_top&quot;:&quot;none&quot;,&quot;tmea_shape_divider_bottom&quot;:&quot;none&quot;}\">\n\t\t\t\t\t<div class=\"e-con-inner\">\n\t\t\t\t<div class=\"elementor-element elementor-element-04fbcc2 elementor-widget elementor-widget-heading\" data-id=\"04fbcc2\" data-element_type=\"widget\" data-e-type=\"widget\" data-widget_type=\"heading.default\">\n\t\t\t\t<div class=\"elementor-widget-container\">\n\t\t\t\t\t<h2 class=\"elementor-heading-title elementor-size-default\">VII.- REQUISITOS PARA POSTULAR AL DIRECTORIO<\/h2>\t\t\t\t<\/div>\n\t\t\t\t<\/div>\n\t\t\t\t\t<\/div>\n\t\t\t\t<\/div>\n\t\t<div class=\"elementor-element elementor-element-0a59377 e-flex e-con-boxed e-con e-parent\" data-id=\"0a59377\" data-element_type=\"container\" data-e-type=\"container\" data-settings=\"{&quot;tmea_shape_divider_top&quot;:&quot;none&quot;,&quot;tmea_shape_divider_bottom&quot;:&quot;none&quot;}\">\n\t\t\t\t\t<div class=\"e-con-inner\">\n\t\t\t\t<div class=\"elementor-element elementor-element-f485042 elementor-widget elementor-widget-text-editor\" data-id=\"f485042\" data-element_type=\"widget\" data-e-type=\"widget\" data-widget_type=\"text-editor.default\">\n\t\t\t\t<div class=\"elementor-widget-container\">\n\t\t\t\t\t\t\t\t\t<p>1.- Tener 18 a\u00f1os de edad. Esto no es exigible respecto de organizaciones juveniles.<\/p><p>2.- Ser chileno o extranjero avecindado por m\u00e1s de 3 a\u00f1os en el pa\u00eds<\/p><p>3.- No ser miembro de la Comisi\u00f3n Electoral<\/p><p>4.- No estar cumpliendo condena por delito que merezca pena aflictiva.<\/p><p>El directorio provisorio ser\u00e1 elegido de entre los candidatos en votaci\u00f3n directa y secreta y quien obtenga el mayor n\u00famero de votos ocupar\u00e1 el cargo de presidente. Este Directorio durar\u00e1 hasta la elecci\u00f3n del directorio definitivo.<\/p><p>Levantar un acta que contenga los acuerdos que aprueban constituir la organizaci\u00f3n y sus Estatutos, la elecci\u00f3n del directorio provisorio y la Comisi\u00f3n Electoral, incluyendo la n\u00f3mina y la individualizaci\u00f3n de los asistentes.<\/p><p>El acta deber\u00e1 ser firmada por el Presidente, Secretario y el ministro de fe que asisti\u00f3 al acto.<\/p>\t\t\t\t\t\t\t\t<\/div>\n\t\t\t\t<\/div>\n\t\t\t\t\t<\/div>\n\t\t\t\t<\/div>\n\t\t<div class=\"elementor-element elementor-element-a1ddd57 e-flex e-con-boxed e-con e-parent\" data-id=\"a1ddd57\" data-element_type=\"container\" data-e-type=\"container\" data-settings=\"{&quot;tmea_shape_divider_top&quot;:&quot;none&quot;,&quot;tmea_shape_divider_bottom&quot;:&quot;none&quot;}\">\n\t\t\t\t\t<div class=\"e-con-inner\">\n\t\t\t\t<div class=\"elementor-element elementor-element-6d6bf61 elementor-widget elementor-widget-heading\" data-id=\"6d6bf61\" data-element_type=\"widget\" data-e-type=\"widget\" data-widget_type=\"heading.default\">\n\t\t\t\t<div class=\"elementor-widget-container\">\n\t\t\t\t\t<h2 class=\"elementor-heading-title elementor-size-default\">VIII.- PROCEDIMIENTO POSTERIOR A LA ASAMBLEA DE CONSTITUCION<\/h2>\t\t\t\t<\/div>\n\t\t\t\t<\/div>\n\t\t\t\t\t<\/div>\n\t\t\t\t<\/div>\n\t\t<div class=\"elementor-element elementor-element-0b6b64c e-flex e-con-boxed e-con e-parent\" data-id=\"0b6b64c\" data-element_type=\"container\" data-e-type=\"container\" data-settings=\"{&quot;tmea_shape_divider_top&quot;:&quot;none&quot;,&quot;tmea_shape_divider_bottom&quot;:&quot;none&quot;}\">\n\t\t\t\t\t<div class=\"e-con-inner\">\n\t\t\t\t<div class=\"elementor-element elementor-element-b71147a elementor-widget elementor-widget-text-editor\" data-id=\"b71147a\" data-element_type=\"widget\" data-e-type=\"widget\" data-widget_type=\"text-editor.default\">\n\t\t\t\t<div class=\"elementor-widget-container\">\n\t\t\t\t\t\t\t\t\t<p>1.- Dep\u00f3sito de los Estatutos: dentro de los 30 d\u00edas siguientes a la celebraci\u00f3n de<\/p><p>la Asamblea Constitutiva debe ingresarse en la Oficina de Partes, desde donde se derivar\u00e1 a la Secretar\u00eda Municipal Comunitarias una copia autorizada del acta, la que deber\u00e1 acompa\u00f1ar :<\/p><p>a) Acta de Constituci\u00f3n<\/p><p>b) Copia autorizada de los Estatutos aprobados.<\/p><p>c) N\u00f3mina de los asistentes a la asamblea.<\/p>\t\t\t\t\t\t\t\t<\/div>\n\t\t\t\t<\/div>\n\t\t\t\t\t<\/div>\n\t\t\t\t<\/div>\n\t\t<div class=\"elementor-element elementor-element-6c4b775 e-flex e-con-boxed e-con e-parent\" data-id=\"6c4b775\" data-element_type=\"container\" data-e-type=\"container\" data-settings=\"{&quot;tmea_shape_divider_top&quot;:&quot;none&quot;,&quot;tmea_shape_divider_bottom&quot;:&quot;none&quot;}\">\n\t\t\t\t\t<div class=\"e-con-inner\">\n\t\t\t\t<div class=\"elementor-element elementor-element-af1cc9b elementor-widget elementor-widget-heading\" data-id=\"af1cc9b\" data-element_type=\"widget\" data-e-type=\"widget\" data-widget_type=\"heading.default\">\n\t\t\t\t<div class=\"elementor-widget-container\">\n\t\t\t\t\t<h2 class=\"elementor-heading-title elementor-size-default\">IX.-OBTENCION DE PERSONALIDAD JURIDICA<\/h2>\t\t\t\t<\/div>\n\t\t\t\t<\/div>\n\t\t\t\t\t<\/div>\n\t\t\t\t<\/div>\n\t\t<div class=\"elementor-element elementor-element-1d64a35 e-flex e-con-boxed e-con e-parent\" data-id=\"1d64a35\" data-element_type=\"container\" data-e-type=\"container\" data-settings=\"{&quot;tmea_shape_divider_top&quot;:&quot;none&quot;,&quot;tmea_shape_divider_bottom&quot;:&quot;none&quot;}\">\n\t\t\t\t\t<div class=\"e-con-inner\">\n\t\t\t\t<div class=\"elementor-element elementor-element-679bd9e elementor-widget elementor-widget-text-editor\" data-id=\"679bd9e\" data-element_type=\"widget\" data-e-type=\"widget\" data-widget_type=\"text-editor.default\">\n\t\t\t\t<div class=\"elementor-widget-container\">\n\t\t\t\t\t\t\t\t\t<p>Efectuado el dep\u00f3sito del Acta Constitutiva, la organizaci\u00f3n gozar\u00e1 de personalidad jur\u00eddica propia.<\/p><p>La Secretaria Municipal dentro de los tres d\u00edas siguientes al dep\u00f3sito del acta Constitutiva entregar\u00e1 al Presidente de la organizaci\u00f3n un certificado que consignara:<\/p><p>a) Fecha del dep\u00f3sito<\/p><p>b) Individualizaci\u00f3n de la organizaci\u00f3n comunitaria, de los integrantes de su directorio provisional y del Ministro de fe.<\/p><p>c) D\u00eda, hora y lugar de asamblea constitutiva.<\/p><p>d) Individualizaci\u00f3n de la persona que realiz\u00f3 el dep\u00f3sito.<\/p>\t\t\t\t\t\t\t\t<\/div>\n\t\t\t\t<\/div>\n\t\t\t\t\t<\/div>\n\t\t\t\t<\/div>\n\t\t<div class=\"elementor-element elementor-element-6173e37 e-flex e-con-boxed e-con e-parent\" data-id=\"6173e37\" data-element_type=\"container\" data-e-type=\"container\" data-settings=\"{&quot;tmea_shape_divider_top&quot;:&quot;none&quot;,&quot;tmea_shape_divider_bottom&quot;:&quot;none&quot;}\">\n\t\t\t\t\t<div class=\"e-con-inner\">\n\t\t\t\t<div class=\"elementor-element elementor-element-13e62db elementor-widget elementor-widget-heading\" data-id=\"13e62db\" data-element_type=\"widget\" data-e-type=\"widget\" data-widget_type=\"heading.default\">\n\t\t\t\t<div class=\"elementor-widget-container\">\n\t\t\t\t\t<h2 class=\"elementor-heading-title elementor-size-default\">X.- OBSERVACIONES A LA CONSTITUCION<\/h2>\t\t\t\t<\/div>\n\t\t\t\t<\/div>\n\t\t\t\t\t<\/div>\n\t\t\t\t<\/div>\n\t\t<div class=\"elementor-element elementor-element-85a128a e-flex e-con-boxed e-con e-parent\" data-id=\"85a128a\" data-element_type=\"container\" data-e-type=\"container\" data-settings=\"{&quot;tmea_shape_divider_top&quot;:&quot;none&quot;,&quot;tmea_shape_divider_bottom&quot;:&quot;none&quot;}\">\n\t\t\t\t\t<div class=\"e-con-inner\">\n\t\t\t\t<div class=\"elementor-element elementor-element-9591550 elementor-widget elementor-widget-text-editor\" data-id=\"9591550\" data-element_type=\"widget\" data-e-type=\"widget\" data-widget_type=\"text-editor.default\">\n\t\t\t\t<div class=\"elementor-widget-container\">\n\t\t\t\t\t\t\t\t\t<p>Dentro de los 30 d\u00edas posteriores a la fecha del dep\u00f3sito del Acta constitutiva, la municipalidad podr\u00e1 objetar la constituci\u00f3n de la organizaci\u00f3n comunitaria, si no hubiere dado cumplimiento a los requisitos que se\u00f1ala la ley para su formaci\u00f3n y aprobaci\u00f3n de los Estatutos, lo que ser\u00e1 notificado al Presidente del Directorio Provisional.<\/p>\t\t\t\t\t\t\t\t<\/div>\n\t\t\t\t<\/div>\n\t\t\t\t\t<\/div>\n\t\t\t\t<\/div>\n\t\t<div class=\"elementor-element elementor-element-25c7004 e-flex e-con-boxed e-con e-parent\" data-id=\"25c7004\" data-element_type=\"container\" data-e-type=\"container\" data-settings=\"{&quot;tmea_shape_divider_top&quot;:&quot;none&quot;,&quot;tmea_shape_divider_bottom&quot;:&quot;none&quot;}\">\n\t\t\t\t\t<div class=\"e-con-inner\">\n\t\t\t\t<div class=\"elementor-element elementor-element-709766f elementor-widget elementor-widget-heading\" data-id=\"709766f\" data-element_type=\"widget\" data-e-type=\"widget\" data-widget_type=\"heading.default\">\n\t\t\t\t<div class=\"elementor-widget-container\">\n\t\t\t\t\t<h2 class=\"elementor-heading-title elementor-size-default\">XI.- PLAZO PARA SUBSANAR LAS OBSERVACIONES<\/h2>\t\t\t\t<\/div>\n\t\t\t\t<\/div>\n\t\t\t\t\t<\/div>\n\t\t\t\t<\/div>\n\t\t<div class=\"elementor-element elementor-element-f7c3d55 e-flex e-con-boxed e-con e-parent\" data-id=\"f7c3d55\" data-element_type=\"container\" data-e-type=\"container\" data-settings=\"{&quot;tmea_shape_divider_top&quot;:&quot;none&quot;,&quot;tmea_shape_divider_bottom&quot;:&quot;none&quot;}\">\n\t\t\t\t\t<div class=\"e-con-inner\">\n\t\t\t\t<div class=\"elementor-element elementor-element-ace7406 elementor-widget elementor-widget-text-editor\" data-id=\"ace7406\" data-element_type=\"widget\" data-e-type=\"widget\" data-widget_type=\"text-editor.default\">\n\t\t\t\t<div class=\"elementor-widget-container\">\n\t\t\t\t\t\t\t\t\t<p>Dentro Del plazo de 90 d\u00edas contado desde su notificaci\u00f3n, para lo cual la organizaci\u00f3n podr\u00e1 requerir asesor\u00eda de la municipalidad. Si la organizaci\u00f3n no diera cumplimiento a lo anterior su personalidad jur\u00eddica caducar\u00e1 por el solo ministerio de la Ley.<\/p><p>Subsanadas las observaciones dentro del plazo legal, el secretario municipal dejar\u00e1 constancia de este hecho y dentro de los 3 d\u00edas h\u00e1biles expedir\u00e1 un certificado donde conste tal diligencia.<\/p>\t\t\t\t\t\t\t\t<\/div>\n\t\t\t\t<\/div>\n\t\t\t\t\t<\/div>\n\t\t\t\t<\/div>\n\t\t<div class=\"elementor-element elementor-element-8a7528e e-flex e-con-boxed e-con e-parent\" data-id=\"8a7528e\" data-element_type=\"container\" data-e-type=\"container\" data-settings=\"{&quot;tmea_shape_divider_top&quot;:&quot;none&quot;,&quot;tmea_shape_divider_bottom&quot;:&quot;none&quot;}\">\n\t\t\t\t\t<div class=\"e-con-inner\">\n\t\t\t\t<div class=\"elementor-element elementor-element-24afac0 elementor-widget elementor-widget-heading\" data-id=\"24afac0\" data-element_type=\"widget\" data-e-type=\"widget\" data-widget_type=\"heading.default\">\n\t\t\t\t<div class=\"elementor-widget-container\">\n\t\t\t\t\t<h2 class=\"elementor-heading-title elementor-size-default\">XII.- ELECCIONES DEL PRIMER DIRECTORIO DEFINITIVO Y COMISION FIZCALIZADORA DE FINANZAS<\/h2>\t\t\t\t<\/div>\n\t\t\t\t<\/div>\n\t\t\t\t\t<\/div>\n\t\t\t\t<\/div>\n\t\t<div class=\"elementor-element elementor-element-04833a4 e-flex e-con-boxed e-con e-parent\" data-id=\"04833a4\" data-element_type=\"container\" data-e-type=\"container\" data-settings=\"{&quot;tmea_shape_divider_top&quot;:&quot;none&quot;,&quot;tmea_shape_divider_bottom&quot;:&quot;none&quot;}\">\n\t\t\t\t\t<div class=\"e-con-inner\">\n\t\t\t\t<div class=\"elementor-element elementor-element-f83f5e4 elementor-widget elementor-widget-text-editor\" data-id=\"f83f5e4\" data-element_type=\"widget\" data-e-type=\"widget\" data-widget_type=\"text-editor.default\">\n\t\t\t\t<div class=\"elementor-widget-container\">\n\t\t\t\t\t\t\t\t\t<p>1.- El Directorio Provisional deber\u00e1 convocar a una Asamblea Extraordinaria entre los 30 y 60 d\u00edas siguientes corridos posteriores a la fecha de obtenci\u00f3n de la personalidad jur\u00eddica si la constituci\u00f3n de la organizaci\u00f3n no hubiera sido objetada, o de la recepci\u00f3n de la comunicaci\u00f3n que emita por carta certificada el secretario municipal informando que han sido subsanadas las observaciones a la constituci\u00f3n de la organizaci\u00f3n.<\/p><p>2.- Las elecciones deber\u00e1n ser organizadas por la Comisi\u00f3n Electoral.<\/p><p>3.- La elecci\u00f3n del Directorio Definitivo se sujetar\u00e1 a lo establecido en los art\u00edculos 19 a 21 de la Ley N\u00ba 19.418.<\/p><p>4.- La Comisi\u00f3n Fiscalizadora de Finanzas, estar\u00e1 compuesta por tres miembros.<\/p><p>Su elecci\u00f3n se sujetar\u00e1 a las mismas normas que la elecci\u00f3n del Directorio, salvo lo referente a la inscripci\u00f3n de candidaturas.<\/p>\t\t\t\t\t\t\t\t<\/div>\n\t\t\t\t<\/div>\n\t\t\t\t\t<\/div>\n\t\t\t\t<\/div>\n\t\t<div class=\"elementor-element elementor-element-e5a1a5d e-flex e-con-boxed e-con e-parent\" data-id=\"e5a1a5d\" data-element_type=\"container\" data-e-type=\"container\" data-settings=\"{&quot;tmea_shape_divider_top&quot;:&quot;none&quot;,&quot;tmea_shape_divider_bottom&quot;:&quot;none&quot;}\">\n\t\t\t\t\t<div class=\"e-con-inner\">\n\t\t\t\t<div class=\"elementor-element elementor-element-a89a246 elementor-widget elementor-widget-heading\" data-id=\"a89a246\" data-element_type=\"widget\" data-e-type=\"widget\" data-widget_type=\"heading.default\">\n\t\t\t\t<div class=\"elementor-widget-container\">\n\t\t\t\t\t<h2 class=\"elementor-heading-title elementor-size-default\">XIII.- EL DIRECTORIO<\/h2>\t\t\t\t<\/div>\n\t\t\t\t<\/div>\n\t\t\t\t\t<\/div>\n\t\t\t\t<\/div>\n\t\t<div class=\"elementor-element elementor-element-815124a e-flex e-con-boxed e-con e-parent\" data-id=\"815124a\" data-element_type=\"container\" data-e-type=\"container\" data-settings=\"{&quot;tmea_shape_divider_top&quot;:&quot;none&quot;,&quot;tmea_shape_divider_bottom&quot;:&quot;none&quot;}\">\n\t\t\t\t\t<div class=\"e-con-inner\">\n\t\t\t\t<div class=\"elementor-element elementor-element-3f9d976 elementor-widget elementor-widget-text-editor\" data-id=\"3f9d976\" data-element_type=\"widget\" data-e-type=\"widget\" data-widget_type=\"text-editor.default\">\n\t\t\t\t<div class=\"elementor-widget-container\">\n\t\t\t\t\t\t\t\t\t<p>1.- ELECCION : en una Asamblea General Ordinaria (a excepci\u00f3n del primer Directorio), mediante votaci\u00f3n directa, secreta e informada, donde cada afiliado tendr\u00e1 derecho a un voto. Podr\u00e1n postularse como candidatos los afiliados que reuniendo los requisitos, se inscriban a lo menos con 10 d\u00edas de anticipaci\u00f3n a la fecha de la elecci\u00f3n ante la Comisi\u00f3n Electoral.<\/p><p>2.- COMPOSICION : Como m\u00ednimo cinco miembros titulares . resultar\u00e1n electos quienes obtengan las m\u00e1s altas mayor\u00edas, correspondi\u00e9ndole el cargo de Presidente a quien obtenga la primera mayor\u00eda individual. En el mismo acto se elegir\u00e1 igual n\u00famero de directores suplentes.<\/p><p>3.- CARGOS: El directorio se integrar\u00e1 con los cargos que contemplen los Estatutos, entre los cuales necesariamente deber\u00e1 considerarse los de Presidente, Secretario y Tesorero.<\/p><p>4.- VIGENCIA: 2 a\u00f1os pudiendo ser reelegidos.<\/p>\t\t\t\t\t\t\t\t<\/div>\n\t\t\t\t<\/div>\n\t\t\t\t\t<\/div>\n\t\t\t\t<\/div>\n\t\t<div class=\"elementor-element elementor-element-4e45cc4 e-flex e-con-boxed e-con e-parent\" data-id=\"4e45cc4\" data-element_type=\"container\" data-e-type=\"container\" data-settings=\"{&quot;tmea_shape_divider_top&quot;:&quot;none&quot;,&quot;tmea_shape_divider_bottom&quot;:&quot;none&quot;}\">\n\t\t\t\t\t<div class=\"e-con-inner\">\n\t\t\t\t<div class=\"elementor-element elementor-element-d2373ea elementor-widget elementor-widget-heading\" data-id=\"d2373ea\" data-element_type=\"widget\" data-e-type=\"widget\" data-widget_type=\"heading.default\">\n\t\t\t\t<div class=\"elementor-widget-container\">\n\t\t\t\t\t<h2 class=\"elementor-heading-title elementor-size-default\">XIV.-REQUISITOS PARA POSTULAR COMO CANDIDATO AL DIRECTORIO<\/h2>\t\t\t\t<\/div>\n\t\t\t\t<\/div>\n\t\t\t\t\t<\/div>\n\t\t\t\t<\/div>\n\t\t<div class=\"elementor-element elementor-element-1fa8f54 e-flex e-con-boxed e-con e-parent\" data-id=\"1fa8f54\" data-element_type=\"container\" data-e-type=\"container\" data-settings=\"{&quot;tmea_shape_divider_top&quot;:&quot;none&quot;,&quot;tmea_shape_divider_bottom&quot;:&quot;none&quot;}\">\n\t\t\t\t\t<div class=\"e-con-inner\">\n\t\t\t\t<div class=\"elementor-element elementor-element-2cb6416 elementor-widget elementor-widget-text-editor\" data-id=\"2cb6416\" data-element_type=\"widget\" data-e-type=\"widget\" data-widget_type=\"text-editor.default\">\n\t\t\t\t<div class=\"elementor-widget-container\">\n\t\t\t\t\t\t\t\t\t<p>1.- Tener a lo menos 18 a\u00f1os de edad. Esto no es exigible para las organizaciones juveniles.<\/p><p>2.- Ser chileno o extranjero avecindado por mas de 3 a\u00f1os en el pa\u00eds<\/p><p>3.- No ser miembro de la Comisi\u00f3n Electoral<\/p><p>4.- No estar cumpliendo condena por delito que merezca pena aflictiva.<\/p>\t\t\t\t\t\t\t\t<\/div>\n\t\t\t\t<\/div>\n\t\t\t\t\t<\/div>\n\t\t\t\t<\/div>\n\t\t<div class=\"elementor-element elementor-element-d790d1a e-flex e-con-boxed e-con e-parent\" data-id=\"d790d1a\" data-element_type=\"container\" data-e-type=\"container\" data-settings=\"{&quot;tmea_shape_divider_top&quot;:&quot;none&quot;,&quot;tmea_shape_divider_bottom&quot;:&quot;none&quot;}\">\n\t\t\t\t\t<div class=\"e-con-inner\">\n\t\t\t\t<div class=\"elementor-element elementor-element-853ffd6 elementor-widget elementor-widget-heading\" data-id=\"853ffd6\" data-element_type=\"widget\" data-e-type=\"widget\" data-widget_type=\"heading.default\">\n\t\t\t\t<div class=\"elementor-widget-container\">\n\t\t\t\t\t<h2 class=\"elementor-heading-title elementor-size-default\">XV.- OBLIGACIONES CON LA MUNICIPALIDAD<\/h2>\t\t\t\t<\/div>\n\t\t\t\t<\/div>\n\t\t\t\t\t<\/div>\n\t\t\t\t<\/div>\n\t\t<div class=\"elementor-element elementor-element-2e9b3e9 e-flex e-con-boxed e-con e-parent\" data-id=\"2e9b3e9\" data-element_type=\"container\" data-e-type=\"container\" data-settings=\"{&quot;tmea_shape_divider_top&quot;:&quot;none&quot;,&quot;tmea_shape_divider_bottom&quot;:&quot;none&quot;}\">\n\t\t\t\t\t<div class=\"e-con-inner\">\n\t\t\t\t<div class=\"elementor-element elementor-element-9232bb5 elementor-widget elementor-widget-text-editor\" data-id=\"9232bb5\" data-element_type=\"widget\" data-e-type=\"widget\" data-widget_type=\"text-editor.default\">\n\t\t\t\t<div class=\"elementor-widget-container\">\n\t\t\t\t\t\t\t\t\t<p>En el mes de Marzo de cada a\u00f1o cada organizaci\u00f3n comunitaria deber\u00e1 entregar al secretario municipal una copia actualizada y autorizada del registro de afiliados.<\/p><p>Las Juntas de Vecinos deber\u00e1n, adem\u00e1s, remitir al secretario municipal cada seis meses una certificaci\u00f3n de las nuevas incorporaciones a retiros del registro de Asociados.<\/p>\t\t\t\t\t\t\t\t<\/div>\n\t\t\t\t<\/div>\n\t\t\t\t\t<\/div>\n\t\t\t\t<\/div>\n\t\t<div class=\"elementor-element elementor-element-a18c204 e-flex e-con-boxed e-con e-parent\" data-id=\"a18c204\" data-element_type=\"container\" data-e-type=\"container\" data-settings=\"{&quot;tmea_shape_divider_top&quot;:&quot;none&quot;,&quot;tmea_shape_divider_bottom&quot;:&quot;none&quot;}\">\n\t\t\t\t\t<div class=\"e-con-inner\">\n\t\t\t\t<div class=\"elementor-element elementor-element-a8a67d1 elementor-widget elementor-widget-heading\" data-id=\"a8a67d1\" data-element_type=\"widget\" data-e-type=\"widget\" data-widget_type=\"heading.default\">\n\t\t\t\t<div class=\"elementor-widget-container\">\n\t\t\t\t\t<h2 class=\"elementor-heading-title elementor-size-default\">XVI.- OBLIGACIONES DE LA MUNICIPALIDAD<\/h2>\t\t\t\t<\/div>\n\t\t\t\t<\/div>\n\t\t\t\t\t<\/div>\n\t\t\t\t<\/div>\n\t\t<div class=\"elementor-element elementor-element-114a8eb e-flex e-con-boxed e-con e-parent\" data-id=\"114a8eb\" data-element_type=\"container\" data-e-type=\"container\" data-settings=\"{&quot;tmea_shape_divider_top&quot;:&quot;none&quot;,&quot;tmea_shape_divider_bottom&quot;:&quot;none&quot;}\">\n\t\t\t\t\t<div class=\"e-con-inner\">\n\t\t\t\t<div class=\"elementor-element elementor-element-5798558 elementor-widget elementor-widget-text-editor\" data-id=\"5798558\" data-element_type=\"widget\" data-e-type=\"widget\" data-widget_type=\"text-editor.default\">\n\t\t\t\t<div class=\"elementor-widget-container\">\n\t\t\t\t\t\t\t\t\t<p>1.- Llevar el registro P\u00fablico de:<\/p><ul><li>\u00a0Las Juntas de Vecinos. Organizaciones Comunitarias Funcionales y uniones Comuna les constituidas en su territorio;<\/li><li>\u00a0Las Directivas, ubicaci\u00f3n de las sedes o lugares de funcionamiento.<\/li><li>\u00a0Mantener copia actualizada y autorizada anualmente del registro de Afiliados de cada Junta de Vecinos u organizaci\u00f3n comunitaria funcional,<\/li><li>\u00a0Otorgar copia autorizada de los Estatutos, de las inscripciones y dem\u00e1s anotaciones practicadas en los registros p\u00fablicos de organizaciones y directivas, las que son de costo del solicitante.<\/li><\/ul>\t\t\t\t\t\t\t\t<\/div>\n\t\t\t\t<\/div>\n\t\t\t\t\t<\/div>\n\t\t\t\t<\/div>\n\t\t<div class=\"elementor-element elementor-element-2a59128 e-flex e-con-boxed e-con e-parent\" data-id=\"2a59128\" data-element_type=\"container\" data-e-type=\"container\" data-settings=\"{&quot;tmea_shape_divider_top&quot;:&quot;none&quot;,&quot;tmea_shape_divider_bottom&quot;:&quot;none&quot;}\">\n\t\t\t\t\t<div class=\"e-con-inner\">\n\t\t\t\t<div class=\"elementor-element elementor-element-62c1ef9 elementor-widget elementor-widget-heading\" data-id=\"62c1ef9\" data-element_type=\"widget\" data-e-type=\"widget\" data-widget_type=\"heading.default\">\n\t\t\t\t<div class=\"elementor-widget-container\">\n\t\t\t\t\t<h2 class=\"elementor-heading-title elementor-size-default\">XVII.- UNIONES COMUNALES<\/h2>\t\t\t\t<\/div>\n\t\t\t\t<\/div>\n\t\t\t\t\t<\/div>\n\t\t\t\t<\/div>\n\t\t<div class=\"elementor-element elementor-element-82ec907 e-flex e-con-boxed e-con e-parent\" data-id=\"82ec907\" data-element_type=\"container\" data-e-type=\"container\" data-settings=\"{&quot;tmea_shape_divider_top&quot;:&quot;none&quot;,&quot;tmea_shape_divider_bottom&quot;:&quot;none&quot;}\">\n\t\t\t\t\t<div class=\"e-con-inner\">\n\t\t\t\t<div class=\"elementor-element elementor-element-5beeb6a elementor-widget elementor-widget-heading\" data-id=\"5beeb6a\" data-element_type=\"widget\" data-e-type=\"widget\" data-widget_type=\"heading.default\">\n\t\t\t\t<div class=\"elementor-widget-container\">\n\t\t\t\t\t<h3 class=\"elementor-heading-title elementor-size-default\">1.- COMPOSICION<\/h3>\t\t\t\t<\/div>\n\t\t\t\t<\/div>\n\t\t\t\t\t<\/div>\n\t\t\t\t<\/div>\n\t\t<div class=\"elementor-element elementor-element-d2fb780 e-flex e-con-boxed e-con e-parent\" data-id=\"d2fb780\" data-element_type=\"container\" data-e-type=\"container\" data-settings=\"{&quot;tmea_shape_divider_top&quot;:&quot;none&quot;,&quot;tmea_shape_divider_bottom&quot;:&quot;none&quot;}\">\n\t\t\t\t\t<div class=\"e-con-inner\">\n\t\t\t\t<div class=\"elementor-element elementor-element-7e6aa60 elementor-widget elementor-widget-text-editor\" data-id=\"7e6aa60\" data-element_type=\"widget\" data-e-type=\"widget\" data-widget_type=\"text-editor.default\">\n\t\t\t\t<div class=\"elementor-widget-container\">\n\t\t\t\t\t\t\t\t\t<p>a) Las Juntas de Vecinos de la Comuna podr\u00e1n constituir una o m\u00e1s Uniones Comunales.<\/p><p>b) Un 20% a lo menos de las organizaciones comunitarias funcionales de la misma naturaleza existente en la comuna podr\u00e1n constituir una Uni\u00f3n Comunal.<\/p><p>c) No podr\u00e1 neg\u00e1rsele el derecho a participar en la respectiva Uni\u00f3n Comunal a ninguna Junta de Vecinos u Organizaci\u00f3n Comunitaria Funcional legalmente constituida. No obstante, cada Junta de Vecinos u organizaci\u00f3n comunitaria funcional solo podr\u00e1 pertenecer a una Uni\u00f3n Comunal.<\/p>\t\t\t\t\t\t\t\t<\/div>\n\t\t\t\t<\/div>\n\t\t\t\t\t<\/div>\n\t\t\t\t<\/div>\n\t\t<div class=\"elementor-element elementor-element-f4466c2 e-flex e-con-boxed e-con e-parent\" data-id=\"f4466c2\" data-element_type=\"container\" data-e-type=\"container\" data-settings=\"{&quot;tmea_shape_divider_top&quot;:&quot;none&quot;,&quot;tmea_shape_divider_bottom&quot;:&quot;none&quot;}\">\n\t\t\t\t\t<div class=\"e-con-inner\">\n\t\t\t\t<div class=\"elementor-element elementor-element-8ac01b4 elementor-widget elementor-widget-heading\" data-id=\"8ac01b4\" data-element_type=\"widget\" data-e-type=\"widget\" data-widget_type=\"heading.default\">\n\t\t\t\t<div class=\"elementor-widget-container\">\n\t\t\t\t\t<h2 class=\"elementor-heading-title elementor-size-default\">XVIII.- PROCEDIMIENTO PARA FORMAR UNA UNION COMUNAL<\/h2>\t\t\t\t<\/div>\n\t\t\t\t<\/div>\n\t\t\t\t\t<\/div>\n\t\t\t\t<\/div>\n\t\t<div class=\"elementor-element elementor-element-95b0b58 e-flex e-con-boxed e-con e-parent\" data-id=\"95b0b58\" data-element_type=\"container\" data-e-type=\"container\" data-settings=\"{&quot;tmea_shape_divider_top&quot;:&quot;none&quot;,&quot;tmea_shape_divider_bottom&quot;:&quot;none&quot;}\">\n\t\t\t\t\t<div class=\"e-con-inner\">\n\t\t\t\t<div class=\"elementor-element elementor-element-403fc17 elementor-widget elementor-widget-text-editor\" data-id=\"403fc17\" data-element_type=\"widget\" data-e-type=\"widget\" data-widget_type=\"text-editor.default\">\n\t\t\t\t<div class=\"elementor-widget-container\">\n\t\t\t\t\t\t\t\t\t<p>a) Asamblea de Constituci\u00f3n: Es convocada por el Alcalde de la comuna, a solicitud de cualquiera de las Juntas de Vecinos u organizaci\u00f3n Comunitaria Funcional, de dicho \u00e1mbito territorial dentro de los treinta d\u00edas siguientes a la fecha de la petici\u00f3n.<\/p><p>b) QUIENES PUEDEN PARTICIPAR EN LA ASAMBLEA?<\/p><h4>UNIONES COMUNALES DE JUNTAS DE VECINOS :<\/h4><ul><li>\u00a0Al menos un 30% de las Juntas de Vecinos que existan en la Comuna.<\/li><\/ul>\t\t\t\t\t\t\t\t<\/div>\n\t\t\t\t<\/div>\n\t\t\t\t\t<\/div>\n\t\t\t\t<\/div>\n\t\t<div class=\"elementor-element elementor-element-a83327e e-flex e-con-boxed e-con e-parent\" data-id=\"a83327e\" data-element_type=\"container\" data-e-type=\"container\" data-settings=\"{&quot;tmea_shape_divider_top&quot;:&quot;none&quot;,&quot;tmea_shape_divider_bottom&quot;:&quot;none&quot;}\">\n\t\t\t\t\t<div class=\"e-con-inner\">\n\t\t\t\t<div class=\"elementor-element elementor-element-d1a053c elementor-widget elementor-widget-text-editor\" data-id=\"d1a053c\" data-element_type=\"widget\" data-e-type=\"widget\" data-widget_type=\"text-editor.default\">\n\t\t\t\t<div class=\"elementor-widget-container\">\n\t\t\t\t\t\t\t\t\t<h3>UNION COMUNAL DE ORGANIZACIONES COMUNITARIAS FUNCIONALES<\/h3><ul><li>Un 20% a los menos, de las Organizaciones comunitarias Funcionales de las misma naturaleza, existentes en cada Comuna o agrupaci\u00f3n de Comunas.<\/li><\/ul><p><strong>REPRESENTACION<\/strong>: En la Asamblea constitutiva cada Junta de Vecinos u Organizaci\u00f3n Comunitaria Funcional tendr\u00e1 derecho a ser representada por su Presidente, Secretario y su Tesorero.<\/p><h3>CELEBRACION DE LA ASAMBLEA DE CONSTITUCION.<\/h3><ul><li>\u00a0Aprobar los Estatutos respectivos<\/li><li>\u00a0Elegir el Directorio Provisional, Comisi\u00f3n Electoral y Comisi\u00f3n Fiscalizadora de Finanzas.<\/li><\/ul><h3>PROCEDIMEINTO POSTERIOR A LA CELEBRACION DE LA ASAMBLEA DE CONSTITUCI\u00d3N DE LA UNION COMUNAL:<\/h3><p>Deber\u00e1 depositar una copia autorizada del Acta de Constituci\u00f3n en la Municipalidad respectiva.<\/p><p>El proceso posterior a que se sujeta la Constituci\u00f3n de una Uni\u00f3n Comunal es el mismo de las Juntas de Vecinos y Organizaciones Comunitarias Funcionales.<\/p><p><strong>CON PERSONALIDAD JURIDICA:<\/strong><\/p><p>La Uni\u00f3n Comunal gozar\u00e1 de personalidad jur\u00eddica por el solo hecho de realizar el dep\u00f3sito del Acta constitutiva en la Secretaria Municipal.<\/p><p><strong>ELECCION DE DIRECTORIO:<\/strong><\/p><p>En Sesi\u00f3n Extraordinaria de la respectiva uni\u00f3n Comunal. En ella cada representante de Junta de Vecinos u organizaci\u00f3n Comunitaria Funcional tendr\u00e1n derecho a votar por un solo candidato. Resultar\u00e1n electos quienes, en una misma y \u00fanica votaci\u00f3n, obtengan las primeras cinco mayor\u00edas, resolvi\u00e9ndose por sorteo los empatados.<\/p>\t\t\t\t\t\t\t\t<\/div>\n\t\t\t\t<\/div>\n\t\t\t\t\t<\/div>\n\t\t\t\t<\/div>\n\t\t\t\t<\/div>\n\t\t","protected":false},"excerpt":{"rendered":"<p>Busqueda avanzada de Directorios de organizaciones Comunitarias. Buscar por nombres y generador de reportes Buscar Directorio Organizaciones Comunitarias Territoriales y funcionales Las Organizaciones Comunitarias tienen por finalidad solucionar problemas comunes y como objetivo general ser capaces de dinamizar y crear nuevas formas de estrategias de participaci\u00f3n que permitan a la comunidad organizada ser un actor [&hellip;]<\/p>\n","protected":false},"author":1,"featured_media":0,"parent":0,"menu_order":0,"comment_status":"closed","ping_status":"closed","template":"","meta":{"_monsterinsights_skip_tracking":false,"_monsterinsights_sitenote_active":false,"_monsterinsights_sitenote_note":"","_monsterinsights_sitenote_category":0,"iawp_total_views":538,"footnotes":""},"class_list":["post-4993","page","type-page","status-publish","hentry"],"aioseo_notices":[],"_links":{"self":[{"href":"https:\/\/mportezuelo.cl\/Inicio\/wp-json\/wp\/v2\/pages\/4993","targetHints":{"allow":["GET"]}}],"collection":[{"href":"https:\/\/mportezuelo.cl\/Inicio\/wp-json\/wp\/v2\/pages"}],"about":[{"href":"https:\/\/mportezuelo.cl\/Inicio\/wp-json\/wp\/v2\/types\/page"}],"author":[{"embeddable":true,"href":"https:\/\/mportezuelo.cl\/Inicio\/wp-json\/wp\/v2\/users\/1"}],"replies":[{"embeddable":true,"href":"https:\/\/mportezuelo.cl\/Inicio\/wp-json\/wp\/v2\/comments?post=4993"}],"version-history":[{"count":113,"href":"https:\/\/mportezuelo.cl\/Inicio\/wp-json\/wp\/v2\/pages\/4993\/revisions"}],"predecessor-version":[{"id":9436,"href":"https:\/\/mportezuelo.cl\/Inicio\/wp-json\/wp\/v2\/pages\/4993\/revisions\/9436"}],"wp:attachment":[{"href":"https:\/\/mportezuelo.cl\/Inicio\/wp-json\/wp\/v2\/media?parent=4993"}],"curies":[{"name":"wp","href":"https:\/\/api.w.org\/{rel}","templated":true}]}}