{"id":3903,"date":"2024-05-16T17:13:58","date_gmt":"2024-05-16T20:13:58","guid":{"rendered":"https:\/\/mportezuelo.cl\/Inicio\/?page_id=3903"},"modified":"2024-05-17T10:30:40","modified_gmt":"2024-05-17T13:30:40","slug":"indicadores-economicos-y-sociales","status":"publish","type":"page","link":"https:\/\/mportezuelo.cl\/Inicio\/indicadores-economicos-y-sociales\/","title":{"rendered":"Indicadores Econ\u00f3micos Y Sociales"},"content":{"rendered":"\t\t<div data-elementor-type=\"wp-page\" data-elementor-id=\"3903\" class=\"elementor elementor-3903\" data-elementor-post-type=\"page\">\n\t\t\t\t<div class=\"elementor-element elementor-element-7bba7be e-flex e-con-boxed e-con e-parent\" data-id=\"7bba7be\" data-element_type=\"container\" data-e-type=\"container\" data-settings=\"{&quot;tmea_shape_divider_top&quot;:&quot;none&quot;,&quot;tmea_shape_divider_bottom&quot;:&quot;none&quot;}\">\n\t\t\t\t\t<div class=\"e-con-inner\">\n\t\t\t\t<div class=\"elementor-element elementor-element-5afabbf elementor-widget elementor-widget-heading\" data-id=\"5afabbf\" data-element_type=\"widget\" data-e-type=\"widget\" data-widget_type=\"heading.default\">\n\t\t\t\t<div class=\"elementor-widget-container\">\n\t\t\t\t\t<h2 class=\"elementor-heading-title elementor-size-default\">Empresas<\/h2>\t\t\t\t<\/div>\n\t\t\t\t<\/div>\n\t\t\t\t\t<\/div>\n\t\t\t\t<\/div>\n\t\t<div class=\"elementor-element elementor-element-75e0a95 e-flex e-con-boxed e-con e-parent\" data-id=\"75e0a95\" data-element_type=\"container\" data-e-type=\"container\" data-settings=\"{&quot;tmea_shape_divider_top&quot;:&quot;none&quot;,&quot;tmea_shape_divider_bottom&quot;:&quot;none&quot;}\">\n\t\t\t\t\t<div class=\"e-con-inner\">\n\t\t<div class=\"elementor-element elementor-element-a01c2ec e-con-full e-flex e-con e-child\" data-id=\"a01c2ec\" data-element_type=\"container\" data-e-type=\"container\" data-settings=\"{&quot;tmea_shape_divider_top&quot;:&quot;none&quot;,&quot;tmea_shape_divider_bottom&quot;:&quot;none&quot;}\">\n\t\t\n\t\t<div class=\"elementor-element elementor-element-3a9526a elementor-widget elementor-widget-text-editor\" data-id=\"3a9526a\" data-element_type=\"widget\" data-e-type=\"widget\" data-widget_type=\"text-editor.default\">\n\t\t\t\t<div class=\"elementor-widget-container\">\n\t\t\t\t\t\t\t\t\t<p><span style=\"color: #000000;\">En el a\u00f1o 2021, la comuna de Portezuelo contaba con 300 empresas, de las cuales en su mayor\u00eda fueron <em>microempresas <\/em>representando aproximadamente un 70% del total con 208 empresas, seguida por las <em>peque\u00f1as empresas <\/em>con 38 unidades lo que se traduce en un 13% del total de empresas (Biblioteca del Congreso Nacional, 2023).<\/span><\/p><p><span style=\"color: #000000;\">A continuaci\u00f3n, se presenta el n\u00famero de empresas de acuerdo con los principales rubros clasificados por el Servicio de Impuestos Internos:<\/span><\/p>\t\t\t\t\t\t\t\t<\/div>\n\t\t\t\t<\/div>\n\t\t\t\t<div class=\"elementor-element elementor-element-491dd26 elementor-widget elementor-widget-heading\" data-id=\"491dd26\" data-element_type=\"widget\" data-e-type=\"widget\" data-widget_type=\"heading.default\">\n\t\t\t\t<div class=\"elementor-widget-container\">\n\t\t\t\t\t<h3 class=\"elementor-heading-title elementor-size-default\">N\u00famero de empresas seg\u00fan rubro econ\u00f3mico a\u00f1o 2021. Comuna de Portezuelo<\/h3>\t\t\t\t<\/div>\n\t\t\t\t<\/div>\n\t\t<div class=\"elementor-element elementor-element-a9b21db e-flex e-con-boxed e-con e-child\" data-id=\"a9b21db\" data-element_type=\"container\" data-e-type=\"container\" data-settings=\"{&quot;tmea_shape_divider_top&quot;:&quot;none&quot;,&quot;tmea_shape_divider_bottom&quot;:&quot;none&quot;}\">\n\t\t\t\t\t<div class=\"e-con-inner\">\n\t\t\t\t<div class=\"elementor-element elementor-element-3f373f7 elementor-widget elementor-widget-image\" data-id=\"3f373f7\" data-element_type=\"widget\" data-e-type=\"widget\" data-widget_type=\"image.default\">\n\t\t\t\t<div class=\"elementor-widget-container\">\n\t\t\t\t\t\t\t\t\t\t\t\t<figure class=\"wp-caption\">\n\t\t\t\t\t\t\t\t\t\t<img fetchpriority=\"high\" decoding=\"async\" width=\"505\" height=\"453\" src=\"https:\/\/mportezuelo.cl\/Inicio\/wp-content\/uploads\/2024\/05\/Empresas.jpg\" class=\"attachment-large size-large wp-image-3904\" alt=\"\" srcset=\"https:\/\/mportezuelo.cl\/Inicio\/wp-content\/uploads\/2024\/05\/Empresas.jpg 505w, https:\/\/mportezuelo.cl\/Inicio\/wp-content\/uploads\/2024\/05\/Empresas-300x269.jpg 300w\" sizes=\"(max-width: 505px) 100vw, 505px\" \/>\t\t\t\t\t\t\t\t\t\t\t<figcaption class=\"widget-image-caption wp-caption-text\">Fuente: elaborado a partir de la Biblioteca del Congreso Nacional, Reportes Comunales (2023).<\/figcaption>\n\t\t\t\t\t\t\t\t\t\t<\/figure>\n\t\t\t\t\t\t\t\t\t<\/div>\n\t\t\t\t<\/div>\n\t\t\t\t\t<\/div>\n\t\t\t\t<\/div>\n\t\t\t\t<\/div>\n\t\t\t\t\t<\/div>\n\t\t\t\t<\/div>\n\t\t<div class=\"elementor-element elementor-element-c9008bc e-flex e-con-boxed e-con e-parent\" data-id=\"c9008bc\" data-element_type=\"container\" data-e-type=\"container\" data-settings=\"{&quot;tmea_shape_divider_top&quot;:&quot;none&quot;,&quot;tmea_shape_divider_bottom&quot;:&quot;none&quot;}\">\n\t\t\t\t\t<div class=\"e-con-inner\">\n\t\t\t\t<div class=\"elementor-element elementor-element-bef84f5 elementor-widget elementor-widget-spacer\" data-id=\"bef84f5\" data-element_type=\"widget\" data-e-type=\"widget\" data-widget_type=\"spacer.default\">\n\t\t\t\t<div class=\"elementor-widget-container\">\n\t\t\t\t\t\t\t<div class=\"elementor-spacer\">\n\t\t\t<div class=\"elementor-spacer-inner\"><\/div>\n\t\t<\/div>\n\t\t\t\t\t\t<\/div>\n\t\t\t\t<\/div>\n\t\t\t\t\t<\/div>\n\t\t\t\t<\/div>\n\t\t<div class=\"elementor-element elementor-element-89062c1 e-flex e-con-boxed e-con e-parent\" data-id=\"89062c1\" data-element_type=\"container\" data-e-type=\"container\" data-settings=\"{&quot;tmea_shape_divider_top&quot;:&quot;none&quot;,&quot;tmea_shape_divider_bottom&quot;:&quot;none&quot;}\">\n\t\t\t\t\t<div class=\"e-con-inner\">\n\t\t\t\t<div class=\"elementor-element elementor-element-94b633c elementor-widget elementor-widget-heading\" data-id=\"94b633c\" data-element_type=\"widget\" data-e-type=\"widget\" data-widget_type=\"heading.default\">\n\t\t\t\t<div class=\"elementor-widget-container\">\n\t\t\t\t\t<h2 class=\"elementor-heading-title elementor-size-default\">Trabajadores<\/h2>\t\t\t\t<\/div>\n\t\t\t\t<\/div>\n\t\t\t\t\t<\/div>\n\t\t\t\t<\/div>\n\t\t<div class=\"elementor-element elementor-element-5776c5f e-flex e-con-boxed e-con e-parent\" data-id=\"5776c5f\" data-element_type=\"container\" data-e-type=\"container\" data-settings=\"{&quot;tmea_shape_divider_top&quot;:&quot;none&quot;,&quot;tmea_shape_divider_bottom&quot;:&quot;none&quot;}\">\n\t\t\t\t\t<div class=\"e-con-inner\">\n\t\t<div class=\"elementor-element elementor-element-6514031 e-con-full e-flex e-con e-child\" data-id=\"6514031\" data-element_type=\"container\" data-e-type=\"container\" data-settings=\"{&quot;tmea_shape_divider_top&quot;:&quot;none&quot;,&quot;tmea_shape_divider_bottom&quot;:&quot;none&quot;}\">\n\t\t<div class=\"elementor-element elementor-element-b48e02d e-con-full e-flex e-con e-child\" data-id=\"b48e02d\" data-element_type=\"container\" data-e-type=\"container\" data-settings=\"{&quot;tmea_shape_divider_top&quot;:&quot;none&quot;,&quot;tmea_shape_divider_bottom&quot;:&quot;none&quot;}\">\n\t\t\t\t<div class=\"elementor-element elementor-element-47619be elementor-widget elementor-widget-heading\" data-id=\"47619be\" data-element_type=\"widget\" data-e-type=\"widget\" data-widget_type=\"heading.default\">\n\t\t\t\t<div class=\"elementor-widget-container\">\n\t\t\t\t\t<h3 class=\"elementor-heading-title elementor-size-default\">N\u00famero de trabajadores seg\u00fan tama\u00f1o de empresa. Comuna de Portezuelo<\/h3>\t\t\t\t<\/div>\n\t\t\t\t<\/div>\n\t\t\t\t<\/div>\n\t\t<div class=\"elementor-element elementor-element-8387fea e-con-full e-flex e-con e-child\" data-id=\"8387fea\" data-element_type=\"container\" data-e-type=\"container\" data-settings=\"{&quot;tmea_shape_divider_top&quot;:&quot;none&quot;,&quot;tmea_shape_divider_bottom&quot;:&quot;none&quot;}\">\n\t\t\t\t<div class=\"elementor-element elementor-element-562f4a0 elementor-widget elementor-widget-image\" data-id=\"562f4a0\" data-element_type=\"widget\" data-e-type=\"widget\" data-widget_type=\"image.default\">\n\t\t\t\t<div class=\"elementor-widget-container\">\n\t\t\t\t\t\t\t\t\t\t\t\t<figure class=\"wp-caption\">\n\t\t\t\t\t\t\t\t\t\t<img decoding=\"async\" width=\"501\" height=\"291\" src=\"https:\/\/mportezuelo.cl\/Inicio\/wp-content\/uploads\/2024\/05\/Trabajadores.jpg\" class=\"attachment-large size-large wp-image-3905\" alt=\"\" srcset=\"https:\/\/mportezuelo.cl\/Inicio\/wp-content\/uploads\/2024\/05\/Trabajadores.jpg 501w, https:\/\/mportezuelo.cl\/Inicio\/wp-content\/uploads\/2024\/05\/Trabajadores-300x174.jpg 300w\" sizes=\"(max-width: 501px) 100vw, 501px\" \/>\t\t\t\t\t\t\t\t\t\t\t<figcaption class=\"widget-image-caption wp-caption-text\">Fuente: elaborado a partir de la Biblioteca del Congreso Nacional, Reportes Comunales (2023).<\/figcaption>\n\t\t\t\t\t\t\t\t\t\t<\/figure>\n\t\t\t\t\t\t\t\t\t<\/div>\n\t\t\t\t<\/div>\n\t\t<div class=\"elementor-element elementor-element-bcfcea4 e-con-full e-flex e-con e-child\" data-id=\"bcfcea4\" data-element_type=\"container\" data-e-type=\"container\" data-settings=\"{&quot;tmea_shape_divider_top&quot;:&quot;none&quot;,&quot;tmea_shape_divider_bottom&quot;:&quot;none&quot;}\">\n\t\t\t\t<div class=\"elementor-element elementor-element-ec7b7cc elementor-widget elementor-widget-text-editor\" data-id=\"ec7b7cc\" data-element_type=\"widget\" data-e-type=\"widget\" data-widget_type=\"text-editor.default\">\n\t\t\t\t<div class=\"elementor-widget-container\">\n\t\t\t\t\t\t\t\t\t<p><span style=\"color: #000000;\">Los rubros que concentraron el mayor n\u00famero de trabajadores al a\u00f1o 2021 fueron: Agricultura, ganader\u00eda, silvicultura y pesca; Ense\u00f1anza; e Industria Manufacturera; y, abarcando el 29%, 22% y 19% del total de trabajadores respectivamente (Biblioteca del Congreso Nacional, 2023).<\/span><\/p>\t\t\t\t\t\t\t\t<\/div>\n\t\t\t\t<\/div>\n\t\t\t\t<\/div>\n\t\t\t\t<\/div>\n\t\t\t\t<\/div>\n\t\t\t\t\t<\/div>\n\t\t\t\t<\/div>\n\t\t<div class=\"elementor-element elementor-element-fe5e4c8 e-flex e-con-boxed e-con e-parent\" data-id=\"fe5e4c8\" data-element_type=\"container\" data-e-type=\"container\" data-settings=\"{&quot;tmea_shape_divider_top&quot;:&quot;none&quot;,&quot;tmea_shape_divider_bottom&quot;:&quot;none&quot;}\">\n\t\t\t\t\t<div class=\"e-con-inner\">\n\t\t\t\t<div class=\"elementor-element elementor-element-f2e976b elementor-widget elementor-widget-spacer\" data-id=\"f2e976b\" data-element_type=\"widget\" data-e-type=\"widget\" data-widget_type=\"spacer.default\">\n\t\t\t\t<div class=\"elementor-widget-container\">\n\t\t\t\t\t\t\t<div class=\"elementor-spacer\">\n\t\t\t<div class=\"elementor-spacer-inner\"><\/div>\n\t\t<\/div>\n\t\t\t\t\t\t<\/div>\n\t\t\t\t<\/div>\n\t\t\t\t\t<\/div>\n\t\t\t\t<\/div>\n\t\t<div class=\"elementor-element elementor-element-3ff5434 e-flex e-con-boxed e-con e-parent\" data-id=\"3ff5434\" data-element_type=\"container\" data-e-type=\"container\" data-settings=\"{&quot;tmea_shape_divider_top&quot;:&quot;none&quot;,&quot;tmea_shape_divider_bottom&quot;:&quot;none&quot;}\">\n\t\t\t\t\t<div class=\"e-con-inner\">\n\t\t\t\t<div class=\"elementor-element elementor-element-290616c elementor-widget elementor-widget-heading\" data-id=\"290616c\" data-element_type=\"widget\" data-e-type=\"widget\" data-widget_type=\"heading.default\">\n\t\t\t\t<div class=\"elementor-widget-container\">\n\t\t\t\t\t<h2 class=\"elementor-heading-title elementor-size-default\">Servicios B\u00e1sicos<\/h2>\t\t\t\t<\/div>\n\t\t\t\t<\/div>\n\t\t\t\t\t<\/div>\n\t\t\t\t<\/div>\n\t\t<div class=\"elementor-element elementor-element-596b6a0 e-flex e-con-boxed e-con e-parent\" data-id=\"596b6a0\" data-element_type=\"container\" data-e-type=\"container\" data-settings=\"{&quot;tmea_shape_divider_top&quot;:&quot;none&quot;,&quot;tmea_shape_divider_bottom&quot;:&quot;none&quot;}\">\n\t\t\t\t\t<div class=\"e-con-inner\">\n\t\t\t\t<div class=\"elementor-element elementor-element-2d95500 elementor-widget elementor-widget-text-editor\" data-id=\"2d95500\" data-element_type=\"widget\" data-e-type=\"widget\" data-widget_type=\"text-editor.default\">\n\t\t\t\t<div class=\"elementor-widget-container\">\n\t\t\t\t\t\t\t\t\t<p><span style=\"color: #000000;\">Hablar de servicios b\u00e1sicos es referirse fundamentalmente, en el caso de las \u00e1reas urbanas, al acceso de los hogares al agua potable procedente de la red p\u00fablica o sistema de distribuci\u00f3n proveniente de fuentes subterr\u00e1neas o superficiales (pozo o noria, r\u00edo, vertiente, lago o estero, cami\u00f3n aljibe). En las \u00e1reas rurales se relaciona con aquellos hogares que posean una llave fuera de la vivienda y\/o disponibilidad de servicio de eliminaci\u00f3n de aguas servidas (soluci\u00f3n diferente a W.C conectado a alcantarillado o fosa s\u00e9ptica) (Biblioteca del Congreso Nacional, Reportes Comunales).&nbsp;<\/span><\/p><p><span style=\"color: #000000;\">Las personas carentes de servicios b\u00e1sicos en la comuna de Portezuelo a junio del 2022 corresponden a un promedio de 44,1% de la poblaci\u00f3n. Por otro lado, para el mismo per\u00edodo el porcentaje de hogares en situaci\u00f3n de hacinamiento fue del 9% (Biblioteca del Congreso Nacional, 2023).<\/span><\/p>\t\t\t\t\t\t\t\t<\/div>\n\t\t\t\t<\/div>\n\t\t\t\t\t<\/div>\n\t\t\t\t<\/div>\n\t\t<div class=\"elementor-element elementor-element-d41e4fa e-flex e-con-boxed e-con e-parent\" data-id=\"d41e4fa\" data-element_type=\"container\" data-e-type=\"container\" data-settings=\"{&quot;tmea_shape_divider_top&quot;:&quot;none&quot;,&quot;tmea_shape_divider_bottom&quot;:&quot;none&quot;}\">\n\t\t\t\t\t<div class=\"e-con-inner\">\n\t\t\t\t<div class=\"elementor-element elementor-element-bbc9b7e elementor-widget elementor-widget-spacer\" data-id=\"bbc9b7e\" data-element_type=\"widget\" data-e-type=\"widget\" data-widget_type=\"spacer.default\">\n\t\t\t\t<div class=\"elementor-widget-container\">\n\t\t\t\t\t\t\t<div class=\"elementor-spacer\">\n\t\t\t<div class=\"elementor-spacer-inner\"><\/div>\n\t\t<\/div>\n\t\t\t\t\t\t<\/div>\n\t\t\t\t<\/div>\n\t\t\t\t\t<\/div>\n\t\t\t\t<\/div>\n\t\t<div class=\"elementor-element elementor-element-08f56d6 e-flex e-con-boxed e-con e-parent\" data-id=\"08f56d6\" data-element_type=\"container\" data-e-type=\"container\" data-settings=\"{&quot;tmea_shape_divider_top&quot;:&quot;none&quot;,&quot;tmea_shape_divider_bottom&quot;:&quot;none&quot;}\">\n\t\t\t\t\t<div class=\"e-con-inner\">\n\t\t\t\t<div class=\"elementor-element elementor-element-9380cb4 elementor-widget elementor-widget-heading\" data-id=\"9380cb4\" data-element_type=\"widget\" data-e-type=\"widget\" data-widget_type=\"heading.default\">\n\t\t\t\t<div class=\"elementor-widget-container\">\n\t\t\t\t\t<h2 class=\"elementor-heading-title elementor-size-default\">Tasa de Pobreza por Ingresos<\/h2>\t\t\t\t<\/div>\n\t\t\t\t<\/div>\n\t\t\t\t\t<\/div>\n\t\t\t\t<\/div>\n\t\t<div class=\"elementor-element elementor-element-ab7edac e-flex e-con-boxed e-con e-parent\" data-id=\"ab7edac\" data-element_type=\"container\" data-e-type=\"container\" data-settings=\"{&quot;tmea_shape_divider_top&quot;:&quot;none&quot;,&quot;tmea_shape_divider_bottom&quot;:&quot;none&quot;}\">\n\t\t\t\t\t<div class=\"e-con-inner\">\n\t\t\t\t<div class=\"elementor-element elementor-element-91caede elementor-widget elementor-widget-text-editor\" data-id=\"91caede\" data-element_type=\"widget\" data-e-type=\"widget\" data-widget_type=\"text-editor.default\">\n\t\t\t\t<div class=\"elementor-widget-container\">\n\t\t\t\t\t\t\t\t\t<p><span style=\"color: #000000;\">De la encuesta de Caracterizaci\u00f3n socioecon\u00f3mica (CASEN) se puede determinar el porcentaje de \u201cpobreza por ingresos\u201d, el que considera en situaci\u00f3n de pobreza a aquellos hogares cuyos ingresos son inferiores al m\u00ednimo establecido para satisfacer las necesidades b\u00e1sicas de sus miembros, y en situaci\u00f3n de pobreza extrema a aquellos hogares cuyos ingresos son inferiores al m\u00ednimo establecido para satisfacer las necesidades alimentarias de sus miembros (Biblioteca del Congreso Nacional, 2021). <\/span><\/p><p><span style=\"color: #000000;\">En la comuna los resultados de la encuesta CASEN 2017, indican un 18,7% de pobreza por ingresos, variable que disminuye a 17,4% de acuerdo a la misma encuesta en el a\u00f1o 2020 (Biblioteca del Congreso Nacional, 2023).<\/span><\/p>\t\t\t\t\t\t\t\t<\/div>\n\t\t\t\t<\/div>\n\t\t\t\t\t<\/div>\n\t\t\t\t<\/div>\n\t\t<div class=\"elementor-element elementor-element-943db09 e-flex e-con-boxed e-con e-parent\" data-id=\"943db09\" data-element_type=\"container\" data-e-type=\"container\" data-settings=\"{&quot;tmea_shape_divider_top&quot;:&quot;none&quot;,&quot;tmea_shape_divider_bottom&quot;:&quot;none&quot;}\">\n\t\t\t\t\t<div class=\"e-con-inner\">\n\t\t\t\t<div class=\"elementor-element elementor-element-4165cfd elementor-widget elementor-widget-spacer\" data-id=\"4165cfd\" data-element_type=\"widget\" data-e-type=\"widget\" data-widget_type=\"spacer.default\">\n\t\t\t\t<div class=\"elementor-widget-container\">\n\t\t\t\t\t\t\t<div class=\"elementor-spacer\">\n\t\t\t<div class=\"elementor-spacer-inner\"><\/div>\n\t\t<\/div>\n\t\t\t\t\t\t<\/div>\n\t\t\t\t<\/div>\n\t\t\t\t\t<\/div>\n\t\t\t\t<\/div>\n\t\t<div class=\"elementor-element elementor-element-dc16310 e-flex e-con-boxed e-con e-parent\" data-id=\"dc16310\" data-element_type=\"container\" data-e-type=\"container\" data-settings=\"{&quot;tmea_shape_divider_top&quot;:&quot;none&quot;,&quot;tmea_shape_divider_bottom&quot;:&quot;none&quot;}\">\n\t\t\t\t\t<div class=\"e-con-inner\">\n\t\t\t\t<div class=\"elementor-element elementor-element-9a4ca01 elementor-widget elementor-widget-heading\" data-id=\"9a4ca01\" data-element_type=\"widget\" data-e-type=\"widget\" data-widget_type=\"heading.default\">\n\t\t\t\t<div class=\"elementor-widget-container\">\n\t\t\t\t\t<h1 class=\"elementor-heading-title elementor-size-default\">Indicadores de Salud<\/h1>\t\t\t\t<\/div>\n\t\t\t\t<\/div>\n\t\t\t\t\t<\/div>\n\t\t\t\t<\/div>\n\t\t<div class=\"elementor-element elementor-element-7ffb437 e-flex e-con-boxed e-con e-parent\" data-id=\"7ffb437\" data-element_type=\"container\" data-e-type=\"container\" data-settings=\"{&quot;tmea_shape_divider_top&quot;:&quot;none&quot;,&quot;tmea_shape_divider_bottom&quot;:&quot;none&quot;}\">\n\t\t\t\t\t<div class=\"e-con-inner\">\n\t\t\t\t<div class=\"elementor-element elementor-element-12a3555 elementor-widget elementor-widget-heading\" data-id=\"12a3555\" data-element_type=\"widget\" data-e-type=\"widget\" data-widget_type=\"heading.default\">\n\t\t\t\t<div class=\"elementor-widget-container\">\n\t\t\t\t\t<h2 class=\"elementor-heading-title elementor-size-default\">Natalidad Y Mortalidad Infantil<\/h2>\t\t\t\t<\/div>\n\t\t\t\t<\/div>\n\t\t\t\t\t<\/div>\n\t\t\t\t<\/div>\n\t\t<div class=\"elementor-element elementor-element-3e325a4 e-flex e-con-boxed e-con e-parent\" data-id=\"3e325a4\" data-element_type=\"container\" data-e-type=\"container\" data-settings=\"{&quot;tmea_shape_divider_top&quot;:&quot;none&quot;,&quot;tmea_shape_divider_bottom&quot;:&quot;none&quot;}\">\n\t\t\t\t\t<div class=\"e-con-inner\">\n\t\t<div class=\"elementor-element elementor-element-4c59bd4 e-con-full e-flex e-con e-child\" data-id=\"4c59bd4\" data-element_type=\"container\" data-e-type=\"container\" data-settings=\"{&quot;tmea_shape_divider_top&quot;:&quot;none&quot;,&quot;tmea_shape_divider_bottom&quot;:&quot;none&quot;}\">\n\t\t\t\t<div class=\"elementor-element elementor-element-320b717 elementor-widget elementor-widget-image\" data-id=\"320b717\" data-element_type=\"widget\" data-e-type=\"widget\" data-widget_type=\"image.default\">\n\t\t\t\t<div class=\"elementor-widget-container\">\n\t\t\t\t\t\t\t\t\t\t\t\t<figure class=\"wp-caption\">\n\t\t\t\t\t\t\t\t\t\t<img decoding=\"async\" width=\"456\" height=\"244\" src=\"https:\/\/mportezuelo.cl\/Inicio\/wp-content\/uploads\/2024\/05\/Portezuelo_demografica.jpg\" class=\"attachment-large size-large wp-image-3938\" alt=\"\" srcset=\"https:\/\/mportezuelo.cl\/Inicio\/wp-content\/uploads\/2024\/05\/Portezuelo_demografica.jpg 456w, https:\/\/mportezuelo.cl\/Inicio\/wp-content\/uploads\/2024\/05\/Portezuelo_demografica-300x161.jpg 300w\" sizes=\"(max-width: 456px) 100vw, 456px\" \/>\t\t\t\t\t\t\t\t\t\t\t<figcaption class=\"widget-image-caption wp-caption-text\">Tasa de Natalidad y Mortalidad Infantil 2019. Comuna de Portezuelo Fuente: elaborado a partir de informaci\u00f3n de reportes comunales de la Biblioteca del Congreso Nacional, 2023.<\/figcaption>\n\t\t\t\t\t\t\t\t\t\t<\/figure>\n\t\t\t\t\t\t\t\t\t<\/div>\n\t\t\t\t<\/div>\n\t\t\t\t<\/div>\n\t\t<div class=\"elementor-element elementor-element-8f54c7f e-con-full e-flex e-con e-child\" data-id=\"8f54c7f\" data-element_type=\"container\" data-e-type=\"container\" data-settings=\"{&quot;tmea_shape_divider_top&quot;:&quot;none&quot;,&quot;tmea_shape_divider_bottom&quot;:&quot;none&quot;}\">\n\t\t\t\t<div class=\"elementor-element elementor-element-4245539 elementor-widget elementor-widget-text-editor\" data-id=\"4245539\" data-element_type=\"widget\" data-e-type=\"widget\" data-widget_type=\"text-editor.default\">\n\t\t\t\t<div class=\"elementor-widget-container\">\n\t\t\t\t\t\t\t\t\t<p><span style=\"color: #000000;\">La tasa de natalidad corresponde al n\u00famero de nacidos vivos por 1.000 habitantes en un determinado a\u00f1o y la tasa de mortalidad infantil corresponde al n\u00famero de defunciones de ni\u00f1os menores de 1 a\u00f1o por 1.000 nacidos vivos (Biblioteca del Congreso Nacional,2023).<\/span><br \/><span style=\"color: #000000;\">Para comparar los porcentajes de natalidad y mortalidad infantil al a\u00f1o 2019 se presenta el gr\u00e1fico.<\/span><\/p><p>\u00a0<\/p>\t\t\t\t\t\t\t\t<\/div>\n\t\t\t\t<\/div>\n\t\t\t\t<\/div>\n\t\t\t\t\t<\/div>\n\t\t\t\t<\/div>\n\t\t<div class=\"elementor-element elementor-element-43b6381 e-flex e-con-boxed e-con e-parent\" data-id=\"43b6381\" data-element_type=\"container\" data-e-type=\"container\" data-settings=\"{&quot;tmea_shape_divider_top&quot;:&quot;none&quot;,&quot;tmea_shape_divider_bottom&quot;:&quot;none&quot;}\">\n\t\t\t\t\t<div class=\"e-con-inner\">\n\t\t\t\t<div class=\"elementor-element elementor-element-b44f678 elementor-widget elementor-widget-spacer\" data-id=\"b44f678\" data-element_type=\"widget\" data-e-type=\"widget\" data-widget_type=\"spacer.default\">\n\t\t\t\t<div class=\"elementor-widget-container\">\n\t\t\t\t\t\t\t<div class=\"elementor-spacer\">\n\t\t\t<div class=\"elementor-spacer-inner\"><\/div>\n\t\t<\/div>\n\t\t\t\t\t\t<\/div>\n\t\t\t\t<\/div>\n\t\t\t\t\t<\/div>\n\t\t\t\t<\/div>\n\t\t<div class=\"elementor-element elementor-element-a704f84 e-flex e-con-boxed e-con e-parent\" data-id=\"a704f84\" data-element_type=\"container\" data-e-type=\"container\" data-settings=\"{&quot;tmea_shape_divider_top&quot;:&quot;none&quot;,&quot;tmea_shape_divider_bottom&quot;:&quot;none&quot;}\">\n\t\t\t\t\t<div class=\"e-con-inner\">\n\t\t\t\t<div class=\"elementor-element elementor-element-0fc922e elementor-widget elementor-widget-heading\" data-id=\"0fc922e\" data-element_type=\"widget\" data-e-type=\"widget\" data-widget_type=\"heading.default\">\n\t\t\t\t<div class=\"elementor-widget-container\">\n\t\t\t\t\t<h2 class=\"elementor-heading-title elementor-size-default\">Establecimientos De Salud<\/h2>\t\t\t\t<\/div>\n\t\t\t\t<\/div>\n\t\t\t\t\t<\/div>\n\t\t\t\t<\/div>\n\t\t<div class=\"elementor-element elementor-element-57360cb e-flex e-con-boxed e-con e-parent\" data-id=\"57360cb\" data-element_type=\"container\" data-e-type=\"container\" data-settings=\"{&quot;tmea_shape_divider_top&quot;:&quot;none&quot;,&quot;tmea_shape_divider_bottom&quot;:&quot;none&quot;}\">\n\t\t\t\t\t<div class=\"e-con-inner\">\n\t\t<div class=\"elementor-element elementor-element-d3ef098 e-con-full e-flex e-con e-child\" data-id=\"d3ef098\" data-element_type=\"container\" data-e-type=\"container\" data-settings=\"{&quot;tmea_shape_divider_top&quot;:&quot;none&quot;,&quot;tmea_shape_divider_bottom&quot;:&quot;none&quot;}\">\n\t\t\t\t<div class=\"elementor-element elementor-element-4788089 elementor-widget elementor-widget-text-editor\" data-id=\"4788089\" data-element_type=\"widget\" data-e-type=\"widget\" data-widget_type=\"text-editor.default\">\n\t\t\t\t<div class=\"elementor-widget-container\">\n\t\t\t\t\t\t\t\t\t<p><span style=\"color: #000000;\">De acuerdo con el Departamento de Estad\u00edsticas e Informaci\u00f3n de Salud (DEIS) del Ministerio de Salud, Portezuelo cuenta con 4 establecimientos de salud al 3 de enero del 2023.<\/span><\/p><p><span style=\"color: #000000;\">Al a\u00f1o 2021 el n\u00famero de poblaci\u00f3n inscrita validada en Servicios de Salud Municipal correspondi\u00f3 a 5.138 personas (Biblioteca del Congreso Nacional, 2023).<\/span><\/p>\t\t\t\t\t\t\t\t<\/div>\n\t\t\t\t<\/div>\n\t\t\t\t<\/div>\n\t\t<div class=\"elementor-element elementor-element-9c253c3 e-con-full e-flex e-con e-child\" data-id=\"9c253c3\" data-element_type=\"container\" data-e-type=\"container\" data-settings=\"{&quot;tmea_shape_divider_top&quot;:&quot;none&quot;,&quot;tmea_shape_divider_bottom&quot;:&quot;none&quot;}\">\n\t\t\t\t<div class=\"elementor-element elementor-element-37baab4 elementor-widget elementor-widget-image\" data-id=\"37baab4\" data-element_type=\"widget\" data-e-type=\"widget\" data-widget_type=\"image.default\">\n\t\t\t\t<div class=\"elementor-widget-container\">\n\t\t\t\t\t\t\t\t\t\t\t\t<figure class=\"wp-caption\">\n\t\t\t\t\t\t\t\t\t\t<img loading=\"lazy\" decoding=\"async\" width=\"525\" height=\"149\" src=\"https:\/\/mportezuelo.cl\/Inicio\/wp-content\/uploads\/2024\/05\/tabla02.jpg\" class=\"attachment-large size-large wp-image-3939\" alt=\"\" srcset=\"https:\/\/mportezuelo.cl\/Inicio\/wp-content\/uploads\/2024\/05\/tabla02.jpg 525w, https:\/\/mportezuelo.cl\/Inicio\/wp-content\/uploads\/2024\/05\/tabla02-300x85.jpg 300w\" sizes=\"(max-width: 525px) 100vw, 525px\" \/>\t\t\t\t\t\t\t\t\t\t\t<figcaption class=\"widget-image-caption wp-caption-text\">Fuente: elaborado a partir de la Biblioteca del Congreso Nacional, Estad\u00edsticas territoriales (2023).<\/figcaption>\n\t\t\t\t\t\t\t\t\t\t<\/figure>\n\t\t\t\t\t\t\t\t\t<\/div>\n\t\t\t\t<\/div>\n\t\t\t\t<\/div>\n\t\t\t\t\t<\/div>\n\t\t\t\t<\/div>\n\t\t\t\t<\/div>\n\t\t","protected":false},"excerpt":{"rendered":"<p>Empresas En el a\u00f1o 2021, la comuna de Portezuelo contaba con 300 empresas, de las cuales en su mayor\u00eda fueron microempresas representando aproximadamente un 70% del total con 208 empresas, seguida por las peque\u00f1as empresas con 38 unidades lo que se traduce en un 13% del total de empresas (Biblioteca del Congreso Nacional, 2023). A [&hellip;]<\/p>\n","protected":false},"author":1,"featured_media":0,"parent":0,"menu_order":0,"comment_status":"closed","ping_status":"closed","template":"","meta":{"_monsterinsights_skip_tracking":false,"_monsterinsights_sitenote_active":false,"_monsterinsights_sitenote_note":"","_monsterinsights_sitenote_category":0,"iawp_total_views":94,"footnotes":""},"class_list":["post-3903","page","type-page","status-publish","hentry"],"aioseo_notices":[],"_links":{"self":[{"href":"https:\/\/mportezuelo.cl\/Inicio\/wp-json\/wp\/v2\/pages\/3903","targetHints":{"allow":["GET"]}}],"collection":[{"href":"https:\/\/mportezuelo.cl\/Inicio\/wp-json\/wp\/v2\/pages"}],"about":[{"href":"https:\/\/mportezuelo.cl\/Inicio\/wp-json\/wp\/v2\/types\/page"}],"author":[{"embeddable":true,"href":"https:\/\/mportezuelo.cl\/Inicio\/wp-json\/wp\/v2\/users\/1"}],"replies":[{"embeddable":true,"href":"https:\/\/mportezuelo.cl\/Inicio\/wp-json\/wp\/v2\/comments?post=3903"}],"version-history":[{"count":12,"href":"https:\/\/mportezuelo.cl\/Inicio\/wp-json\/wp\/v2\/pages\/3903\/revisions"}],"predecessor-version":[{"id":3994,"href":"https:\/\/mportezuelo.cl\/Inicio\/wp-json\/wp\/v2\/pages\/3903\/revisions\/3994"}],"wp:attachment":[{"href":"https:\/\/mportezuelo.cl\/Inicio\/wp-json\/wp\/v2\/media?parent=3903"}],"curies":[{"name":"wp","href":"https:\/\/api.w.org\/{rel}","templated":true}]}}