{"id":2649,"date":"2024-05-09T09:46:19","date_gmt":"2024-05-09T12:46:19","guid":{"rendered":"https:\/\/mportezuelo.cl\/Inicio\/?page_id=2649"},"modified":"2024-05-17T09:41:25","modified_gmt":"2024-05-17T12:41:25","slug":"comuna","status":"publish","type":"page","link":"https:\/\/mportezuelo.cl\/Inicio\/comuna\/","title":{"rendered":"Comuna"},"content":{"rendered":"\t\t<div data-elementor-type=\"wp-page\" data-elementor-id=\"2649\" class=\"elementor elementor-2649\" data-elementor-post-type=\"page\">\n\t\t\t\t\n<div class=\"elementor-element elementor-element-f22f4d8 e-flex e-con-boxed e-con e-parent\" data-id=\"f22f4d8\" data-element_type=\"container\" data-e-type=\"container\" data-settings=\"{&quot;tmea_shape_divider_top&quot;:&quot;none&quot;,&quot;tmea_shape_divider_bottom&quot;:&quot;none&quot;}\">\n\t\t\t\t\t<div class=\"e-con-inner\">\n\t\t\t\t<div class=\"elementor-element elementor-element-0fb84ad elementor-widget elementor-widget-heading\" data-id=\"0fb84ad\" data-element_type=\"widget\" data-e-type=\"widget\" data-widget_type=\"heading.default\">\n\t\t\t\t<div class=\"elementor-widget-container\">\n\t\t\t\t\t<h2 class=\"elementor-heading-title elementor-size-default\">Comuna de Portezuelo<\/h2>\t\t\t\t<\/div>\n\t\t\t\t<\/div>\n\t\t\t\t\t<\/div>\n\t\t\t\t<\/div>\n\t\t<div class=\"elementor-element elementor-element-f048dbc e-flex e-con-boxed e-con e-parent\" data-id=\"f048dbc\" data-element_type=\"container\" data-e-type=\"container\" data-settings=\"{&quot;tmea_shape_divider_top&quot;:&quot;none&quot;,&quot;tmea_shape_divider_bottom&quot;:&quot;none&quot;}\">\n\t\t\t\t\t<div class=\"e-con-inner\">\n\t\t<div class=\"elementor-element elementor-element-8be0fbc e-con-full e-flex e-con e-child\" data-id=\"8be0fbc\" data-element_type=\"container\" data-e-type=\"container\" data-settings=\"{&quot;tmea_shape_divider_top&quot;:&quot;none&quot;,&quot;tmea_shape_divider_bottom&quot;:&quot;none&quot;}\">\n\t\t\t\t<div class=\"elementor-element elementor-element-d805d20 elementor-widget elementor-widget-image\" data-id=\"d805d20\" data-element_type=\"widget\" data-e-type=\"widget\" data-widget_type=\"image.default\">\n\t\t\t\t<div class=\"elementor-widget-container\">\n\t\t\t\t\t\t\t\t\t\t\t\t\t\t\t<img fetchpriority=\"high\" decoding=\"async\" width=\"820\" height=\"461\" src=\"https:\/\/mportezuelo.cl\/Inicio\/wp-content\/uploads\/2024\/05\/WhatsApp-Image-2024-05-09-at-10.44.04-3-820x461.jpeg\" class=\"attachment-dustrix_820x460 size-dustrix_820x460 wp-image-2709\" alt=\"\" srcset=\"https:\/\/mportezuelo.cl\/Inicio\/wp-content\/uploads\/2024\/05\/WhatsApp-Image-2024-05-09-at-10.44.04-3-820x461.jpeg 820w, https:\/\/mportezuelo.cl\/Inicio\/wp-content\/uploads\/2024\/05\/WhatsApp-Image-2024-05-09-at-10.44.04-3-1170x658.jpeg 1170w, https:\/\/mportezuelo.cl\/Inicio\/wp-content\/uploads\/2024\/05\/WhatsApp-Image-2024-05-09-at-10.44.04-3-177x100.jpeg 177w\" sizes=\"(max-width: 820px) 100vw, 820px\" \/>\t\t\t\t\t\t\t\t\t\t\t\t\t\t\t<\/div>\n\t\t\t\t<\/div>\n\t\t\t\t<\/div>\n\t\t<div class=\"elementor-element elementor-element-e8562b2 e-con-full e-flex e-con e-child\" data-id=\"e8562b2\" data-element_type=\"container\" data-e-type=\"container\" data-settings=\"{&quot;tmea_shape_divider_top&quot;:&quot;none&quot;,&quot;tmea_shape_divider_bottom&quot;:&quot;none&quot;}\">\n\t\t\t\t<div class=\"elementor-element elementor-element-a56fccc elementor-widget elementor-widget-image\" data-id=\"a56fccc\" data-element_type=\"widget\" data-e-type=\"widget\" data-widget_type=\"image.default\">\n\t\t\t\t<div class=\"elementor-widget-container\">\n\t\t\t\t\t\t\t\t\t\t\t\t\t\t\t<img decoding=\"async\" width=\"820\" height=\"461\" src=\"https:\/\/mportezuelo.cl\/Inicio\/wp-content\/uploads\/2024\/05\/WhatsApp-Image-2024-05-09-at-10.44.04-1-820x461.jpeg\" class=\"attachment-dustrix_820x460 size-dustrix_820x460 wp-image-2704\" alt=\"\" srcset=\"https:\/\/mportezuelo.cl\/Inicio\/wp-content\/uploads\/2024\/05\/WhatsApp-Image-2024-05-09-at-10.44.04-1-820x461.jpeg 820w, https:\/\/mportezuelo.cl\/Inicio\/wp-content\/uploads\/2024\/05\/WhatsApp-Image-2024-05-09-at-10.44.04-1-1170x658.jpeg 1170w, https:\/\/mportezuelo.cl\/Inicio\/wp-content\/uploads\/2024\/05\/WhatsApp-Image-2024-05-09-at-10.44.04-1-177x100.jpeg 177w\" sizes=\"(max-width: 820px) 100vw, 820px\" \/>\t\t\t\t\t\t\t\t\t\t\t\t\t\t\t<\/div>\n\t\t\t\t<\/div>\n\t\t\t\t<\/div>\n\t\t\t\t\t<\/div>\n\t\t\t\t<\/div>\n\t\t<div class=\"elementor-element elementor-element-79e30fb e-flex e-con-boxed e-con e-parent\" data-id=\"79e30fb\" data-element_type=\"container\" data-e-type=\"container\" data-settings=\"{&quot;tmea_shape_divider_top&quot;:&quot;none&quot;,&quot;tmea_shape_divider_bottom&quot;:&quot;none&quot;}\">\n\t\t\t\t\t<div class=\"e-con-inner\">\n\t\t\t\t<div class=\"elementor-element elementor-element-399d1d7 elementor-widget elementor-widget-heading\" data-id=\"399d1d7\" data-element_type=\"widget\" data-e-type=\"widget\" data-widget_type=\"heading.default\">\n\t\t\t\t<div class=\"elementor-widget-container\">\n\t\t\t\t\t<h2 class=\"elementor-heading-title elementor-size-default\">Historia<\/h2>\t\t\t\t<\/div>\n\t\t\t\t<\/div>\n\t\t\t\t\t<\/div>\n\t\t\t\t<\/div>\n\t\t<div class=\"elementor-element elementor-element-ba11faf e-flex e-con-boxed e-con e-parent\" data-id=\"ba11faf\" data-element_type=\"container\" data-e-type=\"container\" data-settings=\"{&quot;tmea_shape_divider_top&quot;:&quot;none&quot;,&quot;tmea_shape_divider_bottom&quot;:&quot;none&quot;}\">\n\t\t\t\t\t<div class=\"e-con-inner\">\n\t\t\t\t<div class=\"elementor-element elementor-element-8ad6d66 elementor-widget elementor-widget-text-editor\" data-id=\"8ad6d66\" data-element_type=\"widget\" data-e-type=\"widget\" data-widget_type=\"text-editor.default\">\n\t\t\t\t<div class=\"elementor-widget-container\">\n\t\t\t\t\t\t\t\t\t<p><span style=\"color: #000000;\">Portezuelo, una comuna de la zona centro sur de Chile. Perteneciente a la provincia de Itata, se encuentra en la Regi\u00f3n de \u00d1uble. Limita al norte con Ninhue, al sur con R\u00e1nquil y Chill\u00e1n, al este con San Nicol\u00e1s, y al oeste con Trehuaco y Coelemu. El pueblo de Portezuelo se encuentra a 34 km de Chill\u00e1n, la capital regional.<\/span><\/p><p><span style=\"color: #000000;\">Seg\u00fan la historia, esta zona estaba poblada y dominada por ind\u00edgenas, con reducciones establecidas cerca del pueblo actual, como las de los Chiquillanes. El territorio entre los r\u00edos Maule, Itata y \u00d1uble era una demarcaci\u00f3n de los indios Araucanos y Chiquillanes, quienes a su vez eran posesiones de la orden religiosa de la Compa\u00f1\u00eda de Jes\u00fas. Esta orden lleg\u00f3 a Chile en 1593 con una misi\u00f3n evangelizadora y apost\u00f3lica entre los abor\u00edgenes, incluso ense\u00f1\u00e1ndoles el cultivo de las tierras.<\/span><\/p>\t\t\t\t\t\t\t\t<\/div>\n\t\t\t\t<\/div>\n\t\t\t\t\t<\/div>\n\t\t\t\t<\/div>\n\t\t<div class=\"elementor-element elementor-element-aabd4b0 e-flex e-con-boxed e-con e-parent\" data-id=\"aabd4b0\" data-element_type=\"container\" data-e-type=\"container\" data-settings=\"{&quot;tmea_shape_divider_top&quot;:&quot;none&quot;,&quot;tmea_shape_divider_bottom&quot;:&quot;none&quot;}\">\n\t\t\t\t\t<div class=\"e-con-inner\">\n\t\t<div class=\"elementor-element elementor-element-b6fc405 e-con-full e-flex e-con e-child\" data-id=\"b6fc405\" data-element_type=\"container\" data-e-type=\"container\" data-settings=\"{&quot;tmea_shape_divider_top&quot;:&quot;none&quot;,&quot;tmea_shape_divider_bottom&quot;:&quot;none&quot;}\">\n\t\t\t\t<div class=\"elementor-element elementor-element-e077657 elementor-widget elementor-widget-image\" data-id=\"e077657\" data-element_type=\"widget\" data-e-type=\"widget\" data-widget_type=\"image.default\">\n\t\t\t\t<div class=\"elementor-widget-container\">\n\t\t\t\t\t\t\t\t\t\t\t\t\t\t\t<img decoding=\"async\" width=\"1024\" height=\"696\" src=\"https:\/\/mportezuelo.cl\/Inicio\/wp-content\/uploads\/2024\/05\/1920px-Schmidtmeyer-_Aglio_Agostino_-_Portezuelo_-JCB_Library_f1.2-1024x696.jpg\" class=\"attachment-large size-large wp-image-2844\" alt=\"\" srcset=\"https:\/\/mportezuelo.cl\/Inicio\/wp-content\/uploads\/2024\/05\/1920px-Schmidtmeyer-_Aglio_Agostino_-_Portezuelo_-JCB_Library_f1.2-1024x696.jpg 1024w, https:\/\/mportezuelo.cl\/Inicio\/wp-content\/uploads\/2024\/05\/1920px-Schmidtmeyer-_Aglio_Agostino_-_Portezuelo_-JCB_Library_f1.2-300x204.jpg 300w, https:\/\/mportezuelo.cl\/Inicio\/wp-content\/uploads\/2024\/05\/1920px-Schmidtmeyer-_Aglio_Agostino_-_Portezuelo_-JCB_Library_f1.2-768x522.jpg 768w, https:\/\/mportezuelo.cl\/Inicio\/wp-content\/uploads\/2024\/05\/1920px-Schmidtmeyer-_Aglio_Agostino_-_Portezuelo_-JCB_Library_f1.2-1536x1044.jpg 1536w, https:\/\/mportezuelo.cl\/Inicio\/wp-content\/uploads\/2024\/05\/1920px-Schmidtmeyer-_Aglio_Agostino_-_Portezuelo_-JCB_Library_f1.2.jpg 1920w\" sizes=\"(max-width: 1024px) 100vw, 1024px\" \/>\t\t\t\t\t\t\t\t\t\t\t\t\t\t\t<\/div>\n\t\t\t\t<\/div>\n\t\t\t\t<\/div>\n\t\t<div class=\"elementor-element elementor-element-e7db5df e-con-full e-flex e-con e-child\" data-id=\"e7db5df\" data-element_type=\"container\" data-e-type=\"container\" data-settings=\"{&quot;tmea_shape_divider_top&quot;:&quot;none&quot;,&quot;tmea_shape_divider_bottom&quot;:&quot;none&quot;}\">\n\t\t\t\t<div class=\"elementor-element elementor-element-cc7a13c elementor-widget elementor-widget-text-editor\" data-id=\"cc7a13c\" data-element_type=\"widget\" data-e-type=\"widget\" data-widget_type=\"text-editor.default\">\n\t\t\t\t<div class=\"elementor-widget-container\">\n\t\t\t\t\t\t\t\t\t<p><span style=\"color: #000000;\">Portezuelo comenz\u00f3 a construirse en la segunda d\u00e9cada del siglo xviii. Fue fundada por Rodrigo Alejandro Martel de Durand, siendo inicialmente una estancia que llevaba su apellido, Portezuelo Durand. Una de las primeras im\u00e1genes de este pueblo apareci\u00f3 en 1824, en el libro del viajero explorador y fil\u00e1ntropo ingl\u00e9s Peter Schmidtmeyer Travels into Chile, over the Andes, in the years 1820 and 1821, London: Longman, Hurst, Rees, Orme, Brown and Green, 1824 (traducido como Viaje a Chile a trav\u00e9s de Los Andes realizado en los a\u00f1os 1820-21).<\/span><\/p><p><span style=\"color: #000000;\">Durante la \u00e9poca colonial, los territorios que actualmente pertenecen a la comuna de Portezuelo fueron utilizados como rutas de tr\u00e1nsito para la miner\u00eda y el comercio.<\/span><\/p>\t\t\t\t\t\t\t\t<\/div>\n\t\t\t\t<\/div>\n\t\t\t\t<\/div>\n\t\t\t\t\t<\/div>\n\t\t\t\t<\/div>\n\t\t<div class=\"elementor-element elementor-element-c8758f9 e-flex e-con-boxed e-con e-parent\" data-id=\"c8758f9\" data-element_type=\"container\" data-e-type=\"container\" data-settings=\"{&quot;tmea_shape_divider_top&quot;:&quot;none&quot;,&quot;tmea_shape_divider_bottom&quot;:&quot;none&quot;}\">\n\t\t\t\t\t<div class=\"e-con-inner\">\n\t\t<div class=\"elementor-element elementor-element-e094371 e-con-full e-flex e-con e-child\" data-id=\"e094371\" data-element_type=\"container\" data-e-type=\"container\" data-settings=\"{&quot;tmea_shape_divider_top&quot;:&quot;none&quot;,&quot;tmea_shape_divider_bottom&quot;:&quot;none&quot;}\">\n\t\t\t\t<div class=\"elementor-element elementor-element-2902d97 elementor-widget elementor-widget-text-editor\" data-id=\"2902d97\" data-element_type=\"widget\" data-e-type=\"widget\" data-widget_type=\"text-editor.default\">\n\t\t\t\t<div class=\"elementor-widget-container\">\n\t\t\t\t\t\t\t\t\t<p><span style=\"color: #000000;\">El 22 de diciembre de 1891 se cre\u00f3 la Municipalidad, a\u00f1o en que el gobierno del Presidente Jorge Montt dict\u00f3 la ley de Organizaci\u00f3n Geogr\u00e1fica de las Municipalidades, comprendiendo en este caso las subdelegaciones de Portezuelo y Treguaco.<\/span><\/p><p><span style=\"color: #000000;\">Francisco Solano Asta-Buruaga y Cienfuegos describe a la capital de la comuna en el Diccionario Geogr\u00e1fico de la Rep\u00fablica de Chile\u200b (1899) en los siguientes t\u00e9rminos:<\/span><\/p><p><span style=\"color: #000000;\">En el a\u00f1o 1926 es creada la Comuna de Portezuelo, en el departamento de Itata, provincia de Maule, comprendiendo \u201clas antiguas subdelegaciones: 6.\u00aa Treguaco, y 7.\u00aa Portezuelo; con sus l\u00edmites correspondientes.\u201d<\/span><\/p><p><span style=\"color: #000000;\">En el a\u00f1o 1973 se crea la comuna subdelegaci\u00f3n de Trehuaco en el departamento de Itata, de la provincia de \u00d1uble, rest\u00e1ndose de la entonces comuna de Portezuelo los distritos \u201c6\u201d Trehuaco, \u201c5\u201d Las Minas y \u201c7\u201d Leuque. En el a\u00f1o 1974 se crea la VIII Regi\u00f3n y en el a\u00f1o 1975 se establece su divisi\u00f3n en cuatro provincias: \u00d1uble, Concepci\u00f3n, Arauco y B\u00edo B\u00edo.<\/span><\/p>\t\t\t\t\t\t\t\t<\/div>\n\t\t\t\t<\/div>\n\t\t\t\t<\/div>\n\t\t<div class=\"elementor-element elementor-element-147a2e7 e-con-full e-flex e-con e-child\" data-id=\"147a2e7\" data-element_type=\"container\" data-e-type=\"container\" data-settings=\"{&quot;tmea_shape_divider_top&quot;:&quot;none&quot;,&quot;tmea_shape_divider_bottom&quot;:&quot;none&quot;}\">\n\t\t\t\t<div class=\"elementor-element elementor-element-c4f8fc8 elementor-widget elementor-widget-image\" data-id=\"c4f8fc8\" data-element_type=\"widget\" data-e-type=\"widget\" data-widget_type=\"image.default\">\n\t\t\t\t<div class=\"elementor-widget-container\">\n\t\t\t\t\t\t\t\t\t\t\t\t\t\t\t<img loading=\"lazy\" decoding=\"async\" width=\"809\" height=\"854\" src=\"https:\/\/mportezuelo.cl\/Inicio\/wp-content\/uploads\/2024\/05\/mapa-historico.jpg\" class=\"attachment-large size-large wp-image-2848\" alt=\"\" srcset=\"https:\/\/mportezuelo.cl\/Inicio\/wp-content\/uploads\/2024\/05\/mapa-historico.jpg 809w, https:\/\/mportezuelo.cl\/Inicio\/wp-content\/uploads\/2024\/05\/mapa-historico-284x300.jpg 284w, https:\/\/mportezuelo.cl\/Inicio\/wp-content\/uploads\/2024\/05\/mapa-historico-768x811.jpg 768w\" sizes=\"(max-width: 809px) 100vw, 809px\" \/>\t\t\t\t\t\t\t\t\t\t\t\t\t\t\t<\/div>\n\t\t\t\t<\/div>\n\t\t\t\t<\/div>\n\t\t\t\t\t<\/div>\n\t\t\t\t<\/div>\n\t\t<div class=\"elementor-element elementor-element-c96c4da e-flex e-con-boxed e-con e-parent\" data-id=\"c96c4da\" data-element_type=\"container\" data-e-type=\"container\" data-settings=\"{&quot;tmea_shape_divider_top&quot;:&quot;none&quot;,&quot;tmea_shape_divider_bottom&quot;:&quot;none&quot;}\">\n\t\t\t\t\t<div class=\"e-con-inner\">\n\t\t<div class=\"elementor-element elementor-element-3c1a16f e-con-full e-flex e-con e-child\" data-id=\"3c1a16f\" data-element_type=\"container\" data-e-type=\"container\" data-settings=\"{&quot;tmea_shape_divider_top&quot;:&quot;none&quot;,&quot;tmea_shape_divider_bottom&quot;:&quot;none&quot;}\">\n\t\t\t\t<div class=\"elementor-element elementor-element-435948c elementor-widget elementor-widget-image\" data-id=\"435948c\" data-element_type=\"widget\" data-e-type=\"widget\" data-widget_type=\"image.default\">\n\t\t\t\t<div class=\"elementor-widget-container\">\n\t\t\t\t\t\t\t\t\t\t\t\t\t\t\t<img loading=\"lazy\" decoding=\"async\" width=\"1024\" height=\"576\" src=\"https:\/\/mportezuelo.cl\/Inicio\/wp-content\/uploads\/2024\/05\/DJI_0928-1024x576.jpg\" class=\"attachment-large size-large wp-image-2866\" alt=\"\" srcset=\"https:\/\/mportezuelo.cl\/Inicio\/wp-content\/uploads\/2024\/05\/DJI_0928-1024x576.jpg 1024w, https:\/\/mportezuelo.cl\/Inicio\/wp-content\/uploads\/2024\/05\/DJI_0928-300x169.jpg 300w, https:\/\/mportezuelo.cl\/Inicio\/wp-content\/uploads\/2024\/05\/DJI_0928-768x432.jpg 768w, https:\/\/mportezuelo.cl\/Inicio\/wp-content\/uploads\/2024\/05\/DJI_0928-1536x863.jpg 1536w, https:\/\/mportezuelo.cl\/Inicio\/wp-content\/uploads\/2024\/05\/DJI_0928-820x461.jpg 820w, https:\/\/mportezuelo.cl\/Inicio\/wp-content\/uploads\/2024\/05\/DJI_0928-1170x658.jpg 1170w, https:\/\/mportezuelo.cl\/Inicio\/wp-content\/uploads\/2024\/05\/DJI_0928-177x100.jpg 177w, https:\/\/mportezuelo.cl\/Inicio\/wp-content\/uploads\/2024\/05\/DJI_0928.jpg 2028w\" sizes=\"(max-width: 1024px) 100vw, 1024px\" \/>\t\t\t\t\t\t\t\t\t\t\t\t\t\t\t<\/div>\n\t\t\t\t<\/div>\n\t\t\t\t<\/div>\n\t\t<div class=\"elementor-element elementor-element-f0f7ee0 e-con-full e-flex e-con e-child\" data-id=\"f0f7ee0\" data-element_type=\"container\" data-e-type=\"container\" data-settings=\"{&quot;tmea_shape_divider_top&quot;:&quot;none&quot;,&quot;tmea_shape_divider_bottom&quot;:&quot;none&quot;}\">\n\t\t\t\t<div class=\"elementor-element elementor-element-8caf335 elementor-drop-cap-yes elementor-drop-cap-view-default elementor-widget elementor-widget-text-editor\" data-id=\"8caf335\" data-element_type=\"widget\" data-e-type=\"widget\" data-settings=\"{&quot;drop_cap&quot;:&quot;yes&quot;}\" data-widget_type=\"text-editor.default\">\n\t\t\t\t<div class=\"elementor-widget-container\">\n\t\t\t\t\t\t\t\t\t<p><span style=\"color: #000000;\">En el a\u00f1o 1979 se reafirma la pertenencia de la comuna de Portezuelo a la provincia de \u00d1uble y en 1989 se oficializan sus l\u00edmites comunales.<\/span><\/p><p><span style=\"color: #000000;\">La capital de la comuna se describe como una aldea de la Provincia de Itata, situada a unos 25 kil\u00f3metros al sureste de su capital, Quirihue. El gentilicio de los habitantes de Portezuelo es Portezolano o Portezolana. Adem\u00e1s, el significado de \u201cPortezuelo\u201d es \u201cpuerta de los vientos\u201d y la comuna celebra su aniversario cada 21 de noviembre.<\/span><\/p>\t\t\t\t\t\t\t\t<\/div>\n\t\t\t\t<\/div>\n\t\t\t\t<\/div>\n\t\t\t\t\t<\/div>\n\t\t\t\t<\/div>\n\t\t<div class=\"elementor-element elementor-element-c9dfad1 e-flex e-con-boxed e-con e-parent\" data-id=\"c9dfad1\" data-element_type=\"container\" data-e-type=\"container\" data-settings=\"{&quot;tmea_shape_divider_top&quot;:&quot;none&quot;,&quot;tmea_shape_divider_bottom&quot;:&quot;none&quot;}\">\n\t\t\t\t\t<div class=\"e-con-inner\">\n\t\t\t\t<div class=\"elementor-element elementor-element-14a5262 elementor-widget elementor-widget-spacer\" data-id=\"14a5262\" data-element_type=\"widget\" data-e-type=\"widget\" data-widget_type=\"spacer.default\">\n\t\t\t\t<div class=\"elementor-widget-container\">\n\t\t\t\t\t\t\t<div class=\"elementor-spacer\">\n\t\t\t<div class=\"elementor-spacer-inner\"><\/div>\n\t\t<\/div>\n\t\t\t\t\t\t<\/div>\n\t\t\t\t<\/div>\n\t\t\t\t\t<\/div>\n\t\t\t\t<\/div>\n\t\t<div class=\"elementor-element elementor-element-0474d09 e-flex e-con-boxed e-con e-parent\" data-id=\"0474d09\" data-element_type=\"container\" data-e-type=\"container\" data-settings=\"{&quot;tmea_shape_divider_top&quot;:&quot;none&quot;,&quot;tmea_shape_divider_bottom&quot;:&quot;none&quot;}\">\n\t\t\t\t\t<div class=\"e-con-inner\">\n\t\t\t\t<div class=\"elementor-element elementor-element-58b4b75 elementor-widget elementor-widget-heading\" data-id=\"58b4b75\" data-element_type=\"widget\" data-e-type=\"widget\" data-widget_type=\"heading.default\">\n\t\t\t\t<div class=\"elementor-widget-container\">\n\t\t\t\t\t<h2 class=\"elementor-heading-title elementor-size-default\">Algo mas de historia..<\/h2>\t\t\t\t<\/div>\n\t\t\t\t<\/div>\n\t\t\t\t\t<\/div>\n\t\t\t\t<\/div>\n\t\t<div class=\"elementor-element elementor-element-fa651b4 e-flex e-con-boxed e-con e-parent\" data-id=\"fa651b4\" data-element_type=\"container\" data-e-type=\"container\" data-settings=\"{&quot;tmea_shape_divider_top&quot;:&quot;none&quot;,&quot;tmea_shape_divider_bottom&quot;:&quot;none&quot;}\">\n\t\t\t\t\t<div class=\"e-con-inner\">\n\t\t\t\t<div class=\"elementor-element elementor-element-5667dbe elementor-widget elementor-widget-spacer\" data-id=\"5667dbe\" data-element_type=\"widget\" data-e-type=\"widget\" data-widget_type=\"spacer.default\">\n\t\t\t\t<div class=\"elementor-widget-container\">\n\t\t\t\t\t\t\t<div class=\"elementor-spacer\">\n\t\t\t<div class=\"elementor-spacer-inner\"><\/div>\n\t\t<\/div>\n\t\t\t\t\t\t<\/div>\n\t\t\t\t<\/div>\n\t\t\t\t\t<\/div>\n\t\t\t\t<\/div>\n\t\t<div class=\"elementor-element elementor-element-1bd15f1 e-flex e-con-boxed e-con e-parent\" data-id=\"1bd15f1\" data-element_type=\"container\" data-e-type=\"container\" data-settings=\"{&quot;tmea_shape_divider_top&quot;:&quot;none&quot;,&quot;tmea_shape_divider_bottom&quot;:&quot;none&quot;}\">\n\t\t\t\t\t<div class=\"e-con-inner\">\n\t\t\t\t<div class=\"elementor-element elementor-element-c52520c elementor-widget elementor-widget-heading\" data-id=\"c52520c\" data-element_type=\"widget\" data-e-type=\"widget\" data-widget_type=\"heading.default\">\n\t\t\t\t<div class=\"elementor-widget-container\">\n\t\t\t\t\t<h2 class=\"elementor-heading-title elementor-size-default\">Portezuelo, \u00bfqu\u00e9 entendemos por un Portezuelo?<\/h2>\t\t\t\t<\/div>\n\t\t\t\t<\/div>\n\t\t\t\t\t<\/div>\n\t\t\t\t<\/div>\n\t\t<div class=\"elementor-element elementor-element-cc32d42 e-flex e-con-boxed e-con e-parent\" data-id=\"cc32d42\" data-element_type=\"container\" data-e-type=\"container\" data-settings=\"{&quot;tmea_shape_divider_top&quot;:&quot;none&quot;,&quot;tmea_shape_divider_bottom&quot;:&quot;none&quot;}\">\n\t\t\t\t\t<div class=\"e-con-inner\">\n\t\t<div class=\"elementor-element elementor-element-64a1630 e-con-full e-flex e-con e-child\" data-id=\"64a1630\" data-element_type=\"container\" data-e-type=\"container\" data-settings=\"{&quot;tmea_shape_divider_top&quot;:&quot;none&quot;,&quot;tmea_shape_divider_bottom&quot;:&quot;none&quot;}\">\n\t\t\t\t<div class=\"elementor-element elementor-element-f67bddb elementor-widget elementor-widget-text-editor\" data-id=\"f67bddb\" data-element_type=\"widget\" data-e-type=\"widget\" data-widget_type=\"text-editor.default\">\n\t\t\t\t<div class=\"elementor-widget-container\">\n\t\t\t\t\t\t\t\t\t<p><span style=\"color: #000000;\">Portezuelo: \u201cDepresi\u00f3n que comunica dos vertientes en la cima de una cadena monta\u00f1osa, atravesando la l\u00ednea divisoria de aguas\u201d, esto nos habla de su naturaleza, de su determinaci\u00f3n de salir desde el hermetismo geogr\u00e1fico, para dar mostrar sus bondades al mundo, es as\u00ed que nos encontramos con los primeros textos que nos habla de sus bondades vinculadas con la cultura vitivin\u00edcola corre el siglo XVI , y existen relatos que ya hacen menci\u00f3n el ya cl\u00e1sico y celebre texto cl\u00e1sico \u201cLa Araucana\u201d de Alonso de Ercilla a los terrenos del se\u00f1or de Itata, estenos cuenta lo siguiente en su canto n\u00famero XIV ; \u201cjunto adonde con recio movimiento baja del monte Itata caudaloso atravesando aquel umbroso asiento con sesgo curso, grave y espacios; los \u00e1rboles provocan a contento burl\u00e1ndose con las tiernas florecillas rojas, azules, blancas y amarillas &#8230;\u201d(1), El nombre Itata viene de la repetici\u00f3n de Itan-Itan que significa pastorear, la repetici\u00f3n de esto vendr\u00eda a significar abundancia, todo esto en Mapudungun, idioma utilizado por Ma\u00falen, Lonco que gobernaba estas tierras de abundancia, al momento dela llegada hispana a estos lares.\u00a0<\/span><\/p><p><span style=\"color: #000000;\">Itata, pertenec\u00eda al antiguo corregimiento del Maule, estos fueron un sistema de organizaci\u00f3n territorial que surgi\u00f3 en la actual Espa\u00f1a, espec\u00edficamente de la corona de Castilla, durante el reinado de los Austrias.<\/span><\/p>\t\t\t\t\t\t\t\t<\/div>\n\t\t\t\t<\/div>\n\t\t\t\t<\/div>\n\t\t<div class=\"elementor-element elementor-element-5df911e e-con-full e-flex e-con e-child\" data-id=\"5df911e\" data-element_type=\"container\" data-e-type=\"container\" data-settings=\"{&quot;tmea_shape_divider_top&quot;:&quot;none&quot;,&quot;tmea_shape_divider_bottom&quot;:&quot;none&quot;}\">\n\t\t\t\t<div class=\"elementor-element elementor-element-7c85963 elementor-widget elementor-widget-image\" data-id=\"7c85963\" data-element_type=\"widget\" data-e-type=\"widget\" data-widget_type=\"image.default\">\n\t\t\t\t<div class=\"elementor-widget-container\">\n\t\t\t\t\t\t\t\t\t\t\t\t\t\t\t<img loading=\"lazy\" decoding=\"async\" width=\"795\" height=\"851\" src=\"https:\/\/mportezuelo.cl\/Inicio\/wp-content\/uploads\/2024\/05\/mapa-historico2.jpg\" class=\"attachment-large size-large wp-image-2881\" alt=\"\" srcset=\"https:\/\/mportezuelo.cl\/Inicio\/wp-content\/uploads\/2024\/05\/mapa-historico2.jpg 795w, https:\/\/mportezuelo.cl\/Inicio\/wp-content\/uploads\/2024\/05\/mapa-historico2-280x300.jpg 280w, https:\/\/mportezuelo.cl\/Inicio\/wp-content\/uploads\/2024\/05\/mapa-historico2-768x822.jpg 768w\" sizes=\"(max-width: 795px) 100vw, 795px\" \/>\t\t\t\t\t\t\t\t\t\t\t\t\t\t\t<\/div>\n\t\t\t\t<\/div>\n\t\t\t\t<\/div>\n\t\t\t\t\t<\/div>\n\t\t\t\t<\/div>\n\t\t<div class=\"elementor-element elementor-element-a01125c e-flex e-con-boxed e-con e-parent\" data-id=\"a01125c\" data-element_type=\"container\" data-e-type=\"container\" data-settings=\"{&quot;tmea_shape_divider_top&quot;:&quot;none&quot;,&quot;tmea_shape_divider_bottom&quot;:&quot;none&quot;}\">\n\t\t\t\t\t<div class=\"e-con-inner\">\n\t\t\t\t<div class=\"elementor-element elementor-element-f857f5d elementor-widget elementor-widget-text-editor\" data-id=\"f857f5d\" data-element_type=\"widget\" data-e-type=\"widget\" data-widget_type=\"text-editor.default\">\n\t\t\t\t<div class=\"elementor-widget-container\">\n\t\t\t\t\t\t\t\t\t<p><span style=\"color: #000000;\">\u00a0El rey era directamente quien designaba las zonas de control tanto en la pen\u00ednsula ib\u00e9rica, como en el recientemente conquistado continente, este a su vez nombraba un emisario quien es el representante de su autoridad en las distintas corregiones alas cuales era designado, su poder era amplio y porque no decir, absoluto. Sus funciones iniciaban en el control de las haciendas, abastecimiento, comercio, control de abusos, en incluso en tiempos de conflicto, ser la cara visible de la tropa. Para que entendamos de mejor manera las funciones y que era un corregidor, nos podemos remitir a Jer\u00f3nimo Castillo de Bobadilla jurista espa\u00f1ol del siglo XV, quien mencionalos Siguientes: \u201c&#8230;es un magistrado y oficio real que en los pueblos o provincias contiene en si jurisdicci\u00f3n alta y baja, mero y mixto imperio, por el cual son despachados los negocios contenciosos, castigados los delitos y puesto en ejecuci\u00f3n los actos. Trae vara en se\u00f1al del se\u00f1or\u00edo y cargo que ejerce: es el mayor despu\u00e9s del pr\u00edncipe en la rep\u00fablica que rige\u201d (2), si hici\u00e9semos un paralelo con nuestro tiempo, este alto funcionario de la corona ser\u00eda lo m\u00e1s parecido a un alcalde con el alcance de un intendente regional, su control pol\u00edtico era significativo. Itata fue corregiatura hasta 1786, luego cambio a un r\u00e9gimen del cual podr\u00edamos denominar de intendencia y manteniendo las mismas virtudes del ya extinto corregimiento.<\/span><\/p>\t\t\t\t\t\t\t\t<\/div>\n\t\t\t\t<\/div>\n\t\t\t\t\t<\/div>\n\t\t\t\t<\/div>\n\t\t<div class=\"elementor-element elementor-element-54e7060 e-flex e-con-boxed e-con e-parent\" data-id=\"54e7060\" data-element_type=\"container\" data-e-type=\"container\" data-settings=\"{&quot;tmea_shape_divider_top&quot;:&quot;none&quot;,&quot;tmea_shape_divider_bottom&quot;:&quot;none&quot;}\">\n\t\t\t\t\t<div class=\"e-con-inner\">\n\t\t<div class=\"elementor-element elementor-element-bdd9e84 e-con-full e-flex e-con e-child\" data-id=\"bdd9e84\" data-element_type=\"container\" data-e-type=\"container\" data-settings=\"{&quot;tmea_shape_divider_top&quot;:&quot;none&quot;,&quot;tmea_shape_divider_bottom&quot;:&quot;none&quot;}\">\n\t\t\t\t<div class=\"elementor-element elementor-element-bec9afb elementor-widget elementor-widget-image\" data-id=\"bec9afb\" data-element_type=\"widget\" data-e-type=\"widget\" data-widget_type=\"image.default\">\n\t\t\t\t<div class=\"elementor-widget-container\">\n\t\t\t\t\t\t\t\t\t\t\t\t\t\t\t<img loading=\"lazy\" decoding=\"async\" width=\"800\" height=\"570\" src=\"https:\/\/mportezuelo.cl\/Inicio\/wp-content\/uploads\/2024\/05\/Pipeno-27-x-800.jpg\" class=\"attachment-large size-large wp-image-2790\" alt=\"\" srcset=\"https:\/\/mportezuelo.cl\/Inicio\/wp-content\/uploads\/2024\/05\/Pipeno-27-x-800.jpg 800w, https:\/\/mportezuelo.cl\/Inicio\/wp-content\/uploads\/2024\/05\/Pipeno-27-x-800-300x214.jpg 300w, https:\/\/mportezuelo.cl\/Inicio\/wp-content\/uploads\/2024\/05\/Pipeno-27-x-800-768x547.jpg 768w\" sizes=\"(max-width: 800px) 100vw, 800px\" \/>\t\t\t\t\t\t\t\t\t\t\t\t\t\t\t<\/div>\n\t\t\t\t<\/div>\n\t\t\t\t<\/div>\n\t\t<div class=\"elementor-element elementor-element-e6fac01 e-con-full e-flex e-con e-child\" data-id=\"e6fac01\" data-element_type=\"container\" data-e-type=\"container\" data-settings=\"{&quot;tmea_shape_divider_top&quot;:&quot;none&quot;,&quot;tmea_shape_divider_bottom&quot;:&quot;none&quot;}\">\n\t\t\t\t<div class=\"elementor-element elementor-element-ea2e581 elementor-widget elementor-widget-text-editor\" data-id=\"ea2e581\" data-element_type=\"widget\" data-e-type=\"widget\" data-widget_type=\"text-editor.default\">\n\t\t\t\t<div class=\"elementor-widget-container\">\n\t\t\t\t\t\t\t\t\t<p><span style=\"color: #000000;\">Bajo el r\u00e9gimen de intendencia y en los primeros a\u00f1os de la rep\u00fablica se mantuvo como provincia del Maule, luego fue as\u00ed como el 30 de agosto de 1828, formo parte del Obispado de Concepci\u00f3n, por lo cual se denominaban a sus habitantes como \u201cvecinos de Concepci\u00f3n\u201d. El historiador Felipe Gomes de Vidaurre (3), se\u00f1ala sus l\u00edmites: \u201cLa provincia del Itata se extiende a lo largo de la costa entre el corregimiento del Maule y el de Puchacay, y confina al este con el de Chill\u00e1n. Ella tiene de oriente a poniente veinte leguas y de Septentri\u00f3n a mediod\u00eda, once leguas, el rio que atraviesa estos terrenos es el Itata quien da nombre al valle el territorio da el mejor vino de Chile\u201d, el cual se produce en las haciendas de los vecinos de Concepci\u00f3n y es conocido como vino de Concepci\u00f3n, \u201ctodas estas vi\u00f1as son tan bajas que sus racimos tocan el suelo, ellas est\u00e1n colocadas en las colinas y sus pendientes y no tienen otro riego que<\/span><\/p>\t\t\t\t\t\t\t\t<\/div>\n\t\t\t\t<\/div>\n\t\t\t\t<\/div>\n\t\t\t\t\t<\/div>\n\t\t\t\t<\/div>\n\t\t<div class=\"elementor-element elementor-element-12d960a e-flex e-con-boxed e-con e-parent\" data-id=\"12d960a\" data-element_type=\"container\" data-e-type=\"container\" data-settings=\"{&quot;tmea_shape_divider_top&quot;:&quot;none&quot;,&quot;tmea_shape_divider_bottom&quot;:&quot;none&quot;}\">\n\t\t\t\t\t<div class=\"e-con-inner\">\n\t\t\t\t<div class=\"elementor-element elementor-element-e5c9fde elementor-widget elementor-widget-text-editor\" data-id=\"e5c9fde\" data-element_type=\"widget\" data-e-type=\"widget\" data-widget_type=\"text-editor.default\">\n\t\t\t\t<div class=\"elementor-widget-container\">\n\t\t\t\t\t\t\t\t\t<p><span style=\"color: #000000;\"> el de la lluvia, adem\u00e1s esta zona es abundante en todo tipo de\u00a0granos asimismo detener una no despreciable cantidad de oro en sus colinas y los lavaderos abundan por la el valle\u201d, adicionalmente a esto y debido a las abundantes lluvias del valle lo cual favoreci\u00f3 el cultivo de una considerable cantidad de papas y de tener frondosos bosques que proveen a la poblaci\u00f3n de este imprescindible material de construcci\u00f3n. Es as\u00ed que las bondades de este valle son inmensas, y desde sus or\u00edgenes ha sido polo de inter\u00e9s para sus futuros propietarios, una de las instituciones o congregaciones m\u00e1s relevantes en la producci\u00f3n vitivin\u00edcola en la historia del valle fue la compa\u00f1\u00eda de Jes\u00fas o tambi\u00e9n conocidos como los Jesuitas quienes en el siglo XVII trajeron esta actividad al sector, en el cual nos referiremos m\u00e1s adelante.<\/span><\/p><p>Fuente:\u00a0 Portezuelo relatos y vinos de Josu\u00e9 Polanco Venegas.\u00a0<\/p><h6>Investigaci\u00f3n completa desde: <a href=\"https:\/\/mportezuelo.cl\/ptzlo\/Portezuelo-relatos-y-Vinos.pdf\"><span style=\"color: #0000ff;\"><strong>Portezuelo Relatos y vinos<\/strong><\/span><\/a><\/h6>\t\t\t\t\t\t\t\t<\/div>\n\t\t\t\t<\/div>\n\t\t\t\t\t<\/div>\n\t\t\t\t<\/div>\n\t\t<div class=\"elementor-element elementor-element-3c53d06 e-flex e-con-boxed e-con e-parent\" data-id=\"3c53d06\" data-element_type=\"container\" data-e-type=\"container\" data-settings=\"{&quot;tmea_shape_divider_top&quot;:&quot;none&quot;,&quot;tmea_shape_divider_bottom&quot;:&quot;none&quot;}\">\n\t\t\t\t\t<div class=\"e-con-inner\">\n\t\t\t\t<div class=\"elementor-element elementor-element-071cac4 elementor-widget elementor-widget-spacer\" data-id=\"071cac4\" data-element_type=\"widget\" data-e-type=\"widget\" data-widget_type=\"spacer.default\">\n\t\t\t\t<div class=\"elementor-widget-container\">\n\t\t\t\t\t\t\t<div class=\"elementor-spacer\">\n\t\t\t<div class=\"elementor-spacer-inner\"><\/div>\n\t\t<\/div>\n\t\t\t\t\t\t<\/div>\n\t\t\t\t<\/div>\n\t\t\t\t\t<\/div>\n\t\t\t\t<\/div>\n\t\t<div class=\"elementor-element elementor-element-d465d21 e-flex e-con-boxed e-con e-parent\" data-id=\"d465d21\" data-element_type=\"container\" data-e-type=\"container\" data-settings=\"{&quot;tmea_shape_divider_top&quot;:&quot;none&quot;,&quot;tmea_shape_divider_bottom&quot;:&quot;none&quot;}\">\n\t\t\t\t\t<div class=\"e-con-inner\">\n\t\t\t\t<div class=\"elementor-element elementor-element-32e94d1 elementor-widget elementor-widget-heading\" data-id=\"32e94d1\" data-element_type=\"widget\" data-e-type=\"widget\" data-widget_type=\"heading.default\">\n\t\t\t\t<div class=\"elementor-widget-container\">\n\t\t\t\t\t<h2 class=\"elementor-heading-title elementor-size-default\">De nuestro Fundador \n\n<\/h2>\t\t\t\t<\/div>\n\t\t\t\t<\/div>\n\t\t\t\t\t<\/div>\n\t\t\t\t<\/div>\n\t\t<div class=\"elementor-element elementor-element-7470a41 e-flex e-con-boxed e-con e-parent\" data-id=\"7470a41\" data-element_type=\"container\" data-e-type=\"container\" data-settings=\"{&quot;tmea_shape_divider_top&quot;:&quot;none&quot;,&quot;tmea_shape_divider_bottom&quot;:&quot;none&quot;}\">\n\t\t\t\t\t<div class=\"e-con-inner\">\n\t\t\t\t<div class=\"elementor-element elementor-element-a8f2dbc elementor-widget elementor-widget-heading\" data-id=\"a8f2dbc\" data-element_type=\"widget\" data-e-type=\"widget\" data-widget_type=\"heading.default\">\n\t\t\t\t<div class=\"elementor-widget-container\">\n\t\t\t\t\t<h1 class=\"elementor-heading-title elementor-size-default\">Rodrigo Martel de Durand,  <br>Su origen, nuestro legado.<\/h1>\t\t\t\t<\/div>\n\t\t\t\t<\/div>\n\t\t\t\t\t<\/div>\n\t\t\t\t<\/div>\n\t\t<div class=\"elementor-element elementor-element-b2f5d34 e-flex e-con-boxed e-con e-parent\" data-id=\"b2f5d34\" data-element_type=\"container\" data-e-type=\"container\" data-settings=\"{&quot;tmea_shape_divider_top&quot;:&quot;none&quot;,&quot;tmea_shape_divider_bottom&quot;:&quot;none&quot;}\">\n\t\t\t\t\t<div class=\"e-con-inner\">\n\t\t<div class=\"elementor-element elementor-element-14a2641 e-con-full e-flex e-con e-child\" data-id=\"14a2641\" data-element_type=\"container\" data-e-type=\"container\" data-settings=\"{&quot;tmea_shape_divider_top&quot;:&quot;none&quot;,&quot;tmea_shape_divider_bottom&quot;:&quot;none&quot;}\">\n\t\t\t\t<div class=\"elementor-element elementor-element-59f2912 elementor-widget elementor-widget-image\" data-id=\"59f2912\" data-element_type=\"widget\" data-e-type=\"widget\" data-widget_type=\"image.default\">\n\t\t\t\t<div class=\"elementor-widget-container\">\n\t\t\t\t\t\t\t\t\t\t\t\t\t\t\t<img loading=\"lazy\" decoding=\"async\" width=\"1024\" height=\"763\" src=\"https:\/\/mportezuelo.cl\/Inicio\/wp-content\/uploads\/2024\/05\/IMG_20240510_094922-1024x763.jpg\" class=\"attachment-large size-large wp-image-2907\" alt=\"\" srcset=\"https:\/\/mportezuelo.cl\/Inicio\/wp-content\/uploads\/2024\/05\/IMG_20240510_094922-1024x763.jpg 1024w, https:\/\/mportezuelo.cl\/Inicio\/wp-content\/uploads\/2024\/05\/IMG_20240510_094922-300x223.jpg 300w, https:\/\/mportezuelo.cl\/Inicio\/wp-content\/uploads\/2024\/05\/IMG_20240510_094922-768x572.jpg 768w, https:\/\/mportezuelo.cl\/Inicio\/wp-content\/uploads\/2024\/05\/IMG_20240510_094922-1536x1144.jpg 1536w, https:\/\/mportezuelo.cl\/Inicio\/wp-content\/uploads\/2024\/05\/IMG_20240510_094922.jpg 1724w\" sizes=\"(max-width: 1024px) 100vw, 1024px\" \/>\t\t\t\t\t\t\t\t\t\t\t\t\t\t\t<\/div>\n\t\t\t\t<\/div>\n\t\t\t\t<\/div>\n\t\t<div class=\"elementor-element elementor-element-6cf3159 e-con-full e-flex e-con e-child\" data-id=\"6cf3159\" data-element_type=\"container\" data-e-type=\"container\" data-settings=\"{&quot;tmea_shape_divider_top&quot;:&quot;none&quot;,&quot;tmea_shape_divider_bottom&quot;:&quot;none&quot;}\">\n\t\t\t\t<div class=\"elementor-element elementor-element-f25f568 elementor-widget elementor-widget-text-editor\" data-id=\"f25f568\" data-element_type=\"widget\" data-e-type=\"widget\" data-widget_type=\"text-editor.default\">\n\t\t\t\t<div class=\"elementor-widget-container\">\n\t\t\t\t\t\t\t\t\t<p><span style=\"color: #000000;\">La historia de la actual comuna de Portezuelo tiene un relato \u00fanico dentro del territorio nacional, desde su pasado pr\u00e1cticamente desconocido hasta ser tierra de prominentes hacendados, capitanes y tenientes, donde estos obtuvieron grandes terrenos principalmente a inicios del siglo XVII, esto luego que el gobernador Alonso de Ribera, otorgo a ciudadanos comprometidos con la causa expansionista m\u00e1s all\u00e1 del Biob\u00edo. Todo esto sumado a sus antecedentes prehisp\u00e1nicos, han otorgado una magia una identidad \u00fanica, que esconde este terreno m\u00e1s all\u00e1 del Maule y antes de los ind\u00f3mitos terrenos que cruzan el Biob\u00edo, sus or\u00edgenes como localidad habitada por hispano parlantes nos remontan a sus primero due\u00f1os los hacendados de Quilliquillay, donde sus propietarios fue el matrimonio compuesto por el Teniente Miguel de las Cuevas y su esposa Mar\u00eda Montesinos Navarrete y C\u00f3rdoba Figueroa, que son los actuales suelos que utiliza la comuna de\u00a0<\/span><\/p>\t\t\t\t\t\t\t\t<\/div>\n\t\t\t\t<\/div>\n\t\t\t\t<\/div>\n\t\t\t\t\t<\/div>\n\t\t\t\t<\/div>\n\t\t<div class=\"elementor-element elementor-element-31cd79b e-flex e-con-boxed e-con e-parent\" data-id=\"31cd79b\" data-element_type=\"container\" data-e-type=\"container\" data-settings=\"{&quot;tmea_shape_divider_top&quot;:&quot;none&quot;,&quot;tmea_shape_divider_bottom&quot;:&quot;none&quot;}\">\n\t\t\t\t\t<div class=\"e-con-inner\">\n\t\t\t\t<div class=\"elementor-element elementor-element-e1e08cf elementor-widget elementor-widget-text-editor\" data-id=\"e1e08cf\" data-element_type=\"widget\" data-e-type=\"widget\" data-widget_type=\"text-editor.default\">\n\t\t\t\t<div class=\"elementor-widget-container\">\n\t\t\t\t\t\t\t\t\t<p><span style=\"color: #000000;\">Portezuelo, tambi\u00e9n llamada Rinc\u00f3n de Itata, de este matrimonio naci\u00f3 Margarita Cuevas y Montesinos quien\u00a0contrajo nupcias con el navegante mercante franc\u00e9s Rodrigo Alejandro Martel de Durand llegado a concepci\u00f3n desde Europa 1701, seg\u00fan relata Fernando Campos Harriet en su libro \u201cVeleros Franceses en el mar del sur\u201d(10). Esta aseveraci\u00f3n se otorga a ese a\u00f1o debido a que Felipe V llamado \u201cEl Animoso \u201cquien naci\u00f3 en Versalles, Francia, El otrora rey de Espa\u00f1a desde el 16 de noviembre de 1700 hasta su muerte en 1746, el cual autorizo en el a\u00f1o 1701 el comercio de las colonias espa\u00f1olas con navegantes franceses, de esos veleros tenemos registro fueron 35 las embarcaciones que tocaron territorio nacional entre 1701 y 1724, el primero de estos barcos seg\u00fan se\u00f1ala Fernando Campos Harriet a el nav\u00edo: L&#8217;Aul&#8217;ore,(11) comandada por el Capit\u00e1n Rogadier, como el primer barco franc\u00e9s que atrac\u00f3 en Chile en el 1701, este adem\u00e1s fue la embarcaci\u00f3n en la cual llegaron los primero habitantes de habla francesa a territorio nacional, a\u00f1o en concordancia con la venida de Rodrigo Alejandro Martel de Durand, Adentrarnos en la vida de Rodrigo Martel de Durand, nos lleva redescubrir pasajes de la historia del Portezuelo que lleva su apellido, para eso debemos indagar a que se dedic\u00f3 y que legado dejo en la zona, fue as\u00ed que en el libro Historia f\u00edsica de Claudio Gay (12) dice lo siguiente \u201cen Chile se conoce la betarraga (Remolacha) desde mucho tiempo, pero s\u00f3lo de algunos a\u00f1os ac\u00e1 se ha pensado utilizarla para la fabricaci\u00f3n del az\u00facar. Fue un franc\u00e9s, M. Durand, quien tuvo tal idea y el supremo gobierno quiso favorecer su empresa otorg\u00e1ndole un privilegio por muchos a\u00f1os. A pesar de su empe\u00f1o, este se\u00f1or no pudo formar una asociaci\u00f3n de capitalistas, y el proyecto, como otros tantos, qued\u00f3 sin poder realizarse.\u201d Varias d\u00e9cadas despu\u00e9s otro Franc\u00e9s M. Lavigne en la zona cercana a Santiago, espec\u00edficamente en la zona de Nos, perfeccion\u00f3 el cultivo y posterior refinamiento de la az\u00facar.<\/span><\/p>\t\t\t\t\t\t\t\t<\/div>\n\t\t\t\t<\/div>\n\t\t\t\t\t<\/div>\n\t\t\t\t<\/div>\n\t\t<div class=\"elementor-element elementor-element-dee4fa7 e-flex e-con-boxed e-con e-parent\" data-id=\"dee4fa7\" data-element_type=\"container\" data-e-type=\"container\" data-settings=\"{&quot;tmea_shape_divider_top&quot;:&quot;none&quot;,&quot;tmea_shape_divider_bottom&quot;:&quot;none&quot;}\">\n\t\t\t\t\t<div class=\"e-con-inner\">\n\t\t<div class=\"elementor-element elementor-element-0fa8855 e-con-full e-flex e-con e-child\" data-id=\"0fa8855\" data-element_type=\"container\" data-e-type=\"container\" data-settings=\"{&quot;tmea_shape_divider_top&quot;:&quot;none&quot;,&quot;tmea_shape_divider_bottom&quot;:&quot;none&quot;}\">\n\t\t\t\t<div class=\"elementor-element elementor-element-4de4989 elementor-widget elementor-widget-text-editor\" data-id=\"4de4989\" data-element_type=\"widget\" data-e-type=\"widget\" data-widget_type=\"text-editor.default\">\n\t\t\t\t<div class=\"elementor-widget-container\">\n\t\t\t\t\t\t\t\t\t<p><span style=\"color: #000000;\"> El uso de \u201cPortezuelo Durand\u201d(13) fue una denominaci\u00f3n que se empez\u00f3 a utilizar de manera com\u00fan y masiva en la zona del valle del Itata, por el primer cuarto del siglo XVIII, todo esto producto del matrimonio de Margarita Cuevas y Rodrigo Martel Durand, el paso siguiente para la hist\u00f3rica identificaci\u00f3n con la denominaci\u00f3n Portezuelo la dio su hija Gabriela Martel de Durand y Cuevas quien se cas\u00f3 con Valent\u00edn de Alarc\u00f3n y Aguilera(14) en el a\u00f1o 1730, por loque la utilizaci\u00f3n de Portezuelo, tiene directa relaci\u00f3n con el matrimonio de Rodrigo Martel de Durand, por lo cual la fecha de nupcias tuvo que ser entre 1701 y 1710 ya que la uni\u00f3n de pareja daba estatus e identidad ,y este ya se usaba en el valle desde antes del desposorio de la hija Durand , esta confirmaci\u00f3n, la tenemos debido a que la edad m\u00ednima para contraer connubio era de 14 a\u00f1os(15), la denominaci\u00f3n propiamente tal de<\/span><\/p>\t\t\t\t\t\t\t\t<\/div>\n\t\t\t\t<\/div>\n\t\t\t\t<\/div>\n\t\t<div class=\"elementor-element elementor-element-14137f8 e-con-full e-flex e-con e-child\" data-id=\"14137f8\" data-element_type=\"container\" data-e-type=\"container\" data-settings=\"{&quot;tmea_shape_divider_top&quot;:&quot;none&quot;,&quot;tmea_shape_divider_bottom&quot;:&quot;none&quot;}\">\n\t\t\t\t<div class=\"elementor-element elementor-element-23cbc63 elementor-widget elementor-widget-image\" data-id=\"23cbc63\" data-element_type=\"widget\" data-e-type=\"widget\" data-widget_type=\"image.default\">\n\t\t\t\t<div class=\"elementor-widget-container\">\n\t\t\t\t\t\t\t\t\t\t\t\t\t\t\t<img loading=\"lazy\" decoding=\"async\" width=\"1024\" height=\"682\" src=\"https:\/\/mportezuelo.cl\/Inicio\/wp-content\/uploads\/2024\/05\/WhatsApp-Image-2024-05-09-at-11.44.07-1024x682.jpeg\" class=\"attachment-large size-large wp-image-2676\" alt=\"\" srcset=\"https:\/\/mportezuelo.cl\/Inicio\/wp-content\/uploads\/2024\/05\/WhatsApp-Image-2024-05-09-at-11.44.07-1024x682.jpeg 1024w, https:\/\/mportezuelo.cl\/Inicio\/wp-content\/uploads\/2024\/05\/WhatsApp-Image-2024-05-09-at-11.44.07-300x200.jpeg 300w, https:\/\/mportezuelo.cl\/Inicio\/wp-content\/uploads\/2024\/05\/WhatsApp-Image-2024-05-09-at-11.44.07-768x512.jpeg 768w, https:\/\/mportezuelo.cl\/Inicio\/wp-content\/uploads\/2024\/05\/WhatsApp-Image-2024-05-09-at-11.44.07-1536x1023.jpeg 1536w, https:\/\/mportezuelo.cl\/Inicio\/wp-content\/uploads\/2024\/05\/WhatsApp-Image-2024-05-09-at-11.44.07.jpeg 1600w\" sizes=\"(max-width: 1024px) 100vw, 1024px\" \/>\t\t\t\t\t\t\t\t\t\t\t\t\t\t\t<\/div>\n\t\t\t\t<\/div>\n\t\t\t\t<\/div>\n\t\t\t\t\t<\/div>\n\t\t\t\t<\/div>\n\t\t<div class=\"elementor-element elementor-element-be42eda e-flex e-con-boxed e-con e-parent\" data-id=\"be42eda\" data-element_type=\"container\" data-e-type=\"container\" data-settings=\"{&quot;tmea_shape_divider_top&quot;:&quot;none&quot;,&quot;tmea_shape_divider_bottom&quot;:&quot;none&quot;}\">\n\t\t\t\t\t<div class=\"e-con-inner\">\n\t\t\t\t<div class=\"elementor-element elementor-element-178f6e0 elementor-widget elementor-widget-text-editor\" data-id=\"178f6e0\" data-element_type=\"widget\" data-e-type=\"widget\" data-widget_type=\"text-editor.default\">\n\t\t\t\t<div class=\"elementor-widget-container\">\n\t\t\t\t\t\t\t\t\t<p><span style=\"color: #000000;\">Portezuelo la encontramos en distintos art\u00edculos historiogr\u00e1ficos como lo son los mapas descriptivos de la zona del valle del Itata, donde la denominaci\u00f3n \u201cPortezuelo De Durand\u201d, estaba en pleno en el siglo XIX, estos registros corresponden al Historiador y Naturalista Franc\u00e9s nacionalizado Chileno Claudio Gay1854, quien describe con asombrosa precisi\u00f3n todo el valle, y esto sirvi\u00f3 para dar una identidad territorial a el lugar que hoy d\u00eda ocupa la comuna Portezolana, y para hablar de su historia como comuna, encontraremos la fundaci\u00f3n oficial, entregada por el estado chileno la cual fue el d\u00eda 22 de diciembre de 1891, por parte del dictamen entregado por Jorge Montt, pero estamos comprendiendo que la historia nos habla de un tiempo \u00e9l nos remonta a principios del siglo XVIII, donde este Portezuelo un\u00eda la capital del \u201cReyno de Chile\u201d, con las zonas m\u00e1s australes hasta del hasta entonces ocupado territorio hispano, las v\u00edas pertenecientes al antiguo camino de la frontera o camino real, eran vitales para la conectividad de las grandes haciendas, con el resto de la gobernaci\u00f3n, lugar obligado de descanso para continuar por el camino que nos lleva a Ninhue y Quirihue, para luego tomar rumbo definitivo hacia Tom\u00e9 y Penco-Concepci\u00f3n, \u00faltimo basti\u00f3n espa\u00f1ol luego de la rebeli\u00f3n ind\u00edgena de 1599, el cual obliga a abandonar las ciudades recientemente fundadas m\u00e1s all\u00e1 del Biob\u00edo, lo cual deriv\u00f3 que hoy d\u00eda el valle ser\u00e1 un verdadero oasis y muy probablemente \u00faltimo refugio de la hoy llamada como Cepa Pa\u00eds, adem\u00e1s de la Moscatel de Alejandr\u00eda, sumado a estos \u00faltimos descubrimientos sobre cepas \u00fanicas en el mundo, por ende Portezuelo se nos presenta como una ventana hacia el pasado, donde Loncos, encomenderos, capitanes y comerciantes dieron identidad a esta zona del valle de la abundancia de pastoreos , hoy en d\u00eda referente pa\u00eds en la producci\u00f3n vitivin\u00edcola de la antiqu\u00edsima \u201cPa\u00eds\u201d, resguardando en sus entre cerros un legado de m\u00e1s de 400 a\u00f1os de historia ligada a la producci\u00f3n de una cepa pr\u00e1cticamente inexistente en el mundo y que hoy Portezuelo y su valle es un verdadero oasis de historia y legado.<\/span><\/p><p><strong><a href=\"https:\/\/mportezuelo.cl\/ptzlo\/Portezuelo-relatos-y-Vinos.pdf\">Seguir Leyendo\u00a0<\/a><\/strong><\/p>\t\t\t\t\t\t\t\t<\/div>\n\t\t\t\t<\/div>\n\t\t\t\t\t<\/div>\n\t\t\t\t<\/div>\n\t\t<div class=\"elementor-element elementor-element-46d94f5 e-flex e-con-boxed e-con e-parent\" data-id=\"46d94f5\" data-element_type=\"container\" data-e-type=\"container\" data-settings=\"{&quot;tmea_shape_divider_top&quot;:&quot;none&quot;,&quot;tmea_shape_divider_bottom&quot;:&quot;none&quot;}\">\n\t\t\t\t\t<div class=\"e-con-inner\">\n\t\t\t\t<div class=\"elementor-element elementor-element-8eee96e elementor-widget elementor-widget-spacer\" data-id=\"8eee96e\" data-element_type=\"widget\" data-e-type=\"widget\" data-widget_type=\"spacer.default\">\n\t\t\t\t<div class=\"elementor-widget-container\">\n\t\t\t\t\t\t\t<div class=\"elementor-spacer\">\n\t\t\t<div class=\"elementor-spacer-inner\"><\/div>\n\t\t<\/div>\n\t\t\t\t\t\t<\/div>\n\t\t\t\t<\/div>\n\t\t\t\t\t<\/div>\n\t\t\t\t<\/div>\n\t\t<div class=\"elementor-element elementor-element-96d6e54 e-flex e-con-boxed e-con e-parent\" data-id=\"96d6e54\" data-element_type=\"container\" data-e-type=\"container\" data-settings=\"{&quot;tmea_shape_divider_top&quot;:&quot;none&quot;,&quot;tmea_shape_divider_bottom&quot;:&quot;none&quot;}\">\n\t\t\t\t\t<div class=\"e-con-inner\">\n\t\t\t\t<div class=\"elementor-element elementor-element-14425e6 elementor-widget elementor-widget-heading\" data-id=\"14425e6\" data-element_type=\"widget\" data-e-type=\"widget\" data-widget_type=\"heading.default\">\n\t\t\t\t<div class=\"elementor-widget-container\">\n\t\t\t\t\t<h1 class=\"elementor-heading-title elementor-size-default\">La Actividad Vitivin\u00edcola Tradicional <\/h1>\t\t\t\t<\/div>\n\t\t\t\t<\/div>\n\t\t\t\t\t<\/div>\n\t\t\t\t<\/div>\n\t\t<div class=\"elementor-element elementor-element-dd2f22f e-flex e-con-boxed e-con e-parent\" data-id=\"dd2f22f\" data-element_type=\"container\" data-e-type=\"container\" data-settings=\"{&quot;tmea_shape_divider_top&quot;:&quot;none&quot;,&quot;tmea_shape_divider_bottom&quot;:&quot;none&quot;}\">\n\t\t\t\t\t<div class=\"e-con-inner\">\n\t\t\t\t<div class=\"elementor-element elementor-element-1e30ccb elementor-widget elementor-widget-image\" data-id=\"1e30ccb\" data-element_type=\"widget\" data-e-type=\"widget\" data-widget_type=\"image.default\">\n\t\t\t\t<div class=\"elementor-widget-container\">\n\t\t\t\t\t\t\t\t\t\t\t\t\t\t\t<img loading=\"lazy\" decoding=\"async\" width=\"1024\" height=\"472\" src=\"https:\/\/mportezuelo.cl\/Inicio\/wp-content\/uploads\/2024\/05\/20200410_104729-1024x472.jpg\" class=\"attachment-large size-large wp-image-2934\" alt=\"\" srcset=\"https:\/\/mportezuelo.cl\/Inicio\/wp-content\/uploads\/2024\/05\/20200410_104729-1024x472.jpg 1024w, https:\/\/mportezuelo.cl\/Inicio\/wp-content\/uploads\/2024\/05\/20200410_104729-300x138.jpg 300w, https:\/\/mportezuelo.cl\/Inicio\/wp-content\/uploads\/2024\/05\/20200410_104729-768x354.jpg 768w, https:\/\/mportezuelo.cl\/Inicio\/wp-content\/uploads\/2024\/05\/20200410_104729-1536x708.jpg 1536w, https:\/\/mportezuelo.cl\/Inicio\/wp-content\/uploads\/2024\/05\/20200410_104729-2048x944.jpg 2048w\" sizes=\"(max-width: 1024px) 100vw, 1024px\" \/>\t\t\t\t\t\t\t\t\t\t\t\t\t\t\t<\/div>\n\t\t\t\t<\/div>\n\t\t\t\t\t<\/div>\n\t\t\t\t<\/div>\n\t\t<div class=\"elementor-element elementor-element-86d33a1 e-flex e-con-boxed e-con e-parent\" data-id=\"86d33a1\" data-element_type=\"container\" data-e-type=\"container\" data-settings=\"{&quot;tmea_shape_divider_top&quot;:&quot;none&quot;,&quot;tmea_shape_divider_bottom&quot;:&quot;none&quot;}\">\n\t\t\t\t\t<div class=\"e-con-inner\">\n\t\t\t\t<div class=\"elementor-element elementor-element-9001812 elementor-widget elementor-widget-heading\" data-id=\"9001812\" data-element_type=\"widget\" data-e-type=\"widget\" data-widget_type=\"heading.default\">\n\t\t\t\t<div class=\"elementor-widget-container\">\n\t\t\t\t\t<h2 class=\"elementor-heading-title elementor-size-default\">Herencia y Permanencia. <\/h2>\t\t\t\t<\/div>\n\t\t\t\t<\/div>\n\t\t\t\t\t<\/div>\n\t\t\t\t<\/div>\n\t\t<div class=\"elementor-element elementor-element-7f6179a e-flex e-con-boxed e-con e-parent\" data-id=\"7f6179a\" data-element_type=\"container\" data-e-type=\"container\" data-settings=\"{&quot;tmea_shape_divider_top&quot;:&quot;none&quot;,&quot;tmea_shape_divider_bottom&quot;:&quot;none&quot;}\">\n\t\t\t\t\t<div class=\"e-con-inner\">\n\t\t\t\t<div class=\"elementor-element elementor-element-7dc4c18 elementor-widget elementor-widget-text-editor\" data-id=\"7dc4c18\" data-element_type=\"widget\" data-e-type=\"widget\" data-widget_type=\"text-editor.default\">\n\t\t\t\t<div class=\"elementor-widget-container\">\n\t\t\t\t\t\t\t\t\t<p><span style=\"color: #000000;\">De acuerdo a Schneider (1904), \u201cel cultivo de la vid data de muy atr\u00e1s en nuestro pa\u00eds, se remonta a los primeros a\u00f1os de la Colonia. En 1831 se calculaba en 19\u00bd millones, el n\u00famero de cepas existentes en Chile\u201d.<\/span><\/p><p><span style=\"color: #000000;\">Las tierras que pertenecen a Portezuelo, localidad que se encuentra emplazada en un territorio conocido como Valle del Itata, formaban parte durante la Conquista y Colonia del Obispado de Concepci\u00f3n, siendo sus vinos, los m\u00e1s apreciados. (Campos, 1981). \u201cEl famoso vino de Concepci\u00f3n se produc\u00eda en Itata\u201d (G\u00f3mez de Vidaurre, 1889). En el siglo XVII llegaron los jesuitas a Con- cepci\u00f3n. Adquirieron en esta zona, dos haciendas que dedicaron parte de su terreno a plantaci\u00f3n de vi\u00f1as y elaboraci\u00f3n de vinos: Cucha- Cucha y Torre\u00f3n (Hanisch, 1974).<\/span><\/p><p><span style=\"color: #000000;\">La hacienda Cucha-Cucha, situada en la banda del Itata, pose\u00eda 2.400 cuadras de tierra, algunos edificios, una vi\u00f1a y lagares. Manten\u00eda un servicio de balsa en el Itata para transportar sus productos (Mendoza, 1985). S\u00e1nchez Andaur, se\u00f1ala que en esta hacienda se inventariaron \u201c28.070 plantas de vi\u00f1a corrientes, 2.000 plantas de vi\u00f1a corrientes de un a\u00f1o. La hacienda El Torre\u00f3n, ubicada a 18 leguas de Concepci\u00f3n, contaba con 1.400 cuadras\u201d. El padr\u00f3n de Perquilauqu\u00e9n (1754), puede darnos una visi\u00f3n de lo que era la poblaci\u00f3n rural y su fortuna. Esta consist\u00eda fundamentalmente en ganado y vi\u00f1as; apenas hay sementeras de trigo de corta extensi\u00f3n\u2026\u201d (G\u00f3ngora, 1980).<\/span><\/p>\t\t\t\t\t\t\t\t<\/div>\n\t\t\t\t<\/div>\n\t\t\t\t\t<\/div>\n\t\t\t\t<\/div>\n\t\t<div class=\"elementor-element elementor-element-551c1c3 e-flex e-con-boxed e-con e-parent\" data-id=\"551c1c3\" data-element_type=\"container\" data-e-type=\"container\" data-settings=\"{&quot;tmea_shape_divider_top&quot;:&quot;none&quot;,&quot;tmea_shape_divider_bottom&quot;:&quot;none&quot;}\">\n\t\t\t\t\t<div class=\"e-con-inner\">\n\t\t<div class=\"elementor-element elementor-element-edcc777 e-con-full e-flex e-con e-child\" data-id=\"edcc777\" data-element_type=\"container\" data-e-type=\"container\" data-settings=\"{&quot;tmea_shape_divider_top&quot;:&quot;none&quot;,&quot;tmea_shape_divider_bottom&quot;:&quot;none&quot;}\">\n\t\t\t\t<div class=\"elementor-element elementor-element-2b0581d elementor-widget elementor-widget-text-editor\" data-id=\"2b0581d\" data-element_type=\"widget\" data-e-type=\"widget\" data-widget_type=\"text-editor.default\">\n\t\t\t\t<div class=\"elementor-widget-container\">\n\t\t\t\t\t\t\t\t\t<p><span style=\"color: #000000;\">En el siglo XIX, se sigue manteniendo la tradici\u00f3n vitivin\u00edcola. Las estad\u00edsticas del Partido del Itata (1822), mostraban la existencia de 26 haciendas que produc\u00edan 10.919 arrobas de vino, en tanto que 306 peque\u00f1os propietarios produc\u00edan 33.943 arrobas (Cartes-Arriagada, 2008). De acuerdo a Espinoza (1897), hacia fines del siglo XIX los alrededores de Portezuelo estaban tapizados de vi\u00f1edos, y se consideraba que era la parte de la provincia m\u00e1s productiva en excelentes vinos. A inicios de siglo XX, se segu\u00eda manteniendo la tradici\u00f3n vitivin\u00edcola. En los primeros treinta a\u00f1os, se observa al mismo tiempo un incremento en la divisi\u00f3n de la propiedad agr\u00edcola (Bengoa, 1990).<\/span><\/p>\t\t\t\t\t\t\t\t<\/div>\n\t\t\t\t<\/div>\n\t\t\t\t<\/div>\n\t\t<div class=\"elementor-element elementor-element-5eaeebc e-con-full e-flex e-con e-child\" data-id=\"5eaeebc\" data-element_type=\"container\" data-e-type=\"container\" data-settings=\"{&quot;tmea_shape_divider_top&quot;:&quot;none&quot;,&quot;tmea_shape_divider_bottom&quot;:&quot;none&quot;}\">\n\t\t\t\t<div class=\"elementor-element elementor-element-32a46dd elementor-widget elementor-widget-image\" data-id=\"32a46dd\" data-element_type=\"widget\" data-e-type=\"widget\" data-widget_type=\"image.default\">\n\t\t\t\t<div class=\"elementor-widget-container\">\n\t\t\t\t\t\t\t\t\t\t\t\t\t\t\t<img loading=\"lazy\" decoding=\"async\" width=\"1024\" height=\"461\" src=\"https:\/\/mportezuelo.cl\/Inicio\/wp-content\/uploads\/2024\/05\/20210320_112258-1024x461.jpg\" class=\"attachment-large size-large wp-image-2942\" alt=\"\" srcset=\"https:\/\/mportezuelo.cl\/Inicio\/wp-content\/uploads\/2024\/05\/20210320_112258-1024x461.jpg 1024w, https:\/\/mportezuelo.cl\/Inicio\/wp-content\/uploads\/2024\/05\/20210320_112258-300x135.jpg 300w, https:\/\/mportezuelo.cl\/Inicio\/wp-content\/uploads\/2024\/05\/20210320_112258-768x346.jpg 768w, https:\/\/mportezuelo.cl\/Inicio\/wp-content\/uploads\/2024\/05\/20210320_112258-1536x691.jpg 1536w, https:\/\/mportezuelo.cl\/Inicio\/wp-content\/uploads\/2024\/05\/20210320_112258-2048x922.jpg 2048w\" sizes=\"(max-width: 1024px) 100vw, 1024px\" \/>\t\t\t\t\t\t\t\t\t\t\t\t\t\t\t<\/div>\n\t\t\t\t<\/div>\n\t\t\t\t<\/div>\n\t\t\t\t\t<\/div>\n\t\t\t\t<\/div>\n\t\t<div class=\"elementor-element elementor-element-38c4f11 e-flex e-con-boxed e-con e-parent\" data-id=\"38c4f11\" data-element_type=\"container\" data-e-type=\"container\" data-settings=\"{&quot;tmea_shape_divider_top&quot;:&quot;none&quot;,&quot;tmea_shape_divider_bottom&quot;:&quot;none&quot;}\">\n\t\t\t\t\t<div class=\"e-con-inner\">\n\t\t\t\t<div class=\"elementor-element elementor-element-bd3ce4d elementor-widget elementor-widget-heading\" data-id=\"bd3ce4d\" data-element_type=\"widget\" data-e-type=\"widget\" data-widget_type=\"heading.default\">\n\t\t\t\t<div class=\"elementor-widget-container\">\n\t\t\t\t\t<h2 class=\"elementor-heading-title elementor-size-default\">Situaci\u00f3n de la Comuna de acuerdo a las Estad\u00edsticas Censales del siglo XX<\/h2>\t\t\t\t<\/div>\n\t\t\t\t<\/div>\n\t\t\t\t\t<\/div>\n\t\t\t\t<\/div>\n\t\t<div class=\"elementor-element elementor-element-3e3a9f9 e-flex e-con-boxed e-con e-parent\" data-id=\"3e3a9f9\" data-element_type=\"container\" data-e-type=\"container\" data-settings=\"{&quot;tmea_shape_divider_top&quot;:&quot;none&quot;,&quot;tmea_shape_divider_bottom&quot;:&quot;none&quot;}\">\n\t\t\t\t\t<div class=\"e-con-inner\">\n\t\t<div class=\"elementor-element elementor-element-1cf7b95 e-con-full e-flex e-con e-child\" data-id=\"1cf7b95\" data-element_type=\"container\" data-e-type=\"container\" data-settings=\"{&quot;tmea_shape_divider_top&quot;:&quot;none&quot;,&quot;tmea_shape_divider_bottom&quot;:&quot;none&quot;}\">\n\t\t\t\t<div class=\"elementor-element elementor-element-6a0e0b4 elementor-widget elementor-widget-text-editor\" data-id=\"6a0e0b4\" data-element_type=\"widget\" data-e-type=\"widget\" data-widget_type=\"text-editor.default\">\n\t\t\t\t<div class=\"elementor-widget-container\">\n\t\t\t\t\t\t\t\t\t<p><span style=\"color: #000000;\">El a\u00f1o 1929 el departamento del Itata presentaba una extensi\u00f3n ocupada por vi\u00f1as y superficies frutales (no se registran datos solo de vi\u00f1as) que alcanzaba a un total de 6.479 hect\u00e1reas, distribuidas entre sus Comunas de la siguiente manera: Quirihue, 1.638; Portezuelo, con 3.409; Ninhue, 1425 y Cobquecura con 7. Estas cifras constatan que Portezuelo concentraba el mayor porcentaje de vi\u00f1as y frutales (INE, 1933).<\/span><\/p><p><span style=\"color: #000000;\">A mediados de siglo, Portezuelo muestra estad\u00edsticas m\u00e1s precisas que la consignan con una producci\u00f3n de vi\u00f1as de secano bastante destacada en la provincia. Con un n\u00famero de informantes que llega a 735 y una superficie plantada de 4.605,5 h\u00e1s., produc\u00eda un total de uva fresca que alcanzaba a los 76.968 qq.mt., de los cuales destinaba para vinos 75,482. El resto era utilizado como vino de mesa.<\/span><\/p>\t\t\t\t\t\t\t\t<\/div>\n\t\t\t\t<\/div>\n\t\t\t\t<\/div>\n\t\t<div class=\"elementor-element elementor-element-662aae8 e-con-full e-flex e-con e-child\" data-id=\"662aae8\" data-element_type=\"container\" data-e-type=\"container\" data-settings=\"{&quot;tmea_shape_divider_top&quot;:&quot;none&quot;,&quot;tmea_shape_divider_bottom&quot;:&quot;none&quot;}\">\n\t\t\t\t<div class=\"elementor-element elementor-element-ca711dc elementor-widget elementor-widget-text-editor\" data-id=\"ca711dc\" data-element_type=\"widget\" data-e-type=\"widget\" data-widget_type=\"text-editor.default\">\n\t\t\t\t<div class=\"elementor-widget-container\">\n\t\t\t\t\t\t\t\t\t<p>\u00a0<span style=\"color: #000000;\">Este tipo de producci\u00f3n era superado en la provincia solo por San Carlos y Chill\u00e1n. La mayor\u00eda de la producci\u00f3n correspond\u00eda a la variedad de cepa pa\u00eds (INE, 1955).<\/span><\/p><p><span style=\"color: #000000;\">Analizando lo acontecido en los a\u00f1os 1975 y 76, datos evidencian la existencia de vid en huertos caseros en Portezuelo que provienen de un total de 71 informantes y que permiten conocer la existencia de 7.695 plantas. La superficie total ocupada por vi\u00f1as en la Provincia de \u00d1uble ascend\u00eda a 22.611,0 hect\u00e1reas de las cuales, 2.759,1 correspond\u00edan a las ocupadas en vi\u00f1as y parronales, cifra que la sit\u00faa en la tercera de la provincia despu\u00e9s de Quill\u00f3n (3.797,2 h\u00e1s.) y Chill\u00e1n (2.949,3 h\u00e1s.) (INE, 1980), lo que demuestra la conservaci\u00f3n de una tradici\u00f3n de siglos, aunque con cifras en disminuci\u00f3n.\u00a0<\/span><\/p>\t\t\t\t\t\t\t\t<\/div>\n\t\t\t\t<\/div>\n\t\t\t\t<\/div>\n\t\t\t\t\t<\/div>\n\t\t\t\t<\/div>\n\t\t<div class=\"elementor-element elementor-element-7fbe3e9 e-flex e-con-boxed e-con e-parent\" data-id=\"7fbe3e9\" data-element_type=\"container\" data-e-type=\"container\" data-settings=\"{&quot;tmea_shape_divider_top&quot;:&quot;none&quot;,&quot;tmea_shape_divider_bottom&quot;:&quot;none&quot;}\">\n\t\t\t\t\t<div class=\"e-con-inner\">\n\t\t\t\t<div class=\"elementor-element elementor-element-5c04100 elementor-widget elementor-widget-image\" data-id=\"5c04100\" data-element_type=\"widget\" data-e-type=\"widget\" data-widget_type=\"image.default\">\n\t\t\t\t<div class=\"elementor-widget-container\">\n\t\t\t\t\t\t\t\t\t\t\t\t\t\t\t<img loading=\"lazy\" decoding=\"async\" width=\"1024\" height=\"576\" src=\"https:\/\/mportezuelo.cl\/Inicio\/wp-content\/uploads\/2024\/05\/DSC08498-1024x576.jpg\" class=\"attachment-large size-large wp-image-2947\" alt=\"\" srcset=\"https:\/\/mportezuelo.cl\/Inicio\/wp-content\/uploads\/2024\/05\/DSC08498-1024x576.jpg 1024w, https:\/\/mportezuelo.cl\/Inicio\/wp-content\/uploads\/2024\/05\/DSC08498-300x169.jpg 300w, https:\/\/mportezuelo.cl\/Inicio\/wp-content\/uploads\/2024\/05\/DSC08498-768x432.jpg 768w, https:\/\/mportezuelo.cl\/Inicio\/wp-content\/uploads\/2024\/05\/DSC08498-1536x864.jpg 1536w, https:\/\/mportezuelo.cl\/Inicio\/wp-content\/uploads\/2024\/05\/DSC08498-820x461.jpg 820w, https:\/\/mportezuelo.cl\/Inicio\/wp-content\/uploads\/2024\/05\/DSC08498-1170x658.jpg 1170w, https:\/\/mportezuelo.cl\/Inicio\/wp-content\/uploads\/2024\/05\/DSC08498-177x100.jpg 177w, https:\/\/mportezuelo.cl\/Inicio\/wp-content\/uploads\/2024\/05\/DSC08498.jpg 1800w\" sizes=\"(max-width: 1024px) 100vw, 1024px\" \/>\t\t\t\t\t\t\t\t\t\t\t\t\t\t\t<\/div>\n\t\t\t\t<\/div>\n\t\t\t\t\t<\/div>\n\t\t\t\t<\/div>\n\t\t<div class=\"elementor-element elementor-element-cdd62c0 e-flex e-con-boxed e-con e-parent\" data-id=\"cdd62c0\" data-element_type=\"container\" data-e-type=\"container\" data-settings=\"{&quot;tmea_shape_divider_top&quot;:&quot;none&quot;,&quot;tmea_shape_divider_bottom&quot;:&quot;none&quot;}\">\n\t\t\t\t\t<div class=\"e-con-inner\">\n\t\t\t\t<div class=\"elementor-element elementor-element-4f0365b elementor-widget elementor-widget-spacer\" data-id=\"4f0365b\" data-element_type=\"widget\" data-e-type=\"widget\" data-widget_type=\"spacer.default\">\n\t\t\t\t<div class=\"elementor-widget-container\">\n\t\t\t\t\t\t\t<div class=\"elementor-spacer\">\n\t\t\t<div class=\"elementor-spacer-inner\"><\/div>\n\t\t<\/div>\n\t\t\t\t\t\t<\/div>\n\t\t\t\t<\/div>\n\t\t\t\t\t<\/div>\n\t\t\t\t<\/div>\n\t\t<div class=\"elementor-element elementor-element-3d75337 e-flex e-con-boxed e-con e-parent\" data-id=\"3d75337\" data-element_type=\"container\" data-e-type=\"container\" data-settings=\"{&quot;tmea_shape_divider_top&quot;:&quot;none&quot;,&quot;tmea_shape_divider_bottom&quot;:&quot;none&quot;}\">\n\t\t\t\t\t<div class=\"e-con-inner\">\n\t\t\t\t<div class=\"elementor-element elementor-element-76e074e elementor-widget elementor-widget-heading\" data-id=\"76e074e\" data-element_type=\"widget\" data-e-type=\"widget\" data-widget_type=\"heading.default\">\n\t\t\t\t<div class=\"elementor-widget-container\">\n\t\t\t\t\t<h1 class=\"elementor-heading-title elementor-size-default\">Conclusiones<\/h1>\t\t\t\t<\/div>\n\t\t\t\t<\/div>\n\t\t\t\t\t<\/div>\n\t\t\t\t<\/div>\n\t\t<div class=\"elementor-element elementor-element-b1bf4cc e-flex e-con-boxed e-con e-parent\" data-id=\"b1bf4cc\" data-element_type=\"container\" data-e-type=\"container\" data-settings=\"{&quot;tmea_shape_divider_top&quot;:&quot;none&quot;,&quot;tmea_shape_divider_bottom&quot;:&quot;none&quot;}\">\n\t\t\t\t\t<div class=\"e-con-inner\">\n\t\t<div class=\"elementor-element elementor-element-0aae41e e-con-full e-flex e-con e-child\" data-id=\"0aae41e\" data-element_type=\"container\" data-e-type=\"container\" data-settings=\"{&quot;tmea_shape_divider_top&quot;:&quot;none&quot;,&quot;tmea_shape_divider_bottom&quot;:&quot;none&quot;}\">\n\t\t\t\t<div class=\"elementor-element elementor-element-a94a530 elementor-widget elementor-widget-text-editor\" data-id=\"a94a530\" data-element_type=\"widget\" data-e-type=\"widget\" data-widget_type=\"text-editor.default\">\n\t\t\t\t<div class=\"elementor-widget-container\">\n\t\t\t\t\t\t\t\t\t<p><span style=\"color: #000000;\">Podemos concluir que existe una larga tradici\u00f3n vitivin\u00edcola en Portezuelo que inici\u00e1ndose en los primeros a\u00f1os de la Conquista, se ha mantenido hasta la actualidad sobre la base de la explotaci\u00f3n de las vi\u00f1as de cepa \u201cpa\u00eds\u201d. Al mismo tiempo, que los sectores con mayor producci\u00f3n, aparecen tempranamente vinculados a la gesti\u00f3n de la Orden de la Compa\u00f1\u00eda de Jes\u00fas en la zona.<\/span><\/p><p><span style=\"color: #000000;\">Existen oficios asociados a la vitivinicultura, que se encuentran en v\u00edas de extinci\u00f3n y en los \u00faltimos a\u00f1os se ha experimentado un descenso en la mano de obra dedicada al rubro, dado que no existe inter\u00e9s por parte de la juventud, de dedicarse a las actividades vitivin\u00edcolas o asociadas a ella. Contribuy\u00f3 el terremoto de febrero de 2010, que perjudic\u00f3 gravemente a los peque\u00f1os vi\u00f1ateros del sector, destruyendo sus instalaciones.<\/span><\/p>\t\t\t\t\t\t\t\t<\/div>\n\t\t\t\t<\/div>\n\t\t\t\t<\/div>\n\t\t<div class=\"elementor-element elementor-element-8a85ae6 e-con-full e-flex e-con e-child\" data-id=\"8a85ae6\" data-element_type=\"container\" data-e-type=\"container\" data-settings=\"{&quot;tmea_shape_divider_top&quot;:&quot;none&quot;,&quot;tmea_shape_divider_bottom&quot;:&quot;none&quot;}\">\n\t\t\t\t<div class=\"elementor-element elementor-element-dad7087 elementor-widget elementor-widget-image\" data-id=\"dad7087\" data-element_type=\"widget\" data-e-type=\"widget\" data-widget_type=\"image.default\">\n\t\t\t\t<div class=\"elementor-widget-container\">\n\t\t\t\t\t\t\t\t\t\t\t\t\t\t\t<img loading=\"lazy\" decoding=\"async\" width=\"1024\" height=\"576\" src=\"https:\/\/mportezuelo.cl\/Inicio\/wp-content\/uploads\/2024\/05\/DSC09424-1024x576.jpg\" class=\"attachment-large size-large wp-image-2948\" alt=\"\" srcset=\"https:\/\/mportezuelo.cl\/Inicio\/wp-content\/uploads\/2024\/05\/DSC09424-1024x576.jpg 1024w, https:\/\/mportezuelo.cl\/Inicio\/wp-content\/uploads\/2024\/05\/DSC09424-300x169.jpg 300w, https:\/\/mportezuelo.cl\/Inicio\/wp-content\/uploads\/2024\/05\/DSC09424-768x432.jpg 768w, https:\/\/mportezuelo.cl\/Inicio\/wp-content\/uploads\/2024\/05\/DSC09424-1536x865.jpg 1536w, https:\/\/mportezuelo.cl\/Inicio\/wp-content\/uploads\/2024\/05\/DSC09424-2048x1153.jpg 2048w, https:\/\/mportezuelo.cl\/Inicio\/wp-content\/uploads\/2024\/05\/DSC09424-820x461.jpg 820w, https:\/\/mportezuelo.cl\/Inicio\/wp-content\/uploads\/2024\/05\/DSC09424-1170x658.jpg 1170w, https:\/\/mportezuelo.cl\/Inicio\/wp-content\/uploads\/2024\/05\/DSC09424-177x100.jpg 177w\" sizes=\"(max-width: 1024px) 100vw, 1024px\" \/>\t\t\t\t\t\t\t\t\t\t\t\t\t\t\t<\/div>\n\t\t\t\t<\/div>\n\t\t\t\t<\/div>\n\t\t\t\t\t<\/div>\n\t\t\t\t<\/div>\n\t\t<div class=\"elementor-element elementor-element-a2c2211 e-flex e-con-boxed e-con e-parent\" data-id=\"a2c2211\" data-element_type=\"container\" data-e-type=\"container\" data-settings=\"{&quot;tmea_shape_divider_top&quot;:&quot;none&quot;,&quot;tmea_shape_divider_bottom&quot;:&quot;none&quot;}\">\n\t\t\t\t\t<div class=\"e-con-inner\">\n\t\t\t\t<div class=\"elementor-element elementor-element-83a9b8a elementor-widget elementor-widget-text-editor\" data-id=\"83a9b8a\" data-element_type=\"widget\" data-e-type=\"widget\" data-widget_type=\"text-editor.default\">\n\t\t\t\t<div class=\"elementor-widget-container\">\n\t\t\t\t\t\t\t\t\t<p><span style=\"color: #000000;\">Los vi\u00f1ateros que est\u00e1n en mejores condiciones de continuar con sus faenas son aquellos que ostentan al mismo tiempo la condici\u00f3n de productores y envasadores. De igual forma, podemos decir que existen iniciativas gubernamentales destinadas a apoyar la continuidad de la actividad vitivin\u00edcola de Portezuelo. De aquellas, las m\u00e1s efectivas son las que han instalado conocimientos y capacidades que permiten mejorar la producci\u00f3n sin que necesariamente se privilegie la l\u00f3gica del reemplazo, esto es, desplazar totalmente la cepa pa\u00eds cambi\u00e1ndola por las extranjeras.<\/span><\/p><p>Fuente:\u00a0 <a href=\"https:\/\/www.scielo.cl\/pdf\/idesia\/v36n1\/0718-3429-idesia-36-01-00133.pdf\">https:\/\/www.scielo.cl\/pdf\/idesia\/v36n1\/0718-3429-idesia-36-01-00133.pdf<\/a><\/p>\t\t\t\t\t\t\t\t<\/div>\n\t\t\t\t<\/div>\n\t\t\t\t\t<\/div>\n\t\t\t\t<\/div>\n\t\t\t\t<\/div>\n\t\t","protected":false},"excerpt":{"rendered":"<p>Comuna de Portezuelo Historia Portezuelo, una comuna de la zona centro sur de Chile. Perteneciente a la provincia de Itata, se encuentra en la Regi\u00f3n de \u00d1uble. Limita al norte con Ninhue, al sur con R\u00e1nquil y Chill\u00e1n, al este con San Nicol\u00e1s, y al oeste con Trehuaco y Coelemu. El pueblo de Portezuelo se [&hellip;]<\/p>\n","protected":false},"author":1,"featured_media":0,"parent":0,"menu_order":0,"comment_status":"closed","ping_status":"closed","template":"","meta":{"_monsterinsights_skip_tracking":false,"_monsterinsights_sitenote_active":false,"_monsterinsights_sitenote_note":"","_monsterinsights_sitenote_category":0,"iawp_total_views":1504,"footnotes":""},"class_list":["post-2649","page","type-page","status-publish","hentry"],"aioseo_notices":[],"_links":{"self":[{"href":"https:\/\/mportezuelo.cl\/Inicio\/wp-json\/wp\/v2\/pages\/2649","targetHints":{"allow":["GET"]}}],"collection":[{"href":"https:\/\/mportezuelo.cl\/Inicio\/wp-json\/wp\/v2\/pages"}],"about":[{"href":"https:\/\/mportezuelo.cl\/Inicio\/wp-json\/wp\/v2\/types\/page"}],"author":[{"embeddable":true,"href":"https:\/\/mportezuelo.cl\/Inicio\/wp-json\/wp\/v2\/users\/1"}],"replies":[{"embeddable":true,"href":"https:\/\/mportezuelo.cl\/Inicio\/wp-json\/wp\/v2\/comments?post=2649"}],"version-history":[{"count":178,"href":"https:\/\/mportezuelo.cl\/Inicio\/wp-json\/wp\/v2\/pages\/2649\/revisions"}],"predecessor-version":[{"id":3953,"href":"https:\/\/mportezuelo.cl\/Inicio\/wp-json\/wp\/v2\/pages\/2649\/revisions\/3953"}],"wp:attachment":[{"href":"https:\/\/mportezuelo.cl\/Inicio\/wp-json\/wp\/v2\/media?parent=2649"}],"curies":[{"name":"wp","href":"https:\/\/api.w.org\/{rel}","templated":true}]}}