{"id":2645,"date":"2024-05-09T09:44:00","date_gmt":"2024-05-09T12:44:00","guid":{"rendered":"https:\/\/mportezuelo.cl\/Inicio\/?page_id=2645"},"modified":"2025-03-11T15:43:55","modified_gmt":"2025-03-11T18:43:55","slug":"municipalidad","status":"publish","type":"page","link":"https:\/\/mportezuelo.cl\/Inicio\/municipalidad\/","title":{"rendered":"Municipalidad"},"content":{"rendered":"\t\t<div data-elementor-type=\"wp-page\" data-elementor-id=\"2645\" class=\"elementor elementor-2645\" data-elementor-post-type=\"page\">\n\t\t\t\t<div class=\"elementor-element elementor-element-25d45fb e-flex e-con-boxed e-con e-parent\" data-id=\"25d45fb\" data-element_type=\"container\" data-e-type=\"container\" data-settings=\"{&quot;tmea_shape_divider_top&quot;:&quot;none&quot;,&quot;tmea_shape_divider_bottom&quot;:&quot;none&quot;}\">\n\t\t\t\t\t<div class=\"e-con-inner\">\n\t\t\t\t<div class=\"elementor-element elementor-element-a8ef85b elementor-widget elementor-widget-heading\" data-id=\"a8ef85b\" data-element_type=\"widget\" data-e-type=\"widget\" data-widget_type=\"heading.default\">\n\t\t\t\t<div class=\"elementor-widget-container\">\n\t\t\t\t\t<h2 class=\"elementor-heading-title elementor-size-default\">Historia de la Municipalidad de Portezuelo<\/h2>\t\t\t\t<\/div>\n\t\t\t\t<\/div>\n\t\t\t\t\t<\/div>\n\t\t\t\t<\/div>\n\t\t<div class=\"elementor-element elementor-element-343ffdb e-flex e-con-boxed e-con e-parent\" data-id=\"343ffdb\" data-element_type=\"container\" data-e-type=\"container\" data-settings=\"{&quot;tmea_shape_divider_top&quot;:&quot;none&quot;,&quot;tmea_shape_divider_bottom&quot;:&quot;none&quot;}\">\n\t\t\t\t\t<div class=\"e-con-inner\">\n\t\t<div class=\"elementor-element elementor-element-d44beb1 e-con-full e-flex e-con e-child\" data-id=\"d44beb1\" data-element_type=\"container\" data-e-type=\"container\" data-settings=\"{&quot;tmea_shape_divider_top&quot;:&quot;none&quot;,&quot;tmea_shape_divider_bottom&quot;:&quot;none&quot;}\">\n\t\t\t\t<div class=\"elementor-element elementor-element-ad76710 e-transform elementor-widget elementor-widget-image\" data-id=\"ad76710\" data-element_type=\"widget\" data-e-type=\"widget\" data-settings=\"{&quot;_transform_scale_effect_hover&quot;:{&quot;unit&quot;:&quot;px&quot;,&quot;size&quot;:1.100000000000000088817841970012523233890533447265625,&quot;sizes&quot;:[]},&quot;_transform_scale_effect_hover_tablet&quot;:{&quot;unit&quot;:&quot;px&quot;,&quot;size&quot;:&quot;&quot;,&quot;sizes&quot;:[]},&quot;_transform_scale_effect_hover_mobile&quot;:{&quot;unit&quot;:&quot;px&quot;,&quot;size&quot;:&quot;&quot;,&quot;sizes&quot;:[]}}\" data-widget_type=\"image.default\">\n\t\t\t\t<div class=\"elementor-widget-container\">\n\t\t\t\t\t\t\t\t\t\t\t\t\t\t\t<img fetchpriority=\"high\" decoding=\"async\" width=\"804\" height=\"601\" src=\"https:\/\/mportezuelo.cl\/Inicio\/wp-content\/uploads\/2024\/05\/muni-1990.jpg\" class=\"attachment-large size-large wp-image-2710\" alt=\"\" srcset=\"https:\/\/mportezuelo.cl\/Inicio\/wp-content\/uploads\/2024\/05\/muni-1990.jpg 804w, https:\/\/mportezuelo.cl\/Inicio\/wp-content\/uploads\/2024\/05\/muni-1990-300x224.jpg 300w, https:\/\/mportezuelo.cl\/Inicio\/wp-content\/uploads\/2024\/05\/muni-1990-768x574.jpg 768w\" sizes=\"(max-width: 804px) 100vw, 804px\" \/>\t\t\t\t\t\t\t\t\t\t\t\t\t\t\t<\/div>\n\t\t\t\t<\/div>\n\t\t\t\t<\/div>\n\t\t<div class=\"elementor-element elementor-element-4b649b5 e-con-full e-flex e-con e-child\" data-id=\"4b649b5\" data-element_type=\"container\" data-e-type=\"container\" data-settings=\"{&quot;tmea_shape_divider_top&quot;:&quot;none&quot;,&quot;tmea_shape_divider_bottom&quot;:&quot;none&quot;}\">\n\t\t\n\t\t<div class=\"elementor-element elementor-element-007ba70 elementor-widget elementor-widget-text-editor\" data-id=\"007ba70\" data-element_type=\"widget\" data-e-type=\"widget\" data-widget_type=\"text-editor.default\">\n\t\t\t\t<div class=\"elementor-widget-container\">\n\t\t\t\t\t\t\t\t\t<p><span style=\"font-family: Roboto; color: #000000;\">El 22 de diciembre de 1891 se cre\u00f3 la\u00a0<strong><span style=\"font-family: Roboto;\">Municipalidad<\/span><\/strong>, a\u00f1o en que el gobierno del Presidente Jorge Montt dict\u00f3 la ley de Organizaci\u00f3n Geogr\u00e1fica de las Municipalidades, comprendiendo en este caso las subdelegaciones de PORTEZUELO y Trehuaco.\u00a0<\/span><\/p><p><span style=\"font-family: Roboto; color: #000000;\">El prop\u00f3sito para el cual se crearon los Municipios fue el de administrar dentro de su jurisdicci\u00f3n territorial los bienes y servicios bajo su responsabilidad y al mismo tiempo entregar atenci\u00f3n social, econ\u00f3mica y justicia menor en los juzgados de polic\u00eda local, que en la \u00e9poca se conoc\u00edan como Juzgados de Paz.<\/span><\/p><p><span style=\"font-family: Roboto; color: #000000;\">Las Municipalidades eran entidades que las reg\u00edan las leyes de la Rep\u00fablica y estaban integradas por regidores o ediles elegidos por votaci\u00f3n popular, de los cuales se nombraba al Alcalde por mayor\u00eda de votos y pasaba a ser la primera autoridad de su jurisdicci\u00f3n.<\/span><\/p>\t\t\t\t\t\t\t\t<\/div>\n\t\t\t\t<\/div>\n\t\t\t\t<\/div>\n\t\t\t\t\t<\/div>\n\t\t\t\t<\/div>\n\t\t<div class=\"elementor-element elementor-element-d3c15a9 e-flex e-con-boxed e-con e-parent\" data-id=\"d3c15a9\" data-element_type=\"container\" data-e-type=\"container\" data-settings=\"{&quot;tmea_shape_divider_top&quot;:&quot;none&quot;,&quot;tmea_shape_divider_bottom&quot;:&quot;none&quot;}\">\n\t\t\t\t\t<div class=\"e-con-inner\">\n\t\t\t\t<div class=\"elementor-element elementor-element-89e503b elementor-widget elementor-widget-text-editor\" data-id=\"89e503b\" data-element_type=\"widget\" data-e-type=\"widget\" data-widget_type=\"text-editor.default\">\n\t\t\t\t<div class=\"elementor-widget-container\">\n\t\t\t\t\t\t\t\t\t<p><span style=\"font-family: Roboto; color: #000000;\">Entre los Alcaldes o regidores que pasaron por el Municipio Portezolano est\u00e1n los de Victoriano Garc\u00eda (una calle lleva su nombre en su memoria), Florencio Ceballos, Julio Ruiz Palma (don\u00f3 terrenos para el actual estadio Municipal), Jacinto Jard\u00faa, Carlos Aravena, Ram\u00f3n Le\u00f3n, Tom\u00e1s Cox Palma, Eliecer Sep\u00falveda, C\u00e9sar Romero, Humberto Saavedra, Julio Jard\u00faa, Jos\u00e9 Cruz, Pedro Pablo Arriagada, Santiago Troncoso, Daniel Sb\u00e1rbaro Casanova, Alfredo Carrasco, Joaqu\u00edn Lav\u00edn Pradenas, Tom\u00e1s Le\u00f3n Avalos, Miguel Unzueta Doll, Gast\u00f3n Faundez, Luis Medina Canales, Modesto Sep\u00falveda Andrades y el alcalde actual, Don Ren\u00e9 Schuffeneger Salas .<\/span><\/p>\t\t\t\t\t\t\t\t<\/div>\n\t\t\t\t<\/div>\n\t\t\t\t\t<\/div>\n\t\t\t\t<\/div>\n\t\t<div class=\"elementor-element elementor-element-e89fcee e-flex e-con-boxed e-con e-parent\" data-id=\"e89fcee\" data-element_type=\"container\" data-e-type=\"container\" data-settings=\"{&quot;tmea_shape_divider_top&quot;:&quot;none&quot;,&quot;tmea_shape_divider_bottom&quot;:&quot;none&quot;}\">\n\t\t\t\t\t<div class=\"e-con-inner\">\n\t\t\t\t<div class=\"elementor-element elementor-element-3098d0c elementor-widget elementor-widget-spacer\" data-id=\"3098d0c\" data-element_type=\"widget\" data-e-type=\"widget\" data-widget_type=\"spacer.default\">\n\t\t\t\t<div class=\"elementor-widget-container\">\n\t\t\t\t\t\t\t<div class=\"elementor-spacer\">\n\t\t\t<div class=\"elementor-spacer-inner\"><\/div>\n\t\t<\/div>\n\t\t\t\t\t\t<\/div>\n\t\t\t\t<\/div>\n\t\t\t\t\t<\/div>\n\t\t\t\t<\/div>\n\t\t<div class=\"elementor-element elementor-element-c2c18b8 e-flex e-con-boxed e-con e-parent\" data-id=\"c2c18b8\" data-element_type=\"container\" data-e-type=\"container\" data-settings=\"{&quot;tmea_shape_divider_top&quot;:&quot;none&quot;,&quot;tmea_shape_divider_bottom&quot;:&quot;none&quot;}\">\n\t\t\t\t\t<div class=\"e-con-inner\">\n\t\t<div class=\"elementor-element elementor-element-6876a8b e-con-full e-flex e-con e-child\" data-id=\"6876a8b\" data-element_type=\"container\" data-e-type=\"container\" data-settings=\"{&quot;tmea_shape_divider_top&quot;:&quot;none&quot;,&quot;tmea_shape_divider_bottom&quot;:&quot;none&quot;}\">\n\t\t\t\t<div class=\"elementor-element elementor-element-3b84e39 e-transform elementor-widget elementor-widget-image\" data-id=\"3b84e39\" data-element_type=\"widget\" data-e-type=\"widget\" data-settings=\"{&quot;_transform_scale_effect_hover&quot;:{&quot;unit&quot;:&quot;px&quot;,&quot;size&quot;:1.100000000000000088817841970012523233890533447265625,&quot;sizes&quot;:[]},&quot;_transform_scale_effect_hover_tablet&quot;:{&quot;unit&quot;:&quot;px&quot;,&quot;size&quot;:&quot;&quot;,&quot;sizes&quot;:[]},&quot;_transform_scale_effect_hover_mobile&quot;:{&quot;unit&quot;:&quot;px&quot;,&quot;size&quot;:&quot;&quot;,&quot;sizes&quot;:[]}}\" data-widget_type=\"image.default\">\n\t\t\t\t<div class=\"elementor-widget-container\">\n\t\t\t\t\t\t\t\t\t\t\t\t\t\t\t<img decoding=\"async\" width=\"1024\" height=\"768\" src=\"https:\/\/mportezuelo.cl\/Inicio\/wp-content\/uploads\/2024\/05\/plaza-antigua2-2-1024x768.jpg\" class=\"attachment-large size-large wp-image-2764\" alt=\"\" srcset=\"https:\/\/mportezuelo.cl\/Inicio\/wp-content\/uploads\/2024\/05\/plaza-antigua2-2-1024x768.jpg 1024w, https:\/\/mportezuelo.cl\/Inicio\/wp-content\/uploads\/2024\/05\/plaza-antigua2-2-300x225.jpg 300w, https:\/\/mportezuelo.cl\/Inicio\/wp-content\/uploads\/2024\/05\/plaza-antigua2-2-768x576.jpg 768w, https:\/\/mportezuelo.cl\/Inicio\/wp-content\/uploads\/2024\/05\/plaza-antigua2-2-1536x1152.jpg 1536w, https:\/\/mportezuelo.cl\/Inicio\/wp-content\/uploads\/2024\/05\/plaza-antigua2-2-2048x1536.jpg 2048w\" sizes=\"(max-width: 1024px) 100vw, 1024px\" \/>\t\t\t\t\t\t\t\t\t\t\t\t\t\t\t<\/div>\n\t\t\t\t<\/div>\n\t\t\t\t<\/div>\n\t\t<div class=\"elementor-element elementor-element-a400dc1 e-con-full e-flex e-con e-child\" data-id=\"a400dc1\" data-element_type=\"container\" data-e-type=\"container\" data-settings=\"{&quot;tmea_shape_divider_top&quot;:&quot;none&quot;,&quot;tmea_shape_divider_bottom&quot;:&quot;none&quot;}\">\n\t\t\t\t<div class=\"elementor-element elementor-element-697ac2e e-transform e-transform elementor-widget elementor-widget-image\" data-id=\"697ac2e\" data-element_type=\"widget\" data-e-type=\"widget\" data-settings=\"{&quot;_transform_scale_effect&quot;:{&quot;unit&quot;:&quot;px&quot;,&quot;size&quot;:1,&quot;sizes&quot;:[]},&quot;_transform_scale_effect_hover&quot;:{&quot;unit&quot;:&quot;px&quot;,&quot;size&quot;:0.90000000000000002220446049250313080847263336181640625,&quot;sizes&quot;:[]},&quot;_transform_scale_effect_tablet&quot;:{&quot;unit&quot;:&quot;px&quot;,&quot;size&quot;:&quot;&quot;,&quot;sizes&quot;:[]},&quot;_transform_scale_effect_mobile&quot;:{&quot;unit&quot;:&quot;px&quot;,&quot;size&quot;:&quot;&quot;,&quot;sizes&quot;:[]},&quot;_transform_scale_effect_hover_tablet&quot;:{&quot;unit&quot;:&quot;px&quot;,&quot;size&quot;:&quot;&quot;,&quot;sizes&quot;:[]},&quot;_transform_scale_effect_hover_mobile&quot;:{&quot;unit&quot;:&quot;px&quot;,&quot;size&quot;:&quot;&quot;,&quot;sizes&quot;:[]}}\" data-widget_type=\"image.default\">\n\t\t\t\t<div class=\"elementor-widget-container\">\n\t\t\t\t\t\t\t\t\t\t\t\t\t\t\t<img decoding=\"async\" width=\"1024\" height=\"768\" src=\"https:\/\/mportezuelo.cl\/Inicio\/wp-content\/uploads\/2024\/05\/plaza-antigua3-1024x768.jpg\" class=\"attachment-large size-large wp-image-2766\" alt=\"\" srcset=\"https:\/\/mportezuelo.cl\/Inicio\/wp-content\/uploads\/2024\/05\/plaza-antigua3-1024x768.jpg 1024w, https:\/\/mportezuelo.cl\/Inicio\/wp-content\/uploads\/2024\/05\/plaza-antigua3-300x225.jpg 300w, https:\/\/mportezuelo.cl\/Inicio\/wp-content\/uploads\/2024\/05\/plaza-antigua3-768x576.jpg 768w, https:\/\/mportezuelo.cl\/Inicio\/wp-content\/uploads\/2024\/05\/plaza-antigua3-1536x1152.jpg 1536w, https:\/\/mportezuelo.cl\/Inicio\/wp-content\/uploads\/2024\/05\/plaza-antigua3-2048x1536.jpg 2048w\" sizes=\"(max-width: 1024px) 100vw, 1024px\" \/>\t\t\t\t\t\t\t\t\t\t\t\t\t\t\t<\/div>\n\t\t\t\t<\/div>\n\t\t\t\t<\/div>\n\t\t\t\t\t<\/div>\n\t\t\t\t<\/div>\n\t\t<div class=\"elementor-element elementor-element-ea319ef e-flex e-con-boxed e-con e-parent\" data-id=\"ea319ef\" data-element_type=\"container\" data-e-type=\"container\" data-settings=\"{&quot;tmea_shape_divider_top&quot;:&quot;none&quot;,&quot;tmea_shape_divider_bottom&quot;:&quot;none&quot;}\">\n\t\t\t\t\t<div class=\"e-con-inner\">\n\t\t\t\t<div class=\"elementor-element elementor-element-a951cc9 elementor-widget elementor-widget-text-editor\" data-id=\"a951cc9\" data-element_type=\"widget\" data-e-type=\"widget\" data-widget_type=\"text-editor.default\">\n\t\t\t\t<div class=\"elementor-widget-container\">\n\t\t\t\t\t\t\t\t\t<p><span style=\"font-family: Roboto; color: #000000;\">Desde el Municipio Portelozano se planifica la acci\u00f3n hacia los diferentes sectores que son de utilidad para la poblaci\u00f3n como salud, educaci\u00f3n, vivienda, agricultura, obras p\u00fablicas, etc.<\/span><\/p><p><span style=\"color: #000000;\"><strong><span style=\"font-family: Roboto;\">Portezuelo\u00a0<\/span><\/strong><span style=\"font-family: Roboto;\">perteneciente a la Provincia del Itata, en la Regi\u00f3n de \u00d1uble. Sus l\u00edmites comunales son por el norte con Ninhue, al sur con R\u00e1nquil y Chill\u00e1n, al este con San Nicol\u00e1s, y al oeste con Trehuaco y Coelemu. Portezuelo se encuentra a 34 km de la capital Regional Chill\u00e1n.<\/span><\/span><\/p>\t\t\t\t\t\t\t\t<\/div>\n\t\t\t\t<\/div>\n\t\t\t\t\t<\/div>\n\t\t\t\t<\/div>\n\t\t<div class=\"elementor-element elementor-element-2470e82 e-flex e-con-boxed e-con e-parent\" data-id=\"2470e82\" data-element_type=\"container\" data-e-type=\"container\" data-settings=\"{&quot;tmea_shape_divider_top&quot;:&quot;none&quot;,&quot;tmea_shape_divider_bottom&quot;:&quot;none&quot;}\">\n\t\t\t\t\t<div class=\"e-con-inner\">\n\t\t<div class=\"elementor-element elementor-element-f97c21a e-con-full e-flex e-con e-child\" data-id=\"f97c21a\" data-element_type=\"container\" data-e-type=\"container\" data-settings=\"{&quot;tmea_shape_divider_top&quot;:&quot;none&quot;,&quot;tmea_shape_divider_bottom&quot;:&quot;none&quot;}\">\n\t\t\t\t<div class=\"elementor-element elementor-element-7c956bc elementor-widget elementor-widget-image\" data-id=\"7c956bc\" data-element_type=\"widget\" data-e-type=\"widget\" data-widget_type=\"image.default\">\n\t\t\t\t<div class=\"elementor-widget-container\">\n\t\t\t\t\t\t\t\t\t\t\t\t\t\t\t<img loading=\"lazy\" decoding=\"async\" width=\"480\" height=\"328\" src=\"https:\/\/mportezuelo.cl\/Inicio\/wp-content\/uploads\/2024\/05\/FB_IMG_1527559180594.jpg\" class=\"attachment-large size-large wp-image-2721\" alt=\"\" srcset=\"https:\/\/mportezuelo.cl\/Inicio\/wp-content\/uploads\/2024\/05\/FB_IMG_1527559180594.jpg 480w, https:\/\/mportezuelo.cl\/Inicio\/wp-content\/uploads\/2024\/05\/FB_IMG_1527559180594-300x205.jpg 300w\" sizes=\"(max-width: 480px) 100vw, 480px\" \/>\t\t\t\t\t\t\t\t\t\t\t\t\t\t\t<\/div>\n\t\t\t\t<\/div>\n\t\t\t\t<\/div>\n\t\t<div class=\"elementor-element elementor-element-89c41ea e-con-full e-flex e-con e-child\" data-id=\"89c41ea\" data-element_type=\"container\" data-e-type=\"container\" data-settings=\"{&quot;tmea_shape_divider_top&quot;:&quot;none&quot;,&quot;tmea_shape_divider_bottom&quot;:&quot;none&quot;}\">\n\t\t\t\t<div class=\"elementor-element elementor-element-cd8fd62 elementor-widget elementor-widget-image\" data-id=\"cd8fd62\" data-element_type=\"widget\" data-e-type=\"widget\" data-widget_type=\"image.default\">\n\t\t\t\t<div class=\"elementor-widget-container\">\n\t\t\t\t\t\t\t\t\t\t\t\t\t\t\t<img decoding=\"async\" src=\"https:\/\/mportezuelo.cl\/Inicio\/wp-content\/uploads\/elementor\/thumbs\/DJI_0010-e1718742974941-qpuvt10r0ajyjtehtucgdn1u7hq3s87u0dwnb2uhgk.jpg\" title=\"default\" alt=\"default\" loading=\"lazy\" \/>\t\t\t\t\t\t\t\t\t\t\t\t\t\t\t<\/div>\n\t\t\t\t<\/div>\n\t\t\t\t<\/div>\n\t\t\t\t\t<\/div>\n\t\t\t\t<\/div>\n\t\t<div class=\"elementor-element elementor-element-687fadf e-flex e-con-boxed e-con e-parent\" data-id=\"687fadf\" data-element_type=\"container\" data-e-type=\"container\" data-settings=\"{&quot;tmea_shape_divider_top&quot;:&quot;none&quot;,&quot;tmea_shape_divider_bottom&quot;:&quot;none&quot;}\">\n\t\t\t\t\t<div class=\"e-con-inner\">\n\t\t\t\t<div class=\"elementor-element elementor-element-2e22800 elementor-widget elementor-widget-text-editor\" data-id=\"2e22800\" data-element_type=\"widget\" data-e-type=\"widget\" data-widget_type=\"text-editor.default\">\n\t\t\t\t<div class=\"elementor-widget-container\">\n\t\t\t\t\t\t\t\t\t<p><span style=\"color: #000000;\">La Actual Plaza de Armas de la comuna de Portezuelo fue inaugurada el a\u00f1o 2016, por el alcalde de ese periodo, don Ren\u00e9 Schuffeneger Salas.\u00a0<\/span><\/p>\t\t\t\t\t\t\t\t<\/div>\n\t\t\t\t<\/div>\n\t\t\t\t\t<\/div>\n\t\t\t\t<\/div>\n\t\t<div class=\"elementor-element elementor-element-f802d5c e-flex e-con-boxed e-con e-parent\" data-id=\"f802d5c\" data-element_type=\"container\" data-e-type=\"container\" data-settings=\"{&quot;tmea_shape_divider_top&quot;:&quot;none&quot;,&quot;tmea_shape_divider_bottom&quot;:&quot;none&quot;}\">\n\t\t\t\t\t<div class=\"e-con-inner\">\n\t\t\t\t<div class=\"elementor-element elementor-element-b1a6d6d elementor-widget elementor-widget-spacer\" data-id=\"b1a6d6d\" data-element_type=\"widget\" data-e-type=\"widget\" data-widget_type=\"spacer.default\">\n\t\t\t\t<div class=\"elementor-widget-container\">\n\t\t\t\t\t\t\t<div class=\"elementor-spacer\">\n\t\t\t<div class=\"elementor-spacer-inner\"><\/div>\n\t\t<\/div>\n\t\t\t\t\t\t<\/div>\n\t\t\t\t<\/div>\n\t\t\t\t\t<\/div>\n\t\t\t\t<\/div>\n\t\t<div class=\"elementor-element elementor-element-607b26d e-flex e-con-boxed e-con e-parent\" data-id=\"607b26d\" data-element_type=\"container\" data-e-type=\"container\" data-settings=\"{&quot;tmea_shape_divider_top&quot;:&quot;none&quot;,&quot;tmea_shape_divider_bottom&quot;:&quot;none&quot;}\">\n\t\t\t\t\t<div class=\"e-con-inner\">\n\t\t\t\t<div class=\"elementor-element elementor-element-da5519d elementor-widget elementor-widget-heading\" data-id=\"da5519d\" data-element_type=\"widget\" data-e-type=\"widget\" data-widget_type=\"heading.default\">\n\t\t\t\t<div class=\"elementor-widget-container\">\n\t\t\t\t\t<h2 class=\"elementor-heading-title elementor-size-default\">MISI\u00d3N COMUNAL<\/h2>\t\t\t\t<\/div>\n\t\t\t\t<\/div>\n\t\t\t\t\t<\/div>\n\t\t\t\t<\/div>\n\t\t<div class=\"elementor-element elementor-element-1d9cc3a e-flex e-con-boxed e-con e-parent\" data-id=\"1d9cc3a\" data-element_type=\"container\" data-e-type=\"container\" data-settings=\"{&quot;tmea_shape_divider_top&quot;:&quot;none&quot;,&quot;tmea_shape_divider_bottom&quot;:&quot;none&quot;}\">\n\t\t\t\t\t<div class=\"e-con-inner\">\n\t\t\t\t<div class=\"elementor-element elementor-element-6c1e114 elementor-widget elementor-widget-text-editor\" data-id=\"6c1e114\" data-element_type=\"widget\" data-e-type=\"widget\" data-widget_type=\"text-editor.default\">\n\t\t\t\t<div class=\"elementor-widget-container\">\n\t\t\t\t\t\t\t\t\t<p><span style=\"color: #000000;\">Misi\u00f3n responde a la consulta respecto a: \u00bfCu\u00e1l es el prop\u00f3sito que se tiene como Municipio hoy y cu\u00e1l debiera ser en el futuro, para concretar, el logro de la visi\u00f3n de futura o imagen objetivo?<\/span><\/p><p><span style=\"color: #000000;\">En los municipios y en los servicios p\u00fablicos se asocia con frecuencia la misi\u00f3n de cada uno de ellos con los contenidos de su ley org\u00e1nica, o que, dadas las caracter\u00edsticas de la funci\u00f3n p\u00fablica, es indudablemente importante en t\u00e9rminos de la definici\u00f3n de un marco general, sin embargo, esta es insuficiente como orientaci\u00f3n para la acci\u00f3n.<\/span><\/p><p><span style=\"color: #000000;\">La Misi\u00f3n es una \u201cdeclaraci\u00f3n \u00fanica\u201d que define el prop\u00f3sito o la raz\u00f3n de ser de una organizaci\u00f3n y permite orientar las acciones que realicen las personas que la componen hacia el logro de un resultado esperado.<\/span><\/p><p><span style=\"color: #000000;\">La misi\u00f3n gen\u00e9rica de los municipios est\u00e1 definida en la Ley Org\u00e1nica Constitucional de Municipalidades, y se expresa como: \u201csatisfacer las necesidades de la comunidad local y asegurar su participaci\u00f3n en el progreso econ\u00f3mico, social y cultural de las respectivas comunas\u201d (art.1 Ley 18.695). Esto define el horizonte o prop\u00f3sito principal com\u00fan a todos los municipios chilenos.<\/span><\/p>\t\t\t\t\t\t\t\t<\/div>\n\t\t\t\t<\/div>\n\t\t\t\t\t<\/div>\n\t\t\t\t<\/div>\n\t\t<div class=\"elementor-element elementor-element-9411bcf e-flex e-con-boxed e-con e-parent\" data-id=\"9411bcf\" data-element_type=\"container\" data-e-type=\"container\" data-settings=\"{&quot;tmea_shape_divider_top&quot;:&quot;none&quot;,&quot;tmea_shape_divider_bottom&quot;:&quot;none&quot;}\">\n\t\t\t\t\t<div class=\"e-con-inner\">\n\t\t<div class=\"elementor-element elementor-element-835f3ff e-con-full e-flex e-con e-child\" data-id=\"835f3ff\" data-element_type=\"container\" data-e-type=\"container\" data-settings=\"{&quot;tmea_shape_divider_top&quot;:&quot;none&quot;,&quot;tmea_shape_divider_bottom&quot;:&quot;none&quot;}\">\n\t\t\t\t<div class=\"elementor-element elementor-element-849bb5d elementor-widget elementor-widget-image\" data-id=\"849bb5d\" data-element_type=\"widget\" data-e-type=\"widget\" data-widget_type=\"image.default\">\n\t\t\t\t<div class=\"elementor-widget-container\">\n\t\t\t\t\t\t\t\t\t\t\t\t\t\t\t<img loading=\"lazy\" decoding=\"async\" width=\"1024\" height=\"682\" src=\"https:\/\/mportezuelo.cl\/Inicio\/wp-content\/uploads\/2024\/06\/IMG_7453-copia-1024x682.jpg\" class=\"attachment-large size-large wp-image-5686\" alt=\"\" srcset=\"https:\/\/mportezuelo.cl\/Inicio\/wp-content\/uploads\/2024\/06\/IMG_7453-copia-1024x682.jpg 1024w, https:\/\/mportezuelo.cl\/Inicio\/wp-content\/uploads\/2024\/06\/IMG_7453-copia-300x200.jpg 300w, https:\/\/mportezuelo.cl\/Inicio\/wp-content\/uploads\/2024\/06\/IMG_7453-copia-768x512.jpg 768w, https:\/\/mportezuelo.cl\/Inicio\/wp-content\/uploads\/2024\/06\/IMG_7453-copia-1536x1024.jpg 1536w, https:\/\/mportezuelo.cl\/Inicio\/wp-content\/uploads\/2024\/06\/IMG_7453-copia.jpg 1580w\" sizes=\"(max-width: 1024px) 100vw, 1024px\" \/>\t\t\t\t\t\t\t\t\t\t\t\t\t\t\t<\/div>\n\t\t\t\t<\/div>\n\t\t\t\t<\/div>\n\t\t<div class=\"elementor-element elementor-element-fd814dd e-con-full e-flex e-con e-child\" data-id=\"fd814dd\" data-element_type=\"container\" data-e-type=\"container\" data-settings=\"{&quot;tmea_shape_divider_top&quot;:&quot;none&quot;,&quot;tmea_shape_divider_bottom&quot;:&quot;none&quot;}\">\n\t\t\t\t<div class=\"elementor-element elementor-element-f069b62 elementor-widget elementor-widget-text-editor\" data-id=\"f069b62\" data-element_type=\"widget\" data-e-type=\"widget\" data-widget_type=\"text-editor.default\">\n\t\t\t\t<div class=\"elementor-widget-container\">\n\t\t\t\t\t\t\t\t\t<p><span style=\"color: #000000;\">No obstante, es posible y necesario fijar una misi\u00f3n m\u00e1s particular, que otorgue una identidad y sentido de pertenencia que sirva de orientaci\u00f3n para la gesti\u00f3n estrat\u00e9gica del Municipio de Portezuelo.<\/span><\/p><p><span style=\"color: #000000;\">En este sentido, la propuesta de la Misi\u00f3n Institucional definida, para alcanzar la Visi\u00f3n de Futuro y la operacionalizaci\u00f3n de los Lineamientos Estrat\u00e9gicos, reside en aquella elaborada a partir de las opiniones de los distintos actores locales, a saber:<\/span><\/p><p><em><span style=\"color: #000000;\">La Municipalidad de PORTEZUELO y sus funcionarios, tendr\u00e1n como misi\u00f3n:<\/span><\/em><\/p><p><em><span style=\"color: #000000;\"> &#8220;Articular el desarrollo local, atendiendo las necesidades de sus Habitantes, en la b\u00fasqueda de soluciones en los \u00e1mbitos de: Salud, Educaci\u00f3n, Social, Cultural, Patrimonial, Tur\u00edstico, Medio Ambiente, Econ\u00f3mico, Deportes Recreaci\u00f3n e Infraestructura&#8221;.<\/span><\/em><\/p>\t\t\t\t\t\t\t\t<\/div>\n\t\t\t\t<\/div>\n\t\t\t\t<\/div>\n\t\t\t\t\t<\/div>\n\t\t\t\t<\/div>\n\t\t<div class=\"elementor-element elementor-element-0b2b8c0 e-flex e-con-boxed e-con e-parent\" data-id=\"0b2b8c0\" data-element_type=\"container\" data-e-type=\"container\" data-settings=\"{&quot;tmea_shape_divider_top&quot;:&quot;none&quot;,&quot;tmea_shape_divider_bottom&quot;:&quot;none&quot;}\">\n\t\t\t\t\t<div class=\"e-con-inner\">\n\t\t\t\t<div class=\"elementor-element elementor-element-11f9945 elementor-widget elementor-widget-spacer\" data-id=\"11f9945\" data-element_type=\"widget\" data-e-type=\"widget\" data-widget_type=\"spacer.default\">\n\t\t\t\t<div class=\"elementor-widget-container\">\n\t\t\t\t\t\t\t<div class=\"elementor-spacer\">\n\t\t\t<div class=\"elementor-spacer-inner\"><\/div>\n\t\t<\/div>\n\t\t\t\t\t\t<\/div>\n\t\t\t\t<\/div>\n\t\t\t\t\t<\/div>\n\t\t\t\t<\/div>\n\t\t<div class=\"elementor-element elementor-element-b2adc67 e-flex e-con-boxed e-con e-parent\" data-id=\"b2adc67\" data-element_type=\"container\" data-e-type=\"container\" data-settings=\"{&quot;tmea_shape_divider_top&quot;:&quot;none&quot;,&quot;tmea_shape_divider_bottom&quot;:&quot;none&quot;}\">\n\t\t\t\t\t<div class=\"e-con-inner\">\n\t\t\t\t<div class=\"elementor-element elementor-element-41f186d elementor-widget elementor-widget-heading\" data-id=\"41f186d\" data-element_type=\"widget\" data-e-type=\"widget\" data-widget_type=\"heading.default\">\n\t\t\t\t<div class=\"elementor-widget-container\">\n\t\t\t\t\t<h2 class=\"elementor-heading-title elementor-size-default\">VISI\u00d3N FUTURA COMUNAL<\/h2>\t\t\t\t<\/div>\n\t\t\t\t<\/div>\n\t\t\t\t\t<\/div>\n\t\t\t\t<\/div>\n\t\t<div class=\"elementor-element elementor-element-f95ab69 e-flex e-con-boxed e-con e-parent\" data-id=\"f95ab69\" data-element_type=\"container\" data-e-type=\"container\" data-settings=\"{&quot;tmea_shape_divider_top&quot;:&quot;none&quot;,&quot;tmea_shape_divider_bottom&quot;:&quot;none&quot;}\">\n\t\t\t\t\t<div class=\"e-con-inner\">\n\t\t\t\t<div class=\"elementor-element elementor-element-b15fc5f elementor-widget elementor-widget-text-editor\" data-id=\"b15fc5f\" data-element_type=\"widget\" data-e-type=\"widget\" data-widget_type=\"text-editor.default\">\n\t\t\t\t<div class=\"elementor-widget-container\">\n\t\t\t\t\t\t\t\t\t<p><span style=\"color: #000000;\">La propuesta de Visi\u00f3n de Futuro\u00a0 reside en aquella elaborada a partir de las opiniones de los distintos actores locales, a saber:<\/span><\/p><p><span style=\"color: #000000;\">\u00a0<strong>PORTEZUELO, DONDE NACI\u00d3 EL VINO DE CHILE<\/strong>, Comuna tranquila que fortalece y promueve la vida familiar.<\/span><\/p><p><span style=\"color: #000000;\">Que valora su identidad hist\u00f3rica, cultural y tur\u00edstica, a trav\u00e9s del desarrollo sustentable de sus recursos naturales.<\/span><\/p>\t\t\t\t\t\t\t\t<\/div>\n\t\t\t\t<\/div>\n\t\t\t\t\t<\/div>\n\t\t\t\t<\/div>\n\t\t<div class=\"elementor-element elementor-element-6611b6f e-flex e-con-boxed e-con e-parent\" data-id=\"6611b6f\" data-element_type=\"container\" data-e-type=\"container\" data-settings=\"{&quot;tmea_shape_divider_top&quot;:&quot;none&quot;,&quot;tmea_shape_divider_bottom&quot;:&quot;none&quot;}\">\n\t\t\t\t\t<div class=\"e-con-inner\">\n\t\t<div class=\"elementor-element elementor-element-3234adb e-con-full e-flex e-con e-child\" data-id=\"3234adb\" data-element_type=\"container\" data-e-type=\"container\" data-settings=\"{&quot;tmea_shape_divider_top&quot;:&quot;none&quot;,&quot;tmea_shape_divider_bottom&quot;:&quot;none&quot;}\">\n\t\t\t\t<div class=\"elementor-element elementor-element-956de40 elementor-widget elementor-widget-text-editor\" data-id=\"956de40\" data-element_type=\"widget\" data-e-type=\"widget\" data-widget_type=\"text-editor.default\">\n\t\t\t\t<div class=\"elementor-widget-container\">\n\t\t\t\t\t\t\t\t\t<p><span style=\"color: #000000;\">Al analizar esta propuesta es posible identificar al menos las siguientes dimensiones de desarrollo, las cuales constituyen el anhelo de sus autoridades, de los funcionarios municipales y de la comunidad en general.<\/span><\/p><p><span style=\"color: #000000;\">En primer t\u00e9rmino, se hace referencia al hecho de fortalecer la gesti\u00f3n y\/o accionar de los actores locales en cuanto a mantener y promover las familias residentes de la comuna, mediante el empoderamiento, autogesti\u00f3n y fomento de su rol articulador comunal.<\/span><\/p><p><span style=\"color: #000000;\">En segundo lugar, se establece la necesidad de valorar su identidad a fin de apoyar, coordinar e implementar las diversas acciones y actividades necesarias con el fin de aumentar el acceso a la historia, a la cultura y al turismo, por parte del conjunto de los recursos naturales que mantiene Portezuelo.<\/span><\/p><p><span style=\"color: #000000;\">En tercer lugar, se indica que el futuro deseado, debe considerar en su implementaci\u00f3n, el resguardo y respeto de las tradiciones, costumbres, patrimonio material e inmaterial existente y su identidad, que singulariza a una comuna tranquila para vivir.<\/span><\/p>\t\t\t\t\t\t\t\t<\/div>\n\t\t\t\t<\/div>\n\t\t\t\t<\/div>\n\t\t<div class=\"elementor-element elementor-element-ce30c33 e-con-full e-flex e-con e-child\" data-id=\"ce30c33\" data-element_type=\"container\" data-e-type=\"container\" data-settings=\"{&quot;tmea_shape_divider_top&quot;:&quot;none&quot;,&quot;tmea_shape_divider_bottom&quot;:&quot;none&quot;}\">\n\t\t\t\t<div class=\"elementor-element elementor-element-3d11880 elementor-widget elementor-widget-image\" data-id=\"3d11880\" data-element_type=\"widget\" data-e-type=\"widget\" data-widget_type=\"image.default\">\n\t\t\t\t<div class=\"elementor-widget-container\">\n\t\t\t\t\t\t\t\t\t\t\t\t\t\t\t<img loading=\"lazy\" decoding=\"async\" width=\"1024\" height=\"767\" src=\"https:\/\/mportezuelo.cl\/Inicio\/wp-content\/uploads\/2024\/06\/DJI_0381-1024x767.jpg\" class=\"attachment-large size-large wp-image-5696\" alt=\"\" srcset=\"https:\/\/mportezuelo.cl\/Inicio\/wp-content\/uploads\/2024\/06\/DJI_0381-1024x767.jpg 1024w, https:\/\/mportezuelo.cl\/Inicio\/wp-content\/uploads\/2024\/06\/DJI_0381-300x225.jpg 300w, https:\/\/mportezuelo.cl\/Inicio\/wp-content\/uploads\/2024\/06\/DJI_0381-768x575.jpg 768w, https:\/\/mportezuelo.cl\/Inicio\/wp-content\/uploads\/2024\/06\/DJI_0381-1536x1151.jpg 1536w, https:\/\/mportezuelo.cl\/Inicio\/wp-content\/uploads\/2024\/06\/DJI_0381.jpg 1623w\" sizes=\"(max-width: 1024px) 100vw, 1024px\" \/>\t\t\t\t\t\t\t\t\t\t\t\t\t\t\t<\/div>\n\t\t\t\t<\/div>\n\t\t\t\t<\/div>\n\t\t\t\t\t<\/div>\n\t\t\t\t<\/div>\n\t\t<div class=\"elementor-element elementor-element-49270b8 e-flex e-con-boxed e-con e-parent\" data-id=\"49270b8\" data-element_type=\"container\" data-e-type=\"container\" data-settings=\"{&quot;tmea_shape_divider_top&quot;:&quot;none&quot;,&quot;tmea_shape_divider_bottom&quot;:&quot;none&quot;}\">\n\t\t\t\t\t<div class=\"e-con-inner\">\n\t\t\t\t<div class=\"elementor-element elementor-element-85743e5 elementor-widget elementor-widget-button\" data-id=\"85743e5\" data-element_type=\"widget\" data-e-type=\"widget\" data-widget_type=\"button.default\">\n\t\t\t\t<div class=\"elementor-widget-container\">\n\t\t\t\t\t\t\t\t\t<div class=\"elementor-button-wrapper\">\n\t\t\t\t\t<a class=\"elementor-button elementor-button-link elementor-size-sm\" href=\"http:\/\/www.municipalidaddeportezuelo.cl\/PLADECO20162020.pdf\">\n\t\t\t\t\t\t<span class=\"elementor-button-content-wrapper\">\n\t\t\t\t\t\t\t\t\t<span class=\"elementor-button-text\">M\u00e1s informaci\u00f3n desde PLADECO 2016-2020<\/span>\n\t\t\t\t\t<\/span>\n\t\t\t\t\t<\/a>\n\t\t\t\t<\/div>\n\t\t\t\t\t\t\t\t<\/div>\n\t\t\t\t<\/div>\n\t\t\t\t\t<\/div>\n\t\t\t\t<\/div>\n\t\t<div class=\"elementor-element elementor-element-c0c3c73 e-flex e-con-boxed e-con e-parent\" data-id=\"c0c3c73\" data-element_type=\"container\" data-e-type=\"container\" data-settings=\"{&quot;tmea_shape_divider_top&quot;:&quot;none&quot;,&quot;tmea_shape_divider_bottom&quot;:&quot;none&quot;}\">\n\t\t\t\t\t<div class=\"e-con-inner\">\n\t\t\t\t<div class=\"elementor-element elementor-element-f8a9f8e elementor-widget elementor-widget-video\" data-id=\"f8a9f8e\" data-element_type=\"widget\" data-e-type=\"widget\" data-settings=\"{&quot;youtube_url&quot;:&quot;https:\\\/\\\/www.youtube.com\\\/watch?v=EwByS7Go1HI&amp;t=27s&quot;,&quot;video_type&quot;:&quot;youtube&quot;,&quot;controls&quot;:&quot;yes&quot;}\" data-widget_type=\"video.default\">\n\t\t\t\t<div class=\"elementor-widget-container\">\n\t\t\t\t\t\t\t<div class=\"elementor-wrapper elementor-open-inline\">\n\t\t\t<div class=\"elementor-video\"><\/div>\t\t<\/div>\n\t\t\t\t\t\t<\/div>\n\t\t\t\t<\/div>\n\t\t\t\t\t<\/div>\n\t\t\t\t<\/div>\n\t\t<div class=\"elementor-element elementor-element-1f2baae e-flex e-con-boxed e-con e-parent\" data-id=\"1f2baae\" data-element_type=\"container\" data-e-type=\"container\" data-settings=\"{&quot;tmea_shape_divider_top&quot;:&quot;none&quot;,&quot;tmea_shape_divider_bottom&quot;:&quot;none&quot;}\">\n\t\t\t\t\t<div class=\"e-con-inner\">\n\t\t\t\t<div class=\"elementor-element elementor-element-5eec02e elementor-widget elementor-widget-spacer\" data-id=\"5eec02e\" data-element_type=\"widget\" data-e-type=\"widget\" data-widget_type=\"spacer.default\">\n\t\t\t\t<div class=\"elementor-widget-container\">\n\t\t\t\t\t\t\t<div class=\"elementor-spacer\">\n\t\t\t<div class=\"elementor-spacer-inner\"><\/div>\n\t\t<\/div>\n\t\t\t\t\t\t<\/div>\n\t\t\t\t<\/div>\n\t\t\t\t\t<\/div>\n\t\t\t\t<\/div>\n\t\t<div class=\"elementor-element elementor-element-d45743a e-flex e-con-boxed e-con e-parent\" data-id=\"d45743a\" data-element_type=\"container\" data-e-type=\"container\" data-settings=\"{&quot;tmea_shape_divider_top&quot;:&quot;none&quot;,&quot;tmea_shape_divider_bottom&quot;:&quot;none&quot;}\">\n\t\t\t\t\t<div class=\"e-con-inner\">\n\t\t\t\t<div class=\"elementor-element elementor-element-3e46444 elementor-widget elementor-widget-image\" data-id=\"3e46444\" data-element_type=\"widget\" data-e-type=\"widget\" data-widget_type=\"image.default\">\n\t\t\t\t<div class=\"elementor-widget-container\">\n\t\t\t\t\t\t\t\t\t\t\t\t\t\t\t<img loading=\"lazy\" decoding=\"async\" width=\"1536\" height=\"574\" src=\"https:\/\/mportezuelo.cl\/Inicio\/wp-content\/uploads\/2024\/06\/DJI_0006-1536x574.jpg\" class=\"attachment-1536x1536 size-1536x1536 wp-image-5732\" alt=\"\" srcset=\"https:\/\/mportezuelo.cl\/Inicio\/wp-content\/uploads\/2024\/06\/DJI_0006-1536x574.jpg 1536w, https:\/\/mportezuelo.cl\/Inicio\/wp-content\/uploads\/2024\/06\/DJI_0006-300x112.jpg 300w, https:\/\/mportezuelo.cl\/Inicio\/wp-content\/uploads\/2024\/06\/DJI_0006-1024x382.jpg 1024w, https:\/\/mportezuelo.cl\/Inicio\/wp-content\/uploads\/2024\/06\/DJI_0006-768x287.jpg 768w, https:\/\/mportezuelo.cl\/Inicio\/wp-content\/uploads\/2024\/06\/DJI_0006-2048x765.jpg 2048w\" sizes=\"(max-width: 1536px) 100vw, 1536px\" \/>\t\t\t\t\t\t\t\t\t\t\t\t\t\t\t<\/div>\n\t\t\t\t<\/div>\n\t\t\t\t\t<\/div>\n\t\t\t\t<\/div>\n\t\t\t\t<\/div>\n\t\t","protected":false},"excerpt":{"rendered":"<p>Historia de la Municipalidad de Portezuelo El 22 de diciembre de 1891 se cre\u00f3 la\u00a0Municipalidad, a\u00f1o en que el gobierno del Presidente Jorge Montt dict\u00f3 la ley de Organizaci\u00f3n Geogr\u00e1fica de las Municipalidades, comprendiendo en este caso las subdelegaciones de PORTEZUELO y Trehuaco.\u00a0 El prop\u00f3sito para el cual se crearon los Municipios fue el de [&hellip;]<\/p>\n","protected":false},"author":1,"featured_media":0,"parent":0,"menu_order":0,"comment_status":"closed","ping_status":"closed","template":"","meta":{"_monsterinsights_skip_tracking":false,"_monsterinsights_sitenote_active":false,"_monsterinsights_sitenote_note":"","_monsterinsights_sitenote_category":0,"iawp_total_views":3104,"footnotes":""},"class_list":["post-2645","page","type-page","status-publish","hentry"],"aioseo_notices":[],"_links":{"self":[{"href":"https:\/\/mportezuelo.cl\/Inicio\/wp-json\/wp\/v2\/pages\/2645","targetHints":{"allow":["GET"]}}],"collection":[{"href":"https:\/\/mportezuelo.cl\/Inicio\/wp-json\/wp\/v2\/pages"}],"about":[{"href":"https:\/\/mportezuelo.cl\/Inicio\/wp-json\/wp\/v2\/types\/page"}],"author":[{"embeddable":true,"href":"https:\/\/mportezuelo.cl\/Inicio\/wp-json\/wp\/v2\/users\/1"}],"replies":[{"embeddable":true,"href":"https:\/\/mportezuelo.cl\/Inicio\/wp-json\/wp\/v2\/comments?post=2645"}],"version-history":[{"count":166,"href":"https:\/\/mportezuelo.cl\/Inicio\/wp-json\/wp\/v2\/pages\/2645\/revisions"}],"predecessor-version":[{"id":8703,"href":"https:\/\/mportezuelo.cl\/Inicio\/wp-json\/wp\/v2\/pages\/2645\/revisions\/8703"}],"wp:attachment":[{"href":"https:\/\/mportezuelo.cl\/Inicio\/wp-json\/wp\/v2\/media?parent=2645"}],"curies":[{"name":"wp","href":"https:\/\/api.w.org\/{rel}","templated":true}]}}