{"id":2473,"date":"2024-05-07T13:49:59","date_gmt":"2024-05-07T16:49:59","guid":{"rendered":"https:\/\/mportezuelo.cl\/Inicio\/?page_id=2473"},"modified":"2024-06-18T15:48:15","modified_gmt":"2024-06-18T18:48:15","slug":"oficina-ninos-ninas-y-adolescentes-oln","status":"publish","type":"page","link":"https:\/\/mportezuelo.cl\/Inicio\/oficina-ninos-ninas-y-adolescentes-oln\/","title":{"rendered":"Oficina Ni\u00f1os, Ni\u00f1as y Adolescentes (OLN)"},"content":{"rendered":"\t\t<div data-elementor-type=\"wp-page\" data-elementor-id=\"2473\" class=\"elementor elementor-2473\" data-elementor-post-type=\"page\">\n\t\t\t\t\n<div class=\"elementor-element elementor-element-f37718f e-flex e-con-boxed e-con e-parent\" data-id=\"f37718f\" data-element_type=\"container\" data-e-type=\"container\" data-settings=\"{&quot;tmea_shape_divider_top&quot;:&quot;none&quot;,&quot;tmea_shape_divider_bottom&quot;:&quot;none&quot;}\">\n\t\t\t\t\t<div class=\"e-con-inner\">\n\t\t\t\t<div class=\"elementor-element elementor-element-56253a3 elementor-widget elementor-widget-image\" data-id=\"56253a3\" data-element_type=\"widget\" data-e-type=\"widget\" data-widget_type=\"image.default\">\n\t\t\t\t<div class=\"elementor-widget-container\">\n\t\t\t\t\t\t\t\t\t\t\t\t\t\t\t<img fetchpriority=\"high\" decoding=\"async\" width=\"1024\" height=\"320\" src=\"https:\/\/mportezuelo.cl\/Inicio\/wp-content\/uploads\/2024\/06\/oln-portezuelo-1024x320.jpg\" class=\"attachment-large size-large wp-image-4894\" alt=\"\" srcset=\"https:\/\/mportezuelo.cl\/Inicio\/wp-content\/uploads\/2024\/06\/oln-portezuelo-1024x320.jpg 1024w, https:\/\/mportezuelo.cl\/Inicio\/wp-content\/uploads\/2024\/06\/oln-portezuelo-300x94.jpg 300w, https:\/\/mportezuelo.cl\/Inicio\/wp-content\/uploads\/2024\/06\/oln-portezuelo-768x240.jpg 768w, https:\/\/mportezuelo.cl\/Inicio\/wp-content\/uploads\/2024\/06\/oln-portezuelo-1536x480.jpg 1536w, https:\/\/mportezuelo.cl\/Inicio\/wp-content\/uploads\/2024\/06\/oln-portezuelo.jpg 1920w\" sizes=\"(max-width: 1024px) 100vw, 1024px\" \/>\t\t\t\t\t\t\t\t\t\t\t\t\t\t\t<\/div>\n\t\t\t\t<\/div>\n\t\t\t\t\t<\/div>\n\t\t\t\t<\/div>\n\t\t\t\t<section class=\"elementor-section elementor-top-section elementor-element elementor-element-585556a8 elementor-section-content-middle elementor-section-boxed elementor-section-height-default elementor-section-height-default\" data-id=\"585556a8\" data-element_type=\"section\" data-e-type=\"section\" data-settings=\"{&quot;tmea_shape_divider_top&quot;:&quot;none&quot;,&quot;tmea_shape_divider_bottom&quot;:&quot;none&quot;}\">\n\t\t\t\t\t\t<div class=\"elementor-container elementor-column-gap-no\">\n\t\t\t\t\t<div class=\"elementor-column elementor-col-50 elementor-top-column elementor-element elementor-element-4f5ccb5a\" data-id=\"4f5ccb5a\" data-element_type=\"column\" data-e-type=\"column\">\n\t\t\t<div class=\"elementor-widget-wrap elementor-element-populated\">\n\t\t\t\t\t\t<div class=\"elementor-element elementor-element-3abeeb elementor-widget elementor-widget-heading\" data-id=\"3abeeb\" data-element_type=\"widget\" data-e-type=\"widget\" data-widget_type=\"heading.default\">\n\t\t\t\t<div class=\"elementor-widget-container\">\n\t\t\t\t\t<h2 class=\"elementor-heading-title elementor-size-default\"><a href=\"https:\/\/oln.ministeriodesarrollosocial.gob.cl\/documentacion-oln\">OFICINA LOCAL DE LA NI\u00d1EZ (OLN)<\/a><\/h2>\t\t\t\t<\/div>\n\t\t\t\t<\/div>\n\t\t\t\t<div class=\"elementor-element elementor-element-3c288d8a elementor-widget elementor-widget-heading\" data-id=\"3c288d8a\" data-element_type=\"widget\" data-e-type=\"widget\" data-widget_type=\"heading.default\">\n\t\t\t\t<div class=\"elementor-widget-container\">\n\t\t\t\t\t<p class=\"elementor-heading-title elementor-size-default\">En el marco del proceso de discusi\u00f3n y consiguiente promulgaci\u00f3n de la Ley N\u00b021.430 sobre Garant\u00edas  y Protecci\u00f3n Integral de la Ni\u00f1ez y Adolescencia y las definiciones estrat\u00e9gicas que la Subsecretaria de la Ni\u00f1ez, estableci\u00f3 en la pol\u00edtica Nacional y su plan de acci\u00f3n 2018-2025, se define la necesidad de crear un dispositivo Local de la ni\u00f1ez, cuya funci\u00f3n, es integrar los diversos esfuerzos sectoriales en favor de la Ni\u00f1ez y adolescencia a nivel comunal, configurando la bajada territorial del sistema de protecci\u00f3n Integral. <br>\nSu instalaci\u00f3n supone el establecimiento de mecanismos de promoci\u00f3n, prevenci\u00f3n y protecci\u00f3n de los derechos como elementos basales del sistema. Exigiendo la coordinaci\u00f3n de distintos niveles de intervenci\u00f3n del Estado; por una parte, un nivel confirmado por pol\u00edticas universales con prestaciones tendientes a asegurar a los ni\u00f1os, ni\u00f1as y adolescentes el goce y ejercicio efectivos de sus derechos, cuando sean afectados.<\/p>\t\t\t\t<\/div>\n\t\t\t\t<\/div>\n\t\t\t\t\t<\/div>\n\t\t<\/div>\n\t\t\t\t<div class=\"elementor-column elementor-col-50 elementor-top-column elementor-element elementor-element-14113b98\" data-id=\"14113b98\" data-element_type=\"column\" data-e-type=\"column\">\n\t\t\t<div class=\"elementor-widget-wrap elementor-element-populated\">\n\t\t\t\t\t\t<div class=\"elementor-element elementor-element-2fa294e9 elementor-widget elementor-widget-tme-photo_gallery\" data-id=\"2fa294e9\" data-element_type=\"widget\" data-e-type=\"widget\" data-widget_type=\"tme-photo_gallery.default\">\n\t\t\t\t<div class=\"elementor-widget-container\">\n\t\t\t\t\t        <div id=\"tme-photo-gallery-2fa294e9\" class=\"tme-masonry-grid tme-masonry-alt\">\n            <div class=\"tme-two-columns\" data-columns>\n                                 \n                <div class=\"tme-masonry-item\">\n                <a class=\"tme-gallery-item elementor-animation-\" href=\"https:\/\/mportezuelo.cl\/Inicio\/wp-content\/uploads\/2024\/06\/438707282_410880271804889_8133305308211156457_n.jpg\" data-caption=\"\" data-elementor-open-lightbox=\"default\" data-elementor-lightbox-slideshow=\"tme-gallery-2fa294e9\">\n                    <img decoding=\"async\" src=\"https:\/\/mportezuelo.cl\/Inicio\/wp-content\/uploads\/2024\/06\/438707282_410880271804889_8133305308211156457_n-1024x766.jpg\" alt=\"\" \/>           \n                                        <div class=\"tme-gallery-overlay elementor-animation-grow\">\n                        <div class=\"tme-gallery-icon\"><i aria-hidden=\"true\" class=\"fas fa-search\"><\/i><\/div>\n                    <\/div>\n                                    <\/a>\n                <\/div>\n                                 \n                <div class=\"tme-masonry-item\">\n                <a class=\"tme-gallery-item elementor-animation-\" href=\"https:\/\/mportezuelo.cl\/Inicio\/wp-content\/uploads\/2024\/06\/oln002.jpg\" data-caption=\"\" data-elementor-open-lightbox=\"default\" data-elementor-lightbox-slideshow=\"tme-gallery-2fa294e9\">\n                    <img decoding=\"async\" src=\"https:\/\/mportezuelo.cl\/Inicio\/wp-content\/uploads\/2024\/06\/oln002.jpg\" alt=\"\" \/>           \n                                        <div class=\"tme-gallery-overlay elementor-animation-grow\">\n                        <div class=\"tme-gallery-icon\"><i aria-hidden=\"true\" class=\"fas fa-search\"><\/i><\/div>\n                    <\/div>\n                                    <\/a>\n                <\/div>\n                                 \n                <div class=\"tme-masonry-item\">\n                <a class=\"tme-gallery-item elementor-animation-\" href=\"https:\/\/mportezuelo.cl\/Inicio\/wp-content\/uploads\/2024\/06\/oln002-1.jpg\" data-caption=\"\" data-elementor-open-lightbox=\"default\" data-elementor-lightbox-slideshow=\"tme-gallery-2fa294e9\">\n                    <img decoding=\"async\" src=\"https:\/\/mportezuelo.cl\/Inicio\/wp-content\/uploads\/2024\/06\/oln002-1-1024x576.jpg\" alt=\"\" \/>           \n                                        <div class=\"tme-gallery-overlay elementor-animation-grow\">\n                        <div class=\"tme-gallery-icon\"><i aria-hidden=\"true\" class=\"fas fa-search\"><\/i><\/div>\n                    <\/div>\n                                    <\/a>\n                <\/div>\n                                 \n                <div class=\"tme-masonry-item\">\n                <a class=\"tme-gallery-item elementor-animation-\" href=\"https:\/\/mportezuelo.cl\/Inicio\/wp-content\/uploads\/2024\/06\/oln002-2.jpg\" data-caption=\"\" data-elementor-open-lightbox=\"default\" data-elementor-lightbox-slideshow=\"tme-gallery-2fa294e9\">\n                    <img decoding=\"async\" src=\"https:\/\/mportezuelo.cl\/Inicio\/wp-content\/uploads\/2024\/06\/oln002-2.jpg\" alt=\"\" \/>           \n                                        <div class=\"tme-gallery-overlay elementor-animation-grow\">\n                        <div class=\"tme-gallery-icon\"><i aria-hidden=\"true\" class=\"fas fa-search\"><\/i><\/div>\n                    <\/div>\n                                    <\/a>\n                <\/div>\n                            <\/div>\n        <\/div>\n        <div class=\"tme-clear\"><\/div>\n\t\t\t\t\t<\/div>\n\t\t\t\t<\/div>\n\t\t\t\t\t<\/div>\n\t\t<\/div>\n\t\t\t\t\t<\/div>\n\t\t<\/section>\n\t\t<div class=\"elementor-element elementor-element-9d54648 e-flex e-con-boxed e-con e-parent\" data-id=\"9d54648\" data-element_type=\"container\" data-e-type=\"container\" data-settings=\"{&quot;tmea_shape_divider_top&quot;:&quot;none&quot;,&quot;tmea_shape_divider_bottom&quot;:&quot;none&quot;}\">\n\t\t\t\t\t<div class=\"e-con-inner\">\n\t\t\t\t<div class=\"elementor-element elementor-element-5335176 elementor-widget elementor-widget-text-editor\" data-id=\"5335176\" data-element_type=\"widget\" data-e-type=\"widget\" data-widget_type=\"text-editor.default\">\n\t\t\t\t<div class=\"elementor-widget-container\">\n\t\t\t\t\t\t\t\t\t<p><span style=\"color: #000000;\">Con la promulgaci\u00f3n de la Ley 21.430 el 15 de marzo del 2022 y la necesidad de desplegar las OLN en todo el pa\u00eds, se avanza en la reformulaci\u00f3n del modelo de las Oficinas Local de la Ni\u00f1ez, en espec\u00edfico, las funciones de dictar medidas de protecci\u00f3n administrativa, de car\u00e1cter universal y especializada, avanzando en robustecer las acciones de los diferentes sectores del Estado realizan para garantizar sus derechos.<\/span><\/p><p><span style=\"color: #000000;\">Las OLN es el \u00f3rgano competente a nivel comunal para ejercer la Protecci\u00f3n Integral de los derechos de los NNA, desde un enfoque de derechos, promoviendo su ejercicio junto con facilitar el acceso a oferta pertinente y acompa\u00f1ar a los NNA y sus familias de manera cercana, conect\u00e1ndolos con redes comunitarias, prestaciones y servicios sociales, en coherencia a sus necesidades.<\/span><\/p>\t\t\t\t\t\t\t\t<\/div>\n\t\t\t\t<\/div>\n\t\t\t\t\t<\/div>\n\t\t\t\t<\/div>\n\t\t<div class=\"elementor-element elementor-element-fc9f4f3 e-flex e-con-boxed e-con e-parent\" data-id=\"fc9f4f3\" data-element_type=\"container\" data-e-type=\"container\" data-settings=\"{&quot;tmea_shape_divider_top&quot;:&quot;none&quot;,&quot;tmea_shape_divider_bottom&quot;:&quot;none&quot;}\">\n\t\t\t\t\t<div class=\"e-con-inner\">\n\t\t<div class=\"elementor-element elementor-element-5c61046 e-con-full e-flex e-con e-child\" data-id=\"5c61046\" data-element_type=\"container\" data-e-type=\"container\" data-settings=\"{&quot;tmea_shape_divider_top&quot;:&quot;none&quot;,&quot;tmea_shape_divider_bottom&quot;:&quot;none&quot;}\">\n\t\t\t\t<div class=\"elementor-element elementor-element-16f3f2b elementor-widget elementor-widget-text-editor\" data-id=\"16f3f2b\" data-element_type=\"widget\" data-e-type=\"widget\" data-widget_type=\"text-editor.default\">\n\t\t\t\t<div class=\"elementor-widget-container\">\n\t\t\t\t\t\t\t\t\t<p><span style=\"color: #000000;\">La implementaci\u00f3n de la Oficina Local de la Ni\u00f1ez se realiza a nivel Municipal, a trav\u00e9s de convenio de trasferencia de recursos entre el Ministerio de Desarrollo Social y Familia y la Ilustre Municipalidad de Portezuelo por un monto anual de $ $34.430.000 (treinta y cuatro millones cuatrocientos treinta mil pesos).<\/span><\/p><p><span style=\"color: #000000;\">La coordinaci\u00f3n y supervisi\u00f3n de \u00e9sta corresponde al Ministerio Desarrollo Social y Familia, a trav\u00e9s de la Subsecretar\u00eda de la Ni\u00f1ez.\u00a0<\/span><\/p><p><strong><span style=\"color: #000000;\">Dependencia administrativa de la Oficina Local de la Ni\u00f1ez: Municipal<\/span><\/strong><\/p><p><strong><span style=\"color: #000000;\">Supervisi\u00f3n T\u00e9cnica: Ministerio de Desarrollo Social y Familia.<\/span><\/strong><\/p>\t\t\t\t\t\t\t\t<\/div>\n\t\t\t\t<\/div>\n\t\t\t\t<\/div>\n\t\t<div class=\"elementor-element elementor-element-8282be4 e-con-full e-flex e-con e-child\" data-id=\"8282be4\" data-element_type=\"container\" data-e-type=\"container\" data-settings=\"{&quot;tmea_shape_divider_top&quot;:&quot;none&quot;,&quot;tmea_shape_divider_bottom&quot;:&quot;none&quot;}\">\n\t\t\t\t<div class=\"elementor-element elementor-element-804dcf2 elementor-widget elementor-widget-image\" data-id=\"804dcf2\" data-element_type=\"widget\" data-e-type=\"widget\" data-widget_type=\"image.default\">\n\t\t\t\t<div class=\"elementor-widget-container\">\n\t\t\t\t\t\t\t\t\t\t\t\t\t\t\t<img decoding=\"async\" width=\"200\" height=\"179\" src=\"https:\/\/mportezuelo.cl\/Inicio\/wp-content\/uploads\/2024\/06\/Captura_de_Pantalla_2021-08-23_a_la-s_15.40.48.png\" class=\"elementor-animation-sink attachment-large size-large wp-image-4898\" alt=\"\" \/>\t\t\t\t\t\t\t\t\t\t\t\t\t\t\t<\/div>\n\t\t\t\t<\/div>\n\t\t\t\t<\/div>\n\t\t\t\t\t<\/div>\n\t\t\t\t<\/div>\n\t\t<div class=\"elementor-element elementor-element-633a46d e-flex e-con-boxed e-con e-parent\" data-id=\"633a46d\" data-element_type=\"container\" data-e-type=\"container\" data-settings=\"{&quot;tmea_shape_divider_top&quot;:&quot;none&quot;,&quot;tmea_shape_divider_bottom&quot;:&quot;none&quot;}\">\n\t\t\t\t\t<div class=\"e-con-inner\">\n\t\t<div class=\"elementor-element elementor-element-dc9c7d0 e-con-full e-flex e-con e-child\" data-id=\"dc9c7d0\" data-element_type=\"container\" data-e-type=\"container\" data-settings=\"{&quot;tmea_shape_divider_top&quot;:&quot;none&quot;,&quot;tmea_shape_divider_bottom&quot;:&quot;none&quot;}\">\n\t\t\t\t<div class=\"elementor-element elementor-element-9229575 elementor-widget elementor-widget-image\" data-id=\"9229575\" data-element_type=\"widget\" data-e-type=\"widget\" data-widget_type=\"image.default\">\n\t\t\t\t<div class=\"elementor-widget-container\">\n\t\t\t\t\t\t\t\t\t\t\t\t\t\t\t<img decoding=\"async\" width=\"1024\" height=\"770\" src=\"https:\/\/mportezuelo.cl\/Inicio\/wp-content\/uploads\/2024\/06\/447956911_880926407404629_8319827593571610660_n-1024x770.jpg\" class=\"elementor-animation-sink attachment-large size-large wp-image-5120\" alt=\"\" srcset=\"https:\/\/mportezuelo.cl\/Inicio\/wp-content\/uploads\/2024\/06\/447956911_880926407404629_8319827593571610660_n-1024x770.jpg 1024w, https:\/\/mportezuelo.cl\/Inicio\/wp-content\/uploads\/2024\/06\/447956911_880926407404629_8319827593571610660_n-300x226.jpg 300w, https:\/\/mportezuelo.cl\/Inicio\/wp-content\/uploads\/2024\/06\/447956911_880926407404629_8319827593571610660_n-768x578.jpg 768w, https:\/\/mportezuelo.cl\/Inicio\/wp-content\/uploads\/2024\/06\/447956911_880926407404629_8319827593571610660_n.jpg 1280w\" sizes=\"(max-width: 1024px) 100vw, 1024px\" \/>\t\t\t\t\t\t\t\t\t\t\t\t\t\t\t<\/div>\n\t\t\t\t<\/div>\n\t\t\t\t<\/div>\n\t\t<div class=\"elementor-element elementor-element-3b8f250 e-con-full e-flex e-con e-child\" data-id=\"3b8f250\" data-element_type=\"container\" data-e-type=\"container\" data-settings=\"{&quot;tmea_shape_divider_top&quot;:&quot;none&quot;,&quot;tmea_shape_divider_bottom&quot;:&quot;none&quot;}\">\n\t\t\t\t<div class=\"elementor-element elementor-element-acf25ca elementor-widget elementor-widget-heading\" data-id=\"acf25ca\" data-element_type=\"widget\" data-e-type=\"widget\" data-widget_type=\"heading.default\">\n\t\t\t\t<div class=\"elementor-widget-container\">\n\t\t\t\t\t<h2 class=\"elementor-heading-title elementor-size-default\">Sujetos de atenci\u00f3n de la OLN: <\/h2>\t\t\t\t<\/div>\n\t\t\t\t<\/div>\n\t\t\t\t<div class=\"elementor-element elementor-element-e3e3352 elementor-widget elementor-widget-text-editor\" data-id=\"e3e3352\" data-element_type=\"widget\" data-e-type=\"widget\" data-widget_type=\"text-editor.default\">\n\t\t\t\t<div class=\"elementor-widget-container\">\n\t\t\t\t\t\t\t\t\t<ul><li><span style=\"color: #000000;\">La Oficina Local de la Ni\u00f1ez debe atender a todos los NNA desde su nacimiento hasta que cumplan 18 a\u00f1os, en especial aquellos que presenten riesgos de vulneraci\u00f3n de derechos, por lo que se requiera acciones para resguardar su protecci\u00f3n Integral y madres gestantes.<\/span><\/li><li><span style=\"color: #000000;\">Los egresados de todos los Programas de Protecci\u00f3n Especializada del servicio Nacional de Protecci\u00f3n especializada en ni\u00f1ez y adolescencia, cualquiera sea su edad, durante los 24 meses siguientes a su egreso, de acuerdo con lo dispuesto por el articulo 3 ley 21.302.<\/span><\/li><li><span style=\"color: #000000;\">Los padres o madres, gestantes, las familias, los representantes legales o quienes tengan el cuidado personal de los NNA<\/span><\/li><\/ul>\t\t\t\t\t\t\t\t<\/div>\n\t\t\t\t<\/div>\n\t\t\t\t<\/div>\n\t\t\t\t\t<\/div>\n\t\t\t\t<\/div>\n\t\t<div class=\"elementor-element elementor-element-daf3645 e-flex e-con-boxed e-con e-parent\" data-id=\"daf3645\" data-element_type=\"container\" data-e-type=\"container\" data-settings=\"{&quot;tmea_shape_divider_top&quot;:&quot;none&quot;,&quot;tmea_shape_divider_bottom&quot;:&quot;none&quot;}\">\n\t\t\t\t\t<div class=\"e-con-inner\">\n\t\t\t\t<div class=\"elementor-element elementor-element-d2f3ce4 elementor-widget elementor-widget-heading\" data-id=\"d2f3ce4\" data-element_type=\"widget\" data-e-type=\"widget\" data-widget_type=\"heading.default\">\n\t\t\t\t<div class=\"elementor-widget-container\">\n\t\t\t\t\t<h2 class=\"elementor-heading-title elementor-size-default\">Funciones de la Oficina Local de la Ni\u00f1ez: <\/h2>\t\t\t\t<\/div>\n\t\t\t\t<\/div>\n\t\t\t\t\t<\/div>\n\t\t\t\t<\/div>\n\t\t<div class=\"elementor-element elementor-element-617efc7 e-flex e-con-boxed e-con e-parent\" data-id=\"617efc7\" data-element_type=\"container\" data-e-type=\"container\" data-settings=\"{&quot;tmea_shape_divider_top&quot;:&quot;none&quot;,&quot;tmea_shape_divider_bottom&quot;:&quot;none&quot;}\">\n\t\t\t\t\t<div class=\"e-con-inner\">\n\t\t\t\t<div class=\"elementor-element elementor-element-597276d elementor-widget elementor-widget-text-editor\" data-id=\"597276d\" data-element_type=\"widget\" data-e-type=\"widget\" data-widget_type=\"text-editor.default\">\n\t\t\t\t<div class=\"elementor-widget-container\">\n\t\t\t\t\t\t\t\t\t<ul><li><span style=\"color: #000000;\">Orientar a los ni\u00f1os, ni\u00f1as y adolescentes y a sus familias en el ejercicio de sus derechos.<\/span><\/li><li><span style=\"color: #000000;\">Fortalecer e impulsar la participaci\u00f3n de los NNA, sus familias, comunidades y la sociedad civil en materias relacionadas con la protecci\u00f3n integral de los derechos de los ni\u00f1os, ni\u00f1as y adolescentes.<\/span><\/li><li><span style=\"color: #000000;\">Realizar el seguimiento y monitoreo de las medidas de protecci\u00f3n de su competencia y de los planes de intervenci\u00f3n contenidos en ella, as\u00ed como de la situaci\u00f3n vital de los egresados de los programas de protecci\u00f3n especializada del Servicio Nacional Protecci\u00f3n Especializada de la Ni\u00f1ez y Adolescencia.<\/span><\/li><li><span style=\"color: #000000;\">Llevar un registro \u00fanico de los NNA, y sus familias que hayan sido sujetos de protecci\u00f3n administrativa tanto universal como especializada.<\/span><\/li><li><span style=\"color: #000000;\">Articular y vincular a los NNA con la oferta de servicios sociales a nivel local, regional y nacional disponible y seg\u00fan lo requieran.<\/span><\/li><li><span style=\"color: #000000;\">Realizar los procesos de Protecci\u00f3n Administrativa Universal y\/o especializada de los derechos de los NNA, ante la detecci\u00f3n de riesgos de vulneraci\u00f3n.<\/span><\/li><\/ul>\t\t\t\t\t\t\t\t<\/div>\n\t\t\t\t<\/div>\n\t\t\t\t\t<\/div>\n\t\t\t\t<\/div>\n\t\t<div class=\"elementor-element elementor-element-444079a e-flex e-con-boxed e-con e-parent\" data-id=\"444079a\" data-element_type=\"container\" data-e-type=\"container\" data-settings=\"{&quot;tmea_shape_divider_top&quot;:&quot;none&quot;,&quot;tmea_shape_divider_bottom&quot;:&quot;none&quot;}\">\n\t\t\t\t\t<div class=\"e-con-inner\">\n\t\t\t\t<div class=\"elementor-element elementor-element-2e2d7ac elementor-widget elementor-widget-heading\" data-id=\"2e2d7ac\" data-element_type=\"widget\" data-e-type=\"widget\" data-widget_type=\"heading.default\">\n\t\t\t\t<div class=\"elementor-widget-container\">\n\t\t\t\t\t<h2 class=\"elementor-heading-title elementor-size-default\">Ingreso de los sujetos de atenci\u00f3n a la OLN: <\/h2>\t\t\t\t<\/div>\n\t\t\t\t<\/div>\n\t\t\t\t\t<\/div>\n\t\t\t\t<\/div>\n\t\t<div class=\"elementor-element elementor-element-44bd365 e-flex e-con-boxed e-con e-parent\" data-id=\"44bd365\" data-element_type=\"container\" data-e-type=\"container\" data-settings=\"{&quot;tmea_shape_divider_top&quot;:&quot;none&quot;,&quot;tmea_shape_divider_bottom&quot;:&quot;none&quot;}\">\n\t\t\t\t\t<div class=\"e-con-inner\">\n\t\t\t\t<div class=\"elementor-element elementor-element-5601a78 elementor-widget elementor-widget-text-editor\" data-id=\"5601a78\" data-element_type=\"widget\" data-e-type=\"widget\" data-widget_type=\"text-editor.default\">\n\t\t\t\t<div class=\"elementor-widget-container\">\n\t\t\t\t\t\t\t\t\t<h3>Se efect\u00faa a trav\u00e9s de las siguientes v\u00edas:<\/h3>\t\t\t\t\t\t\t\t<\/div>\n\t\t\t\t<\/div>\n\t\t\t\t\t<\/div>\n\t\t\t\t<\/div>\n\t\t<div class=\"elementor-element elementor-element-1915b3a e-flex e-con-boxed e-con e-parent\" data-id=\"1915b3a\" data-element_type=\"container\" data-e-type=\"container\" data-settings=\"{&quot;tmea_shape_divider_top&quot;:&quot;none&quot;,&quot;tmea_shape_divider_bottom&quot;:&quot;none&quot;}\">\n\t\t\t\t\t<div class=\"e-con-inner\">\n\t\t<div class=\"elementor-element elementor-element-45b1745 e-con-full e-flex e-con e-child\" data-id=\"45b1745\" data-element_type=\"container\" data-e-type=\"container\" data-settings=\"{&quot;tmea_shape_divider_top&quot;:&quot;none&quot;,&quot;tmea_shape_divider_bottom&quot;:&quot;none&quot;}\">\n\t\t\t\t<div class=\"elementor-element elementor-element-622c7a1 elementor-widget elementor-widget-text-editor\" data-id=\"622c7a1\" data-element_type=\"widget\" data-e-type=\"widget\" data-widget_type=\"text-editor.default\">\n\t\t\t\t<div class=\"elementor-widget-container\">\n\t\t\t\t\t\t\t\t\t<ul>\n \t<li><strong>Demanda Espont\u00e1nea: <\/strong>Acceso directo por parte de los NNA y su familia y\/o cualquier solicitante frente a un requerimiento, una consulta o denuncia efectuada de forma presencial, virtual o remota a trav\u00e9s de <\/br><strong>correo: <a href=\"mailto:oln@mportezuelo.cl\">oln@mportezuelo.cl<\/a> &#8211; tel\u00e9fono: 42\/ 2200892.<\/strong><\/li>\n \t<li><strong>Reporte Administrativo:<\/strong> Acceso de oficio a los procedimientos, producto del reporte de alertas y\/o alarmas en el sistema de informaci\u00f3n que administra la Oficina Local de la Ni\u00f1ez, provisto por el Ministerio de Desarrollo Social y Familia o reportados por los actores de la red local de apoyo que hayan sido habilitados por la OLN.<\/li>\n \t<li><strong>Derivaci\u00f3n:<\/strong> Acceso producto de la derivaci\u00f3n por parte de Tribunales de Familia, por otra OLN, por otra unidad municipal, manteniendo el ente derivador parte de la gesti\u00f3n del caso y\/o deber de seguimiento de este.<\/li>\n \t<li><strong>Transferencia:<\/strong> Acceso producto del traspaso total del caso por parte del Servicio de Protecci\u00f3n Especializado a la Ni\u00f1ez y Adolescencia (SPE), Tribunales de Familia, por otra OLN, por otra unidad municipal fuerza de Orden y Seguridad, dejando de conocer el caso, el ente derivador.<\/li>\n<\/ul>\t\t\t\t\t\t\t\t<\/div>\n\t\t\t\t<\/div>\n\t\t\t\t<\/div>\n\t\t<div class=\"elementor-element elementor-element-d3f6111 e-con-full e-flex e-con e-child\" data-id=\"d3f6111\" data-element_type=\"container\" data-e-type=\"container\" data-settings=\"{&quot;tmea_shape_divider_top&quot;:&quot;none&quot;,&quot;tmea_shape_divider_bottom&quot;:&quot;none&quot;}\">\n\t\t\t\t<div class=\"elementor-element elementor-element-a627ec9 elementor-widget elementor-widget-image\" data-id=\"a627ec9\" data-element_type=\"widget\" data-e-type=\"widget\" data-widget_type=\"image.default\">\n\t\t\t\t<div class=\"elementor-widget-container\">\n\t\t\t\t\t\t\t\t\t\t\t\t\t\t\t<img loading=\"lazy\" decoding=\"async\" width=\"603\" height=\"452\" src=\"https:\/\/mportezuelo.cl\/Inicio\/wp-content\/uploads\/2024\/06\/oln002-3.jpg\" class=\"elementor-animation-sink attachment-large size-large wp-image-5590\" alt=\"\" srcset=\"https:\/\/mportezuelo.cl\/Inicio\/wp-content\/uploads\/2024\/06\/oln002-3.jpg 603w, https:\/\/mportezuelo.cl\/Inicio\/wp-content\/uploads\/2024\/06\/oln002-3-300x225.jpg 300w\" sizes=\"(max-width: 603px) 100vw, 603px\" \/>\t\t\t\t\t\t\t\t\t\t\t\t\t\t\t<\/div>\n\t\t\t\t<\/div>\n\t\t\t\t<\/div>\n\t\t\t\t\t<\/div>\n\t\t\t\t<\/div>\n\t\t<div class=\"elementor-element elementor-element-724082c e-flex e-con-boxed e-con e-parent\" data-id=\"724082c\" data-element_type=\"container\" data-e-type=\"container\" data-settings=\"{&quot;tmea_shape_divider_top&quot;:&quot;none&quot;,&quot;tmea_shape_divider_bottom&quot;:&quot;none&quot;}\">\n\t\t\t\t\t<div class=\"e-con-inner\">\n\t\t\t\t<div class=\"elementor-element elementor-element-d4cfca3 elementor-widget elementor-widget-heading\" data-id=\"d4cfca3\" data-element_type=\"widget\" data-e-type=\"widget\" data-widget_type=\"heading.default\">\n\t\t\t\t<div class=\"elementor-widget-container\">\n\t\t\t\t\t<h2 class=\"elementor-heading-title elementor-size-default\">Componentes de Gesti\u00f3n: <\/h2>\t\t\t\t<\/div>\n\t\t\t\t<\/div>\n\t\t\t\t\t<\/div>\n\t\t\t\t<\/div>\n\t\t<div class=\"elementor-element elementor-element-70e149e e-flex e-con-boxed e-con e-parent\" data-id=\"70e149e\" data-element_type=\"container\" data-e-type=\"container\" data-settings=\"{&quot;tmea_shape_divider_top&quot;:&quot;none&quot;,&quot;tmea_shape_divider_bottom&quot;:&quot;none&quot;}\">\n\t\t\t\t\t<div class=\"e-con-inner\">\n\t\t\t\t<div class=\"elementor-element elementor-element-92a5d78 elementor-widget elementor-widget-text-editor\" data-id=\"92a5d78\" data-element_type=\"widget\" data-e-type=\"widget\" data-widget_type=\"text-editor.default\">\n\t\t\t\t<div class=\"elementor-widget-container\">\n\t\t\t\t\t\t\t\t\t<ul><li><h3><strong>Promoci\u00f3n Territorial:<\/strong><\/h3>Conjunto de acciones destinadas a elevar el respeto de los derechos de los NNA a nivel local, incluyendo actividades de sensibilizaci\u00f3n, educaci\u00f3n y difusi\u00f3n de los derechos de los NNA, fortaleciendo la participaci\u00f3n de \u00e9stos a trav\u00e9s de la Pol\u00edtica Local de la Ni\u00f1ez y Adolescencia, Un Plan de Acci\u00f3n Local; elaborado mediante la Mesa de Articulaci\u00f3n Interinstitucional Comunal y la conformaci\u00f3n del Consejo Consultivo Comunal de ni\u00f1os, ni\u00f1as y adolescentes.<\/li><\/ul>\t\t\t\t\t\t\t\t<\/div>\n\t\t\t\t<\/div>\n\t\t\t\t\t<\/div>\n\t\t\t\t<\/div>\n\t\t<div class=\"elementor-element elementor-element-34213f5 e-flex e-con-boxed e-con e-parent\" data-id=\"34213f5\" data-element_type=\"container\" data-e-type=\"container\" data-settings=\"{&quot;tmea_shape_divider_top&quot;:&quot;none&quot;,&quot;tmea_shape_divider_bottom&quot;:&quot;none&quot;}\">\n\t\t\t\t\t<div class=\"e-con-inner\">\n\t\t<div class=\"elementor-element elementor-element-e608ff6 e-con-full e-flex e-con e-child\" data-id=\"e608ff6\" data-element_type=\"container\" data-e-type=\"container\" data-settings=\"{&quot;background_background&quot;:&quot;gradient&quot;,&quot;tmea_shape_divider_top&quot;:&quot;none&quot;,&quot;tmea_shape_divider_bottom&quot;:&quot;none&quot;}\">\n\t\t\t\t<div class=\"elementor-element elementor-element-b7ec12b elementor-widget elementor-widget-heading\" data-id=\"b7ec12b\" data-element_type=\"widget\" data-e-type=\"widget\" data-widget_type=\"heading.default\">\n\t\t\t\t<div class=\"elementor-widget-container\">\n\t\t\t\t\t<h2 class=\"elementor-heading-title elementor-size-default\">\u2022\tGesti\u00f3n Integrada de Casos: Dispone de los siguientes procedimientos:<\/h2>\t\t\t\t<\/div>\n\t\t\t\t<\/div>\n\t\t\t\t<div class=\"elementor-element elementor-element-f7d2fc0 elementor-widget elementor-widget-text-editor\" data-id=\"f7d2fc0\" data-element_type=\"widget\" data-e-type=\"widget\" data-widget_type=\"text-editor.default\">\n\t\t\t\t<div class=\"elementor-widget-container\">\n\t\t\t\t\t\t\t\t\t<h3><span style=\"color: #000000;\"><strong>1. Intermediaci\u00f3n<\/strong>:<\/span><\/h3><p><span style=\"color: #000000;\">Casos de NNA que presentan factores de riesgo que requieren orientaci\u00f3n y gesti\u00f3n de la oferta local de prestaciones para asegurar las condiciones para su desarrollo integral.<\/span><\/p>\t\t\t\t\t\t\t\t<\/div>\n\t\t\t\t<\/div>\n\t\t\t\t<\/div>\n\t\t<div class=\"elementor-element elementor-element-4144152 e-con-full e-flex e-con e-child\" data-id=\"4144152\" data-element_type=\"container\" data-e-type=\"container\" data-settings=\"{&quot;tmea_shape_divider_top&quot;:&quot;none&quot;,&quot;tmea_shape_divider_bottom&quot;:&quot;none&quot;}\">\n\t\t\t\t<div class=\"elementor-element elementor-element-7657744 elementor-widget elementor-widget-text-editor\" data-id=\"7657744\" data-element_type=\"widget\" data-e-type=\"widget\" data-widget_type=\"text-editor.default\">\n\t\t\t\t<div class=\"elementor-widget-container\">\n\t\t\t\t\t\t\t\t\t<h3><span style=\"color: #000000;\"><strong>2. Atenci\u00f3n Social<\/strong>:<\/span><\/h3><p><span style=\"color: #000000;\">Casos de NNA que presentan factores de riesgo o situaciones de amenaza o vulneraci\u00f3n de derechos que son posibles de atender a trav\u00e9s de una intervenci\u00f3n social y acompa\u00f1amiento con la familia, por existir reconocimiento, problematizaci\u00f3n e inter\u00e9s por parte de sus cuidadores, as\u00ed como recursos personales y\/o familiares que permiten resolver la situaci\u00f3n.<\/span><\/p><h3><span style=\"color: #000000;\"><strong>3.\u00a0 Protecci\u00f3n administrativa de derechos<\/strong>:<\/span><\/h3><p><span style=\"color: #000000;\">Casos de NNA que presentan factores de riesgos o situaciones de amenazas o vulneraci\u00f3n de derechos que requieren de medidas administrativas de protecci\u00f3n de derechos por NO existir reconocimiento o problematizaci\u00f3n por parte de sus cuidadores sobre la situaci\u00f3n o por no bastar la presencia de recursos personales y\/o familiares para resolverla.<\/span><\/p>\t\t\t\t\t\t\t\t<\/div>\n\t\t\t\t<\/div>\n\t\t\t\t<\/div>\n\t\t\t\t\t<\/div>\n\t\t\t\t<\/div>\n\t\t<div class=\"elementor-element elementor-element-5cd63ba e-flex e-con-boxed e-con e-parent\" data-id=\"5cd63ba\" data-element_type=\"container\" data-e-type=\"container\" data-settings=\"{&quot;tmea_shape_divider_top&quot;:&quot;none&quot;,&quot;tmea_shape_divider_bottom&quot;:&quot;none&quot;}\">\n\t\t\t\t\t<div class=\"e-con-inner\">\n\t\t<div class=\"elementor-element elementor-element-2d62cb7 e-con-full e-flex e-con e-child\" data-id=\"2d62cb7\" data-element_type=\"container\" data-e-type=\"container\" data-settings=\"{&quot;tmea_shape_divider_top&quot;:&quot;none&quot;,&quot;tmea_shape_divider_bottom&quot;:&quot;none&quot;}\">\n\t\t\t\t<div class=\"elementor-element elementor-element-e17e530 elementor-widget elementor-widget-image\" data-id=\"e17e530\" data-element_type=\"widget\" data-e-type=\"widget\" data-widget_type=\"image.default\">\n\t\t\t\t<div class=\"elementor-widget-container\">\n\t\t\t\t\t\t\t\t\t\t\t\t\t\t\t<img loading=\"lazy\" decoding=\"async\" width=\"626\" height=\"502\" src=\"https:\/\/mportezuelo.cl\/Inicio\/wp-content\/uploads\/2024\/06\/dibujo006.jpg\" class=\"elementor-animation-sink attachment-large size-large wp-image-5618\" alt=\"\" srcset=\"https:\/\/mportezuelo.cl\/Inicio\/wp-content\/uploads\/2024\/06\/dibujo006.jpg 626w, https:\/\/mportezuelo.cl\/Inicio\/wp-content\/uploads\/2024\/06\/dibujo006-300x241.jpg 300w\" sizes=\"(max-width: 626px) 100vw, 626px\" \/>\t\t\t\t\t\t\t\t\t\t\t\t\t\t\t<\/div>\n\t\t\t\t<\/div>\n\t\t\t\t<\/div>\n\t\t<div class=\"elementor-element elementor-element-6126282 e-con-full e-flex e-con e-child\" data-id=\"6126282\" data-element_type=\"container\" data-e-type=\"container\" data-settings=\"{&quot;tmea_shape_divider_top&quot;:&quot;none&quot;,&quot;tmea_shape_divider_bottom&quot;:&quot;none&quot;}\">\n\t\t\t\t<div class=\"elementor-element elementor-element-b87570a elementor-widget elementor-widget-heading\" data-id=\"b87570a\" data-element_type=\"widget\" data-e-type=\"widget\" data-widget_type=\"heading.default\">\n\t\t\t\t<div class=\"elementor-widget-container\">\n\t\t\t\t\t<h2 class=\"elementor-heading-title elementor-size-default\">Herramientas de Gesti\u00f3n de la OLN:         <\/h2>\t\t\t\t<\/div>\n\t\t\t\t<\/div>\n\t\t\t\t<div class=\"elementor-element elementor-element-e270f9e elementor-widget elementor-widget-text-editor\" data-id=\"e270f9e\" data-element_type=\"widget\" data-e-type=\"widget\" data-widget_type=\"text-editor.default\">\n\t\t\t\t<div class=\"elementor-widget-container\">\n\t\t\t\t\t\t\t\t\t<ul><li><span style=\"color: #000000;\">Plan Anual de Trabajo<\/span><\/li><li><span style=\"color: #000000;\">Cat\u00e1logo Local de beneficios y Servicios<\/span><\/li><li><span style=\"color: #000000;\">Protocolos de Atenci\u00f3n<\/span><\/li><li><span style=\"color: #000000;\">Plataforma Gesti\u00f3n Social Local (GSL).<\/span><\/li><\/ul><p><span style=\"color: #000000;\">Existen algunas materias que contin\u00faan siendo de responsabilidad de los <strong>Tribunales de Familia,<\/strong> donde la Oficina Local de la Ni\u00f1ez, deber\u00e1 derivar a este ente para que tome las decisiones correspondientes:<\/span><\/p><ul><li><span style=\"color: #000000;\">La limitaci\u00f3n o suspensi\u00f3n del derecho a mantener relaciones directas y regulares con familiares o cuidadores.<\/span><\/li><li><span style=\"color: #000000;\">La suspensi\u00f3n del Derecho a Vivir en Familia.<\/span><\/li><li><span style=\"color: #000000;\">La determinaci\u00f3n de cuidados alternativos y el t\u00e9rmino de la patria potestad y la adopci\u00f3n.<\/span><\/li><\/ul>\t\t\t\t\t\t\t\t<\/div>\n\t\t\t\t<\/div>\n\t\t\t\t<\/div>\n\t\t\t\t\t<\/div>\n\t\t\t\t<\/div>\n\t\t<div class=\"elementor-element elementor-element-33cdcc6 e-flex e-con-boxed e-con e-parent\" data-id=\"33cdcc6\" data-element_type=\"container\" data-e-type=\"container\" data-settings=\"{&quot;tmea_shape_divider_top&quot;:&quot;none&quot;,&quot;tmea_shape_divider_bottom&quot;:&quot;none&quot;}\">\n\t\t\t\t\t<div class=\"e-con-inner\">\n\t\t<div class=\"elementor-element elementor-element-a9c52fd e-con-full e-flex e-con e-child\" data-id=\"a9c52fd\" data-element_type=\"container\" data-e-type=\"container\" data-settings=\"{&quot;tmea_shape_divider_top&quot;:&quot;none&quot;,&quot;tmea_shape_divider_bottom&quot;:&quot;none&quot;}\">\n\t\t\t\t<div class=\"elementor-element elementor-element-ec5756c elementor-widget elementor-widget-heading\" data-id=\"ec5756c\" data-element_type=\"widget\" data-e-type=\"widget\" data-widget_type=\"heading.default\">\n\t\t\t\t<div class=\"elementor-widget-container\">\n\t\t\t\t\t<h2 class=\"elementor-heading-title elementor-size-default\">Equipo Trabajo: <\/h2>\t\t\t\t<\/div>\n\t\t\t\t<\/div>\n\t\t\t\t<div class=\"elementor-element elementor-element-7423fc7 elementor-widget elementor-widget-text-editor\" data-id=\"7423fc7\" data-element_type=\"widget\" data-e-type=\"widget\" data-widget_type=\"text-editor.default\">\n\t\t\t\t<div class=\"elementor-widget-container\">\n\t\t\t\t\t\t\t\t\t<ul><li><span style=\"color: #000000;\">1 coordinadora Oficina Local de la Ni\u00f1ez<\/span><\/li><li><span style=\"color: #000000;\">1 equipo Multidisciplinario compuesto por 2 Trabajadoras Sociales, Gestoras de Casos.<\/span><\/li><\/ul>\t\t\t\t\t\t\t\t<\/div>\n\t\t\t\t<\/div>\n\t\t\t\t<\/div>\n\t\t<div class=\"elementor-element elementor-element-aab4626 e-con-full e-flex e-con e-child\" data-id=\"aab4626\" data-element_type=\"container\" data-e-type=\"container\" data-settings=\"{&quot;tmea_shape_divider_top&quot;:&quot;none&quot;,&quot;tmea_shape_divider_bottom&quot;:&quot;none&quot;}\">\n\t\t\t\t<div class=\"elementor-element elementor-element-ab0c813 elementor-widget elementor-widget-image\" data-id=\"ab0c813\" data-element_type=\"widget\" data-e-type=\"widget\" data-widget_type=\"image.default\">\n\t\t\t\t<div class=\"elementor-widget-container\">\n\t\t\t\t\t\t\t\t\t\t\t\t\t\t\t<img loading=\"lazy\" decoding=\"async\" width=\"200\" height=\"179\" src=\"https:\/\/mportezuelo.cl\/Inicio\/wp-content\/uploads\/2024\/06\/Captura_de_Pantalla_2021-08-23_a_la-s_15.40.48.png\" class=\"attachment-large size-large wp-image-4898\" alt=\"\" \/>\t\t\t\t\t\t\t\t\t\t\t\t\t\t\t<\/div>\n\t\t\t\t<\/div>\n\t\t\t\t<\/div>\n\t\t\t\t\t<\/div>\n\t\t\t\t<\/div>\n\t\t<div class=\"elementor-element elementor-element-82d3bbc e-flex e-con-boxed e-con e-parent\" data-id=\"82d3bbc\" data-element_type=\"container\" data-e-type=\"container\" data-settings=\"{&quot;tmea_shape_divider_top&quot;:&quot;none&quot;,&quot;tmea_shape_divider_bottom&quot;:&quot;none&quot;}\">\n\t\t\t\t\t<div class=\"e-con-inner\">\n\t\t\t\t<div class=\"elementor-element elementor-element-5de5d25 elementor-widget elementor-widget-heading\" data-id=\"5de5d25\" data-element_type=\"widget\" data-e-type=\"widget\" data-widget_type=\"heading.default\">\n\t\t\t\t<div class=\"elementor-widget-container\">\n\t\t\t\t\t<h2 class=\"elementor-heading-title elementor-size-default\">Promoci\u00f3n Territorial:<\/h2>\t\t\t\t<\/div>\n\t\t\t\t<\/div>\n\t\t\t\t\t<\/div>\n\t\t\t\t<\/div>\n\t\t<div class=\"elementor-element elementor-element-01a565e e-flex e-con-boxed e-con e-parent\" data-id=\"01a565e\" data-element_type=\"container\" data-e-type=\"container\" data-settings=\"{&quot;tmea_shape_divider_top&quot;:&quot;none&quot;,&quot;tmea_shape_divider_bottom&quot;:&quot;none&quot;}\">\n\t\t\t\t\t<div class=\"e-con-inner\">\n\t\t\t\t<div class=\"elementor-element elementor-element-b67dc71 elementor-widget elementor-widget-text-editor\" data-id=\"b67dc71\" data-element_type=\"widget\" data-e-type=\"widget\" data-widget_type=\"text-editor.default\">\n\t\t\t\t<div class=\"elementor-widget-container\">\n\t\t\t\t\t\t\t\t\t<p><span style=\"color: #000000;\">A trav\u00e9s de la promoci\u00f3n territorial se han realizado diferentes convocatorias para dar a conocer la OLN y la Ley 21.430 Sobre Garant\u00edas y Protecci\u00f3n Integral de Ni\u00f1os Ni\u00f1as y Adolescentes.<\/span><\/p><p><span style=\"color: #000000;\">En los meses de marzo, abril, mayo y principios de junio la Oficina Local de La Ni\u00f1ez a estado realizando su promoci\u00f3n en el territorio con diferentes instituciones e Intersector, establecimientos educacionales, salud, diferentes oficinas de la Direcci\u00f3n de Desarrollo Comunitario, juntas de vecinos y la Uni\u00f3n de JJVV, de los cuales todos son Co-Garantes de la Ley 21.430.<\/span><\/p><p><span style=\"color: #000000;\">A trav\u00e9s de la promoci\u00f3n en el territorio se han coordinado diferentes talleres de sensibilizaci\u00f3n para estudiantes madres o padres de NNA.<\/span><\/p>\t\t\t\t\t\t\t\t<\/div>\n\t\t\t\t<\/div>\n\t\t\t\t\t<\/div>\n\t\t\t\t<\/div>\n\t\t<div class=\"elementor-element elementor-element-f8590b7 e-flex e-con-boxed e-con e-parent\" data-id=\"f8590b7\" data-element_type=\"container\" data-e-type=\"container\" data-settings=\"{&quot;tmea_shape_divider_top&quot;:&quot;none&quot;,&quot;tmea_shape_divider_bottom&quot;:&quot;none&quot;}\">\n\t\t\t\t\t<div class=\"e-con-inner\">\n\t\t<div class=\"elementor-element elementor-element-6fa7123 e-con-full e-flex e-con e-child\" data-id=\"6fa7123\" data-element_type=\"container\" data-e-type=\"container\" data-settings=\"{&quot;tmea_shape_divider_top&quot;:&quot;none&quot;,&quot;tmea_shape_divider_bottom&quot;:&quot;none&quot;}\">\n\t\t\t\t<div class=\"elementor-element elementor-element-a1c18ea elementor-widget elementor-widget-image\" data-id=\"a1c18ea\" data-element_type=\"widget\" data-e-type=\"widget\" data-widget_type=\"image.default\">\n\t\t\t\t<div class=\"elementor-widget-container\">\n\t\t\t\t\t\t\t\t\t\t\t\t\t\t\t<img loading=\"lazy\" decoding=\"async\" width=\"324\" height=\"324\" src=\"https:\/\/mportezuelo.cl\/Inicio\/wp-content\/uploads\/2024\/06\/dibujo006-1.jpg\" class=\"elementor-animation-sink attachment-1536x1536 size-1536x1536 wp-image-5625\" alt=\"\" srcset=\"https:\/\/mportezuelo.cl\/Inicio\/wp-content\/uploads\/2024\/06\/dibujo006-1.jpg 324w, https:\/\/mportezuelo.cl\/Inicio\/wp-content\/uploads\/2024\/06\/dibujo006-1-300x300.jpg 300w, https:\/\/mportezuelo.cl\/Inicio\/wp-content\/uploads\/2024\/06\/dibujo006-1-150x150.jpg 150w\" sizes=\"(max-width: 324px) 100vw, 324px\" \/>\t\t\t\t\t\t\t\t\t\t\t\t\t\t\t<\/div>\n\t\t\t\t<\/div>\n\t\t\t\t<\/div>\n\t\t<div class=\"elementor-element elementor-element-45e291a e-con-full e-flex e-con e-child\" data-id=\"45e291a\" data-element_type=\"container\" data-e-type=\"container\" data-settings=\"{&quot;tmea_shape_divider_top&quot;:&quot;none&quot;,&quot;tmea_shape_divider_bottom&quot;:&quot;none&quot;}\">\n\t\t\t\t<div class=\"elementor-element elementor-element-f503ff1 elementor-widget elementor-widget-image\" data-id=\"f503ff1\" data-element_type=\"widget\" data-e-type=\"widget\" data-widget_type=\"image.default\">\n\t\t\t\t<div class=\"elementor-widget-container\">\n\t\t\t\t\t\t\t\t\t\t\t\t\t\t\t<img loading=\"lazy\" decoding=\"async\" width=\"367\" height=\"309\" src=\"https:\/\/mportezuelo.cl\/Inicio\/wp-content\/uploads\/2024\/06\/oln002-4-e1718730343672.jpg\" class=\"elementor-animation-sink attachment-1536x1536 size-1536x1536 wp-image-5626\" alt=\"\" srcset=\"https:\/\/mportezuelo.cl\/Inicio\/wp-content\/uploads\/2024\/06\/oln002-4-e1718730343672.jpg 367w, https:\/\/mportezuelo.cl\/Inicio\/wp-content\/uploads\/2024\/06\/oln002-4-e1718730343672-300x253.jpg 300w\" sizes=\"(max-width: 367px) 100vw, 367px\" \/>\t\t\t\t\t\t\t\t\t\t\t\t\t\t\t<\/div>\n\t\t\t\t<\/div>\n\t\t\t\t<\/div>\n\t\t\t\t\t<\/div>\n\t\t\t\t<\/div>\n\t\t<div class=\"elementor-element elementor-element-7c868c1 e-flex e-con-boxed e-con e-parent\" data-id=\"7c868c1\" data-element_type=\"container\" data-e-type=\"container\" data-settings=\"{&quot;tmea_shape_divider_top&quot;:&quot;none&quot;,&quot;tmea_shape_divider_bottom&quot;:&quot;none&quot;}\">\n\t\t\t\t\t<div class=\"e-con-inner\">\n\t\t\t\t<div class=\"elementor-element elementor-element-35a6669 elementor-widget elementor-widget-text-editor\" data-id=\"35a6669\" data-element_type=\"widget\" data-e-type=\"widget\" data-widget_type=\"text-editor.default\">\n\t\t\t\t<div class=\"elementor-widget-container\">\n\t\t\t\t\t\t\t\t\t<p><span style=\"color: #000000;\">A trav\u00e9s de la promoci\u00f3n territorial los NNA la Direcci\u00f3n de Desarrollo a trav\u00e9s de la OLN en la semana de carnaval de verano mes de febrero 2024 la OLN inaugur\u00f3 la semana de actividades donde las acciones realizadas fueron organizadas para los NNA de la Comuna de Portezuelo fueron los actores principales de la acci\u00f3n.<\/span><\/p><p><span style=\"color: #000000;\">realizaci\u00f3n de Feria de las Pulgas Kids, zumba, cine bajo las estrellas, circuitos deportivos, juegos inflables, realidad virtual y mucho m\u00e1s.<\/span><\/p>\t\t\t\t\t\t\t\t<\/div>\n\t\t\t\t<\/div>\n\t\t\t\t\t<\/div>\n\t\t\t\t<\/div>\n\t\t<div class=\"elementor-element elementor-element-d598ad9 e-flex e-con-boxed e-con e-parent\" data-id=\"d598ad9\" data-element_type=\"container\" data-e-type=\"container\" data-settings=\"{&quot;tmea_shape_divider_top&quot;:&quot;none&quot;,&quot;tmea_shape_divider_bottom&quot;:&quot;none&quot;}\">\n\t\t\t\t\t<div class=\"e-con-inner\">\n\t\t\t\t<div class=\"elementor-element elementor-element-5e5d199 elementor-widget elementor-widget-heading\" data-id=\"5e5d199\" data-element_type=\"widget\" data-e-type=\"widget\" data-widget_type=\"heading.default\">\n\t\t\t\t<div class=\"elementor-widget-container\">\n\t\t\t\t\t<h2 class=\"elementor-heading-title elementor-size-default\">Consejo consultivo NNA Comuna de Portezuelo:<\/h2>\t\t\t\t<\/div>\n\t\t\t\t<\/div>\n\t\t\t\t\t<\/div>\n\t\t\t\t<\/div>\n\t\t<div class=\"elementor-element elementor-element-e1667cc e-flex e-con-boxed e-con e-parent\" data-id=\"e1667cc\" data-element_type=\"container\" data-e-type=\"container\" data-settings=\"{&quot;tmea_shape_divider_top&quot;:&quot;none&quot;,&quot;tmea_shape_divider_bottom&quot;:&quot;none&quot;}\">\n\t\t\t\t\t<div class=\"e-con-inner\">\n\t\t<div class=\"elementor-element elementor-element-f3f6a69 e-con-full e-flex e-con e-child\" data-id=\"f3f6a69\" data-element_type=\"container\" data-e-type=\"container\" data-settings=\"{&quot;tmea_shape_divider_top&quot;:&quot;none&quot;,&quot;tmea_shape_divider_bottom&quot;:&quot;none&quot;}\">\n\t\t\t\t<div class=\"elementor-element elementor-element-ccbcaf1 elementor-widget elementor-widget-text-editor\" data-id=\"ccbcaf1\" data-element_type=\"widget\" data-e-type=\"widget\" data-widget_type=\"text-editor.default\">\n\t\t\t\t<div class=\"elementor-widget-container\">\n\t\t\t\t\t\t\t\t\t<p><span style=\"color: #000000;\">La participaci\u00f3n de ni\u00f1os, ni\u00f1as y adolescentes (NNA) es un derecho y principio general de la Convenci\u00f3n sobre los Derechos del Ni\u00f1o (CDN), relevante para la promoci\u00f3n de su autonom\u00eda progresiva, protecci\u00f3n, inter\u00e9s superior y para el ejercicio efectivo de todos los derechos consagrados en la CDN. Particularmente, la Observaci\u00f3n General N\u00b012 (2009) realiza una explicaci\u00f3n pr\u00e1ctica para apoyar a los Estados a la correcta interpretaci\u00f3n y aplicaci\u00f3n del derecho de NNA a ser escuchadas y escuchados.<\/span><\/p>\t\t\t\t\t\t\t\t<\/div>\n\t\t\t\t<\/div>\n\t\t\t\t<\/div>\n\t\t<div class=\"elementor-element elementor-element-0c28a63 e-con-full e-flex e-con e-child\" data-id=\"0c28a63\" data-element_type=\"container\" data-e-type=\"container\" data-settings=\"{&quot;tmea_shape_divider_top&quot;:&quot;none&quot;,&quot;tmea_shape_divider_bottom&quot;:&quot;none&quot;}\">\n\t\t\t\t<div class=\"elementor-element elementor-element-f6de818 elementor-widget elementor-widget-image\" data-id=\"f6de818\" data-element_type=\"widget\" data-e-type=\"widget\" data-widget_type=\"image.default\">\n\t\t\t\t<div class=\"elementor-widget-container\">\n\t\t\t\t\t\t\t\t\t\t\t\t\t\t\t<img loading=\"lazy\" decoding=\"async\" width=\"1024\" height=\"576\" src=\"https:\/\/mportezuelo.cl\/Inicio\/wp-content\/uploads\/2024\/06\/oln002-1-1024x576.jpg\" class=\"attachment-large size-large wp-image-5571\" alt=\"\" srcset=\"https:\/\/mportezuelo.cl\/Inicio\/wp-content\/uploads\/2024\/06\/oln002-1-1024x576.jpg 1024w, https:\/\/mportezuelo.cl\/Inicio\/wp-content\/uploads\/2024\/06\/oln002-1-300x169.jpg 300w, https:\/\/mportezuelo.cl\/Inicio\/wp-content\/uploads\/2024\/06\/oln002-1-768x432.jpg 768w, https:\/\/mportezuelo.cl\/Inicio\/wp-content\/uploads\/2024\/06\/oln002-1-820x461.jpg 820w, https:\/\/mportezuelo.cl\/Inicio\/wp-content\/uploads\/2024\/06\/oln002-1-1170x658.jpg 1170w, https:\/\/mportezuelo.cl\/Inicio\/wp-content\/uploads\/2024\/06\/oln002-1-177x100.jpg 177w, https:\/\/mportezuelo.cl\/Inicio\/wp-content\/uploads\/2024\/06\/oln002-1.jpg 1350w\" sizes=\"(max-width: 1024px) 100vw, 1024px\" \/>\t\t\t\t\t\t\t\t\t\t\t\t\t\t\t<\/div>\n\t\t\t\t<\/div>\n\t\t\t\t<\/div>\n\t\t\t\t\t<\/div>\n\t\t\t\t<\/div>\n\t\t<div class=\"elementor-element elementor-element-41e441f e-flex e-con-boxed e-con e-parent\" data-id=\"41e441f\" data-element_type=\"container\" data-e-type=\"container\" data-settings=\"{&quot;tmea_shape_divider_top&quot;:&quot;none&quot;,&quot;tmea_shape_divider_bottom&quot;:&quot;none&quot;}\">\n\t\t\t\t\t<div class=\"e-con-inner\">\n\t\t\t\t<div class=\"elementor-element elementor-element-5172981 elementor-widget elementor-widget-text-editor\" data-id=\"5172981\" data-element_type=\"widget\" data-e-type=\"widget\" data-widget_type=\"text-editor.default\">\n\t\t\t\t<div class=\"elementor-widget-container\">\n\t\t\t\t\t\t\t\t\t<p><span style=\"color: #000000;\">Resulta fundamental comprender que la participaci\u00f3n es la mejor expresi\u00f3n del reconocimiento de NNA como sujetos de derechos, ya que, a trav\u00e9s de ella, las y los NNA: pueden influir en el ejercicio y goce de otros derechos que les deben ser garantizados; y tienen la posibilidad concreta de constituirse en un grupo social activo con la capacidad de aportar e incidir en su propio desarrollo y en el desarrollo de su entorno social. En consolidar un proceso participativo integral y efectivo para ni\u00f1os, ni\u00f1as y adolescentes (NNA).<\/span><\/p><p><span style=\"color: #000000;\">La Ley 21.430 Sobre Garant\u00edas y Protecci\u00f3n Integral de los Derechos de la Ni\u00f1ez y Adolescencia, enfatiza a la participaci\u00f3n como componente necesario para el desarrollo integral de las y los NNA como sujetos de derecho y desde el reconocimiento de su autonom\u00eda progresiva.<\/span><\/p><p><span style=\"color: #000000;\">en la medida que el ejercicio de los derechos debe ir \u201cen consonancia con la evoluci\u00f3n de sus facultades, atendiendo a su edad, madurez y grado de desarrollo que manifieste\u201d. Al igual que la CDN, la Ley de Garant\u00edas declara la participaci\u00f3n como un principio (art\u00edculo 18) y derecho<\/span><\/p>\t\t\t\t\t\t\t\t<\/div>\n\t\t\t\t<\/div>\n\t\t\t\t\t<\/div>\n\t\t\t\t<\/div>\n\t\t<div class=\"elementor-element elementor-element-6c486c5 e-flex e-con-boxed e-con e-parent\" data-id=\"6c486c5\" data-element_type=\"container\" data-e-type=\"container\" data-settings=\"{&quot;tmea_shape_divider_top&quot;:&quot;none&quot;,&quot;tmea_shape_divider_bottom&quot;:&quot;none&quot;}\">\n\t\t\t\t\t<div class=\"e-con-inner\">\n\t\t<div class=\"elementor-element elementor-element-a3ce7c4 e-con-full e-flex e-con e-child\" data-id=\"a3ce7c4\" data-element_type=\"container\" data-e-type=\"container\" data-settings=\"{&quot;tmea_shape_divider_top&quot;:&quot;none&quot;,&quot;tmea_shape_divider_bottom&quot;:&quot;none&quot;}\">\n\t\t\t\t<div class=\"elementor-element elementor-element-ce6c4f5 elementor-widget elementor-widget-image\" data-id=\"ce6c4f5\" data-element_type=\"widget\" data-e-type=\"widget\" data-widget_type=\"image.default\">\n\t\t\t\t<div class=\"elementor-widget-container\">\n\t\t\t\t\t\t\t\t\t\t\t\t\t\t\t<img loading=\"lazy\" decoding=\"async\" width=\"671\" height=\"346\" src=\"https:\/\/mportezuelo.cl\/Inicio\/wp-content\/uploads\/2024\/06\/oln002-5.jpg\" class=\"attachment-large size-large wp-image-5636\" alt=\"\" srcset=\"https:\/\/mportezuelo.cl\/Inicio\/wp-content\/uploads\/2024\/06\/oln002-5.jpg 671w, https:\/\/mportezuelo.cl\/Inicio\/wp-content\/uploads\/2024\/06\/oln002-5-300x155.jpg 300w\" sizes=\"(max-width: 671px) 100vw, 671px\" \/>\t\t\t\t\t\t\t\t\t\t\t\t\t\t\t<\/div>\n\t\t\t\t<\/div>\n\t\t\t\t<\/div>\n\t\t<div class=\"elementor-element elementor-element-96d39ab e-con-full e-flex e-con e-child\" data-id=\"96d39ab\" data-element_type=\"container\" data-e-type=\"container\" data-settings=\"{&quot;tmea_shape_divider_top&quot;:&quot;none&quot;,&quot;tmea_shape_divider_bottom&quot;:&quot;none&quot;}\">\n\t\t\t\t<div class=\"elementor-element elementor-element-c4e6ae7 elementor-widget elementor-widget-text-editor\" data-id=\"c4e6ae7\" data-element_type=\"widget\" data-e-type=\"widget\" data-widget_type=\"text-editor.default\">\n\t\t\t\t<div class=\"elementor-widget-container\">\n\t\t\t\t\t\t\t\t\t<p><span style=\"color: #000000;\">(art\u00edculo 32), estableciendo la responsabilidad que tienen los \u00f3rganos de Administraci\u00f3n del Estado para velar que ello se cumpla en diferentes \u00e1mbitos de la vida social. As\u00ed tambi\u00e9n, se crean dos mecanismos de participaci\u00f3n institucional que permitan hacer efectivo y continuo este principio y derecho: <strong>un Consejo Consultivo de NNA (art\u00edculo 66, letra b) y un Consejo Consultivo de NNA de car\u00e1cter nacional (art\u00edculo 76).<\/strong><\/span><\/p>\t\t\t\t\t\t\t\t<\/div>\n\t\t\t\t<\/div>\n\t\t\t\t<\/div>\n\t\t\t\t\t<\/div>\n\t\t\t\t<\/div>\n\t\t<div class=\"elementor-element elementor-element-23bb8c0 e-flex e-con-boxed e-con e-parent\" data-id=\"23bb8c0\" data-element_type=\"container\" data-e-type=\"container\" data-settings=\"{&quot;tmea_shape_divider_top&quot;:&quot;none&quot;,&quot;tmea_shape_divider_bottom&quot;:&quot;none&quot;}\">\n\t\t\t\t\t<div class=\"e-con-inner\">\n\t\t\t\t<div class=\"elementor-element elementor-element-67d7ca2 elementor-widget elementor-widget-text-editor\" data-id=\"67d7ca2\" data-element_type=\"widget\" data-e-type=\"widget\" data-widget_type=\"text-editor.default\">\n\t\t\t\t<div class=\"elementor-widget-container\">\n\t\t\t\t\t\t\t\t\t<p><span style=\"color: #000000;\">En la comuna de Portezuelo el Consejo Consultivo se encuentra activo con la participaci\u00f3n de 39 NNA de diferentes sectores de la comuna, identidad que se encuentra decretado a trav\u00e9s de un Decreto Alcaldicio N\u00b01368 de fecha 13 de junio del presente a\u00f1o, donde se establece\u00a0 como unidad de coordinaci\u00f3n , convocatoria y otras actividades que involucren al Consejo Consultivo de Ni\u00f1os , Ni\u00f1as y Adolescentes de la Comuna de Portezuelo, a la Oficina Local de la Ni\u00f1ez, donde se invita a representantes de organizaciones Comunitarias y de la Sociedad Civil a participar de las sesiones del Consejo Consultivo.<\/span><\/p>\t\t\t\t\t\t\t\t<\/div>\n\t\t\t\t<\/div>\n\t\t\t\t\t<\/div>\n\t\t\t\t<\/div>\n\t\t\t\t<section class=\"elementor-section elementor-top-section elementor-element elementor-element-41de7c42 elementor-section-content-middle elementor-reverse-mobile elementor-section-boxed elementor-section-height-default elementor-section-height-default\" data-id=\"41de7c42\" data-element_type=\"section\" data-e-type=\"section\" data-settings=\"{&quot;background_background&quot;:&quot;classic&quot;,&quot;tmea_shape_divider_top&quot;:&quot;none&quot;,&quot;tmea_shape_divider_bottom&quot;:&quot;none&quot;}\">\n\t\t\t\t\t\t<div class=\"elementor-container elementor-column-gap-no\">\n\t\t\t\t\t<div class=\"elementor-column elementor-col-50 elementor-top-column elementor-element elementor-element-2627a8e8\" data-id=\"2627a8e8\" data-element_type=\"column\" data-e-type=\"column\">\n\t\t\t<div class=\"elementor-widget-wrap elementor-element-populated\">\n\t\t\t\t\t\t<div class=\"elementor-element elementor-element-2d1766eb elementor-widget elementor-widget-heading\" data-id=\"2d1766eb\" data-element_type=\"widget\" data-e-type=\"widget\" data-widget_type=\"heading.default\">\n\t\t\t\t<div class=\"elementor-widget-container\">\n\t\t\t\t\t<h2 class=\"elementor-heading-title elementor-size-default\">Mesa de Interinstitucional:<\/h2>\t\t\t\t<\/div>\n\t\t\t\t<\/div>\n\t\t\t\t<div class=\"elementor-element elementor-element-a8c3448 elementor-widget elementor-widget-tme-heading\" data-id=\"a8c3448\" data-element_type=\"widget\" data-e-type=\"widget\" data-widget_type=\"tme-heading.default\">\n\t\t\t\t<div class=\"elementor-widget-container\">\n\t\t\t\t\t<p class=\"tme-heading\"><span>El funcionamiento de las mesas de articulaci\u00f3n Interinstitucional, funcionaran a trav\u00e9s del trabajo permanente con la articulaci\u00f3n mediante sesiones las cuales ser\u00e1n presididas por la Subsecretaria de la Ni\u00f1ez , las secretarias regionales ministeriales del Desarrollo Social y Familia y las Oficinas Locales de la Ni\u00f1ez , respectivamente , quienes podr\u00e1n disponer su funcionamiento en comisiones especializadas , con la periodicidad necesaria para el adecuado logro de sus objetivos , cada comisi\u00f3n deber\u00e1 la forma de trabajo que resulte m\u00e1s id\u00f3nea velando por la eficiencia , eficacia y coordinaci\u00f3n , control, trasparencia y publicidad de sus acciones y acuerdos.<\/br>\nArticular la oferta y servicios de diferentes actores e instituciones para poder lograr la protecci\u00f3n integral de los NNA y sus familias.\ncontar con instancias de construcci\u00f3n colectiva y participaci\u00f3n Intersectorial para proponer acciones concretas en ayuda del NNA en el \u00e1mbito socioecon\u00f3mico, emocional, cultural y educaci\u00f3n.\n<\/span><\/p>\t\t\t\t<\/div>\n\t\t\t\t<\/div>\n\t\t\t\t\t<\/div>\n\t\t<\/div>\n\t\t\t\t<div class=\"elementor-column elementor-col-50 elementor-top-column elementor-element elementor-element-60c3e717\" data-id=\"60c3e717\" data-element_type=\"column\" data-e-type=\"column\">\n\t\t\t<div class=\"elementor-widget-wrap elementor-element-populated\">\n\t\t\t\t\t\t<div class=\"elementor-element elementor-element-5411dc61 elementor-widget elementor-widget-tme-shape\" data-id=\"5411dc61\" data-element_type=\"widget\" data-e-type=\"widget\" data-widget_type=\"tme-shape.default\">\n\t\t\t\t<div class=\"elementor-widget-container\">\n\t\t\t\t\t\t\t<div class=\"tme-custom-shape-wrapper elementor-animation-\">\n        <div class=\"tme-custom-shape\" style=\"border-radius:70% 30% 30% 70% \/ 70% 70% 30% 30% \">\t\t\t\t<\/div>\n        <\/div>\n        \t\t\t\t<\/div>\n\t\t\t\t<\/div>\n\t\t\t\t\t<\/div>\n\t\t<\/div>\n\t\t\t\t\t<\/div>\n\t\t<\/section>\n\t\t<div class=\"elementor-element elementor-element-adac2d0 e-flex e-con-boxed e-con e-parent\" data-id=\"adac2d0\" data-element_type=\"container\" data-e-type=\"container\" data-settings=\"{&quot;tmea_shape_divider_top&quot;:&quot;none&quot;,&quot;tmea_shape_divider_bottom&quot;:&quot;none&quot;}\">\n\t\t\t\t\t<div class=\"e-con-inner\">\n\t\t\t\t<div class=\"elementor-element elementor-element-b84dfcb elementor-widget elementor-widget-heading\" data-id=\"b84dfcb\" data-element_type=\"widget\" data-e-type=\"widget\" data-widget_type=\"heading.default\">\n\t\t\t\t<div class=\"elementor-widget-container\">\n\t\t\t\t\t<h2 class=\"elementor-heading-title elementor-size-default\">\u00bfQu\u00e9 es la Oficina Local de la  Ni\u00f1ez (OLN)?<\/h2>\t\t\t\t<\/div>\n\t\t\t\t<\/div>\n\t\t\t\t\t<\/div>\n\t\t\t\t<\/div>\n\t\t<div class=\"elementor-element elementor-element-37ef53f2 e-flex e-con-boxed e-con e-parent\" data-id=\"37ef53f2\" data-element_type=\"container\" data-e-type=\"container\" data-settings=\"{&quot;tmea_shape_divider_top&quot;:&quot;none&quot;,&quot;tmea_shape_divider_bottom&quot;:&quot;none&quot;}\">\n\t\t\t\t\t<div class=\"e-con-inner\">\n\t\t\t\t<div class=\"elementor-element elementor-element-47ccf4ae elementor-widget elementor-widget-text-editor\" data-id=\"47ccf4ae\" data-element_type=\"widget\" data-e-type=\"widget\" data-widget_type=\"text-editor.default\">\n\t\t\t\t<div class=\"elementor-widget-container\">\n\t\t\t\t\t\t\t\t\t<p><span style=\"color: #000000;\">Las Oficinas Locales de la Ni\u00f1ez son la instituci\u00f3n encargada, a nivel comunal, de la promoci\u00f3n de derechos, la prevenci\u00f3n de situaciones de riesgo y vulneraciones, y la protecci\u00f3n de los derechos de ni\u00f1os, ni\u00f1as y adolescentes. Son los encargados de la protecci\u00f3n administrativa de los derechos de los ni\u00f1os, ni\u00f1as y adolescentes, capaz de articular la defensa integral y universal de la ni\u00f1ez y adolescencia. Somos la primera puntada de tejido, en la red intersectorial de protecci\u00f3n para los ni\u00f1os, ni\u00f1as y adolescentes.<\/span><\/p>\t\t\t\t\t\t\t\t<\/div>\n\t\t\t\t<\/div>\n\t\t\t\t\t<\/div>\n\t\t\t\t<\/div>\n\t\t<div class=\"elementor-element elementor-element-14217eb e-flex e-con-boxed e-con e-parent\" data-id=\"14217eb\" data-element_type=\"container\" data-e-type=\"container\" data-settings=\"{&quot;tmea_shape_divider_top&quot;:&quot;none&quot;,&quot;tmea_shape_divider_bottom&quot;:&quot;none&quot;}\">\n\t\t\t\t\t<div class=\"e-con-inner\">\n\t\t\t\t<div class=\"elementor-element elementor-element-3763b1b elementor-widget elementor-widget-heading\" data-id=\"3763b1b\" data-element_type=\"widget\" data-e-type=\"widget\" data-widget_type=\"heading.default\">\n\t\t\t\t<div class=\"elementor-widget-container\">\n\t\t\t\t\t<h2 class=\"elementor-heading-title elementor-size-default\">\u00bfA qui\u00e9nes atiende una  Oficina Local de la Ni\u00f1ez?<\/h2>\t\t\t\t<\/div>\n\t\t\t\t<\/div>\n\t\t\t\t\t<\/div>\n\t\t\t\t<\/div>\n\t\t<div class=\"elementor-element elementor-element-f913c45 e-flex e-con-boxed e-con e-parent\" data-id=\"f913c45\" data-element_type=\"container\" data-e-type=\"container\" data-settings=\"{&quot;tmea_shape_divider_top&quot;:&quot;none&quot;,&quot;tmea_shape_divider_bottom&quot;:&quot;none&quot;}\">\n\t\t\t\t\t<div class=\"e-con-inner\">\n\t\t<div class=\"elementor-element elementor-element-e02ba08 e-con-full e-flex e-con e-child\" data-id=\"e02ba08\" data-element_type=\"container\" data-e-type=\"container\" data-settings=\"{&quot;tmea_shape_divider_top&quot;:&quot;none&quot;,&quot;tmea_shape_divider_bottom&quot;:&quot;none&quot;}\">\n\t\t\t\t<div class=\"elementor-element elementor-element-2aecb62 elementor-widget elementor-widget-image\" data-id=\"2aecb62\" data-element_type=\"widget\" data-e-type=\"widget\" data-widget_type=\"image.default\">\n\t\t\t\t<div class=\"elementor-widget-container\">\n\t\t\t\t\t\t\t\t\t\t\t\t\t\t\t<img loading=\"lazy\" decoding=\"async\" width=\"1024\" height=\"766\" src=\"https:\/\/mportezuelo.cl\/Inicio\/wp-content\/uploads\/2024\/06\/438707282_410880271804889_8133305308211156457_n-1024x766.jpg\" class=\"elementor-animation-shrink attachment-large size-large wp-image-4913\" alt=\"\" srcset=\"https:\/\/mportezuelo.cl\/Inicio\/wp-content\/uploads\/2024\/06\/438707282_410880271804889_8133305308211156457_n-1024x766.jpg 1024w, https:\/\/mportezuelo.cl\/Inicio\/wp-content\/uploads\/2024\/06\/438707282_410880271804889_8133305308211156457_n-300x224.jpg 300w, https:\/\/mportezuelo.cl\/Inicio\/wp-content\/uploads\/2024\/06\/438707282_410880271804889_8133305308211156457_n-768x574.jpg 768w, https:\/\/mportezuelo.cl\/Inicio\/wp-content\/uploads\/2024\/06\/438707282_410880271804889_8133305308211156457_n.jpg 1317w\" sizes=\"(max-width: 1024px) 100vw, 1024px\" \/>\t\t\t\t\t\t\t\t\t\t\t\t\t\t\t<\/div>\n\t\t\t\t<\/div>\n\t\t\t\t<\/div>\n\t\t<div class=\"elementor-element elementor-element-988a250 e-con-full e-flex e-con e-child\" data-id=\"988a250\" data-element_type=\"container\" data-e-type=\"container\" data-settings=\"{&quot;tmea_shape_divider_top&quot;:&quot;none&quot;,&quot;tmea_shape_divider_bottom&quot;:&quot;none&quot;}\">\n\t\t\t\t<div class=\"elementor-element elementor-element-67df160 elementor-widget elementor-widget-text-editor\" data-id=\"67df160\" data-element_type=\"widget\" data-e-type=\"widget\" data-widget_type=\"text-editor.default\">\n\t\t\t\t<div class=\"elementor-widget-container\">\n\t\t\t\t\t\t\t\t\t<p class=\"white-text robotoLight\"><span style=\"color: #000000;\">A ni\u00f1os, ni\u00f1as y adolescentes hasta que cumplan 18 a\u00f1os de edad, la Ley se\u00f1ala que, en caso de duda sobre la edad, se presumir\u00e1 que es menor de edad, siempre que vaya en beneficio del ejercicio sus derechos.<\/span><\/p><p class=\"white-text robotoLight\"><span style=\"color: #000000;\">As\u00ed tambi\u00e9n, la Familia, debe ser considerada fundamentalmente en el modelo OLN, pues es considerada por la Ley, como el medio natural para el crecimiento y el bienestar de todos sus miembros, en especial de los NNA, que debe recibir protecci\u00f3n y asistencia para poder asumir sus responsabilidades dentro de la sociedad.<\/span><\/p>\t\t\t\t\t\t\t\t<\/div>\n\t\t\t\t<\/div>\n\t\t\t\t<\/div>\n\t\t\t\t\t<\/div>\n\t\t\t\t<\/div>\n\t\t\t\t<\/div>\n\t\t","protected":false},"excerpt":{"rendered":"<p>OFICINA LOCAL DE LA NI\u00d1EZ (OLN) En el marco del proceso de discusi\u00f3n y consiguiente promulgaci\u00f3n de la Ley N\u00b021.430 sobre Garant\u00edas y Protecci\u00f3n Integral de la Ni\u00f1ez y Adolescencia y las definiciones estrat\u00e9gicas que la Subsecretaria de la Ni\u00f1ez, estableci\u00f3 en la pol\u00edtica Nacional y su plan de acci\u00f3n 2018-2025, se define la necesidad [&hellip;]<\/p>\n","protected":false},"author":1,"featured_media":0,"parent":0,"menu_order":0,"comment_status":"closed","ping_status":"closed","template":"","meta":{"_monsterinsights_skip_tracking":false,"_monsterinsights_sitenote_active":false,"_monsterinsights_sitenote_note":"","_monsterinsights_sitenote_category":0,"iawp_total_views":1120,"footnotes":""},"class_list":["post-2473","page","type-page","status-publish","hentry"],"aioseo_notices":[],"_links":{"self":[{"href":"https:\/\/mportezuelo.cl\/Inicio\/wp-json\/wp\/v2\/pages\/2473","targetHints":{"allow":["GET"]}}],"collection":[{"href":"https:\/\/mportezuelo.cl\/Inicio\/wp-json\/wp\/v2\/pages"}],"about":[{"href":"https:\/\/mportezuelo.cl\/Inicio\/wp-json\/wp\/v2\/types\/page"}],"author":[{"embeddable":true,"href":"https:\/\/mportezuelo.cl\/Inicio\/wp-json\/wp\/v2\/users\/1"}],"replies":[{"embeddable":true,"href":"https:\/\/mportezuelo.cl\/Inicio\/wp-json\/wp\/v2\/comments?post=2473"}],"version-history":[{"count":140,"href":"https:\/\/mportezuelo.cl\/Inicio\/wp-json\/wp\/v2\/pages\/2473\/revisions"}],"predecessor-version":[{"id":5684,"href":"https:\/\/mportezuelo.cl\/Inicio\/wp-json\/wp\/v2\/pages\/2473\/revisions\/5684"}],"wp:attachment":[{"href":"https:\/\/mportezuelo.cl\/Inicio\/wp-json\/wp\/v2\/media?parent=2473"}],"curies":[{"name":"wp","href":"https:\/\/api.w.org\/{rel}","templated":true}]}}