{"id":2436,"date":"2024-05-07T13:14:08","date_gmt":"2024-05-07T16:14:08","guid":{"rendered":"https:\/\/mportezuelo.cl\/Inicio\/?page_id=2436"},"modified":"2024-06-14T12:28:59","modified_gmt":"2024-06-14T15:28:59","slug":"juzgado-de-policia-local","status":"publish","type":"page","link":"https:\/\/mportezuelo.cl\/Inicio\/juzgado-de-policia-local\/","title":{"rendered":"Juzgado de Polic\u00eda Local"},"content":{"rendered":"\t\t<div data-elementor-type=\"wp-page\" data-elementor-id=\"2436\" class=\"elementor elementor-2436\" data-elementor-post-type=\"page\">\n\t\t\t\t\n<div class=\"elementor-element elementor-element-e01e327 e-flex e-con-boxed e-con e-parent\" data-id=\"e01e327\" data-element_type=\"container\" data-e-type=\"container\" data-settings=\"{&quot;tmea_shape_divider_top&quot;:&quot;none&quot;,&quot;tmea_shape_divider_bottom&quot;:&quot;none&quot;}\">\n\t\t\t\t\t<div class=\"e-con-inner\">\n\t\t\t\t<div class=\"elementor-element elementor-element-404cfde elementor-widget elementor-widget-heading\" data-id=\"404cfde\" data-element_type=\"widget\" data-e-type=\"widget\" data-widget_type=\"heading.default\">\n\t\t\t\t<div class=\"elementor-widget-container\">\n\t\t\t\t\t<h2 class=\"elementor-heading-title elementor-size-default\">JUZGADO DE POLIC\u00cdA LOCAL PORTEZUELO<\/h2>\t\t\t\t<\/div>\n\t\t\t\t<\/div>\n\t\t\t\t\t<\/div>\n\t\t\t\t<\/div>\n\t\t<div class=\"elementor-element elementor-element-3345928 e-flex e-con-boxed e-con e-parent\" data-id=\"3345928\" data-element_type=\"container\" data-e-type=\"container\" data-settings=\"{&quot;tmea_shape_divider_top&quot;:&quot;none&quot;,&quot;tmea_shape_divider_bottom&quot;:&quot;none&quot;}\">\n\t\t\t\t\t<div class=\"e-con-inner\">\n\t\t\t\t<div class=\"elementor-element elementor-element-2eca669 elementor-widget elementor-widget-heading\" data-id=\"2eca669\" data-element_type=\"widget\" data-e-type=\"widget\" data-widget_type=\"heading.default\">\n\t\t\t\t<div class=\"elementor-widget-container\">\n\t\t\t\t\t<h4 class=\"elementor-heading-title elementor-size-default\">Juez titular: Guido Sep\u00falveda Concha<\/h4>\t\t\t\t<\/div>\n\t\t\t\t<\/div>\n\t\t\t\t\t<\/div>\n\t\t\t\t<\/div>\n\t\t<div class=\"elementor-element elementor-element-dfe51bb e-flex e-con-boxed e-con e-parent\" data-id=\"dfe51bb\" data-element_type=\"container\" data-e-type=\"container\" data-settings=\"{&quot;tmea_shape_divider_top&quot;:&quot;none&quot;,&quot;tmea_shape_divider_bottom&quot;:&quot;none&quot;}\">\n\t\t\t\t\t<div class=\"e-con-inner\">\n\t\t\t\t<div class=\"elementor-element elementor-element-b777bb4 elementor-widget elementor-widget-heading\" data-id=\"b777bb4\" data-element_type=\"widget\" data-e-type=\"widget\" data-widget_type=\"heading.default\">\n\t\t\t\t<div class=\"elementor-widget-container\">\n\t\t\t\t\t<h4 class=\"elementor-heading-title elementor-size-default\">Secretario Abogado: Esteban Y\u00e9venes Riffo<\/h4>\t\t\t\t<\/div>\n\t\t\t\t<\/div>\n\t\t\t\t\t<\/div>\n\t\t\t\t<\/div>\n\t\t<div class=\"elementor-element elementor-element-7c8c8d1 e-flex e-con-boxed e-con e-parent\" data-id=\"7c8c8d1\" data-element_type=\"container\" data-e-type=\"container\" data-settings=\"{&quot;tmea_shape_divider_top&quot;:&quot;none&quot;,&quot;tmea_shape_divider_bottom&quot;:&quot;none&quot;}\">\n\t\t\t\t\t<div class=\"e-con-inner\">\n\t\t<div class=\"elementor-element elementor-element-e7b6ba2 e-con-full e-flex e-con e-child\" data-id=\"e7b6ba2\" data-element_type=\"container\" data-e-type=\"container\" data-settings=\"{&quot;tmea_shape_divider_top&quot;:&quot;none&quot;,&quot;tmea_shape_divider_bottom&quot;:&quot;none&quot;}\">\n\t\t\t\t<div class=\"elementor-element elementor-element-7605618 elementor-widget elementor-widget-image\" data-id=\"7605618\" data-element_type=\"widget\" data-e-type=\"widget\" data-widget_type=\"image.default\">\n\t\t\t\t<div class=\"elementor-widget-container\">\n\t\t\t\t\t\t\t\t\t\t\t\t\t\t\t<img fetchpriority=\"high\" decoding=\"async\" width=\"1024\" height=\"576\" src=\"https:\/\/mportezuelo.cl\/Inicio\/wp-content\/uploads\/2024\/06\/Juzgado-Policia-Local-1024x576.jpg\" class=\"attachment-large size-large wp-image-5377\" alt=\"\" srcset=\"https:\/\/mportezuelo.cl\/Inicio\/wp-content\/uploads\/2024\/06\/Juzgado-Policia-Local-1024x576.jpg 1024w, https:\/\/mportezuelo.cl\/Inicio\/wp-content\/uploads\/2024\/06\/Juzgado-Policia-Local-300x169.jpg 300w, https:\/\/mportezuelo.cl\/Inicio\/wp-content\/uploads\/2024\/06\/Juzgado-Policia-Local-768x432.jpg 768w, https:\/\/mportezuelo.cl\/Inicio\/wp-content\/uploads\/2024\/06\/Juzgado-Policia-Local-1536x864.jpg 1536w, https:\/\/mportezuelo.cl\/Inicio\/wp-content\/uploads\/2024\/06\/Juzgado-Policia-Local-820x461.jpg 820w, https:\/\/mportezuelo.cl\/Inicio\/wp-content\/uploads\/2024\/06\/Juzgado-Policia-Local-1170x658.jpg 1170w, https:\/\/mportezuelo.cl\/Inicio\/wp-content\/uploads\/2024\/06\/Juzgado-Policia-Local-177x100.jpg 177w, https:\/\/mportezuelo.cl\/Inicio\/wp-content\/uploads\/2024\/06\/Juzgado-Policia-Local.jpg 1778w\" sizes=\"(max-width: 1024px) 100vw, 1024px\" \/>\t\t\t\t\t\t\t\t\t\t\t\t\t\t\t<\/div>\n\t\t\t\t<\/div>\n\t\t\t\t<\/div>\n\t\t<div class=\"elementor-element elementor-element-50b2c39 e-con-full e-flex e-con e-child\" data-id=\"50b2c39\" data-element_type=\"container\" data-e-type=\"container\" data-settings=\"{&quot;tmea_shape_divider_top&quot;:&quot;none&quot;,&quot;tmea_shape_divider_bottom&quot;:&quot;none&quot;}\">\n\t\t\t\t<div class=\"elementor-element elementor-element-6fafd0d elementor-widget elementor-widget-text-editor\" data-id=\"6fafd0d\" data-element_type=\"widget\" data-e-type=\"widget\" data-widget_type=\"text-editor.default\">\n\t\t\t\t<div class=\"elementor-widget-container\">\n\t\t\t\t\t\t\t\t\t<p><span style=\"color: #000000;\">Los Juzgados de Polic\u00eda Local son Tribunales especiales que administran justicia en conformidad a la competencia establecida en la Ley N\u00ba 15.231, sobre Organizaci\u00f3n y Atribuciones de los Juzgados de Polic\u00eda Local y de acuerdo a lo establecido en la Ley N\u00b0 18.287, sobre Procedimiento ante Los Juzgados de Polic\u00eda Local y en aquellas leyes especiales, ordenanzas y decretos, en los t\u00e9rminos que faculta la Ley.<\/span><\/p>\t\t\t\t\t\t\t\t<\/div>\n\t\t\t\t<\/div>\n\t\t\t\t<\/div>\n\t\t\t\t\t<\/div>\n\t\t\t\t<\/div>\n\t\t<div class=\"elementor-element elementor-element-e228357 e-flex e-con-boxed e-con e-parent\" data-id=\"e228357\" data-element_type=\"container\" data-e-type=\"container\" data-settings=\"{&quot;tmea_shape_divider_top&quot;:&quot;none&quot;,&quot;tmea_shape_divider_bottom&quot;:&quot;none&quot;}\">\n\t\t\t\t\t<div class=\"e-con-inner\">\n\t\t\t\t<div class=\"elementor-element elementor-element-10cc2ac elementor-widget elementor-widget-text-editor\" data-id=\"10cc2ac\" data-element_type=\"widget\" data-e-type=\"widget\" data-widget_type=\"text-editor.default\">\n\t\t\t\t<div class=\"elementor-widget-container\">\n\t\t\t\t\t\t\t\t\t<ol><li><span style=\"color: #000000;\">Infracciones a la Ley del Tr\u00e1nsito, Ley N\u00ba18.290<\/span><\/li><li><span style=\"color: #000000;\">Infracciones a la Ley General de Urbanismo y Construcciones y su Ordenanza General<\/span><\/li><li><span style=\"color: #000000;\">Infracciones a las Ordenanzas Municipales<\/span><\/li><li><span style=\"color: #000000;\">Infracciones a la Ley de Rentas Municipales, Decreto Ley N\u00ba3.063<\/span><\/li><li><span style=\"color: #000000;\">Ley de Alcoholes N\u00ba19.925, consumo alcohol en la v\u00eda p\u00fablica y manifiesto estado de ebriedad<\/span><\/li><li><span style=\"color: #000000;\">Infracciones a la Ley de Copropiedad Inmobiliaria Ley N\u00ba19.537<\/span><\/li><li><span style=\"color: #000000;\">Infracciones a la Ley del Consumidor Ley N\u00ba19.496<\/span><\/li><li><span style=\"color: #000000;\">Infracciones a la Ley de Votaciones y Escrutinios Ley N\u00ba18.700<\/span><\/li><li><span style=\"color: #000000;\">Infracciones a la Ley de Vigilantes Privados, Decreto Ley N\u00ba3.607 y Decretos Supremos 93 (Defensa) del a\u00f1o 1985 y N\u00b01773 (Interior) del a\u00f1o 1994<\/span><\/li><li><span style=\"color: #000000;\">Otras especiales<\/span><\/li><\/ol>\t\t\t\t\t\t\t\t<\/div>\n\t\t\t\t<\/div>\n\t\t\t\t\t<\/div>\n\t\t\t\t<\/div>\n\t\t<div class=\"elementor-element elementor-element-3a9eb5e e-flex e-con-boxed e-con e-parent\" data-id=\"3a9eb5e\" data-element_type=\"container\" data-e-type=\"container\" data-settings=\"{&quot;tmea_shape_divider_top&quot;:&quot;none&quot;,&quot;tmea_shape_divider_bottom&quot;:&quot;none&quot;}\">\n\t\t\t\t\t<div class=\"e-con-inner\">\n\t\t\t\t<div class=\"elementor-element elementor-element-059f0f3 elementor-widget elementor-widget-text-editor\" data-id=\"059f0f3\" data-element_type=\"widget\" data-e-type=\"widget\" data-widget_type=\"text-editor.default\">\n\t\t\t\t<div class=\"elementor-widget-container\">\n\t\t\t\t\t\t\t\t\t<p><span style=\"color: #000000;\">Para consultas generales o tr\u00e1mites espec\u00edficos, los vecinos pueden contactarse al Juzgado de Polic\u00eda Local de Portezuelo a trav\u00e9s del siguiente correo:<span style=\"color: #0000ff;\"> <a style=\"color: #0000ff;\" href=\"mailto:jpl@mportezuelo.cl\">jpl@mportezuelo.cl<\/a><\/span><\/span><\/p><h5><span style=\"color: #000000;\">Tel\u00e9fonos de contacto<\/span><\/h5><h5><strong><span style=\"color: #000000;\">Fijo: 422200869<\/span><\/strong><\/h5><h5><strong><span style=\"color: #000000;\">Celular: +56922031824<\/span><\/strong><\/h5>\t\t\t\t\t\t\t\t<\/div>\n\t\t\t\t<\/div>\n\t\t\t\t\t<\/div>\n\t\t\t\t<\/div>\n\t\t<div class=\"elementor-element elementor-element-74efc6a e-flex e-con-boxed e-con e-parent\" data-id=\"74efc6a\" data-element_type=\"container\" data-e-type=\"container\" data-settings=\"{&quot;tmea_shape_divider_top&quot;:&quot;none&quot;,&quot;tmea_shape_divider_bottom&quot;:&quot;none&quot;}\">\n\t\t\t\t\t<div class=\"e-con-inner\">\n\t\t\t\t<div class=\"elementor-element elementor-element-2f4cc2f elementor-widget elementor-widget-button\" data-id=\"2f4cc2f\" data-element_type=\"widget\" data-e-type=\"widget\" data-widget_type=\"button.default\">\n\t\t\t\t<div class=\"elementor-widget-container\">\n\t\t\t\t\t\t\t\t\t<div class=\"elementor-button-wrapper\">\n\t\t\t\t\t<a class=\"elementor-button elementor-button-link elementor-size-sm\" href=\"https:\/\/municipalidaddeportezuelo.cl\/organigrama\/Organigrama2022\/jpl.html\">\n\t\t\t\t\t\t<span class=\"elementor-button-content-wrapper\">\n\t\t\t\t\t\t<span class=\"elementor-button-icon\">\n\t\t\t\t<svg aria-hidden=\"true\" class=\"e-font-icon-svg e-fas-angle-right\" viewBox=\"0 0 256 512\" xmlns=\"http:\/\/www.w3.org\/2000\/svg\"><path d=\"M224.3 273l-136 136c-9.4 9.4-24.6 9.4-33.9 0l-22.6-22.6c-9.4-9.4-9.4-24.6 0-33.9l96.4-96.4-96.4-96.4c-9.4-9.4-9.4-24.6 0-33.9L54.3 103c9.4-9.4 24.6-9.4 33.9 0l136 136c9.5 9.4 9.5 24.6.1 34z\"><\/path><\/svg>\t\t\t<\/span>\n\t\t\t\t\t\t\t\t\t<span class=\"elementor-button-text\">M\u00e1s Informaci\u00f3n <\/span>\n\t\t\t\t\t<\/span>\n\t\t\t\t\t<\/a>\n\t\t\t\t<\/div>\n\t\t\t\t\t\t\t\t<\/div>\n\t\t\t\t<\/div>\n\t\t\t\t\t<\/div>\n\t\t\t\t<\/div>\n\t\t<div class=\"elementor-element elementor-element-501b1ce e-flex e-con-boxed e-con e-parent\" data-id=\"501b1ce\" data-element_type=\"container\" data-e-type=\"container\" data-settings=\"{&quot;tmea_shape_divider_top&quot;:&quot;none&quot;,&quot;tmea_shape_divider_bottom&quot;:&quot;none&quot;}\">\n\t\t\t\t\t<div class=\"e-con-inner\">\n\t\t\t\t<div class=\"elementor-element elementor-element-77bd09d elementor-widget-divider--separator-type-pattern elementor-widget-divider--view-line elementor-widget elementor-widget-divider\" data-id=\"77bd09d\" data-element_type=\"widget\" data-e-type=\"widget\" data-widget_type=\"divider.default\">\n\t\t\t\t<div class=\"elementor-widget-container\">\n\t\t\t\t\t\t\t<div class=\"elementor-divider\" style=\"--divider-pattern-url: url(&quot;data:image\/svg+xml,%3Csvg xmlns=&#039;http:\/\/www.w3.org\/2000\/svg&#039; preserveAspectRatio=&#039;none&#039; overflow=&#039;visible&#039; height=&#039;100%&#039; viewBox=&#039;0 0 24 24&#039; fill=&#039;black&#039; stroke=&#039;none&#039;%3E%3Cpath d=&#039;M12.7,2.3c-0.4-0.4-1.1-0.4-1.5,0l-8,9.1c-0.3,0.4-0.3,0.9,0,1.2l8,9.1c0.4,0.4,1.1,0.4,1.5,0l8-9.1c0.3-0.4,0.3-0.9,0-1.2L12.7,2.3z&#039;\/%3E%3C\/svg%3E&quot;);\">\n\t\t\t<span class=\"elementor-divider-separator\">\n\t\t\t\t\t\t<\/span>\n\t\t<\/div>\n\t\t\t\t\t\t<\/div>\n\t\t\t\t<\/div>\n\t\t\t\t\t<\/div>\n\t\t\t\t<\/div>\n\t\t<div class=\"elementor-element elementor-element-2a23d9d e-flex e-con-boxed e-con e-parent\" data-id=\"2a23d9d\" data-element_type=\"container\" data-e-type=\"container\" data-settings=\"{&quot;tmea_shape_divider_top&quot;:&quot;none&quot;,&quot;tmea_shape_divider_bottom&quot;:&quot;none&quot;}\">\n\t\t\t\t\t<div class=\"e-con-inner\">\n\t\t\t\t<div class=\"elementor-element elementor-element-89ef3c1 elementor-widget elementor-widget-heading\" data-id=\"89ef3c1\" data-element_type=\"widget\" data-e-type=\"widget\" data-widget_type=\"heading.default\">\n\t\t\t\t<div class=\"elementor-widget-container\">\n\t\t\t\t\t<h2 class=\"elementor-heading-title elementor-size-default\">Informaci\u00f3n Importante <\/h2>\t\t\t\t<\/div>\n\t\t\t\t<\/div>\n\t\t\t\t\t<\/div>\n\t\t\t\t<\/div>\n\t\t\t\t<section class=\"elementor-section elementor-top-section elementor-element elementor-element-5aedd9ae elementor-section-content-middle elementor-reverse-tablet elementor-reverse-mobile elementor-section-boxed elementor-section-height-default elementor-section-height-default\" data-id=\"5aedd9ae\" data-element_type=\"section\" data-e-type=\"section\" data-settings=\"{&quot;tmea_shape_divider_top&quot;:&quot;none&quot;,&quot;tmea_shape_divider_bottom&quot;:&quot;none&quot;}\">\n\t\t\t\t\t\t<div class=\"elementor-container elementor-column-gap-no\">\n\t\t\t\t\t<div class=\"elementor-column elementor-col-50 elementor-top-column elementor-element elementor-element-874529b\" data-id=\"874529b\" data-element_type=\"column\" data-e-type=\"column\">\n\t\t\t<div class=\"elementor-widget-wrap elementor-element-populated\">\n\t\t\t\t\t\t<div class=\"elementor-element elementor-element-413403b6 elementor-widget elementor-widget-tme-heading\" data-id=\"413403b6\" data-element_type=\"widget\" data-e-type=\"widget\" data-widget_type=\"tme-heading.default\">\n\t\t\t\t<div class=\"elementor-widget-container\">\n\t\t\t\t\t<h2 class=\"tme-heading\"><span>Ordenanza Tenencia Responsable de<\/span><\/h2>\t\t\t\t<\/div>\n\t\t\t\t<\/div>\n\t\t\t\t<div class=\"elementor-element elementor-element-a2e88d8 elementor-widget elementor-widget-tme-heading\" data-id=\"a2e88d8\" data-element_type=\"widget\" data-e-type=\"widget\" data-widget_type=\"tme-heading.default\">\n\t\t\t\t<div class=\"elementor-widget-container\">\n\t\t\t\t\t<h2 class=\"tme-heading\"><span>Mascotas y Animales de Compa\u00f1ia<\/span><\/h2>\t\t\t\t<\/div>\n\t\t\t\t<\/div>\n\t\t\t\t<div class=\"elementor-element elementor-element-30ac6eef elementor-widget elementor-widget-tme-heading\" data-id=\"30ac6eef\" data-element_type=\"widget\" data-e-type=\"widget\" data-widget_type=\"tme-heading.default\">\n\t\t\t\t<div class=\"elementor-widget-container\">\n\t\t\t\t\t<p class=\"tme-heading\"><span>La necesidad de la Municipalidad de Portezuelo de modificar y adecuar la Ordenanza Tenencia\nResponsable de Mascotas y Animales de Compa\u00f1\u00eda, con el fin de regular de manera m\u00e1s\nprecisa algunos art\u00edculos derivados de la Ordenanza aprobada bajo Decreto Alcaldicio N\" 1583.<\/span><\/p>\t\t\t\t<\/div>\n\t\t\t\t<\/div>\n\t\t\t\t<div class=\"elementor-element elementor-element-5262450 elementor-button-info elementor-widget elementor-widget-button\" data-id=\"5262450\" data-element_type=\"widget\" data-e-type=\"widget\" data-widget_type=\"button.default\">\n\t\t\t\t<div class=\"elementor-widget-container\">\n\t\t\t\t\t\t\t\t\t<div class=\"elementor-button-wrapper\">\n\t\t\t\t\t<a class=\"elementor-button elementor-button-link elementor-size-sm\" href=\"https:\/\/mportezuelo.cl\/Inicio\/wp-content\/uploads\/2024\/05\/TRIPTICO-ordenanza-mascotas-Small.pdf\">\n\t\t\t\t\t\t<span class=\"elementor-button-content-wrapper\">\n\t\t\t\t\t\t<span class=\"elementor-button-icon\">\n\t\t\t\t<svg aria-hidden=\"true\" class=\"e-font-icon-svg e-fas-angle-right\" viewBox=\"0 0 256 512\" xmlns=\"http:\/\/www.w3.org\/2000\/svg\"><path d=\"M224.3 273l-136 136c-9.4 9.4-24.6 9.4-33.9 0l-22.6-22.6c-9.4-9.4-9.4-24.6 0-33.9l96.4-96.4-96.4-96.4c-9.4-9.4-9.4-24.6 0-33.9L54.3 103c9.4-9.4 24.6-9.4 33.9 0l136 136c9.5 9.4 9.5 24.6.1 34z\"><\/path><\/svg>\t\t\t<\/span>\n\t\t\t\t\t\t\t\t\t<span class=\"elementor-button-text\">TRIPTICO<\/span>\n\t\t\t\t\t<\/span>\n\t\t\t\t\t<\/a>\n\t\t\t\t<\/div>\n\t\t\t\t\t\t\t\t<\/div>\n\t\t\t\t<\/div>\n\t\t\t\t<div class=\"elementor-element elementor-element-5a6ccf44 elementor-widget__width-auto elementor-widget elementor-widget-tme-button\" data-id=\"5a6ccf44\" data-element_type=\"widget\" data-e-type=\"widget\" data-widget_type=\"tme-button.default\">\n\t\t\t\t<div class=\"elementor-widget-container\">\n\t\t\t\t\t                <div class=\"tme-btn-wrapper\">\n            <a id=\"\" class=\"tme-btn-md \" href=\"https:\/\/mportezuelo.cl\/Inicio\/wp-content\/uploads\/2024\/05\/Ordenanza-Tenencia-Responsable-de-Mascotas-ano-2022-2.pdf\"  target=\"_blank\"  rel=\"nofollow\">\n\t\t\t\tLeer Ordenanza             <\/a>\n        <\/div>\n        \t\t\t\t<\/div>\n\t\t\t\t<\/div>\n\t\t\t\t\t<\/div>\n\t\t<\/div>\n\t\t\t\t<div class=\"elementor-column elementor-col-50 elementor-top-column elementor-element elementor-element-22fbeb62\" data-id=\"22fbeb62\" data-element_type=\"column\" data-e-type=\"column\" data-settings=\"{&quot;tmea_parallax_bg_enable&quot;:&quot;yes&quot;,&quot;tmea_parallax_bg_img&quot;:{&quot;url&quot;:&quot;https:\\\/\\\/mportezuelo.cl\\\/Inicio\\\/wp-content\\\/uploads\\\/2024\\\/05\\\/20201002_151858-2.jpg&quot;,&quot;id&quot;:4518,&quot;size&quot;:&quot;&quot;,&quot;alt&quot;:&quot;&quot;,&quot;source&quot;:&quot;library&quot;},&quot;tmea_parallax_bg_speed&quot;:0.200000000000000011102230246251565404236316680908203125,&quot;tmea_parallax_bg_type&quot;:&quot;img&quot;}\">\n\t\t\t<div class=\"elementor-widget-wrap elementor-element-populated\">\n\t\t\t\t\t\t<div class=\"elementor-element elementor-element-472ca5ea elementor-widget elementor-widget-spacer\" data-id=\"472ca5ea\" data-element_type=\"widget\" data-e-type=\"widget\" data-widget_type=\"spacer.default\">\n\t\t\t\t<div class=\"elementor-widget-container\">\n\t\t\t\t\t\t\t<div class=\"elementor-spacer\">\n\t\t\t<div class=\"elementor-spacer-inner\"><\/div>\n\t\t<\/div>\n\t\t\t\t\t\t<\/div>\n\t\t\t\t<\/div>\n\t\t\t\t\t<\/div>\n\t\t<\/div>\n\t\t\t\t\t<\/div>\n\t\t<\/section>\n\t\t<div class=\"elementor-element elementor-element-d62a8e7 e-flex e-con-boxed e-con e-parent\" data-id=\"d62a8e7\" data-element_type=\"container\" data-e-type=\"container\" data-settings=\"{&quot;tmea_shape_divider_top&quot;:&quot;none&quot;,&quot;tmea_shape_divider_bottom&quot;:&quot;none&quot;}\">\n\t\t\t\t\t<div class=\"e-con-inner\">\n\t\t\t\t<div class=\"elementor-element elementor-element-01fdfe7 elementor-widget elementor-widget-image\" data-id=\"01fdfe7\" data-element_type=\"widget\" data-e-type=\"widget\" data-widget_type=\"image.default\">\n\t\t\t\t<div class=\"elementor-widget-container\">\n\t\t\t\t\t\t\t\t\t\t\t\t\t\t\t\t<a href=\"https:\/\/mportezuelo.cl\/Inicio\/wp-content\/uploads\/2024\/05\/Ordenanza-Tenencia-Responsable-de-Mascotas-ano-2022-2.pdf\">\n\t\t\t\t\t\t\t<img decoding=\"async\" width=\"1024\" height=\"724\" src=\"https:\/\/mportezuelo.cl\/Inicio\/wp-content\/uploads\/2024\/06\/TRIPTICO-EXTERIOR-1024x724.png\" class=\"attachment-large size-large wp-image-5399\" alt=\"\" srcset=\"https:\/\/mportezuelo.cl\/Inicio\/wp-content\/uploads\/2024\/06\/TRIPTICO-EXTERIOR-1024x724.png 1024w, https:\/\/mportezuelo.cl\/Inicio\/wp-content\/uploads\/2024\/06\/TRIPTICO-EXTERIOR-300x212.png 300w, https:\/\/mportezuelo.cl\/Inicio\/wp-content\/uploads\/2024\/06\/TRIPTICO-EXTERIOR-768x543.png 768w, https:\/\/mportezuelo.cl\/Inicio\/wp-content\/uploads\/2024\/06\/TRIPTICO-EXTERIOR-1536x1086.png 1536w, https:\/\/mportezuelo.cl\/Inicio\/wp-content\/uploads\/2024\/06\/TRIPTICO-EXTERIOR-2048x1448.png 2048w\" sizes=\"(max-width: 1024px) 100vw, 1024px\" \/>\t\t\t\t\t\t\t\t<\/a>\n\t\t\t\t\t\t\t\t\t\t\t\t\t\t\t<\/div>\n\t\t\t\t<\/div>\n\t\t\t\t\t<\/div>\n\t\t\t\t<\/div>\n\t\t<div class=\"elementor-element elementor-element-5d82563 e-flex e-con-boxed e-con e-parent\" data-id=\"5d82563\" data-element_type=\"container\" data-e-type=\"container\" data-settings=\"{&quot;tmea_shape_divider_top&quot;:&quot;none&quot;,&quot;tmea_shape_divider_bottom&quot;:&quot;none&quot;}\">\n\t\t\t\t\t<div class=\"e-con-inner\">\n\t\t\t\t<div class=\"elementor-element elementor-element-dd0f511 elementor-widget elementor-widget-image\" data-id=\"dd0f511\" data-element_type=\"widget\" data-e-type=\"widget\" data-widget_type=\"image.default\">\n\t\t\t\t<div class=\"elementor-widget-container\">\n\t\t\t\t\t\t\t\t\t\t\t\t\t\t\t\t<a href=\"https:\/\/mportezuelo.cl\/Inicio\/wp-content\/uploads\/2024\/05\/Ordenanza-Tenencia-Responsable-de-Mascotas-ano-2022-2.pdf\">\n\t\t\t\t\t\t\t<img decoding=\"async\" width=\"1024\" height=\"724\" src=\"https:\/\/mportezuelo.cl\/Inicio\/wp-content\/uploads\/2024\/06\/TRIPTICO-INTERIOR-1024x724.png\" class=\"attachment-large size-large wp-image-5392\" alt=\"\" srcset=\"https:\/\/mportezuelo.cl\/Inicio\/wp-content\/uploads\/2024\/06\/TRIPTICO-INTERIOR-1024x724.png 1024w, https:\/\/mportezuelo.cl\/Inicio\/wp-content\/uploads\/2024\/06\/TRIPTICO-INTERIOR-300x212.png 300w, https:\/\/mportezuelo.cl\/Inicio\/wp-content\/uploads\/2024\/06\/TRIPTICO-INTERIOR-768x543.png 768w, https:\/\/mportezuelo.cl\/Inicio\/wp-content\/uploads\/2024\/06\/TRIPTICO-INTERIOR-1536x1086.png 1536w, https:\/\/mportezuelo.cl\/Inicio\/wp-content\/uploads\/2024\/06\/TRIPTICO-INTERIOR.png 1720w\" sizes=\"(max-width: 1024px) 100vw, 1024px\" \/>\t\t\t\t\t\t\t\t<\/a>\n\t\t\t\t\t\t\t\t\t\t\t\t\t\t\t<\/div>\n\t\t\t\t<\/div>\n\t\t\t\t\t<\/div>\n\t\t\t\t<\/div>\n\t\t\t\t<\/div>\n\t\t","protected":false},"excerpt":{"rendered":"<p>JUZGADO DE POLIC\u00cdA LOCAL PORTEZUELO Juez titular: Guido Sep\u00falveda Concha Secretario Abogado: Esteban Y\u00e9venes Riffo Los Juzgados de Polic\u00eda Local son Tribunales especiales que administran justicia en conformidad a la competencia establecida en la Ley N\u00ba 15.231, sobre Organizaci\u00f3n y Atribuciones de los Juzgados de Polic\u00eda Local y de acuerdo a lo establecido en la [&hellip;]<\/p>\n","protected":false},"author":1,"featured_media":0,"parent":0,"menu_order":0,"comment_status":"closed","ping_status":"closed","template":"","meta":{"_monsterinsights_skip_tracking":false,"_monsterinsights_sitenote_active":false,"_monsterinsights_sitenote_note":"","_monsterinsights_sitenote_category":0,"iawp_total_views":579,"footnotes":""},"class_list":["post-2436","page","type-page","status-publish","hentry"],"aioseo_notices":[],"_links":{"self":[{"href":"https:\/\/mportezuelo.cl\/Inicio\/wp-json\/wp\/v2\/pages\/2436","targetHints":{"allow":["GET"]}}],"collection":[{"href":"https:\/\/mportezuelo.cl\/Inicio\/wp-json\/wp\/v2\/pages"}],"about":[{"href":"https:\/\/mportezuelo.cl\/Inicio\/wp-json\/wp\/v2\/types\/page"}],"author":[{"embeddable":true,"href":"https:\/\/mportezuelo.cl\/Inicio\/wp-json\/wp\/v2\/users\/1"}],"replies":[{"embeddable":true,"href":"https:\/\/mportezuelo.cl\/Inicio\/wp-json\/wp\/v2\/comments?post=2436"}],"version-history":[{"count":51,"href":"https:\/\/mportezuelo.cl\/Inicio\/wp-json\/wp\/v2\/pages\/2436\/revisions"}],"predecessor-version":[{"id":5405,"href":"https:\/\/mportezuelo.cl\/Inicio\/wp-json\/wp\/v2\/pages\/2436\/revisions\/5405"}],"wp:attachment":[{"href":"https:\/\/mportezuelo.cl\/Inicio\/wp-json\/wp\/v2\/media?parent=2436"}],"curies":[{"name":"wp","href":"https:\/\/api.w.org\/{rel}","templated":true}]}}